{"version":"1.0","provider_name":"2000m2","provider_url":"https:\/\/www.2000m2.eu\/de\/","author_name":"Niklaus Salzmann","author_url":"https:\/\/www.2000m2.eu\/de\/author\/niklaus-salzmann\/","title":"Erste interkontinentale Weltackerkonferenz - 2000m2","type":"rich","width":600,"height":338,"html":"<blockquote class=\"wp-embedded-content\" data-secret=\"TlJL7gyztS\"><a href=\"https:\/\/www.2000m2.eu\/de\/aktuelles\/schweiz\/erste-interkontinentale-weltackerkonferenz\/\">Erste interkontinentale Weltackerkonferenz<\/a><\/blockquote><iframe sandbox=\"allow-scripts\" security=\"restricted\" src=\"https:\/\/www.2000m2.eu\/de\/aktuelles\/schweiz\/erste-interkontinentale-weltackerkonferenz\/embed\/#?secret=TlJL7gyztS\" width=\"600\" height=\"338\" title=\"&#8222;Erste interkontinentale Weltackerkonferenz&#8220; &#8211; 2000m2\" data-secret=\"TlJL7gyztS\" frameborder=\"0\" marginwidth=\"0\" marginheight=\"0\" scrolling=\"no\" class=\"wp-embedded-content\"><\/iframe><script>\n\/*! This file is auto-generated *\/\n!function(d,l){\"use strict\";l.querySelector&&d.addEventListener&&\"undefined\"!=typeof URL&&(d.wp=d.wp||{},d.wp.receiveEmbedMessage||(d.wp.receiveEmbedMessage=function(e){var t=e.data;if((t||t.secret||t.message||t.value)&&!\/[^a-zA-Z0-9]\/.test(t.secret)){for(var s,r,n,a=l.querySelectorAll('iframe[data-secret=\"'+t.secret+'\"]'),o=l.querySelectorAll('blockquote[data-secret=\"'+t.secret+'\"]'),c=new RegExp(\"^https?:$\",\"i\"),i=0;i<o.length;i++)o[i].style.display=\"none\";for(i=0;i<a.length;i++)s=a[i],e.source===s.contentWindow&&(s.removeAttribute(\"style\"),\"height\"===t.message?(1e3<(r=parseInt(t.value,10))?r=1e3:~~r<200&&(r=200),s.height=r):\"link\"===t.message&&(r=new URL(s.getAttribute(\"src\")),n=new URL(t.value),c.test(n.protocol))&&n.host===r.host&&l.activeElement===s&&(d.top.location.href=t.value))}},d.addEventListener(\"message\",d.wp.receiveEmbedMessage,!1),l.addEventListener(\"DOMContentLoaded\",function(){for(var e,t,s=l.querySelectorAll(\"iframe.wp-embedded-content\"),r=0;r<s.length;r++)(t=(e=s[r]).getAttribute(\"data-secret\"))||(t=Math.random().toString(36).substring(2,12),e.src+=\"#?secret=\"+t,e.setAttribute(\"data-secret\",t)),e.contentWindow.postMessage({message:\"ready\",secret:t},\"*\")},!1)))}(window,document);\n\/\/# sourceURL=https:\/\/www.2000m2.eu\/wp-includes\/js\/wp-embed.min.js\n<\/script>\n","thumbnail_url":"https:\/\/www.2000m2.eu\/wp-content\/uploads\/20250302_Team-Schweiz-Innsbruck.jpg","thumbnail_width":1920,"thumbnail_height":1280,"description":"Bereits zum vierten Mal kamen am ersten M\u00e4rzwochenende Weltacker-Initiativen aus Europa und dar\u00fcber hinaus zusammen, um voneinander zu lernen, die Bildungsarbeit weiterzuentwickeln und gemeinsame Schritte f\u00fcr die Zukunft zu planen. Erstmals reiste auch eine Teilnehmerin aus dem Globalen S\u00fcden an.\u00a0..."}