{"id":194,"date":"2024-09-11T14:54:00","date_gmt":"2024-09-11T14:54:00","guid":{"rendered":"https:\/\/www.2000m2.eu\/?post_type=culture&#038;p=194"},"modified":"2026-03-24T06:41:11","modified_gmt":"2026-03-24T06:41:11","slug":"hafer","status":"publish","type":"crop","link":"https:\/\/www.2000m2.eu\/de\/kultur\/hafer\/","title":{"rendered":"Hafer"},"content":{"rendered":"\n<h1 class=\"wp-block-heading\">Hafer, Avena sativa<\/h1>\n\n\n\n<p><\/p>\n\n\n<style>.wp-block-kadence-column.kb-section-dir-horizontal > .kt-inside-inner-col > .kt-info-box194_38645a-87 .kt-blocks-info-box-link-wrap{max-width:unset;}.kt-info-box194_38645a-87 .kt-blocks-info-box-link-wrap{border-top-left-radius:15px;border-top-right-radius:15px;border-bottom-right-radius:15px;border-bottom-left-radius:15px;background:var(--accent);padding-top:var(--global-kb-spacing-xs, 1rem);padding-right:var(--global-kb-spacing-xs, 1rem);padding-bottom:var(--global-kb-spacing-xs, 1rem);padding-left:var(--global-kb-spacing-xs, 1rem);}.kt-info-box194_38645a-87.wp-block-kadence-infobox{max-width:100%;}.kt-info-box194_38645a-87 .kadence-info-box-image-inner-intrisic-container{max-width:100px;}.kt-info-box194_38645a-87 .kadence-info-box-image-inner-intrisic-container .kadence-info-box-image-intrisic{padding-bottom:100%;width:2339px;height:0px;max-width:100%;}.kt-info-box194_38645a-87 .kadence-info-box-icon-container .kt-info-svg-icon, .kt-info-box194_38645a-87 .kt-info-svg-icon-flip, .kt-info-box194_38645a-87 .kt-blocks-info-box-number{font-size:25px;}.kt-info-box194_38645a-87 .kt-blocks-info-box-media{color:var(--accent-3);background:var(--accent-4);border-color:#444444;border-radius:167px;overflow:hidden;border-top-width:0px;border-right-width:0px;border-bottom-width:0px;border-left-width:0px;padding-top:11px;padding-right:11px;padding-bottom:11px;padding-left:11px;margin-top:0px;margin-right:15px;margin-bottom:0px;margin-left:15px;}.kt-info-box194_38645a-87 .kt-blocks-info-box-media .kadence-info-box-image-intrisic img{border-radius:167px;}.kt-info-box194_38645a-87 .kt-infobox-textcontent .kt-blocks-info-box-text{color:#ffffff;}.kt-info-box194_38645a-87 .kt-blocks-info-box-link-wrap:hover .kt-blocks-info-box-text{color:#ffffff;}.kt-info-box194_38645a-87 .kt-blocks-info-box-learnmore{background:transparent;border-width:0px 0px 0px 0px;padding-top:4px;padding-right:8px;padding-bottom:4px;padding-left:8px;margin-top:10px;margin-right:0px;margin-bottom:10px;margin-left:0px;}@media all and (max-width: 767px){.kt-info-box194_38645a-87 .kt-blocks-info-box-link-wrap{text-align:left;display:block;}.kt-info-box194_38645a-87 .kt-blocks-info-box-link-wrap .kt-blocks-info-box-media{display:inline-block;max-width:100%;}}<\/style>\n<div class=\"wp-block-kadence-infobox kt-info-box194_38645a-87\"><span class=\"kt-blocks-info-box-link-wrap info-box-link kt-blocks-info-box-media-align-left kt-info-halign-left kb-info-box-vertical-media-align-top kb-info-mobile-halign-left\"><div class=\"kt-blocks-info-box-media-container\"><div class=\"kt-blocks-info-box-media kt-info-media-animate-none\"><div class=\"kadence-info-box-image-inner-intrisic-container\"><div class=\"kadence-info-box-image-intrisic kt-info-animate-none kb-info-box-image-ratio kb-info-box-image-ratio-square\"><div class=\"kadence-info-box-image-inner-intrisic\"><img decoding=\"async\" src=\"https:\/\/www.2000m2.eu\/wp-content\/uploads\/Hafer_AH-1.jpg\" alt=\"farbige Zeichnung von einer Hafer\u00e4hre\" width=\"2339\" height=\"1654\" class=\"kt-info-box-image wp-image-775\" srcset=\"https:\/\/www.2000m2.eu\/wp-content\/uploads\/Hafer_AH-1.jpg 2339w, https:\/\/www.2000m2.eu\/wp-content\/uploads\/Hafer_AH-1-300x212.jpg 300w, https:\/\/www.2000m2.eu\/wp-content\/uploads\/Hafer_AH-1-768x543.jpg 768w, https:\/\/www.2000m2.eu\/wp-content\/uploads\/Hafer_AH-1-1024x724.jpg 1024w, https:\/\/www.2000m2.eu\/wp-content\/uploads\/Hafer_AH-1-1536x1086.jpg 1536w, https:\/\/www.2000m2.eu\/wp-content\/uploads\/Hafer_AH-1-2048x1448.jpg 2048w\" sizes=\"(max-width: 2339px) 100vw, 2339px\" \/><\/div><\/div><\/div><\/div><\/div><div class=\"kt-infobox-textcontent\"><p class=\"kt-blocks-info-box-text\"><strong>Fl\u00e4che global<\/strong>: 9,0 Millionen Hektar<br><strong>Fl\u00e4che auf dem Weltacker<\/strong>: 9,9 m\u00b2 (0,5 %)<br><strong>Herkunftsregion<\/strong>: Westasien und Osteuropa<br><strong>Hauptanbaugebiete<\/strong>: Russland, Kanada, Europa<br><strong>Verwendung \/ Hauptnutzen<\/strong>: Mehl, Haferflocken, Futtermittel<\/p><\/div><\/span><\/div>\n\n\n\n<p>Die heilkundigen Eigenschaften des Hafers wurden schon fr\u00fch erkannt, etwa von Hildegard von Bingen, die im 12. Jahrhundert Hafer als Heilmittel empfahl. Sie sch\u00e4tzte Hafer insbesondere f\u00fcr seine F\u00e4higkeit, den \u201eGeist zu erheitern\u201c, den Verstand zu kl\u00e4ren und bei Schw\u00e4chezust\u00e4nden zu helfen.<\/p>\n\n\n\n<h2 class=\"wp-block-heading\">Ein anspruchsloses Getreide<\/h2>\n\n\n\n<p>Hafer (Avena sativa) unterscheidet sich deutlich von anderen Getreidearten durch seine Rispen statt \u00c4hren. Die Rispen sind glockenf\u00f6rmig und neigen sich w\u00e4hrend des Wachstums nach unten. So ist der Hafer leicht zu identifizieren. Die K\u00f6rner sind von einer Spelze umh\u00fcllt, die nach der Ernte entfernt wird.&nbsp;<br><\/p>\n\n\n<style>.wp-block-kadence-advancedgallery.kb-gallery-wrap-id-194_b535a0-d5{overflow:hidden;}.kb-gallery-type-carousel.kb-gallery-id-194_b535a0-d5 .kt-blocks-carousel .kt-blocks-carousel-init:not( .splide-initialized ){margin-left:-5px;margin-right:-5px;}.kb-gallery-type-carousel.kb-gallery-id-194_b535a0-d5 .kt-blocks-carousel .kt-blocks-carousel-init:not( .splide-initialized ) .kb-slide-item{padding-left:5px;padding-right:5px;}.kb-gallery-id-194_b535a0-d5 .kadence-blocks-gallery-item .kb-gal-image-radius, .kb-gallery-id-194_b535a0-d5 .kb-slide-item .kb-gal-image-radius img{border-radius:0px 0px 0px 0px;;}.kb-gallery-caption-style-cover-hover.kb-gallery-id-194_b535a0-d5 .kadence-blocks-gallery-item .kadence-blocks-gallery-item-inner .kadence-blocks-gallery-item__caption, .kb-gallery-caption-style-below.kb-gallery-id-194_b535a0-d5 .kadence-blocks-gallery-item .kadence-blocks-gallery-item-inner .kadence-blocks-gallery-item__caption{background:rgba(0, 0, 0, 0.5);}.kb-gallery-wrap-id-194_b535a0-d5.wp-block-kadence-advancedgallery{overflow:visible;}.kb-gallery-wrap-id-194_b535a0-d5.wp-block-kadence-advancedgallery .kt-blocks-carousel{overflow:visible;}<\/style><div class=\"kb-gallery-wrap-id-194_b535a0-d5 alignnone wp-block-kadence-advancedgallery\"><div class=\"kb-gallery-ul kb-gallery-non-static kb-gallery-type-carousel kb-gallery-id-194_b535a0-d5 kb-gallery-caption-style-below kb-gallery-filter-none\" data-image-filter=\"none\" data-lightbox-caption=\"true\"><div class=\"kt-blocks-carousel kt-carousel-container-dotstyle-dark\"><div class=\"kt-blocks-carousel-init kb-gallery-carousel kt-carousel-arrowstyle-whiteondark kt-carousel-dotstyle-dark kb-slider-group-arrow kb-slider-arrow-position-center\" data-columns-xxl=\"3\" data-columns-xl=\"3\" data-columns-md=\"3\" data-columns-sm=\"2\" data-columns-xs=\"1\" data-columns-ss=\"1\" data-slider-anim-speed=\"400\" data-slider-scroll=\"1\" data-slider-arrows=\"true\" data-slider-dots=\"true\" data-slider-hover-pause=\"false\" data-slider-auto=\"\" data-slider-speed=\"7000\" data-slider-gap=\"10px\" data-slider-gap-tablet=\"10px\" data-slider-gap-mobile=\"10px\" data-show-pause-button=\"false\" aria-label=\"Photo Gallery Carousel\"><li class=\"kb-slide-item kb-gallery-carousel-item\"><div class=\"kadence-blocks-gallery-item\"><div class=\"kadence-blocks-gallery-item-inner\"><figure class=\"kb-gallery-figure kadence-blocks-gallery-item-has-caption\"><div class=\"kb-gal-image-radius\"><div class=\"kb-gallery-image-contain kadence-blocks-gallery-intrinsic kb-gallery-image-ratio-land32 kb-has-image-ratio-land32\" ><img decoding=\"async\" src=\"https:\/\/www.2000m2.eu\/wp-content\/uploads\/261.jpg\" width=\"1024\" height=\"768\" alt=\"Gr\u00fcne gro\u00dfe Haferhalme, volle K\u00f6rner, Mischung mit anderem Getreide\" data-full-image=\"https:\/\/www.2000m2.eu\/wp-content\/uploads\/261.jpg\" data-light-image=\"https:\/\/www.2000m2.eu\/wp-content\/uploads\/261.jpg\" data-id=\"13766\" class=\"wp-image-13766 skip-lazy\"\/><\/div><\/div><figcaption class=\"kadence-blocks-gallery-item__caption\">Haferfeld<\/figcaption><\/figure><\/div><\/div><\/li><li class=\"kb-slide-item kb-gallery-carousel-item\"><div class=\"kadence-blocks-gallery-item\"><div class=\"kadence-blocks-gallery-item-inner\"><figure class=\"kb-gallery-figure kadence-blocks-gallery-item-has-caption\"><div class=\"kb-gal-image-radius\"><div class=\"kb-gallery-image-contain kadence-blocks-gallery-intrinsic kb-gallery-image-ratio-land32 kb-has-image-ratio-land32\" ><img decoding=\"async\" src=\"https:\/\/www.2000m2.eu\/wp-content\/uploads\/262.jpg\" width=\"1024\" height=\"768\" alt=\"braune Haferpflanzen, einige volle K\u00f6rner\" data-full-image=\"https:\/\/www.2000m2.eu\/wp-content\/uploads\/262.jpg\" data-light-image=\"https:\/\/www.2000m2.eu\/wp-content\/uploads\/262.jpg\" data-id=\"13773\" class=\"wp-image-13773 skip-lazy\"\/><\/div><\/div><figcaption class=\"kadence-blocks-gallery-item__caption\">Erntereifer Hafer<\/figcaption><\/figure><\/div><\/div><\/li><li class=\"kb-slide-item kb-gallery-carousel-item\"><div class=\"kadence-blocks-gallery-item\"><div class=\"kadence-blocks-gallery-item-inner\"><figure class=\"kb-gallery-figure kadence-blocks-gallery-item-has-caption\"><div class=\"kb-gal-image-radius\"><div class=\"kb-gallery-image-contain kadence-blocks-gallery-intrinsic kb-gallery-image-ratio-land32 kb-has-image-ratio-land32\" ><img decoding=\"async\" src=\"https:\/\/www.2000m2.eu\/wp-content\/uploads\/263.jpg\" width=\"1024\" height=\"768\" alt=\"Nahaufnahme einer Hafer-\u00c4re, braune \u00c4re\" data-full-image=\"https:\/\/www.2000m2.eu\/wp-content\/uploads\/263.jpg\" data-light-image=\"https:\/\/www.2000m2.eu\/wp-content\/uploads\/263.jpg\" data-id=\"13780\" class=\"wp-image-13780 skip-lazy\"\/><\/div><\/div><figcaption class=\"kadence-blocks-gallery-item__caption\">Hafer-\u00c4re<\/figcaption><\/figure><\/div><\/div><\/li><li class=\"kb-slide-item kb-gallery-carousel-item\"><div class=\"kadence-blocks-gallery-item\"><div class=\"kadence-blocks-gallery-item-inner\"><figure class=\"kb-gallery-figure kadence-blocks-gallery-item-has-caption\"><div class=\"kb-gal-image-radius\"><div class=\"kb-gallery-image-contain kadence-blocks-gallery-intrinsic kb-gallery-image-ratio-land32 kb-has-image-ratio-land32\" ><img decoding=\"async\" src=\"https:\/\/www.2000m2.eu\/wp-content\/uploads\/265.jpg\" width=\"1024\" height=\"768\" alt=\"l\u00e4ngliche Haferk\u00f6rner mit Spreu\" data-full-image=\"https:\/\/www.2000m2.eu\/wp-content\/uploads\/265.jpg\" data-light-image=\"https:\/\/www.2000m2.eu\/wp-content\/uploads\/265.jpg\" data-id=\"13794\" class=\"wp-image-13794 skip-lazy\"\/><\/div><\/div><figcaption class=\"kadence-blocks-gallery-item__caption\">Haferk\u00f6rner <\/figcaption><\/figure><\/div><\/div><\/li><li class=\"kb-slide-item kb-gallery-carousel-item\"><div class=\"kadence-blocks-gallery-item\"><div class=\"kadence-blocks-gallery-item-inner\"><figure class=\"kb-gallery-figure kadence-blocks-gallery-item-has-caption\"><div class=\"kb-gal-image-radius\"><div class=\"kb-gallery-image-contain kadence-blocks-gallery-intrinsic kb-gallery-image-ratio-land32 kb-has-image-ratio-land32\" ><img decoding=\"async\" src=\"https:\/\/www.2000m2.eu\/wp-content\/uploads\/264.jpg\" width=\"1024\" height=\"768\" alt=\"platt gedr\u00fcckte Haferk\u00f6rner, Haferflocken\" data-full-image=\"https:\/\/www.2000m2.eu\/wp-content\/uploads\/264.jpg\" data-light-image=\"https:\/\/www.2000m2.eu\/wp-content\/uploads\/264.jpg\" data-id=\"13787\" class=\"wp-image-13787 skip-lazy\"\/><\/div><\/div><figcaption class=\"kadence-blocks-gallery-item__caption\">Haferflocken<\/figcaption><\/figure><\/div><\/div><\/li><\/div><\/div><\/div><\/div>\n\n\n<p>Die Haferpflanze ist robust und anpassungsf\u00e4hig. Sie bevorzugt gem\u00e4\u00dfigtes Klima und stellt nur geringe Anspr\u00fcche an den Boden. Die Hauptanbaugebiete sind Nord- und Mitteleuropa, Russland und Nordamerika. Hafer ist eine einj\u00e4hrige Pflanze aus der Familie der S\u00fc\u00dfgr\u00e4ser (Poaceae). Sie erreicht eine H\u00f6he von 0,6 bis 1,5 Metern. Die Halme sind aufrecht, hohl und haben in regelm\u00e4\u00dfigen Abst\u00e4nden Knoten. Die Bl\u00e4tter sind schmal, lanzettlich und rau. Die Keimung erfolgt bei Temperaturen zwischen 5 und 10 Grad Celsius, was ihn ideal f\u00fcr den Anbau in Fr\u00fchjahrs- und Herbstsaisons macht. Aufgrund seiner geringen Anspr\u00fcche an den Boden ist Hafer besonders wertvoll f\u00fcr den Anbau in weniger fruchtbaren Regionen.<\/p>\n\n\n\n<h2 class=\"wp-block-heading\">Vom Unkraut zum Star<\/h2>\n\n\n\n<p>Hafer stammt urspr\u00fcnglich aus Westasien und Osteuropa, wo er seit etwa 4000 Jahren kultiviert wird. Anfangs wurde er als Unkraut in Weizen- und Gerstenfeldern betrachtet, bevor seine Vorteile erkannt wurden. Durch seine Anpassungsf\u00e4higkeit und den hohen N\u00e4hrstoffgehalt setzte sich der Anbau schnell durch. So wurde er bereits von den Kelten und Germanen angebaut, wie Ausgrabungen in Schweizer Pfahlbauten belegen. Bis zur Einf\u00fchrung der Kartoffel war Hafer in Mittel- und Osteuropa ein Hauptnahrungsmittel. Im Mittelalter entwickelte sich der Hafer in Europa zu einem \u00fcberaus wichtigen Nahrungsmittel, insbesondere in k\u00fchleren Regionen, wo Weizen und Gerste nicht besonders gut wuchsen. In Schottland und Skandinavien hat Hafer eine lange Tradition und stellt bis heute ein Grundnahrungsmittel dar. Heute sind Russland, Kanada, Australien, Brasilien und mehrere europ\u00e4ische L\u00e4nder die Hauptproduzenten des Hafers.&nbsp;In Brasilien hat der Hafer in der letzten Dekade einen rasanten Aufstieg gefeiert. Die Menschen achten hier immer st\u00e4rker auf gesunde Ern\u00e4hrung und setzen immer mehr auf Hafer. Gleichzeitig sind die positiven Eigenschaften des Hafers f\u00fcr den Boden popul\u00e4rer geworden Er lockert und bel\u00fcftet als Tiefwurzler den Boden, wirkt Erosion entgegen und f\u00f6rdert die Regeneration und Schonung des Bodens. Zudem unterdr\u00fcckt Hafer Unkraut und Pflanzenkrankheiten und ben\u00f6tigt vergleichsweise wenig D\u00fcnger und Pflanzenschutzmittel, was die Umwelt schont<\/p>\n\n\n\n<p>Als Futtermittel spielt der Hafer eine immer gr\u00f6\u00dfere Rolle in subtropischen Regionen und insbesondere in Pakistan und Nordindien. Der Hafer wird hier als Gr\u00fcnfutter angebaut und die ganze Pflanze wird an das Vieh verf\u00fcttert. Besonders entscheidend f\u00fcr seinen Erfolg in diesen Regionen ist, dass er als Winterbepflanzung der \u00c4cker funktioniert und sich positiv auf die Bodengesundheit auswirkt. So wird er speziell in kleinb\u00e4uerlichen Anbausystemen, die auf minimale Bodenbearbeitung setzen, als Winterfrucht eingesetzt.<\/p>\n\n\n\n<p>Als Getreide f\u00fcr die menschliche Ern\u00e4hrung hat der Hafer seit Mitte des 20. Jahrhunderts einen rapiden R\u00fcckgang erlebt \u2013 gerade in Europa, wo er zuvor ein wichtiges Grundnahrungsmittel darstellte. In den letzten Jahren ist die Beliebtheit von Haferprodukten in manchen L\u00e4ndern wie Brasilien oder Deutschland zwar wieder etwas gestiegen, z.B. durch die Verbreitung von Produkten wie der Hafermilch, den generellen Abw\u00e4rtstrend im Haferanbau konnte das aber nicht stoppen.<\/p>\n\n\n\n<h2 class=\"wp-block-heading\">Ein leckeres Heilmittel<\/h2>\n\n\n\n<p>Hafer ist vielseitig einsetzbar und wird vor allem als Haferflocken, Hafermehl und mittlerweile auch als Hafermilch konsumiert. Er ist reich an Ballaststoffen, insbesondere Beta-Glucan, welches nachweislich den Cholesterinspiegel senken kann. Zudem enth\u00e4lt Hafer wichtige Vitamine und Mineralstoffe wie Eisen, Magnesium, Zink und Vitamin B1. Aus gesundheitlicher Perspektive weist der Hafer einige Vorteile gegen\u00fcber den weiter verbreiteten Getreiden Weizen, Reis und Gerste auf. Beim Menschen f\u00f6rdert Haferkonsum die Verdauung, stabilisiert den Blutzuckerspiegel und unterst\u00fctzt das Immunsystem. Haferprodukte sind auch f\u00fcr Menschen mit Glutenunvertr\u00e4glichkeit oft eine gute Alternative, da Hafer von Natur aus glutenfrei ist, solange er nicht mit glutenhaltigen Getreiden kontaminiert wird.<\/p>\n\n\n\n<p>Dar\u00fcber hinaus spielt Hafer wie bereits beschrieben in der Tierern\u00e4hrung eine bedeutende und steigende Rolle. Er wird als Futtermittel f\u00fcr Pferde, Rinder und Gefl\u00fcgel verwendet und tr\u00e4gt wie beim Menschen zur Gesundheit und Leistungsf\u00e4higkeit der Tiere bei. Hafer wird sowohl gr\u00fcn als auch als Korn und Heu verf\u00fcttert. Auch in der Kosmetikindustrie findet Hafer aufgrund seiner beruhigenden und feuchtigkeitsspendenden Eigenschaften Verwendung &#8211; insbesondere in Hautpflegeprodukten. In kleinerem Umfang wird Hafer auch bei der Produktion von Agrosprit eingesetzt oder wird als Heu zur Produktion von Decken und Matratzen genutzt.<\/p>\n\n\n\n<h2 class=\"wp-block-heading\">Der Hafer und seine Grenzen<\/h2>\n\n\n\n<p>Obwohl der Haferanbau weniger intensiv ist als der von anderen Getreidearten, bringt er dennoch erhebliche Herausforderungen mit sich: Besonders problematisch sind Pilzkrankheiten wie der Haferkronenrost (Puccinia coronata). Diese k\u00f6nnen signifikante Ertragsverluste verursachen, da sie die Photosynthese der Pflanzen beeintr\u00e4chtigen und die Pflanzen schw\u00e4chen. Solche Krankheiten erfordern oft den Einsatz von Fungiziden, was die Produktionskosten erh\u00f6ht und die Umwelt belastet.<\/p>\n\n\n\n<p>Hafer gedeiht am besten in k\u00fchleren, gem\u00e4\u00dfigten Klimazonen. Durch den Klimawandel verst\u00e4rkte extreme Wetterbedingungen wie D\u00fcrre, \u00dcberschwemmungen oder unvorhersehbare Temperaturschwankungen k\u00f6nnen den Anbau erheblich beeintr\u00e4chtigen. Solche Bedingungen k\u00f6nnen die Keimung und das Wachstum von Haferpflanzen st\u00f6ren, was zu geringeren Ertr\u00e4gen f\u00fchrt. Obwohl Hafer geringere Anspr\u00fcche in Bezug auf Bodenqualit\u00e4t mit sich bringt, kann der kontinuierliche Anbau ohne Fruchtwechsel zu Bodenerosion und N\u00e4hrstoffmangel f\u00fchren. Die Monokultur von Hafer kann die Bodenfruchtbarkeit, wie bei anderen Getreiden, langfristig beeintr\u00e4chtigen. Eine nachhaltige Praxis wie Fruchtfolge und Gr\u00fcnd\u00fcngung ist notwendig, um die Bodenqualit\u00e4t zu erhalten.<\/p>\n\n\n\n<p>Der globale Handel mit Haferprodukten unterliegt au\u00dferdem starken Preisschwankungen, die durch Marktbedingungen, Ernteertr\u00e4ge und politische Faktoren beeinflusst werden. Kleinbauern und -b\u00e4uerinnen sind besonders anf\u00e4llig f\u00fcr solche Schwankungen, da sie oft nicht \u00fcber die Mittel verf\u00fcgen, um auf sie zu reagieren.<\/p>\n\n\n\n<h2 class=\"wp-block-heading\">Praxisbeispiel: Historischer Hafer f\u00fcr nachhaltige Landwirtschaft<\/h2>\n\n\n\n<p>Ein herausragendes Beispiel f\u00fcr innovative Haferanbauprojekte ist das \u201eKornwerk\u201c in Brandenburg. Swenja Rosenwinkel, Marlene Bruce und Miriam Boyer arbeiten dort mit regionalen Landwirt:innen zusammen, um Hafermilch aus historischen Hafersorten zu produzieren. Kund:innen zahlen einen festen Betrag und erhalten im Gegenzug Hafermilch im Mehrwegglas. Das Modell unterst\u00fctzt kleinere Strukturen und Familienbetriebe, f\u00f6rdert den Anbau alter Getreidesorten und st\u00e4rkt das regionale Nahrungsmittelsystem.<\/p>\n\n\n\n<p>Das Projekt \u201eKornwerk\u201c zeigt, wie solidarische Landwirtschaft funktionieren kann. Es verbindet Verbraucher:innen direkt mit den Produzent:innen und f\u00f6rdert nachhaltige Anbaumethoden. Durch den Einsatz alter Hafersorten tr\u00e4gt das Projekt auch zur Erhaltung der genetischen Vielfalt bei und bietet sowieso eine umweltfreundliche Alternative zu herk\u00f6mmlicher Milch. Solche Initiativen sind wegweisend f\u00fcr die Zukunft der Landwirtschaft und die F\u00f6rderung lokaler, nachhaltiger Ern\u00e4hrungssysteme.<\/p>\n\n\n\n<h2 class=\"wp-block-heading\">Quellen<\/h2>\n\n\n\n<p>FAO: Fodder Oats. a world overview. <a href=\"https:\/\/www.fao.org\/4\/y5765e\/y5765e00.htm#Contents\">Link<\/a>. <br>Haack Weltatlas-Online: Infoblatt Hafer. <a href=\"https:\/\/www2.klett.de\/sixcms\/list.php?page=infothek_artikel&amp;extra=Haack%20Weltatlas-Online&amp;artikel_id=89433&amp;inhalt=klett71prod_1.c.133609.de#:~:text=Zur%20Gattung%20Hafer%20(Avena)%20geh%C3%B6ren%20ungef%C3%A4hr%2035%20Arten.&amp;text=Die%20Pflanze%20ist%20einj%C3%A4hrig%20und,Regel%20nur%20zwei%20fruchtbar%20sind.\">Link<\/a>. <br>Hafer. Die Allesk\u00f6nner. <a href=\"https:\/\/www.hafer-die-alleskoerner.de\/hafer-fuer-alle\/unser-hafer\/haferanbau\">Link<\/a>. <br>Transparenz Gentechnik: Hafer. <a href=\"https:\/\/www.transgen.de\/lexikon-nutzpflanzen\/1890.hafer.html\">Link<\/a>. <br>tip Berlin: \u201eKornwerk\u201c-Hafermilch: Solidarische Landwirtschaft f\u00fcrs Milchregal. <a href=\"https:\/\/www.tip-berlin.de\/essen-trinken\/kornwerk-brandenburg-hafermilch\/\">Link<\/a>. <br><\/p>\n","protected":false},"excerpt":{"rendered":"<p>Hafer, Avena sativa Die heilkundigen Eigenschaften des Hafers wurden schon fr\u00fch erkannt, etwa von Hildegard von Bingen, die im 12. Jahrhundert Hafer als Heilmittel empfahl. Sie sch\u00e4tzte Hafer insbesondere f\u00fcr seine F\u00e4higkeit, den \u201eGeist zu erheitern\u201c, den Verstand zu kl\u00e4ren und bei Schw\u00e4chezust\u00e4nden zu helfen. Ein anspruchsloses Getreide Hafer (Avena sativa) unterscheidet sich deutlich von&#8230;<\/p>\n","protected":false},"featured_media":775,"parent":0,"menu_order":294,"template":"","tags":[],"crops":[14],"class_list":["post-194","crop","type-crop","status-publish","has-post-thumbnail","hentry","crops-getreide"],"yoast_head":"<!-- This site is optimized with the Yoast SEO plugin v27.4 - https:\/\/yoast.com\/product\/yoast-seo-wordpress\/ -->\n<title>Hafer - 2000m2<\/title>\n<meta name=\"description\" content=\"Hafer, Avena sativa Fl\u00e4che global: 9,0 Millionen HektarFl\u00e4che auf dem Weltacker: 9,9 m\u00b2 (0,5 %)Herkunftsregion: Westasien und OsteuropaHauptanbaugebiete:\" \/>\n<meta name=\"robots\" content=\"index, follow, max-snippet:-1, max-image-preview:large, max-video-preview:-1\" \/>\n<link rel=\"canonical\" href=\"https:\/\/www.2000m2.eu\/de\/kultur\/hafer\/\" \/>\n<meta property=\"og:locale\" content=\"de_DE\" \/>\n<meta property=\"og:type\" content=\"article\" \/>\n<meta property=\"og:title\" content=\"Hafer - 2000m2\" \/>\n<meta property=\"og:description\" content=\"Hafer, Avena sativa Fl\u00e4che global: 9,0 Millionen HektarFl\u00e4che auf dem Weltacker: 9,9 m\u00b2 (0,5 %)Herkunftsregion: Westasien und OsteuropaHauptanbaugebiete:\" \/>\n<meta property=\"og:url\" content=\"https:\/\/www.2000m2.eu\/de\/kultur\/hafer\/\" \/>\n<meta property=\"og:site_name\" content=\"2000m2\" \/>\n<meta property=\"article:modified_time\" content=\"2026-03-24T06:41:11+00:00\" \/>\n<meta property=\"og:image\" content=\"https:\/\/www.2000m2.eu\/wp-content\/uploads\/Hafer_AH-1.jpg\" \/>\n\t<meta property=\"og:image:width\" content=\"2339\" \/>\n\t<meta property=\"og:image:height\" content=\"1654\" \/>\n\t<meta property=\"og:image:type\" content=\"image\/jpeg\" \/>\n<meta name=\"twitter:card\" content=\"summary_large_image\" \/>\n<meta name=\"twitter:label1\" content=\"Gesch\u00e4tzte Lesezeit\" \/>\n\t<meta name=\"twitter:data1\" content=\"6\u00a0Minuten\" \/>\n<script type=\"application\/ld+json\" class=\"yoast-schema-graph\">{\"@context\":\"https:\\\/\\\/schema.org\",\"@graph\":[{\"@type\":\"WebPage\",\"@id\":\"https:\\\/\\\/www.2000m2.eu\\\/de\\\/kultur\\\/hafer\\\/\",\"url\":\"https:\\\/\\\/www.2000m2.eu\\\/de\\\/kultur\\\/hafer\\\/\",\"name\":\"Hafer - 2000m2\",\"isPartOf\":{\"@id\":\"https:\\\/\\\/www.2000m2.eu\\\/de\\\/#website\"},\"primaryImageOfPage\":{\"@id\":\"https:\\\/\\\/www.2000m2.eu\\\/de\\\/kultur\\\/hafer\\\/#primaryimage\"},\"image\":{\"@id\":\"https:\\\/\\\/www.2000m2.eu\\\/de\\\/kultur\\\/hafer\\\/#primaryimage\"},\"thumbnailUrl\":\"https:\\\/\\\/www.2000m2.eu\\\/wp-content\\\/uploads\\\/Hafer_AH-1.jpg\",\"datePublished\":\"2024-09-11T14:54:00+00:00\",\"dateModified\":\"2026-03-24T06:41:11+00:00\",\"description\":\"Hafer, Avena sativa Fl\u00e4che global: 9,0 Millionen HektarFl\u00e4che auf dem Weltacker: 9,9 m\u00b2 (0,5 %)Herkunftsregion: Westasien und OsteuropaHauptanbaugebiete:\",\"breadcrumb\":{\"@id\":\"https:\\\/\\\/www.2000m2.eu\\\/de\\\/kultur\\\/hafer\\\/#breadcrumb\"},\"inLanguage\":\"de\",\"potentialAction\":[{\"@type\":\"ReadAction\",\"target\":[\"https:\\\/\\\/www.2000m2.eu\\\/de\\\/kultur\\\/hafer\\\/\"]}]},{\"@type\":\"ImageObject\",\"inLanguage\":\"de\",\"@id\":\"https:\\\/\\\/www.2000m2.eu\\\/de\\\/kultur\\\/hafer\\\/#primaryimage\",\"url\":\"https:\\\/\\\/www.2000m2.eu\\\/wp-content\\\/uploads\\\/Hafer_AH-1.jpg\",\"contentUrl\":\"https:\\\/\\\/www.2000m2.eu\\\/wp-content\\\/uploads\\\/Hafer_AH-1.jpg\",\"width\":2339,\"height\":1654,\"caption\":\"farbige Zeichnung von einer Hafer\u00e4hre\"},{\"@type\":\"BreadcrumbList\",\"@id\":\"https:\\\/\\\/www.2000m2.eu\\\/de\\\/kultur\\\/hafer\\\/#breadcrumb\",\"itemListElement\":[{\"@type\":\"ListItem\",\"position\":1,\"name\":\"Home\",\"item\":\"https:\\\/\\\/www.2000m2.eu\\\/de\\\/startseite\\\/\"},{\"@type\":\"ListItem\",\"position\":2,\"name\":\"Hafer\"}]},{\"@type\":\"WebSite\",\"@id\":\"https:\\\/\\\/www.2000m2.eu\\\/de\\\/#website\",\"url\":\"https:\\\/\\\/www.2000m2.eu\\\/de\\\/\",\"name\":\"2000m2\",\"description\":\"\",\"publisher\":{\"@id\":\"https:\\\/\\\/www.2000m2.eu\\\/de\\\/#organization\"},\"potentialAction\":[{\"@type\":\"SearchAction\",\"target\":{\"@type\":\"EntryPoint\",\"urlTemplate\":\"https:\\\/\\\/www.2000m2.eu\\\/de\\\/?s={search_term_string}\"},\"query-input\":{\"@type\":\"PropertyValueSpecification\",\"valueRequired\":true,\"valueName\":\"search_term_string\"}}],\"inLanguage\":\"de\"},{\"@type\":\"Organization\",\"@id\":\"https:\\\/\\\/www.2000m2.eu\\\/de\\\/#organization\",\"name\":\"2000m2\",\"url\":\"https:\\\/\\\/www.2000m2.eu\\\/de\\\/\",\"logo\":{\"@type\":\"ImageObject\",\"inLanguage\":\"de\",\"@id\":\"https:\\\/\\\/www.2000m2.eu\\\/de\\\/#\\\/schema\\\/logo\\\/image\\\/\",\"url\":\"https:\\\/\\\/www.2000m2.eu\\\/wp-content\\\/uploads\\\/logo.png\",\"contentUrl\":\"https:\\\/\\\/www.2000m2.eu\\\/wp-content\\\/uploads\\\/logo.png\",\"width\":445,\"height\":140,\"caption\":\"2000m2\"},\"image\":{\"@id\":\"https:\\\/\\\/www.2000m2.eu\\\/de\\\/#\\\/schema\\\/logo\\\/image\\\/\"}}]}<\/script>\n<!-- \/ Yoast SEO plugin. -->","yoast_head_json":{"title":"Hafer - 2000m2","description":"Hafer, Avena sativa Fl\u00e4che global: 9,0 Millionen HektarFl\u00e4che auf dem Weltacker: 9,9 m\u00b2 (0,5 %)Herkunftsregion: Westasien und OsteuropaHauptanbaugebiete:","robots":{"index":"index","follow":"follow","max-snippet":"max-snippet:-1","max-image-preview":"max-image-preview:large","max-video-preview":"max-video-preview:-1"},"canonical":"https:\/\/www.2000m2.eu\/de\/kultur\/hafer\/","og_locale":"de_DE","og_type":"article","og_title":"Hafer - 2000m2","og_description":"Hafer, Avena sativa Fl\u00e4che global: 9,0 Millionen HektarFl\u00e4che auf dem Weltacker: 9,9 m\u00b2 (0,5 %)Herkunftsregion: Westasien und OsteuropaHauptanbaugebiete:","og_url":"https:\/\/www.2000m2.eu\/de\/kultur\/hafer\/","og_site_name":"2000m2","article_modified_time":"2026-03-24T06:41:11+00:00","og_image":[{"width":2339,"height":1654,"url":"https:\/\/www.2000m2.eu\/wp-content\/uploads\/Hafer_AH-1.jpg","type":"image\/jpeg"}],"twitter_card":"summary_large_image","twitter_misc":{"Gesch\u00e4tzte Lesezeit":"6\u00a0Minuten"},"schema":{"@context":"https:\/\/schema.org","@graph":[{"@type":"WebPage","@id":"https:\/\/www.2000m2.eu\/de\/kultur\/hafer\/","url":"https:\/\/www.2000m2.eu\/de\/kultur\/hafer\/","name":"Hafer - 2000m2","isPartOf":{"@id":"https:\/\/www.2000m2.eu\/de\/#website"},"primaryImageOfPage":{"@id":"https:\/\/www.2000m2.eu\/de\/kultur\/hafer\/#primaryimage"},"image":{"@id":"https:\/\/www.2000m2.eu\/de\/kultur\/hafer\/#primaryimage"},"thumbnailUrl":"https:\/\/www.2000m2.eu\/wp-content\/uploads\/Hafer_AH-1.jpg","datePublished":"2024-09-11T14:54:00+00:00","dateModified":"2026-03-24T06:41:11+00:00","description":"Hafer, Avena sativa Fl\u00e4che global: 9,0 Millionen HektarFl\u00e4che auf dem Weltacker: 9,9 m\u00b2 (0,5 %)Herkunftsregion: Westasien und OsteuropaHauptanbaugebiete:","breadcrumb":{"@id":"https:\/\/www.2000m2.eu\/de\/kultur\/hafer\/#breadcrumb"},"inLanguage":"de","potentialAction":[{"@type":"ReadAction","target":["https:\/\/www.2000m2.eu\/de\/kultur\/hafer\/"]}]},{"@type":"ImageObject","inLanguage":"de","@id":"https:\/\/www.2000m2.eu\/de\/kultur\/hafer\/#primaryimage","url":"https:\/\/www.2000m2.eu\/wp-content\/uploads\/Hafer_AH-1.jpg","contentUrl":"https:\/\/www.2000m2.eu\/wp-content\/uploads\/Hafer_AH-1.jpg","width":2339,"height":1654,"caption":"farbige Zeichnung von einer Hafer\u00e4hre"},{"@type":"BreadcrumbList","@id":"https:\/\/www.2000m2.eu\/de\/kultur\/hafer\/#breadcrumb","itemListElement":[{"@type":"ListItem","position":1,"name":"Home","item":"https:\/\/www.2000m2.eu\/de\/startseite\/"},{"@type":"ListItem","position":2,"name":"Hafer"}]},{"@type":"WebSite","@id":"https:\/\/www.2000m2.eu\/de\/#website","url":"https:\/\/www.2000m2.eu\/de\/","name":"2000m2","description":"","publisher":{"@id":"https:\/\/www.2000m2.eu\/de\/#organization"},"potentialAction":[{"@type":"SearchAction","target":{"@type":"EntryPoint","urlTemplate":"https:\/\/www.2000m2.eu\/de\/?s={search_term_string}"},"query-input":{"@type":"PropertyValueSpecification","valueRequired":true,"valueName":"search_term_string"}}],"inLanguage":"de"},{"@type":"Organization","@id":"https:\/\/www.2000m2.eu\/de\/#organization","name":"2000m2","url":"https:\/\/www.2000m2.eu\/de\/","logo":{"@type":"ImageObject","inLanguage":"de","@id":"https:\/\/www.2000m2.eu\/de\/#\/schema\/logo\/image\/","url":"https:\/\/www.2000m2.eu\/wp-content\/uploads\/logo.png","contentUrl":"https:\/\/www.2000m2.eu\/wp-content\/uploads\/logo.png","width":445,"height":140,"caption":"2000m2"},"image":{"@id":"https:\/\/www.2000m2.eu\/de\/#\/schema\/logo\/image\/"}}]}},"_links":{"self":[{"href":"https:\/\/www.2000m2.eu\/de\/wp-json\/wp\/v2\/crop\/194","targetHints":{"allow":["GET"]}}],"collection":[{"href":"https:\/\/www.2000m2.eu\/de\/wp-json\/wp\/v2\/crop"}],"about":[{"href":"https:\/\/www.2000m2.eu\/de\/wp-json\/wp\/v2\/types\/crop"}],"wp:featuredmedia":[{"embeddable":true,"href":"https:\/\/www.2000m2.eu\/de\/wp-json\/wp\/v2\/media\/775"}],"wp:attachment":[{"href":"https:\/\/www.2000m2.eu\/de\/wp-json\/wp\/v2\/media?parent=194"}],"wp:term":[{"taxonomy":"post_tag","embeddable":true,"href":"https:\/\/www.2000m2.eu\/de\/wp-json\/wp\/v2\/tags?post=194"},{"taxonomy":"crops","embeddable":true,"href":"https:\/\/www.2000m2.eu\/de\/wp-json\/wp\/v2\/crops?post=194"}],"curies":[{"name":"wp","href":"https:\/\/api.w.org\/{rel}","templated":true}]}}