{"id":1565,"date":"2024-10-21T14:00:24","date_gmt":"2024-10-21T14:00:24","guid":{"rendered":"https:\/\/www.2000m2.eu\/?post_type=field&#038;p=1565"},"modified":"2024-12-03T10:56:38","modified_gmt":"2024-12-03T10:56:38","slug":"st-michael","status":"publish","type":"field","link":"https:\/\/www.2000m2.eu\/de\/aecker\/st-michael\/","title":{"rendered":"St. Michael"},"content":{"rendered":"\n<div class=\"wp-block-columns is-layout-flex wp-container-core-columns-is-layout-28f84493 wp-block-columns-is-layout-flex\">\n<div class=\"wp-block-column is-layout-flow wp-block-column-is-layout-flow\">\n<h1 class=\"wp-block-heading\">Weltacker St. Michael<\/h1>\n<\/div>\n\n\n\n<div class=\"wp-block-column is-layout-flow wp-block-column-is-layout-flow\">\n<h1 class=\"wp-block-heading\">Njiva zemljanov \u0160mihel<\/h1>\n<\/div>\n<\/div>\n\n\n\n<div class=\"wp-block-columns is-layout-flex wp-container-core-columns-is-layout-28f84493 wp-block-columns-is-layout-flex\">\n<div class=\"wp-block-column is-layout-flow wp-block-column-is-layout-flow\">\n<p>An der Grenze \u00d6sterreichs und Sloweniens befindet sich der kleine Weltacker | Njiva zemljanov in St. Michael ob Bleiburg | \u0160mihel pri Pliberku. Dieses 2021 er\u00f6ffnete Projekt ist der erste zweisprachige Weltacker und wird auf ganz besondere Weise von vielen kleinen H\u00e4nden mitgestaltet. Denn die hier sprie\u00dfenden Pflanzen werden in enger Kooperation mit lokalen Schulen, Horten und Kinderg\u00e4rten angelegt und gepflegt.<\/p>\n\n\n\n<figure class=\"wp-block-image size-large\"><img decoding=\"async\" width=\"1024\" height=\"623\" src=\"https:\/\/www.2000m2.eu\/wp-content\/uploads\/team_weltacker_stmichael-e1729502820739-1024x623.jpg\" alt=\"Das Team des Weltackers St. Michael auf dem Weltacker.\" class=\"wp-image-1568\" srcset=\"https:\/\/www.2000m2.eu\/wp-content\/uploads\/team_weltacker_stmichael-e1729502820739-1024x623.jpg 1024w, https:\/\/www.2000m2.eu\/wp-content\/uploads\/team_weltacker_stmichael-e1729502820739-300x183.jpg 300w, https:\/\/www.2000m2.eu\/wp-content\/uploads\/team_weltacker_stmichael-e1729502820739-768x467.jpg 768w, https:\/\/www.2000m2.eu\/wp-content\/uploads\/team_weltacker_stmichael-e1729502820739.jpg 1420w\" sizes=\"(max-width: 1024px) 100vw, 1024px\" \/><figcaption class=\"wp-element-caption\">Team des Weltackers St. Michael\/Njiva zemljanov Smihel<\/figcaption><\/figure>\n\n\n\n<p>Hinter den vielen Kindern steht das bunte Team des gemeinn\u00fctzigen Vereins \u201eWeltacker \u2013 Njiva zemljanov\u201c. Hier sammeln sich Biob\u00e4uerinnen und -bauern, Hobbyg\u00e4rtnerinnen und -g\u00e4rtner, P\u00e4dagoginnen und P\u00e4dagogen, Unternehmerinnen und Unternehmer, Wissenschaftlerinnen und Wissenschaftler sowie verschiedene Bildungseinrichtungen. Gemeinsam gestalten sie einen Acker, der nicht im klassischen 2000 m\u00b2 &#8211; Konzept aufgebaut ist. Denn der globale Acker w\u00e4chst hier auf 200 m\u00b2 und wird durch umfangreichen Gem\u00fcseanbau erg\u00e4nzt.<\/p>\n<\/div>\n\n\n\n<div class=\"wp-block-column is-layout-flow wp-block-column-is-layout-flow\">\n<p>Na meji med Avstrijo in Slovenijo se nahaja Njiva zemljanov \u0160mihel pri Pliberku. Ta projekt, ki je bil odprt leta 2021, je prva dvojezi\u010dna Njiva zemljanov, ki jo na poseben na\u010din soustvarjajo \u0161tevilne majhne roke. Rastline, ki tukaj kalijo, so zasajene in vzdr\u017eevane v tesnem sodelovanju z lokalnimi \u0161olami, vrtci in otro\u0161kimi jaslicami.<br><br><br><\/p>\n\n\n\n<figure class=\"wp-block-image size-large is-resized\"><img decoding=\"async\" src=\"https:\/\/www.2000m2.eu\/wp-content\/uploads\/workshop_weltacker_stmichael-1024x576.jpg\" alt=\"Eine Gruppe Erwachsener lauscht gespannt dem Bildungsreferenten aus dem Team des Weltackers St. Michael.\" class=\"wp-image-1570\" style=\"width:592px;height:auto\"\/><figcaption class=\"wp-element-caption\">Permakultur-Workshop in St. Michael\/Njiva zemljanov&nbsp; \u0160mihel<\/figcaption><\/figure>\n\n\n\n<p>Za \u0161tevilnimi otroki stoji pisana ekipa neprofitnega dru\u0161tva &#8222;Weltacker \u2013 Njiva zemljanov&#8220;. Tukaj se zbirajo ekolo\u0161ke kmetice in kmetje, ljubiteljske vrtnarke in vrtnarji, pedagoginje in pedagogi, podjetnice in podjetniki, znanstvenice in znanstveniki ter razli\u010dne izobra\u017eevalne ustanove. Skupaj ustvarjajo njivo, ki ni postavljena po klasi\u010dnem konceptu 2000 m\u00b2, saj Njiva zemljanov &nbsp;tukaj meri 200 m\u00b2 in je dopolnjena z obse\u017eno pridelavo zelenjave.<\/p>\n<\/div>\n<\/div>\n\n\n<div class=\"wp-block-image\">\n<figure class=\"aligncenter size-large is-resized\"><img decoding=\"async\" width=\"1024\" height=\"768\" src=\"https:\/\/www.2000m2.eu\/wp-content\/uploads\/ansicht_weltacker_stmichael-e1729518955569-1024x768.jpg\" alt=\"Am Weltacker-Eingang steht ein zweisprachiges Willkommensschild vor den Pflanzen des Weltackers.\" class=\"wp-image-1572\" style=\"width:463px;height:auto\" srcset=\"https:\/\/www.2000m2.eu\/wp-content\/uploads\/ansicht_weltacker_stmichael-e1729518955569-1024x768.jpg 1024w, https:\/\/www.2000m2.eu\/wp-content\/uploads\/ansicht_weltacker_stmichael-e1729518955569-300x225.jpg 300w, https:\/\/www.2000m2.eu\/wp-content\/uploads\/ansicht_weltacker_stmichael-e1729518955569-768x576.jpg 768w, https:\/\/www.2000m2.eu\/wp-content\/uploads\/ansicht_weltacker_stmichael-e1729518955569-1536x1152.jpg 1536w, https:\/\/www.2000m2.eu\/wp-content\/uploads\/ansicht_weltacker_stmichael-e1729518955569.jpg 1800w\" sizes=\"(max-width: 1024px) 100vw, 1024px\" \/><figcaption class=\"wp-element-caption\">Ansicht des Weltackers St. Michael\/Njiva zemljanov\u00a0 \u0160mihel<\/figcaption><\/figure>\n<\/div>\n\n\n<div class=\"wp-block-columns is-layout-flex wp-container-core-columns-is-layout-28f84493 wp-block-columns-is-layout-flex\">\n<div class=\"wp-block-column is-layout-flow wp-block-column-is-layout-flow\">\n<p>Neben der Bildungsarbeit mit Kindern und f\u00fcr Kinder organisiert das Team aus St. Michael ob Bleiburg | \u0160mihel pri Pliberku Veranstaltungen f\u00fcr Erwachse zur gemeinschaftlichen Wissensvermittlung und die Vernetzung mit anderen Institutionen in \u00d6sterreich, die sich mit Biodiversit\u00e4t, dem Erhalt von Vielfalt und nachhaltiger, \u00f6kologischer Landwirtschaft befassen.<\/p>\n\n\n\n<p>Die Arbeit auf diesem Weltacker ist insbesondere von folgenden Grunds\u00e4tzen gepr\u00e4gt:<\/p>\n\n\n\n<ul class=\"wp-block-list\">\n<li>Gemeinschaftliches Erleben, Lernen und Genie\u00dfen<\/li>\n\n\n\n<li>Generationen\u00fcbergreifende Aktivit\u00e4ten<\/li>\n\n\n\n<li>Barrierefreies Lernen und kulturelle Teilhabe<\/li>\n<\/ul>\n<\/div>\n\n\n\n<div class=\"wp-block-column is-layout-flow wp-block-column-is-layout-flow\">\n<p>Poleg izobra\u017eevalnega dela z otroki in za otroke organizira ekipa iz \u0160mihela pri Pliberku dogodke za odrasle z namenom skupnega prenosa znanja in povezovanja z drugimi ustanovami v Avstriji, ki se ukvarjajo z biotsko raznovrstnostjo, ohranjanjem raznolikosti in trajnostnim, ekolo\u0161kim kmetovanjem.<\/p>\n\n\n\n<p><br>Delo na tej Njivi zemljanov temelji predvsem na naslednjih na\u010delih:<\/p>\n\n\n\n<p><br>\u2022 Skupnostno do\u017eivljanje, u\u010denje in u\u017eivanje<br>\u2022 Medgeneracijske aktivnosti<br>\u2022 U\u010denje brez ovir in kulturna udele\u017eba<\/p>\n<\/div>\n<\/div>\n\n\n\n<p><\/p>\n\n\n\n<div class=\"wp-block-buttons is-content-justification-center is-layout-flex wp-container-core-buttons-is-layout-a89b3969 wp-block-buttons-is-layout-flex\">\n<div class=\"wp-block-button has-custom-width wp-block-button__width-50\"><a class=\"wp-block-button__link has-accent-background-color has-background wp-element-button\" href=\"https:\/\/www.weltacker.at\/\">Zur Website \/ Na spletno stran<\/a><\/div>\n<\/div>\n\n\n\n<p><\/p>\n\n\n\n<figure class=\"wp-block-embed is-type-video is-provider-youtube wp-block-embed-youtube wp-embed-aspect-16-9 wp-has-aspect-ratio\"><div class=\"wp-block-embed__wrapper\">\n <div class=\"brlbs-cmpnt-container brlbs-cmpnt-content-blocker brlbs-cmpnt-with-individual-styles\" data-borlabs-cookie-content-blocker-id=\"default\" data-borlabs-cookie-content=\"PGlmcmFtZSB0aXRsZT0iV2VsdGFja2VyIC0gTmppdmEgemVtbGphbm92IDIzLjA0LjIwMjIiIHdpZHRoPSIxMjAwIiBoZWlnaHQ9IjY3NSIgc3JjPSJodHRwczovL3d3dy55b3V0dWJlLmNvbS9lbWJlZC9EN0tCT1Y1cGYzVT9mZWF0dXJlPW9lbWJlZCIgZnJhbWVib3JkZXI9IjAiIGFsbG93PSJhY2NlbGVyb21ldGVyOyBhdXRvcGxheTsgY2xpcGJvYXJkLXdyaXRlOyBlbmNyeXB0ZWQtbWVkaWE7IGd5cm9zY29wZTsgcGljdHVyZS1pbi1waWN0dXJlOyB3ZWItc2hhcmUiIHJlZmVycmVycG9saWN5PSJzdHJpY3Qtb3JpZ2luLXdoZW4tY3Jvc3Mtb3JpZ2luIiBhbGxvd2Z1bGxzY3JlZW4+PC9pZnJhbWU+\"><div class=\"brlbs-cmpnt-cb-preset-a\"> <p class=\"brlbs-cmpnt-cb-description\">Sie sehen gerade einen Platzhalterinhalt von <strong>Standard<\/strong>. Um auf den eigentlichen Inhalt zuzugreifen, klicken Sie auf den Button unten. Bitte beachten Sie, dass dabei Daten an Drittanbieter weitergegeben werden.<\/p> <div class=\"brlbs-cmpnt-cb-buttons\"> <a class=\"brlbs-cmpnt-cb-btn\" href=\"#\" data-borlabs-cookie-unblock role=\"button\">Inhalt entsperren<\/a> <a class=\"brlbs-cmpnt-cb-btn\" href=\"#\" data-borlabs-cookie-accept-service role=\"button\" style=\"display: none\">Erforderlichen Service akzeptieren und Inhalte entsperren<\/a> <\/div> <a class=\"brlbs-cmpnt-cb-provider-toggle\" href=\"#\" data-borlabs-cookie-show-provider-information role=\"button\">Weitere Informationen<\/a> <\/div><\/div>\n<\/div><\/figure>\n\n\n\n<p><\/p>\n\n\n\n<p>Alle Bilder: \u00a9Verein Weltacker\/Njiva zemljanov<\/p>\n\n\n\n<p><\/p>\n","protected":false},"excerpt":{"rendered":"<p>Weltacker St. Michael Njiva zemljanov \u0160mihel An der Grenze \u00d6sterreichs und Sloweniens befindet sich der kleine Weltacker | Njiva zemljanov in St. Michael ob Bleiburg | \u0160mihel pri Pliberku. Dieses 2021 er\u00f6ffnete Projekt ist der erste zweisprachige Weltacker und wird auf ganz besondere Weise von vielen kleinen H\u00e4nden mitgestaltet. Denn die hier sprie\u00dfenden Pflanzen werden&#8230;<\/p>\n","protected":false},"featured_media":1572,"parent":0,"menu_order":73,"template":"","tags":[],"countries":[40],"class_list":["post-1565","field","type-field","status-publish","has-post-thumbnail","hentry","countries-oesterreich"],"yoast_head":"<!-- This site is optimized with the Yoast SEO plugin v27.4 - https:\/\/yoast.com\/product\/yoast-seo-wordpress\/ -->\n<title>St. Michael - 2000m2<\/title>\n<meta name=\"description\" content=\"Weltacker St. Michael Njiva zemljanov \u0160mihel An der Grenze \u00d6sterreichs und Sloweniens befindet sich der kleine Weltacker | Njiva zemljanov in St. Michael\" \/>\n<meta name=\"robots\" content=\"index, follow, max-snippet:-1, max-image-preview:large, max-video-preview:-1\" \/>\n<link rel=\"canonical\" href=\"https:\/\/www.2000m2.eu\/de\/aecker\/st-michael\/\" \/>\n<meta property=\"og:locale\" content=\"de_DE\" \/>\n<meta property=\"og:type\" content=\"article\" \/>\n<meta property=\"og:title\" content=\"St. Michael - 2000m2\" \/>\n<meta property=\"og:description\" content=\"Weltacker St. Michael Njiva zemljanov \u0160mihel An der Grenze \u00d6sterreichs und Sloweniens befindet sich der kleine Weltacker | Njiva zemljanov in St. Michael\" \/>\n<meta property=\"og:url\" content=\"https:\/\/www.2000m2.eu\/de\/aecker\/st-michael\/\" \/>\n<meta property=\"og:site_name\" content=\"2000m2\" \/>\n<meta property=\"article:modified_time\" content=\"2024-12-03T10:56:38+00:00\" \/>\n<meta property=\"og:image\" content=\"https:\/\/www.2000m2.eu\/wp-content\/uploads\/ansicht_weltacker_stmichael-e1729518955569.jpg\" \/>\n\t<meta property=\"og:image:width\" content=\"1800\" \/>\n\t<meta property=\"og:image:height\" content=\"1350\" \/>\n\t<meta property=\"og:image:type\" content=\"image\/jpeg\" \/>\n<meta name=\"twitter:card\" content=\"summary_large_image\" \/>\n<meta name=\"twitter:label1\" content=\"Gesch\u00e4tzte Lesezeit\" \/>\n\t<meta name=\"twitter:data1\" content=\"4\u00a0Minuten\" \/>\n<script type=\"application\/ld+json\" class=\"yoast-schema-graph\">{\"@context\":\"https:\\\/\\\/schema.org\",\"@graph\":[{\"@type\":\"WebPage\",\"@id\":\"https:\\\/\\\/www.2000m2.eu\\\/de\\\/aecker\\\/st-michael\\\/\",\"url\":\"https:\\\/\\\/www.2000m2.eu\\\/de\\\/aecker\\\/st-michael\\\/\",\"name\":\"St. Michael - 2000m2\",\"isPartOf\":{\"@id\":\"https:\\\/\\\/www.2000m2.eu\\\/de\\\/#website\"},\"primaryImageOfPage\":{\"@id\":\"https:\\\/\\\/www.2000m2.eu\\\/de\\\/aecker\\\/st-michael\\\/#primaryimage\"},\"image\":{\"@id\":\"https:\\\/\\\/www.2000m2.eu\\\/de\\\/aecker\\\/st-michael\\\/#primaryimage\"},\"thumbnailUrl\":\"https:\\\/\\\/www.2000m2.eu\\\/wp-content\\\/uploads\\\/ansicht_weltacker_stmichael-e1729518955569.jpg\",\"datePublished\":\"2024-10-21T14:00:24+00:00\",\"dateModified\":\"2024-12-03T10:56:38+00:00\",\"description\":\"Weltacker St. Michael Njiva zemljanov \u0160mihel An der Grenze \u00d6sterreichs und Sloweniens befindet sich der kleine Weltacker | Njiva zemljanov in St. Michael\",\"breadcrumb\":{\"@id\":\"https:\\\/\\\/www.2000m2.eu\\\/de\\\/aecker\\\/st-michael\\\/#breadcrumb\"},\"inLanguage\":\"de\",\"potentialAction\":[{\"@type\":\"ReadAction\",\"target\":[\"https:\\\/\\\/www.2000m2.eu\\\/de\\\/aecker\\\/st-michael\\\/\"]}]},{\"@type\":\"ImageObject\",\"inLanguage\":\"de\",\"@id\":\"https:\\\/\\\/www.2000m2.eu\\\/de\\\/aecker\\\/st-michael\\\/#primaryimage\",\"url\":\"https:\\\/\\\/www.2000m2.eu\\\/wp-content\\\/uploads\\\/ansicht_weltacker_stmichael-e1729518955569.jpg\",\"contentUrl\":\"https:\\\/\\\/www.2000m2.eu\\\/wp-content\\\/uploads\\\/ansicht_weltacker_stmichael-e1729518955569.jpg\",\"width\":1800,\"height\":1350,\"caption\":\"Am Weltacker-Eingang steht ein zweisprachiges Willkommensschild vor den Pflanzen des Weltackers.\"},{\"@type\":\"BreadcrumbList\",\"@id\":\"https:\\\/\\\/www.2000m2.eu\\\/de\\\/aecker\\\/st-michael\\\/#breadcrumb\",\"itemListElement\":[{\"@type\":\"ListItem\",\"position\":1,\"name\":\"Home\",\"item\":\"https:\\\/\\\/www.2000m2.eu\\\/de\\\/startseite\\\/\"},{\"@type\":\"ListItem\",\"position\":2,\"name\":\"\u00c4cker\",\"item\":\"https:\\\/\\\/www.2000m2.eu\\\/de\\\/aecker\\\/\"},{\"@type\":\"ListItem\",\"position\":3,\"name\":\"St. Michael\"}]},{\"@type\":\"WebSite\",\"@id\":\"https:\\\/\\\/www.2000m2.eu\\\/de\\\/#website\",\"url\":\"https:\\\/\\\/www.2000m2.eu\\\/de\\\/\",\"name\":\"2000m2\",\"description\":\"\",\"publisher\":{\"@id\":\"https:\\\/\\\/www.2000m2.eu\\\/de\\\/#organization\"},\"potentialAction\":[{\"@type\":\"SearchAction\",\"target\":{\"@type\":\"EntryPoint\",\"urlTemplate\":\"https:\\\/\\\/www.2000m2.eu\\\/de\\\/?s={search_term_string}\"},\"query-input\":{\"@type\":\"PropertyValueSpecification\",\"valueRequired\":true,\"valueName\":\"search_term_string\"}}],\"inLanguage\":\"de\"},{\"@type\":\"Organization\",\"@id\":\"https:\\\/\\\/www.2000m2.eu\\\/de\\\/#organization\",\"name\":\"2000m2\",\"url\":\"https:\\\/\\\/www.2000m2.eu\\\/de\\\/\",\"logo\":{\"@type\":\"ImageObject\",\"inLanguage\":\"de\",\"@id\":\"https:\\\/\\\/www.2000m2.eu\\\/de\\\/#\\\/schema\\\/logo\\\/image\\\/\",\"url\":\"https:\\\/\\\/www.2000m2.eu\\\/wp-content\\\/uploads\\\/logo.png\",\"contentUrl\":\"https:\\\/\\\/www.2000m2.eu\\\/wp-content\\\/uploads\\\/logo.png\",\"width\":445,\"height\":140,\"caption\":\"2000m2\"},\"image\":{\"@id\":\"https:\\\/\\\/www.2000m2.eu\\\/de\\\/#\\\/schema\\\/logo\\\/image\\\/\"}}]}<\/script>\n<!-- \/ Yoast SEO plugin. -->","yoast_head_json":{"title":"St. Michael - 2000m2","description":"Weltacker St. Michael Njiva zemljanov \u0160mihel An der Grenze \u00d6sterreichs und Sloweniens befindet sich der kleine Weltacker | Njiva zemljanov in St. Michael","robots":{"index":"index","follow":"follow","max-snippet":"max-snippet:-1","max-image-preview":"max-image-preview:large","max-video-preview":"max-video-preview:-1"},"canonical":"https:\/\/www.2000m2.eu\/de\/aecker\/st-michael\/","og_locale":"de_DE","og_type":"article","og_title":"St. Michael - 2000m2","og_description":"Weltacker St. Michael Njiva zemljanov \u0160mihel An der Grenze \u00d6sterreichs und Sloweniens befindet sich der kleine Weltacker | Njiva zemljanov in St. Michael","og_url":"https:\/\/www.2000m2.eu\/de\/aecker\/st-michael\/","og_site_name":"2000m2","article_modified_time":"2024-12-03T10:56:38+00:00","og_image":[{"width":1800,"height":1350,"url":"https:\/\/www.2000m2.eu\/wp-content\/uploads\/ansicht_weltacker_stmichael-e1729518955569.jpg","type":"image\/jpeg"}],"twitter_card":"summary_large_image","twitter_misc":{"Gesch\u00e4tzte Lesezeit":"4\u00a0Minuten"},"schema":{"@context":"https:\/\/schema.org","@graph":[{"@type":"WebPage","@id":"https:\/\/www.2000m2.eu\/de\/aecker\/st-michael\/","url":"https:\/\/www.2000m2.eu\/de\/aecker\/st-michael\/","name":"St. Michael - 2000m2","isPartOf":{"@id":"https:\/\/www.2000m2.eu\/de\/#website"},"primaryImageOfPage":{"@id":"https:\/\/www.2000m2.eu\/de\/aecker\/st-michael\/#primaryimage"},"image":{"@id":"https:\/\/www.2000m2.eu\/de\/aecker\/st-michael\/#primaryimage"},"thumbnailUrl":"https:\/\/www.2000m2.eu\/wp-content\/uploads\/ansicht_weltacker_stmichael-e1729518955569.jpg","datePublished":"2024-10-21T14:00:24+00:00","dateModified":"2024-12-03T10:56:38+00:00","description":"Weltacker St. Michael Njiva zemljanov \u0160mihel An der Grenze \u00d6sterreichs und Sloweniens befindet sich der kleine Weltacker | Njiva zemljanov in St. Michael","breadcrumb":{"@id":"https:\/\/www.2000m2.eu\/de\/aecker\/st-michael\/#breadcrumb"},"inLanguage":"de","potentialAction":[{"@type":"ReadAction","target":["https:\/\/www.2000m2.eu\/de\/aecker\/st-michael\/"]}]},{"@type":"ImageObject","inLanguage":"de","@id":"https:\/\/www.2000m2.eu\/de\/aecker\/st-michael\/#primaryimage","url":"https:\/\/www.2000m2.eu\/wp-content\/uploads\/ansicht_weltacker_stmichael-e1729518955569.jpg","contentUrl":"https:\/\/www.2000m2.eu\/wp-content\/uploads\/ansicht_weltacker_stmichael-e1729518955569.jpg","width":1800,"height":1350,"caption":"Am Weltacker-Eingang steht ein zweisprachiges Willkommensschild vor den Pflanzen des Weltackers."},{"@type":"BreadcrumbList","@id":"https:\/\/www.2000m2.eu\/de\/aecker\/st-michael\/#breadcrumb","itemListElement":[{"@type":"ListItem","position":1,"name":"Home","item":"https:\/\/www.2000m2.eu\/de\/startseite\/"},{"@type":"ListItem","position":2,"name":"\u00c4cker","item":"https:\/\/www.2000m2.eu\/de\/aecker\/"},{"@type":"ListItem","position":3,"name":"St. Michael"}]},{"@type":"WebSite","@id":"https:\/\/www.2000m2.eu\/de\/#website","url":"https:\/\/www.2000m2.eu\/de\/","name":"2000m2","description":"","publisher":{"@id":"https:\/\/www.2000m2.eu\/de\/#organization"},"potentialAction":[{"@type":"SearchAction","target":{"@type":"EntryPoint","urlTemplate":"https:\/\/www.2000m2.eu\/de\/?s={search_term_string}"},"query-input":{"@type":"PropertyValueSpecification","valueRequired":true,"valueName":"search_term_string"}}],"inLanguage":"de"},{"@type":"Organization","@id":"https:\/\/www.2000m2.eu\/de\/#organization","name":"2000m2","url":"https:\/\/www.2000m2.eu\/de\/","logo":{"@type":"ImageObject","inLanguage":"de","@id":"https:\/\/www.2000m2.eu\/de\/#\/schema\/logo\/image\/","url":"https:\/\/www.2000m2.eu\/wp-content\/uploads\/logo.png","contentUrl":"https:\/\/www.2000m2.eu\/wp-content\/uploads\/logo.png","width":445,"height":140,"caption":"2000m2"},"image":{"@id":"https:\/\/www.2000m2.eu\/de\/#\/schema\/logo\/image\/"}}]}},"_links":{"self":[{"href":"https:\/\/www.2000m2.eu\/de\/wp-json\/wp\/v2\/field\/1565","targetHints":{"allow":["GET"]}}],"collection":[{"href":"https:\/\/www.2000m2.eu\/de\/wp-json\/wp\/v2\/field"}],"about":[{"href":"https:\/\/www.2000m2.eu\/de\/wp-json\/wp\/v2\/types\/field"}],"wp:featuredmedia":[{"embeddable":true,"href":"https:\/\/www.2000m2.eu\/de\/wp-json\/wp\/v2\/media\/1572"}],"wp:attachment":[{"href":"https:\/\/www.2000m2.eu\/de\/wp-json\/wp\/v2\/media?parent=1565"}],"wp:term":[{"taxonomy":"post_tag","embeddable":true,"href":"https:\/\/www.2000m2.eu\/de\/wp-json\/wp\/v2\/tags?post=1565"},{"taxonomy":"countries","embeddable":true,"href":"https:\/\/www.2000m2.eu\/de\/wp-json\/wp\/v2\/countries?post=1565"}],"curies":[{"name":"wp","href":"https:\/\/api.w.org\/{rel}","templated":true}]}}