{"id":1587,"date":"2024-10-21T14:14:41","date_gmt":"2024-10-21T14:14:41","guid":{"rendered":"https:\/\/www.2000m2.eu\/?post_type=field&#038;p=1587"},"modified":"2025-10-23T07:42:30","modified_gmt":"2025-10-23T07:42:30","slug":"attiswil","status":"publish","type":"field","link":"https:\/\/www.2000m2.eu\/de\/aecker\/attiswil\/","title":{"rendered":"Attiswil"},"content":{"rendered":"\n<h1 class=\"wp-block-heading\">Weltacker Attiswil<\/h1>\n\n\n\n<p>Auf einem kleinen Bauernhof, dem Bleuerhof, liegt der Weltacker in Attiswil. Vor der ersten Jurakette werden hier seit 2019 die wichtigsten Ackerkulturen der Welt in klassischer Weltacker-Manier angebaut. Hinter dem Weltacker steht eine Gruppe von Ehrenamtlichen und ein starker Verein. Geleitet wird das Projekt von Peter und Rosmarie, die den Bleuerhof f\u00fchren. <\/p>\n\n\n\n<div class=\"wp-block-columns is-layout-flex wp-container-core-columns-is-layout-28f84493 wp-block-columns-is-layout-flex\">\n<div class=\"wp-block-column is-layout-flow wp-block-column-is-layout-flow\">\n<figure class=\"wp-block-image size-full\"><img decoding=\"async\" width=\"640\" height=\"480\" src=\"https:\/\/www.2000m2.eu\/wp-content\/uploads\/WAAT-Ausblick-in-die-Schweizer-Berge.jpg\" alt=\"Vor dem idyllischen Ausblick \u00fcber die Schwizer Landschaft liegt der Weltacker in Attiswil. Eine Frau betrachtet die Schilder-Ausstellung.\" class=\"wp-image-1717\" srcset=\"https:\/\/www.2000m2.eu\/wp-content\/uploads\/WAAT-Ausblick-in-die-Schweizer-Berge.jpg 640w, https:\/\/www.2000m2.eu\/wp-content\/uploads\/WAAT-Ausblick-in-die-Schweizer-Berge-300x225.jpg 300w\" sizes=\"(max-width: 640px) 100vw, 640px\" \/><figcaption class=\"wp-element-caption\">Blick \u00fcber dem Weltacker Attiswil (\u00a9Weltacker Attiswil)<\/figcaption><\/figure>\n<\/div>\n\n\n\n<div class=\"wp-block-column is-layout-flow wp-block-column-is-layout-flow\">\n<figure class=\"wp-block-image size-large\"><img decoding=\"async\" width=\"1024\" height=\"768\" src=\"https:\/\/www.2000m2.eu\/wp-content\/uploads\/WAAT-Saisoneroeffnung2024-1024x768.jpg\" alt=\"Eine Gruppe Menschen steht um eine Bodenluke und lauscht Rosmarie bei ihren Ausf\u00fchrungen. \" class=\"wp-image-1719\" srcset=\"https:\/\/www.2000m2.eu\/wp-content\/uploads\/WAAT-Saisoneroeffnung2024-1024x768.jpg 1024w, https:\/\/www.2000m2.eu\/wp-content\/uploads\/WAAT-Saisoneroeffnung2024-300x225.jpg 300w, https:\/\/www.2000m2.eu\/wp-content\/uploads\/WAAT-Saisoneroeffnung2024-768x576.jpg 768w, https:\/\/www.2000m2.eu\/wp-content\/uploads\/WAAT-Saisoneroeffnung2024-1536x1152.jpg 1536w, https:\/\/www.2000m2.eu\/wp-content\/uploads\/WAAT-Saisoneroeffnung2024.jpg 2016w\" sizes=\"(max-width: 1024px) 100vw, 1024px\" \/><figcaption class=\"wp-element-caption\">Rosmarie er\u00f6ffnet die Saison 2024 (\u00a9Weltacker Attiswil)<\/figcaption><\/figure>\n<\/div>\n<\/div>\n\n\n\n<p>In Attiswil arbeitet das Team jedes Jahr besondere Schwerpunkte aus. Nachdem es in den Vorjahren besonders viel um Bohnen und andere Leguminosen ging, hat sich der Weltacker im Jahr 2024 dem Thema &#8222;Wasser&#8220; gewidmet. Daf\u00fcr besteht jetzt eine Ausstellung mit vielen interaktiven Elementen, die es den Besucher:innen erlauben, die vielen Aspekte des Wassers in unserem Ern\u00e4hrungs- und Landwirtschaftssystem zu entdecken. Diese Inhalte k\u00f6nnen bei den gro\u00dfen Festen, bei Touren mit Schulklassen und Gruppen, aber auch f\u00fcr alle Besucher:innen durch interaktive Spiele auf dem Weltacker entdeckt werden.<\/p>\n\n\n\n<div class=\"wp-block-columns is-layout-flex wp-container-core-columns-is-layout-28f84493 wp-block-columns-is-layout-flex\">\n<div class=\"wp-block-column is-layout-flow wp-block-column-is-layout-flow\">\n<figure class=\"wp-block-image size-large\"><img decoding=\"async\" width=\"768\" height=\"1024\" src=\"https:\/\/www.2000m2.eu\/wp-content\/uploads\/WAAT-Saisoneroeffnung-Thema-Wasser-2024-768x1024.jpg\" alt=\"Beschriftete Gie\u00dfkannen am Feldrand erl\u00e4utern die unterschiedlichen Wasserstatistiken der Welt. \" class=\"wp-image-1721\" srcset=\"https:\/\/www.2000m2.eu\/wp-content\/uploads\/WAAT-Saisoneroeffnung-Thema-Wasser-2024-768x1024.jpg 768w, https:\/\/www.2000m2.eu\/wp-content\/uploads\/WAAT-Saisoneroeffnung-Thema-Wasser-2024-225x300.jpg 225w, https:\/\/www.2000m2.eu\/wp-content\/uploads\/WAAT-Saisoneroeffnung-Thema-Wasser-2024-1152x1536.jpg 1152w, https:\/\/www.2000m2.eu\/wp-content\/uploads\/WAAT-Saisoneroeffnung-Thema-Wasser-2024.jpg 1512w\" sizes=\"(max-width: 768px) 100vw, 768px\" \/><figcaption class=\"wp-element-caption\">Lehrreiche Gie\u00dfkannen<\/figcaption><\/figure>\n<\/div>\n\n\n\n<div class=\"wp-block-column is-layout-flow wp-block-column-is-layout-flow\">\n<figure class=\"wp-block-image size-large\"><img decoding=\"async\" width=\"768\" height=\"1024\" src=\"https:\/\/www.2000m2.eu\/wp-content\/uploads\/WAAT-WasserKette-von-der-Quelle-zum-Acker-2024-768x1024.jpg\" alt=\"Der Ackerleiter Peter leitet die Wassertragen-Aktion an, wo Menschen mithilfe von Eimern und Gie\u00dfkannen, eine solidarische Wassertragen-Aktion durchf\u00fchren. \" class=\"wp-image-1723\" srcset=\"https:\/\/www.2000m2.eu\/wp-content\/uploads\/WAAT-WasserKette-von-der-Quelle-zum-Acker-2024-768x1024.jpg 768w, https:\/\/www.2000m2.eu\/wp-content\/uploads\/WAAT-WasserKette-von-der-Quelle-zum-Acker-2024-225x300.jpg 225w, https:\/\/www.2000m2.eu\/wp-content\/uploads\/WAAT-WasserKette-von-der-Quelle-zum-Acker-2024-1152x1536.jpg 1152w, https:\/\/www.2000m2.eu\/wp-content\/uploads\/WAAT-WasserKette-von-der-Quelle-zum-Acker-2024.jpg 1512w\" sizes=\"(max-width: 768px) 100vw, 768px\" \/><figcaption class=\"wp-element-caption\">Peter erl\u00e4utert das Wassertragen am Bach<\/figcaption><\/figure>\n<\/div>\n\n\n\n<div class=\"wp-block-column is-layout-flow wp-block-column-is-layout-flow\">\n<figure class=\"wp-block-image size-large\"><img decoding=\"async\" width=\"768\" height=\"1024\" src=\"https:\/\/www.2000m2.eu\/wp-content\/uploads\/WAAT-Wassertragen-Erntefest-2024-768x1024.jpg\" alt=\"Ein Besucher leert seine Gie\u00dfkanne in einer gro\u00dfen Tonne.\" class=\"wp-image-1725\" srcset=\"https:\/\/www.2000m2.eu\/wp-content\/uploads\/WAAT-Wassertragen-Erntefest-2024-768x1024.jpg 768w, https:\/\/www.2000m2.eu\/wp-content\/uploads\/WAAT-Wassertragen-Erntefest-2024-225x300.jpg 225w, https:\/\/www.2000m2.eu\/wp-content\/uploads\/WAAT-Wassertragen-Erntefest-2024-1152x1536.jpg 1152w, https:\/\/www.2000m2.eu\/wp-content\/uploads\/WAAT-Wassertragen-Erntefest-2024.jpg 1512w\" sizes=\"(max-width: 768px) 100vw, 768px\" \/><figcaption class=\"wp-element-caption\">Ein Besucher leert seine Gie\u00dfkanne<\/figcaption><\/figure>\n<\/div>\n<\/div>\n\n\n\n<p>In Attiswil k\u00f6nnen Schulklassen verschiedene Workshops und Touren buchen und auch f\u00fcr Erwachsenengruppen gibt es ein umfangreiches Angebot. Ein Besuch auf dem Weltacker lohnt sich immer wieder, insbesondere dank der st\u00e4ndigen Weiterentwicklung der Themen und Ausstellung. <\/p>\n\n\n\n<div class=\"wp-block-buttons is-content-justification-center is-layout-flex wp-container-core-buttons-is-layout-a89b3969 wp-block-buttons-is-layout-flex\">\n<div class=\"wp-block-button has-custom-width wp-block-button__width-50\"><a class=\"wp-block-button__link has-accent-background-color has-background wp-element-button\" href=\"https:\/\/weltacker-attiswil.ch\/\">Zur Website des Weltackers Attiswil<\/a><\/div>\n<\/div>\n\n\n\n<p><\/p>\n","protected":false},"excerpt":{"rendered":"<p>Weltacker Attiswil Auf einem kleinen Bauernhof, dem Bleuerhof, liegt der Weltacker in Attiswil. Vor der ersten Jurakette werden hier seit 2019 die wichtigsten Ackerkulturen der Welt in klassischer Weltacker-Manier angebaut. Hinter dem Weltacker steht eine Gruppe von Ehrenamtlichen und ein starker Verein. Geleitet wird das Projekt von Peter und Rosmarie, die den Bleuerhof f\u00fchren. In&#8230;<\/p>\n","protected":false},"featured_media":1725,"parent":0,"menu_order":88,"template":"","tags":[],"countries":[36],"class_list":["post-1587","field","type-field","status-publish","has-post-thumbnail","hentry","countries-schweiz"],"yoast_head":"<!-- This site is optimized with the Yoast SEO plugin v27.4 - https:\/\/yoast.com\/product\/yoast-seo-wordpress\/ -->\n<title>Attiswil - 2000m2<\/title>\n<meta name=\"description\" content=\"Weltacker Attiswil Auf einem kleinen Bauernhof, dem Bleuerhof, liegt der Weltacker in Attiswil. Vor der ersten Jurakette werden hier seit 2019 die\" \/>\n<meta name=\"robots\" content=\"index, follow, max-snippet:-1, max-image-preview:large, max-video-preview:-1\" \/>\n<link rel=\"canonical\" href=\"https:\/\/www.2000m2.eu\/de\/aecker\/attiswil\/\" \/>\n<meta property=\"og:locale\" content=\"de_DE\" \/>\n<meta property=\"og:type\" content=\"article\" \/>\n<meta property=\"og:title\" content=\"Attiswil - 2000m2\" \/>\n<meta property=\"og:description\" content=\"Weltacker Attiswil Auf einem kleinen Bauernhof, dem Bleuerhof, liegt der Weltacker in Attiswil. Vor der ersten Jurakette werden hier seit 2019 die\" \/>\n<meta property=\"og:url\" content=\"https:\/\/www.2000m2.eu\/de\/aecker\/attiswil\/\" \/>\n<meta property=\"og:site_name\" content=\"2000m2\" \/>\n<meta property=\"article:modified_time\" content=\"2025-10-23T07:42:30+00:00\" \/>\n<meta property=\"og:image\" content=\"https:\/\/www.2000m2.eu\/wp-content\/uploads\/WAAT-Wassertragen-Erntefest-2024.jpg\" \/>\n\t<meta property=\"og:image:width\" content=\"1512\" \/>\n\t<meta property=\"og:image:height\" content=\"2016\" \/>\n\t<meta property=\"og:image:type\" content=\"image\/jpeg\" \/>\n<meta name=\"twitter:card\" content=\"summary_large_image\" \/>\n<meta name=\"twitter:label1\" content=\"Gesch\u00e4tzte Lesezeit\" \/>\n\t<meta name=\"twitter:data1\" content=\"3\u00a0Minuten\" \/>\n<script type=\"application\/ld+json\" class=\"yoast-schema-graph\">{\"@context\":\"https:\\\/\\\/schema.org\",\"@graph\":[{\"@type\":\"WebPage\",\"@id\":\"https:\\\/\\\/www.2000m2.eu\\\/de\\\/aecker\\\/attiswil\\\/\",\"url\":\"https:\\\/\\\/www.2000m2.eu\\\/de\\\/aecker\\\/attiswil\\\/\",\"name\":\"Attiswil - 2000m2\",\"isPartOf\":{\"@id\":\"https:\\\/\\\/www.2000m2.eu\\\/de\\\/#website\"},\"primaryImageOfPage\":{\"@id\":\"https:\\\/\\\/www.2000m2.eu\\\/de\\\/aecker\\\/attiswil\\\/#primaryimage\"},\"image\":{\"@id\":\"https:\\\/\\\/www.2000m2.eu\\\/de\\\/aecker\\\/attiswil\\\/#primaryimage\"},\"thumbnailUrl\":\"https:\\\/\\\/www.2000m2.eu\\\/wp-content\\\/uploads\\\/WAAT-Wassertragen-Erntefest-2024.jpg\",\"datePublished\":\"2024-10-21T14:14:41+00:00\",\"dateModified\":\"2025-10-23T07:42:30+00:00\",\"description\":\"Weltacker Attiswil Auf einem kleinen Bauernhof, dem Bleuerhof, liegt der Weltacker in Attiswil. Vor der ersten Jurakette werden hier seit 2019 die\",\"breadcrumb\":{\"@id\":\"https:\\\/\\\/www.2000m2.eu\\\/de\\\/aecker\\\/attiswil\\\/#breadcrumb\"},\"inLanguage\":\"de\",\"potentialAction\":[{\"@type\":\"ReadAction\",\"target\":[\"https:\\\/\\\/www.2000m2.eu\\\/de\\\/aecker\\\/attiswil\\\/\"]}]},{\"@type\":\"ImageObject\",\"inLanguage\":\"de\",\"@id\":\"https:\\\/\\\/www.2000m2.eu\\\/de\\\/aecker\\\/attiswil\\\/#primaryimage\",\"url\":\"https:\\\/\\\/www.2000m2.eu\\\/wp-content\\\/uploads\\\/WAAT-Wassertragen-Erntefest-2024.jpg\",\"contentUrl\":\"https:\\\/\\\/www.2000m2.eu\\\/wp-content\\\/uploads\\\/WAAT-Wassertragen-Erntefest-2024.jpg\",\"width\":1512,\"height\":2016},{\"@type\":\"BreadcrumbList\",\"@id\":\"https:\\\/\\\/www.2000m2.eu\\\/de\\\/aecker\\\/attiswil\\\/#breadcrumb\",\"itemListElement\":[{\"@type\":\"ListItem\",\"position\":1,\"name\":\"Home\",\"item\":\"https:\\\/\\\/www.2000m2.eu\\\/de\\\/startseite\\\/\"},{\"@type\":\"ListItem\",\"position\":2,\"name\":\"\u00c4cker\",\"item\":\"https:\\\/\\\/www.2000m2.eu\\\/de\\\/aecker\\\/\"},{\"@type\":\"ListItem\",\"position\":3,\"name\":\"Attiswil\"}]},{\"@type\":\"WebSite\",\"@id\":\"https:\\\/\\\/www.2000m2.eu\\\/de\\\/#website\",\"url\":\"https:\\\/\\\/www.2000m2.eu\\\/de\\\/\",\"name\":\"2000m2\",\"description\":\"\",\"publisher\":{\"@id\":\"https:\\\/\\\/www.2000m2.eu\\\/de\\\/#organization\"},\"potentialAction\":[{\"@type\":\"SearchAction\",\"target\":{\"@type\":\"EntryPoint\",\"urlTemplate\":\"https:\\\/\\\/www.2000m2.eu\\\/de\\\/?s={search_term_string}\"},\"query-input\":{\"@type\":\"PropertyValueSpecification\",\"valueRequired\":true,\"valueName\":\"search_term_string\"}}],\"inLanguage\":\"de\"},{\"@type\":\"Organization\",\"@id\":\"https:\\\/\\\/www.2000m2.eu\\\/de\\\/#organization\",\"name\":\"2000m2\",\"url\":\"https:\\\/\\\/www.2000m2.eu\\\/de\\\/\",\"logo\":{\"@type\":\"ImageObject\",\"inLanguage\":\"de\",\"@id\":\"https:\\\/\\\/www.2000m2.eu\\\/de\\\/#\\\/schema\\\/logo\\\/image\\\/\",\"url\":\"https:\\\/\\\/www.2000m2.eu\\\/wp-content\\\/uploads\\\/logo.png\",\"contentUrl\":\"https:\\\/\\\/www.2000m2.eu\\\/wp-content\\\/uploads\\\/logo.png\",\"width\":445,\"height\":140,\"caption\":\"2000m2\"},\"image\":{\"@id\":\"https:\\\/\\\/www.2000m2.eu\\\/de\\\/#\\\/schema\\\/logo\\\/image\\\/\"}}]}<\/script>\n<!-- \/ Yoast SEO plugin. -->","yoast_head_json":{"title":"Attiswil - 2000m2","description":"Weltacker Attiswil Auf einem kleinen Bauernhof, dem Bleuerhof, liegt der Weltacker in Attiswil. Vor der ersten Jurakette werden hier seit 2019 die","robots":{"index":"index","follow":"follow","max-snippet":"max-snippet:-1","max-image-preview":"max-image-preview:large","max-video-preview":"max-video-preview:-1"},"canonical":"https:\/\/www.2000m2.eu\/de\/aecker\/attiswil\/","og_locale":"de_DE","og_type":"article","og_title":"Attiswil - 2000m2","og_description":"Weltacker Attiswil Auf einem kleinen Bauernhof, dem Bleuerhof, liegt der Weltacker in Attiswil. Vor der ersten Jurakette werden hier seit 2019 die","og_url":"https:\/\/www.2000m2.eu\/de\/aecker\/attiswil\/","og_site_name":"2000m2","article_modified_time":"2025-10-23T07:42:30+00:00","og_image":[{"width":1512,"height":2016,"url":"https:\/\/www.2000m2.eu\/wp-content\/uploads\/WAAT-Wassertragen-Erntefest-2024.jpg","type":"image\/jpeg"}],"twitter_card":"summary_large_image","twitter_misc":{"Gesch\u00e4tzte Lesezeit":"3\u00a0Minuten"},"schema":{"@context":"https:\/\/schema.org","@graph":[{"@type":"WebPage","@id":"https:\/\/www.2000m2.eu\/de\/aecker\/attiswil\/","url":"https:\/\/www.2000m2.eu\/de\/aecker\/attiswil\/","name":"Attiswil - 2000m2","isPartOf":{"@id":"https:\/\/www.2000m2.eu\/de\/#website"},"primaryImageOfPage":{"@id":"https:\/\/www.2000m2.eu\/de\/aecker\/attiswil\/#primaryimage"},"image":{"@id":"https:\/\/www.2000m2.eu\/de\/aecker\/attiswil\/#primaryimage"},"thumbnailUrl":"https:\/\/www.2000m2.eu\/wp-content\/uploads\/WAAT-Wassertragen-Erntefest-2024.jpg","datePublished":"2024-10-21T14:14:41+00:00","dateModified":"2025-10-23T07:42:30+00:00","description":"Weltacker Attiswil Auf einem kleinen Bauernhof, dem Bleuerhof, liegt der Weltacker in Attiswil. Vor der ersten Jurakette werden hier seit 2019 die","breadcrumb":{"@id":"https:\/\/www.2000m2.eu\/de\/aecker\/attiswil\/#breadcrumb"},"inLanguage":"de","potentialAction":[{"@type":"ReadAction","target":["https:\/\/www.2000m2.eu\/de\/aecker\/attiswil\/"]}]},{"@type":"ImageObject","inLanguage":"de","@id":"https:\/\/www.2000m2.eu\/de\/aecker\/attiswil\/#primaryimage","url":"https:\/\/www.2000m2.eu\/wp-content\/uploads\/WAAT-Wassertragen-Erntefest-2024.jpg","contentUrl":"https:\/\/www.2000m2.eu\/wp-content\/uploads\/WAAT-Wassertragen-Erntefest-2024.jpg","width":1512,"height":2016},{"@type":"BreadcrumbList","@id":"https:\/\/www.2000m2.eu\/de\/aecker\/attiswil\/#breadcrumb","itemListElement":[{"@type":"ListItem","position":1,"name":"Home","item":"https:\/\/www.2000m2.eu\/de\/startseite\/"},{"@type":"ListItem","position":2,"name":"\u00c4cker","item":"https:\/\/www.2000m2.eu\/de\/aecker\/"},{"@type":"ListItem","position":3,"name":"Attiswil"}]},{"@type":"WebSite","@id":"https:\/\/www.2000m2.eu\/de\/#website","url":"https:\/\/www.2000m2.eu\/de\/","name":"2000m2","description":"","publisher":{"@id":"https:\/\/www.2000m2.eu\/de\/#organization"},"potentialAction":[{"@type":"SearchAction","target":{"@type":"EntryPoint","urlTemplate":"https:\/\/www.2000m2.eu\/de\/?s={search_term_string}"},"query-input":{"@type":"PropertyValueSpecification","valueRequired":true,"valueName":"search_term_string"}}],"inLanguage":"de"},{"@type":"Organization","@id":"https:\/\/www.2000m2.eu\/de\/#organization","name":"2000m2","url":"https:\/\/www.2000m2.eu\/de\/","logo":{"@type":"ImageObject","inLanguage":"de","@id":"https:\/\/www.2000m2.eu\/de\/#\/schema\/logo\/image\/","url":"https:\/\/www.2000m2.eu\/wp-content\/uploads\/logo.png","contentUrl":"https:\/\/www.2000m2.eu\/wp-content\/uploads\/logo.png","width":445,"height":140,"caption":"2000m2"},"image":{"@id":"https:\/\/www.2000m2.eu\/de\/#\/schema\/logo\/image\/"}}]}},"_links":{"self":[{"href":"https:\/\/www.2000m2.eu\/de\/wp-json\/wp\/v2\/field\/1587","targetHints":{"allow":["GET"]}}],"collection":[{"href":"https:\/\/www.2000m2.eu\/de\/wp-json\/wp\/v2\/field"}],"about":[{"href":"https:\/\/www.2000m2.eu\/de\/wp-json\/wp\/v2\/types\/field"}],"wp:featuredmedia":[{"embeddable":true,"href":"https:\/\/www.2000m2.eu\/de\/wp-json\/wp\/v2\/media\/1725"}],"wp:attachment":[{"href":"https:\/\/www.2000m2.eu\/de\/wp-json\/wp\/v2\/media?parent=1587"}],"wp:term":[{"taxonomy":"post_tag","embeddable":true,"href":"https:\/\/www.2000m2.eu\/de\/wp-json\/wp\/v2\/tags?post=1587"},{"taxonomy":"countries","embeddable":true,"href":"https:\/\/www.2000m2.eu\/de\/wp-json\/wp\/v2\/countries?post=1587"}],"curies":[{"name":"wp","href":"https:\/\/api.w.org\/{rel}","templated":true}]}}