{"id":2480,"date":"2024-11-21T20:15:44","date_gmt":"2024-11-21T20:15:44","guid":{"rendered":"https:\/\/www.2000m2.eu\/?post_type=field&#038;p=2480"},"modified":"2024-12-30T11:09:16","modified_gmt":"2024-12-30T11:09:16","slug":"divinopolis","status":"publish","type":"field","link":"https:\/\/www.2000m2.eu\/de\/aecker\/divinopolis\/","title":{"rendered":"Divin\u00f3polis"},"content":{"rendered":"\n<h1 class=\"wp-block-heading\">Jardim C\u00f3smico auf dem Weg zum Weltacker?<\/h1>\n\n\n\n<p>Der Jardim C\u00f3smico liegt im brasilianischen Bundesstaat Minas Gerais, in der l\u00e4ndlichen Region zwischen den St\u00e4dten Divin\u00f3polis und Carmo do Cajuru. Vom Busbahnhof bzw. Stadtzentrum von Divin\u00f3polis aus ist der Garten in etwa 30 Minuten mit \u00f6ffentlichen Verkehrsmitteln zu erreichen. Die Hauptstadt von Minas Gerais, Belo Horizonte, ist in etwa zwei Stunden mit dem Auto erreichbar.<\/p>\n\n\n\n<div class=\"wp-block-columns is-layout-flex wp-container-core-columns-is-layout-28f84493 wp-block-columns-is-layout-flex\">\n<div class=\"wp-block-column is-layout-flow wp-block-column-is-layout-flow\">\n<figure class=\"wp-block-image size-large\"><img decoding=\"async\" width=\"1024\" height=\"680\" src=\"https:\/\/www.2000m2.eu\/wp-content\/uploads\/cb4a0f41fc1da17fc9c16dbfd5159286f346170f-1024x680.jpg\" alt=\"Im Garten des brasilianischen Projekts steht ein Lehmofen und liegen Baumst\u00e4mme. Umgeben ist der kleine Platz von Palmen und kleinen B\u00e4umen. \" class=\"wp-image-2483\" srcset=\"https:\/\/www.2000m2.eu\/wp-content\/uploads\/cb4a0f41fc1da17fc9c16dbfd5159286f346170f-1024x680.jpg 1024w, https:\/\/www.2000m2.eu\/wp-content\/uploads\/cb4a0f41fc1da17fc9c16dbfd5159286f346170f-300x199.jpg 300w, https:\/\/www.2000m2.eu\/wp-content\/uploads\/cb4a0f41fc1da17fc9c16dbfd5159286f346170f-768x510.jpg 768w, https:\/\/www.2000m2.eu\/wp-content\/uploads\/cb4a0f41fc1da17fc9c16dbfd5159286f346170f-1536x1020.jpg 1536w, https:\/\/www.2000m2.eu\/wp-content\/uploads\/cb4a0f41fc1da17fc9c16dbfd5159286f346170f-450x300.jpg 450w, https:\/\/www.2000m2.eu\/wp-content\/uploads\/cb4a0f41fc1da17fc9c16dbfd5159286f346170f.jpg 1600w\" sizes=\"(max-width: 1024px) 100vw, 1024px\" \/><figcaption class=\"wp-element-caption\">Selbstgebauter Ofen f\u00fcr den Keramikworkshop von Amanda Maciel (\u00a9Amanda Morato\/Thiago Cruz)<\/figcaption><\/figure>\n<\/div>\n\n\n\n<div class=\"wp-block-column is-layout-flow wp-block-column-is-layout-flow\">\n<figure class=\"wp-block-image size-large\"><img decoding=\"async\" width=\"1024\" height=\"680\" src=\"https:\/\/www.2000m2.eu\/wp-content\/uploads\/Design-ohne-Titel5-1024x680.jpg\" alt=\"Begr\u00fc\u00dfungskreis: zum Festival stehen ca. 30 Menschen im Kreis und lauschen den Begr\u00fc\u00dfungsworten.\" class=\"wp-image-2493\" srcset=\"https:\/\/www.2000m2.eu\/wp-content\/uploads\/Design-ohne-Titel5-1024x680.jpg 1024w, https:\/\/www.2000m2.eu\/wp-content\/uploads\/Design-ohne-Titel5-300x199.jpg 300w, https:\/\/www.2000m2.eu\/wp-content\/uploads\/Design-ohne-Titel5-768x510.jpg 768w, https:\/\/www.2000m2.eu\/wp-content\/uploads\/Design-ohne-Titel5-1536x1020.jpg 1536w, https:\/\/www.2000m2.eu\/wp-content\/uploads\/Design-ohne-Titel5-450x300.jpg 450w, https:\/\/www.2000m2.eu\/wp-content\/uploads\/Design-ohne-Titel5.jpg 1600w\" sizes=\"(max-width: 1024px) 100vw, 1024px\" \/><figcaption class=\"wp-element-caption\">Begr\u00fc\u00dfung und Privilegien-Walk der Freiluftwoche 2024 <br>(\u00a9Amanda Morato\/Thiago Cruz)<\/figcaption><\/figure>\n<\/div>\n<\/div>\n\n\n\n<p>Die Initiative Jardim C\u00f3smico m\u00f6chte Inklusion, Erlebnisp\u00e4dagogik und Nachhaltigkeit in der Stadt Divin\u00f3polis f\u00f6rdern. Wir wollen Fachleute aus dem Sozial-, Bildungs-, Kultur-, Bau- und Kunstbereich mit Menschen zusammenbringen, die an der Entwicklung inklusiver und naturbasierter Ma\u00dfnahmen f\u00fcr Einzelpersonen, Familien, Gemeinden, Schulen und Unternehmen interessiert sind.<\/p>\n\n\n\n<p>Der Jardim C\u00f3smico verf\u00fcgt \u00fcber eine 3000m\u00b2 gro\u00dfe Fl\u00e4che f\u00fcr Aktivit\u00e4ten im Freien. Der Garten ist umgeben von einem Naturschutzgebiet, von Wasserquellen und von einem Bach.<\/p>\n\n\n\n<p>Das Team des Jardim C\u00f3smico hat sich ambitionierte Ziele gesetzt. Ihre Inspirationen sind: das 2000m\u00b2-Weltacker Projekt, die inklusiven Aspekte des Modells der Camphill-Gemeinschaften bzw. der biodynamischen Landwirtschaft sowie die Erlebnisp\u00e4dagogik.<\/p>\n\n\n\n<div class=\"wp-block-columns is-layout-flex wp-container-core-columns-is-layout-28f84493 wp-block-columns-is-layout-flex\">\n<div class=\"wp-block-column is-layout-flow wp-block-column-is-layout-flow\">\n<figure class=\"wp-block-image size-large\"><img decoding=\"async\" width=\"1024\" height=\"680\" src=\"https:\/\/www.2000m2.eu\/wp-content\/uploads\/346de4c76c969127d9379024e1ff4b74ad2ffd5d-1024x680.jpg\" alt=\"F\u00fcnf Menschen halten Lehm in der Hand und bauen den Ofen f\u00fcr die Keramikworkshops. \" class=\"wp-image-2489\" srcset=\"https:\/\/www.2000m2.eu\/wp-content\/uploads\/346de4c76c969127d9379024e1ff4b74ad2ffd5d-1024x680.jpg 1024w, https:\/\/www.2000m2.eu\/wp-content\/uploads\/346de4c76c969127d9379024e1ff4b74ad2ffd5d-300x199.jpg 300w, https:\/\/www.2000m2.eu\/wp-content\/uploads\/346de4c76c969127d9379024e1ff4b74ad2ffd5d-768x510.jpg 768w, https:\/\/www.2000m2.eu\/wp-content\/uploads\/346de4c76c969127d9379024e1ff4b74ad2ffd5d-1536x1020.jpg 1536w, https:\/\/www.2000m2.eu\/wp-content\/uploads\/346de4c76c969127d9379024e1ff4b74ad2ffd5d-450x300.jpg 450w, https:\/\/www.2000m2.eu\/wp-content\/uploads\/346de4c76c969127d9379024e1ff4b74ad2ffd5d.jpg 1600w\" sizes=\"(max-width: 1024px) 100vw, 1024px\" \/><figcaption class=\"wp-element-caption\">Workshop zur Biokonstruktion, der Ofen wird gebaut (\u00a9Marcos Alves)<\/figcaption><\/figure>\n<\/div>\n\n\n\n<div class=\"wp-block-column is-layout-flow wp-block-column-is-layout-flow\">\n<figure class=\"wp-block-image size-large\"><img decoding=\"async\" width=\"1024\" height=\"680\" src=\"https:\/\/www.2000m2.eu\/wp-content\/uploads\/615fca466d8eafeadfa0628a84b3ab6110c2a313-1024x680.jpg\" alt=\"Ein Mann gr\u00e4bt im Jardim C\u00f3smico. \" class=\"wp-image-2491\" srcset=\"https:\/\/www.2000m2.eu\/wp-content\/uploads\/615fca466d8eafeadfa0628a84b3ab6110c2a313-1024x680.jpg 1024w, https:\/\/www.2000m2.eu\/wp-content\/uploads\/615fca466d8eafeadfa0628a84b3ab6110c2a313-300x199.jpg 300w, https:\/\/www.2000m2.eu\/wp-content\/uploads\/615fca466d8eafeadfa0628a84b3ab6110c2a313-768x510.jpg 768w, https:\/\/www.2000m2.eu\/wp-content\/uploads\/615fca466d8eafeadfa0628a84b3ab6110c2a313-1536x1020.jpg 1536w, https:\/\/www.2000m2.eu\/wp-content\/uploads\/615fca466d8eafeadfa0628a84b3ab6110c2a313-450x300.jpg 450w, https:\/\/www.2000m2.eu\/wp-content\/uploads\/615fca466d8eafeadfa0628a84b3ab6110c2a313.jpg 1600w\" sizes=\"(max-width: 1024px) 100vw, 1024px\" \/><figcaption class=\"wp-element-caption\">Jedes Jahr pflanzt Patrick Timochenko eine neue Agrarforstreihe <br>(\u00a9Amanda Morato\/Thiago Cruz)<\/figcaption><\/figure>\n<\/div>\n<\/div>\n\n\n\n<p>Das Projekt befindet sich in der in der Vorgrund\u00fcngsphase (2023-2025) und \u00fcbernimmt bereits im April 2023, 2024 und 2025 viel Verantwortung. Das Team organisiert ihre ersten Kennenlerntreffen &#8211; die erste, zweite und dritte <strong>Freiluft-Woche<\/strong> &#8211; mit Gartenarbeit, Camping, Kultur, Musik, Philosophie, Kunsthandwerk und Bildung. Der Jardim C\u00f3smico m\u00f6chte eine inklusive Plattform f\u00fcr Solidarit\u00e4t und Kokreativit\u00e4t sein. <\/p>\n\n\n\n<p>Ihr m\u00f6chtet das Projekt besuchen, mitgestalten oder euer Projekt bei der dritten Freiluft-Woche 2025 zeigen?<\/p>\n\n\n\n<p>Bitte kontaktiert uns! Alles ist kostenlos, und wir erwarten von dir nur Geduld sowie eine Leidenschaft f\u00fcr Gartenarbeit und das Leben im Freien.<\/p>\n\n\n\n<div class=\"wp-block-buttons is-content-justification-center is-layout-flex wp-container-core-buttons-is-layout-a89b3969 wp-block-buttons-is-layout-flex\">\n<div class=\"wp-block-button has-custom-width wp-block-button__width-50\"><a class=\"wp-block-button__link has-accent-background-color has-background wp-element-button\">Mehr Informationen zum Jardim C\u00f3smisco<\/a><\/div>\n<\/div>\n\n\n\n<p><\/p>\n","protected":false},"excerpt":{"rendered":"<p>Jardim C\u00f3smico auf dem Weg zum Weltacker? Der Jardim C\u00f3smico liegt im brasilianischen Bundesstaat Minas Gerais, in der l\u00e4ndlichen Region zwischen den St\u00e4dten Divin\u00f3polis und Carmo do Cajuru. Vom Busbahnhof bzw. Stadtzentrum von Divin\u00f3polis aus ist der Garten in etwa 30 Minuten mit \u00f6ffentlichen Verkehrsmitteln zu erreichen. Die Hauptstadt von Minas Gerais, Belo Horizonte, ist&#8230;<\/p>\n","protected":false},"featured_media":2491,"parent":0,"menu_order":44,"template":"","tags":[],"countries":[58],"class_list":["post-2480","field","type-field","status-publish","has-post-thumbnail","hentry","countries-brasilien"],"yoast_head":"<!-- This site is optimized with the Yoast SEO plugin v27.4 - https:\/\/yoast.com\/product\/yoast-seo-wordpress\/ -->\n<title>Divin\u00f3polis - 2000m2<\/title>\n<meta name=\"description\" content=\"Jardim C\u00f3smico auf dem Weg zum Weltacker? Der Jardim C\u00f3smico liegt im brasilianischen Bundesstaat Minas Gerais, in der l\u00e4ndlichen Region zwischen den\" \/>\n<meta name=\"robots\" content=\"index, follow, max-snippet:-1, max-image-preview:large, max-video-preview:-1\" \/>\n<link rel=\"canonical\" href=\"https:\/\/www.2000m2.eu\/de\/aecker\/divinopolis\/\" \/>\n<meta property=\"og:locale\" content=\"de_DE\" \/>\n<meta property=\"og:type\" content=\"article\" \/>\n<meta property=\"og:title\" content=\"Divin\u00f3polis - 2000m2\" \/>\n<meta property=\"og:description\" content=\"Jardim C\u00f3smico auf dem Weg zum Weltacker? Der Jardim C\u00f3smico liegt im brasilianischen Bundesstaat Minas Gerais, in der l\u00e4ndlichen Region zwischen den\" \/>\n<meta property=\"og:url\" content=\"https:\/\/www.2000m2.eu\/de\/aecker\/divinopolis\/\" \/>\n<meta property=\"og:site_name\" content=\"2000m2\" \/>\n<meta property=\"article:modified_time\" content=\"2024-12-30T11:09:16+00:00\" \/>\n<meta property=\"og:image\" content=\"https:\/\/www.2000m2.eu\/wp-content\/uploads\/615fca466d8eafeadfa0628a84b3ab6110c2a313.jpg\" \/>\n\t<meta property=\"og:image:width\" content=\"1600\" \/>\n\t<meta property=\"og:image:height\" content=\"1062\" \/>\n\t<meta property=\"og:image:type\" content=\"image\/jpeg\" \/>\n<meta name=\"twitter:card\" content=\"summary_large_image\" \/>\n<meta name=\"twitter:label1\" content=\"Gesch\u00e4tzte Lesezeit\" \/>\n\t<meta name=\"twitter:data1\" content=\"3\u00a0Minuten\" \/>\n<script type=\"application\/ld+json\" class=\"yoast-schema-graph\">{\"@context\":\"https:\\\/\\\/schema.org\",\"@graph\":[{\"@type\":\"WebPage\",\"@id\":\"https:\\\/\\\/www.2000m2.eu\\\/de\\\/aecker\\\/divinopolis\\\/\",\"url\":\"https:\\\/\\\/www.2000m2.eu\\\/de\\\/aecker\\\/divinopolis\\\/\",\"name\":\"Divin\u00f3polis - 2000m2\",\"isPartOf\":{\"@id\":\"https:\\\/\\\/www.2000m2.eu\\\/de\\\/#website\"},\"primaryImageOfPage\":{\"@id\":\"https:\\\/\\\/www.2000m2.eu\\\/de\\\/aecker\\\/divinopolis\\\/#primaryimage\"},\"image\":{\"@id\":\"https:\\\/\\\/www.2000m2.eu\\\/de\\\/aecker\\\/divinopolis\\\/#primaryimage\"},\"thumbnailUrl\":\"https:\\\/\\\/www.2000m2.eu\\\/wp-content\\\/uploads\\\/615fca466d8eafeadfa0628a84b3ab6110c2a313.jpg\",\"datePublished\":\"2024-11-21T20:15:44+00:00\",\"dateModified\":\"2024-12-30T11:09:16+00:00\",\"description\":\"Jardim C\u00f3smico auf dem Weg zum Weltacker? Der Jardim C\u00f3smico liegt im brasilianischen Bundesstaat Minas Gerais, in der l\u00e4ndlichen Region zwischen den\",\"breadcrumb\":{\"@id\":\"https:\\\/\\\/www.2000m2.eu\\\/de\\\/aecker\\\/divinopolis\\\/#breadcrumb\"},\"inLanguage\":\"de\",\"potentialAction\":[{\"@type\":\"ReadAction\",\"target\":[\"https:\\\/\\\/www.2000m2.eu\\\/de\\\/aecker\\\/divinopolis\\\/\"]}]},{\"@type\":\"ImageObject\",\"inLanguage\":\"de\",\"@id\":\"https:\\\/\\\/www.2000m2.eu\\\/de\\\/aecker\\\/divinopolis\\\/#primaryimage\",\"url\":\"https:\\\/\\\/www.2000m2.eu\\\/wp-content\\\/uploads\\\/615fca466d8eafeadfa0628a84b3ab6110c2a313.jpg\",\"contentUrl\":\"https:\\\/\\\/www.2000m2.eu\\\/wp-content\\\/uploads\\\/615fca466d8eafeadfa0628a84b3ab6110c2a313.jpg\",\"width\":1600,\"height\":1062},{\"@type\":\"BreadcrumbList\",\"@id\":\"https:\\\/\\\/www.2000m2.eu\\\/de\\\/aecker\\\/divinopolis\\\/#breadcrumb\",\"itemListElement\":[{\"@type\":\"ListItem\",\"position\":1,\"name\":\"Home\",\"item\":\"https:\\\/\\\/www.2000m2.eu\\\/de\\\/startseite\\\/\"},{\"@type\":\"ListItem\",\"position\":2,\"name\":\"\u00c4cker\",\"item\":\"https:\\\/\\\/www.2000m2.eu\\\/de\\\/aecker\\\/\"},{\"@type\":\"ListItem\",\"position\":3,\"name\":\"Divin\u00f3polis\"}]},{\"@type\":\"WebSite\",\"@id\":\"https:\\\/\\\/www.2000m2.eu\\\/de\\\/#website\",\"url\":\"https:\\\/\\\/www.2000m2.eu\\\/de\\\/\",\"name\":\"2000m2\",\"description\":\"\",\"publisher\":{\"@id\":\"https:\\\/\\\/www.2000m2.eu\\\/de\\\/#organization\"},\"potentialAction\":[{\"@type\":\"SearchAction\",\"target\":{\"@type\":\"EntryPoint\",\"urlTemplate\":\"https:\\\/\\\/www.2000m2.eu\\\/de\\\/?s={search_term_string}\"},\"query-input\":{\"@type\":\"PropertyValueSpecification\",\"valueRequired\":true,\"valueName\":\"search_term_string\"}}],\"inLanguage\":\"de\"},{\"@type\":\"Organization\",\"@id\":\"https:\\\/\\\/www.2000m2.eu\\\/de\\\/#organization\",\"name\":\"2000m2\",\"url\":\"https:\\\/\\\/www.2000m2.eu\\\/de\\\/\",\"logo\":{\"@type\":\"ImageObject\",\"inLanguage\":\"de\",\"@id\":\"https:\\\/\\\/www.2000m2.eu\\\/de\\\/#\\\/schema\\\/logo\\\/image\\\/\",\"url\":\"https:\\\/\\\/www.2000m2.eu\\\/wp-content\\\/uploads\\\/logo.png\",\"contentUrl\":\"https:\\\/\\\/www.2000m2.eu\\\/wp-content\\\/uploads\\\/logo.png\",\"width\":445,\"height\":140,\"caption\":\"2000m2\"},\"image\":{\"@id\":\"https:\\\/\\\/www.2000m2.eu\\\/de\\\/#\\\/schema\\\/logo\\\/image\\\/\"}}]}<\/script>\n<!-- \/ Yoast SEO plugin. -->","yoast_head_json":{"title":"Divin\u00f3polis - 2000m2","description":"Jardim C\u00f3smico auf dem Weg zum Weltacker? Der Jardim C\u00f3smico liegt im brasilianischen Bundesstaat Minas Gerais, in der l\u00e4ndlichen Region zwischen den","robots":{"index":"index","follow":"follow","max-snippet":"max-snippet:-1","max-image-preview":"max-image-preview:large","max-video-preview":"max-video-preview:-1"},"canonical":"https:\/\/www.2000m2.eu\/de\/aecker\/divinopolis\/","og_locale":"de_DE","og_type":"article","og_title":"Divin\u00f3polis - 2000m2","og_description":"Jardim C\u00f3smico auf dem Weg zum Weltacker? Der Jardim C\u00f3smico liegt im brasilianischen Bundesstaat Minas Gerais, in der l\u00e4ndlichen Region zwischen den","og_url":"https:\/\/www.2000m2.eu\/de\/aecker\/divinopolis\/","og_site_name":"2000m2","article_modified_time":"2024-12-30T11:09:16+00:00","og_image":[{"width":1600,"height":1062,"url":"https:\/\/www.2000m2.eu\/wp-content\/uploads\/615fca466d8eafeadfa0628a84b3ab6110c2a313.jpg","type":"image\/jpeg"}],"twitter_card":"summary_large_image","twitter_misc":{"Gesch\u00e4tzte Lesezeit":"3\u00a0Minuten"},"schema":{"@context":"https:\/\/schema.org","@graph":[{"@type":"WebPage","@id":"https:\/\/www.2000m2.eu\/de\/aecker\/divinopolis\/","url":"https:\/\/www.2000m2.eu\/de\/aecker\/divinopolis\/","name":"Divin\u00f3polis - 2000m2","isPartOf":{"@id":"https:\/\/www.2000m2.eu\/de\/#website"},"primaryImageOfPage":{"@id":"https:\/\/www.2000m2.eu\/de\/aecker\/divinopolis\/#primaryimage"},"image":{"@id":"https:\/\/www.2000m2.eu\/de\/aecker\/divinopolis\/#primaryimage"},"thumbnailUrl":"https:\/\/www.2000m2.eu\/wp-content\/uploads\/615fca466d8eafeadfa0628a84b3ab6110c2a313.jpg","datePublished":"2024-11-21T20:15:44+00:00","dateModified":"2024-12-30T11:09:16+00:00","description":"Jardim C\u00f3smico auf dem Weg zum Weltacker? Der Jardim C\u00f3smico liegt im brasilianischen Bundesstaat Minas Gerais, in der l\u00e4ndlichen Region zwischen den","breadcrumb":{"@id":"https:\/\/www.2000m2.eu\/de\/aecker\/divinopolis\/#breadcrumb"},"inLanguage":"de","potentialAction":[{"@type":"ReadAction","target":["https:\/\/www.2000m2.eu\/de\/aecker\/divinopolis\/"]}]},{"@type":"ImageObject","inLanguage":"de","@id":"https:\/\/www.2000m2.eu\/de\/aecker\/divinopolis\/#primaryimage","url":"https:\/\/www.2000m2.eu\/wp-content\/uploads\/615fca466d8eafeadfa0628a84b3ab6110c2a313.jpg","contentUrl":"https:\/\/www.2000m2.eu\/wp-content\/uploads\/615fca466d8eafeadfa0628a84b3ab6110c2a313.jpg","width":1600,"height":1062},{"@type":"BreadcrumbList","@id":"https:\/\/www.2000m2.eu\/de\/aecker\/divinopolis\/#breadcrumb","itemListElement":[{"@type":"ListItem","position":1,"name":"Home","item":"https:\/\/www.2000m2.eu\/de\/startseite\/"},{"@type":"ListItem","position":2,"name":"\u00c4cker","item":"https:\/\/www.2000m2.eu\/de\/aecker\/"},{"@type":"ListItem","position":3,"name":"Divin\u00f3polis"}]},{"@type":"WebSite","@id":"https:\/\/www.2000m2.eu\/de\/#website","url":"https:\/\/www.2000m2.eu\/de\/","name":"2000m2","description":"","publisher":{"@id":"https:\/\/www.2000m2.eu\/de\/#organization"},"potentialAction":[{"@type":"SearchAction","target":{"@type":"EntryPoint","urlTemplate":"https:\/\/www.2000m2.eu\/de\/?s={search_term_string}"},"query-input":{"@type":"PropertyValueSpecification","valueRequired":true,"valueName":"search_term_string"}}],"inLanguage":"de"},{"@type":"Organization","@id":"https:\/\/www.2000m2.eu\/de\/#organization","name":"2000m2","url":"https:\/\/www.2000m2.eu\/de\/","logo":{"@type":"ImageObject","inLanguage":"de","@id":"https:\/\/www.2000m2.eu\/de\/#\/schema\/logo\/image\/","url":"https:\/\/www.2000m2.eu\/wp-content\/uploads\/logo.png","contentUrl":"https:\/\/www.2000m2.eu\/wp-content\/uploads\/logo.png","width":445,"height":140,"caption":"2000m2"},"image":{"@id":"https:\/\/www.2000m2.eu\/de\/#\/schema\/logo\/image\/"}}]}},"_links":{"self":[{"href":"https:\/\/www.2000m2.eu\/de\/wp-json\/wp\/v2\/field\/2480","targetHints":{"allow":["GET"]}}],"collection":[{"href":"https:\/\/www.2000m2.eu\/de\/wp-json\/wp\/v2\/field"}],"about":[{"href":"https:\/\/www.2000m2.eu\/de\/wp-json\/wp\/v2\/types\/field"}],"wp:featuredmedia":[{"embeddable":true,"href":"https:\/\/www.2000m2.eu\/de\/wp-json\/wp\/v2\/media\/2491"}],"wp:attachment":[{"href":"https:\/\/www.2000m2.eu\/de\/wp-json\/wp\/v2\/media?parent=2480"}],"wp:term":[{"taxonomy":"post_tag","embeddable":true,"href":"https:\/\/www.2000m2.eu\/de\/wp-json\/wp\/v2\/tags?post=2480"},{"taxonomy":"countries","embeddable":true,"href":"https:\/\/www.2000m2.eu\/de\/wp-json\/wp\/v2\/countries?post=2480"}],"curies":[{"name":"wp","href":"https:\/\/api.w.org\/{rel}","templated":true}]}}