{"id":29503,"date":"2026-04-15T12:01:05","date_gmt":"2026-04-15T12:01:05","guid":{"rendered":"https:\/\/www.2000m2.eu\/?post_type=field&#038;p=29503"},"modified":"2026-04-15T12:01:06","modified_gmt":"2026-04-15T12:01:06","slug":"wuppertal","status":"publish","type":"field","link":"https:\/\/www.2000m2.eu\/de\/aecker\/wuppertal\/","title":{"rendered":"Wuppertal"},"content":{"rendered":"\n<h1 class=\"wp-block-heading\">\u00dcber den Gleisen \u2013 ein Weltacker f\u00fcr Wuppertal<\/h1>\n\n\n\n<p>Der Wuppertaler Weltacker \u201e\u00dcber den Gleisen\u201c wirft einen Blick in die Zukunft: Wie m\u00fcsste die Ackerfl\u00e4che aussehen, wenn genau das anbaut w\u00e4re, was einen Menschen gesund ern\u00e4hrt <em>und<\/em> dabei gleichzeitig unseren Planeten nicht weiter ausbeutet? Eine Antwort gibt die <a href=\"https:\/\/eatforum.org\/eat-lancet-commission\/the-planetary-health-diet-and-you\/\">Planetary Health Diet<\/a> \u2013 und genau nach diesem Prinzip werden die Fl\u00e4chen des Wuppertaler Weltackers bepflanzt.<\/p>\n\n\n\n<p>Dabei geht es um eine weltweit zukunftsf\u00e4hige Ern\u00e4hrungsweise, die unter Einbezug der planetaren Grenzen von einer nachhaltigen Landwirtschaft bis zur Reduzierung von Lebensmittelverschwendung reicht. Auch der Ursprung von Lebensmitteln sowie der bewusste Konsum sind wichtige Themen bei der Planetary Health Diet. Als au\u00dferschulischer Lernort f\u00fcr Bildungseinrichtungen aber auch als Ort des Wissens und Wirkens f\u00fcr die \u00d6ffentlichkeit, werden diese Inhalte w\u00e4hrend gemeinschaftlichem Ackern, Ernten und Gestalten, vermittelt.<\/p>\n\n\n\n<div class=\"wp-block-columns is-layout-flex wp-container-core-columns-is-layout-28f84493 wp-block-columns-is-layout-flex\">\n<div class=\"wp-block-column is-layout-flow wp-block-column-is-layout-flow\">\n<figure class=\"wp-block-image size-large\"><img decoding=\"async\" width=\"1024\" height=\"768\" src=\"https:\/\/www.2000m2.eu\/wp-content\/uploads\/Einweihungsfest-1024x768.jpg\" alt=\"Eine Schlange Menschen geht \u00fcber den Weltacker, vorbei am Geodom. \" class=\"wp-image-29504\" style=\"aspect-ratio:4\/3;object-fit:cover\" srcset=\"https:\/\/www.2000m2.eu\/wp-content\/uploads\/Einweihungsfest-1024x768.jpg 1024w, https:\/\/www.2000m2.eu\/wp-content\/uploads\/Einweihungsfest-300x225.jpg 300w, https:\/\/www.2000m2.eu\/wp-content\/uploads\/Einweihungsfest-768x576.jpg 768w, https:\/\/www.2000m2.eu\/wp-content\/uploads\/Einweihungsfest-1536x1152.jpg 1536w, https:\/\/www.2000m2.eu\/wp-content\/uploads\/Einweihungsfest.jpg 1920w\" sizes=\"(max-width: 1024px) 100vw, 1024px\" \/><figcaption class=\"wp-element-caption\">Er\u00f6ffnungsfest Sommer 2025 (\u00a9Sonja P\u00f6hlmann)<\/figcaption><\/figure>\n<\/div>\n\n\n\n<div class=\"wp-block-column is-layout-flow wp-block-column-is-layout-flow\">\n<figure class=\"wp-block-image size-large\"><img decoding=\"async\" width=\"1024\" height=\"768\" src=\"https:\/\/www.2000m2.eu\/wp-content\/uploads\/PHD-schmecken-1024x768.jpeg\" alt=\"F\u00fcnf junge Erwachsene sitzen an einem Tisch und schneiden gemeinsam Gem\u00fcse. \" class=\"wp-image-29511\" style=\"aspect-ratio:4\/3;object-fit:cover\" srcset=\"https:\/\/www.2000m2.eu\/wp-content\/uploads\/PHD-schmecken-1024x768.jpeg 1024w, https:\/\/www.2000m2.eu\/wp-content\/uploads\/PHD-schmecken-300x225.jpeg 300w, https:\/\/www.2000m2.eu\/wp-content\/uploads\/PHD-schmecken-768x576.jpeg 768w, https:\/\/www.2000m2.eu\/wp-content\/uploads\/PHD-schmecken-1536x1152.jpeg 1536w, https:\/\/www.2000m2.eu\/wp-content\/uploads\/PHD-schmecken.jpeg 1920w\" sizes=\"(max-width: 1024px) 100vw, 1024px\" \/><figcaption class=\"wp-element-caption\"> \u201ePlanetary Health Diet schmecken\u201c (\u00a9Sebastian Fischer)<\/figcaption><\/figure>\n<\/div>\n<\/div>\n\n\n\n<p>Der Wuppertaler Weltacker befindet sich zentral mitten in der Stadt direkt an der belebten Nordbahntrasse, die als Fu\u00df- und Fahrradweg die Menschen der Stadt von Ost nach West miteinander verbindet und ist somit von \u00fcberall bestens erreichbar.<\/p>\n\n\n\n<p>Nach vielen Vorbereitungsarbeiten (Bodenvorbereitung, Schaffung einer Infrastruktur wie Werkzeugcontainer, Geodom als Gew\u00e4chshaus, Kompostanlage, Bauwagen, Komposttoilette und Hochbeete) starte 2025 die erste Saison. Begonnen wurde mit der Bewirtschaftung der Obstfl\u00e4che und der Gem\u00fcsebeete &#8211; ab 2026 kommen \u00d6lpflanzen und Getreide dazu.<\/p>\n\n\n\n<div class=\"wp-block-columns is-layout-flex wp-container-core-columns-is-layout-28f84493 wp-block-columns-is-layout-flex\">\n<div class=\"wp-block-column is-layout-flow wp-block-column-is-layout-flow\">\n<figure class=\"wp-block-image size-large\"><img decoding=\"async\" width=\"768\" height=\"1024\" src=\"https:\/\/www.2000m2.eu\/wp-content\/uploads\/Geodombau-im-Winter-768x1024.jpeg\" alt=\"Ein Mann s\u00e4gt Bretter f\u00fcr das Geodom zu - im Hintergrund ist das fast fertige Geodom zu sehen. \" class=\"wp-image-29518\" style=\"aspect-ratio:4\/3;object-fit:cover\" srcset=\"https:\/\/www.2000m2.eu\/wp-content\/uploads\/Geodombau-im-Winter-768x1024.jpeg 768w, https:\/\/www.2000m2.eu\/wp-content\/uploads\/Geodombau-im-Winter-225x300.jpeg 225w, https:\/\/www.2000m2.eu\/wp-content\/uploads\/Geodombau-im-Winter-1152x1536.jpeg 1152w, https:\/\/www.2000m2.eu\/wp-content\/uploads\/Geodombau-im-Winter.jpeg 1440w\" sizes=\"(max-width: 768px) 100vw, 768px\" \/><figcaption class=\"wp-element-caption\">Geodombau im Winter (\u00a9Lisa Oberschelp)<\/figcaption><\/figure>\n<\/div>\n\n\n\n<div class=\"wp-block-column is-layout-flow wp-block-column-is-layout-flow\">\n<figure class=\"wp-block-image size-large\"><img decoding=\"async\" width=\"1024\" height=\"721\" src=\"https:\/\/www.2000m2.eu\/wp-content\/uploads\/interessierte-Schuelerinnen-1024x721.jpeg\" alt=\"Eine Gruppe Kinder lauscht der Bildungsreferentin aus Wuppertal, an der Wand h\u00e4ngt ein Plakat mit der Aufschrift &quot;Willkommen im KinderKochKlub&quot;.\" class=\"wp-image-29525\" style=\"aspect-ratio:4\/3;object-fit:cover\" srcset=\"https:\/\/www.2000m2.eu\/wp-content\/uploads\/interessierte-Schuelerinnen-1024x721.jpeg 1024w, https:\/\/www.2000m2.eu\/wp-content\/uploads\/interessierte-Schuelerinnen-300x211.jpeg 300w, https:\/\/www.2000m2.eu\/wp-content\/uploads\/interessierte-Schuelerinnen-768x540.jpeg 768w, https:\/\/www.2000m2.eu\/wp-content\/uploads\/interessierte-Schuelerinnen-1536x1081.jpeg 1536w, https:\/\/www.2000m2.eu\/wp-content\/uploads\/interessierte-Schuelerinnen.jpeg 1920w\" sizes=\"(max-width: 1024px) 100vw, 1024px\" \/><figcaption class=\"wp-element-caption\">KinderKochKlub (\u00a9Armin Dinn)<\/figcaption><\/figure>\n<\/div>\n<\/div>\n\n\n\n<p>Parallel dazu ist die Testphase des Bildungsprogramms angelaufen. Die Sch\u00fcler:innen helfen zum einen ganz praktisch auf dem Acker mit und erhalten zum anderen im Rahmen eines spielerisch aufgebauten Theorieteils weitere Informationen rund um Ern\u00e4hrung, Nachhaltigkeit und Landwirtschaft. So k\u00f6nnen sie einen direkten Bezug zu ihren Lebensmitteln aufbauen &#8211; ganz besonders, wenn es schlie\u00dflich hei\u00dft \u201ejetzt wird geerntet\u201c und die Sch\u00fcler:innen auf dem Wuppertaler Weltacker gemeinsam kochen und genie\u00dfen.<\/p>\n\n\n\n<div class=\"wp-block-columns is-layout-flex wp-container-core-columns-is-layout-28f84493 wp-block-columns-is-layout-flex\">\n<div class=\"wp-block-column is-layout-flow wp-block-column-is-layout-flow\">\n<figure class=\"wp-block-image size-large\"><img decoding=\"async\" width=\"768\" height=\"1024\" src=\"https:\/\/www.2000m2.eu\/wp-content\/uploads\/Salate-pflanzen-768x1024.jpeg\" alt=\"Eine Gruppe Kinder setzen Salat-Setzlinge in den Boden. \" class=\"wp-image-29532\" style=\"aspect-ratio:3\/4;object-fit:cover\" srcset=\"https:\/\/www.2000m2.eu\/wp-content\/uploads\/Salate-pflanzen-768x1024.jpeg 768w, https:\/\/www.2000m2.eu\/wp-content\/uploads\/Salate-pflanzen-225x300.jpeg 225w, https:\/\/www.2000m2.eu\/wp-content\/uploads\/Salate-pflanzen-1152x1536.jpeg 1152w, https:\/\/www.2000m2.eu\/wp-content\/uploads\/Salate-pflanzen.jpeg 1440w\" sizes=\"(max-width: 768px) 100vw, 768px\" \/><figcaption class=\"wp-element-caption\">Salate pflanzen (\u00a9Karo Snethlage)<\/figcaption><\/figure>\n<\/div>\n\n\n\n<div class=\"wp-block-column is-layout-flow wp-block-column-is-layout-flow\">\n<figure class=\"wp-block-image size-large\"><img decoding=\"async\" width=\"768\" height=\"1024\" src=\"https:\/\/www.2000m2.eu\/wp-content\/uploads\/Bau-unserer-Komposttoilette-768x1024.jpeg\" alt=\"Mit einem Bohrer in der Hand steht eine Frau auf der Leiter und baut am ger\u00fcst der Kompsttoilette. Zwei M\u00e4nner helfen ihr. \" class=\"wp-image-29539\" style=\"aspect-ratio:3\/4;object-fit:cover\" srcset=\"https:\/\/www.2000m2.eu\/wp-content\/uploads\/Bau-unserer-Komposttoilette-768x1024.jpeg 768w, https:\/\/www.2000m2.eu\/wp-content\/uploads\/Bau-unserer-Komposttoilette-225x300.jpeg 225w, https:\/\/www.2000m2.eu\/wp-content\/uploads\/Bau-unserer-Komposttoilette-1152x1536.jpeg 1152w, https:\/\/www.2000m2.eu\/wp-content\/uploads\/Bau-unserer-Komposttoilette.jpeg 1440w\" sizes=\"(max-width: 768px) 100vw, 768px\" \/><figcaption class=\"wp-element-caption\">Bau der Komposttoilette (\u00a9Karo Snethlage)<\/figcaption><\/figure>\n<\/div>\n<\/div>\n\n\n\n<p>Im Juni 2025 war die offizielle Er\u00f6ffnung und der Wuppertaler Weltacker kann bereits regelm\u00e4\u00dfig Schulklassen von Grundschule bis Klasse 10, Jugendzentren und Freizeitgruppen empfangen und beim monatlichen Aktionstag darf au\u00dferdem jede:r mit anpacken.<\/p>\n\n\n\n<p>Alle Interessierten sind herzlich eingeladen auf dem Wuppertaler Weltacker vorbeizukommen und mitzuwirken \u2013 das Team freut sich sehr auf euch!<\/p>\n\n\n\n<div class=\"wp-block-buttons is-layout-flex wp-block-buttons-is-layout-flex\">\n<div class=\"wp-block-button has-custom-width wp-block-button__width-50\"><a class=\"wp-block-button__link has-accent-background-color has-background wp-element-button\" href=\"http:\/\/www.lelawi.de\/wuppertaler-weltacker\/\">Mehr Infos zum Weltacker Wuppertal<\/a><\/div>\n<\/div>\n\n\n\n<p><\/p>\n","protected":false},"excerpt":{"rendered":"<p>\u00dcber den Gleisen \u2013 ein Weltacker f\u00fcr Wuppertal Der Wuppertaler Weltacker \u201e\u00dcber den Gleisen\u201c wirft einen Blick in die Zukunft: Wie m\u00fcsste die Ackerfl\u00e4che aussehen, wenn genau das anbaut w\u00e4re, was einen Menschen gesund ern\u00e4hrt und dabei gleichzeitig unseren Planeten nicht weiter ausbeutet? Eine Antwort gibt die Planetary Health Diet \u2013 und genau nach diesem&#8230;<\/p>\n","protected":false},"featured_media":29504,"parent":0,"menu_order":1,"template":"","tags":[],"countries":[35],"class_list":["post-29503","field","type-field","status-publish","has-post-thumbnail","hentry","countries-deutschland"],"yoast_head":"<!-- This site is optimized with the Yoast SEO plugin v27.4 - https:\/\/yoast.com\/product\/yoast-seo-wordpress\/ -->\n<title>Wuppertal - 2000m2<\/title>\n<meta name=\"description\" content=\"\u00dcber den Gleisen \u2013 ein Weltacker f\u00fcr Wuppertal Der Wuppertaler Weltacker \u201e\u00dcber den Gleisen\u201c wirft einen Blick in die Zukunft: Wie m\u00fcsste die Ackerfl\u00e4che\" \/>\n<meta name=\"robots\" content=\"index, follow, max-snippet:-1, max-image-preview:large, max-video-preview:-1\" \/>\n<link rel=\"canonical\" href=\"https:\/\/www.2000m2.eu\/de\/aecker\/wuppertal\/\" \/>\n<meta property=\"og:locale\" content=\"de_DE\" \/>\n<meta property=\"og:type\" content=\"article\" \/>\n<meta property=\"og:title\" content=\"Wuppertal - 2000m2\" \/>\n<meta property=\"og:description\" content=\"\u00dcber den Gleisen \u2013 ein Weltacker f\u00fcr Wuppertal Der Wuppertaler Weltacker \u201e\u00dcber den Gleisen\u201c wirft einen Blick in die Zukunft: Wie m\u00fcsste die Ackerfl\u00e4che\" \/>\n<meta property=\"og:url\" content=\"https:\/\/www.2000m2.eu\/de\/aecker\/wuppertal\/\" \/>\n<meta property=\"og:site_name\" content=\"2000m2\" \/>\n<meta property=\"article:modified_time\" content=\"2026-04-15T12:01:06+00:00\" \/>\n<meta property=\"og:image\" content=\"https:\/\/www.2000m2.eu\/wp-content\/uploads\/Einweihungsfest.jpg\" \/>\n\t<meta property=\"og:image:width\" content=\"1920\" \/>\n\t<meta property=\"og:image:height\" content=\"1440\" \/>\n\t<meta property=\"og:image:type\" content=\"image\/jpeg\" \/>\n<meta name=\"twitter:card\" content=\"summary_large_image\" \/>\n<meta name=\"twitter:label1\" content=\"Gesch\u00e4tzte Lesezeit\" \/>\n\t<meta name=\"twitter:data1\" content=\"3\u00a0Minuten\" \/>\n<script type=\"application\/ld+json\" class=\"yoast-schema-graph\">{\"@context\":\"https:\\\/\\\/schema.org\",\"@graph\":[{\"@type\":\"WebPage\",\"@id\":\"https:\\\/\\\/www.2000m2.eu\\\/de\\\/aecker\\\/wuppertal\\\/\",\"url\":\"https:\\\/\\\/www.2000m2.eu\\\/de\\\/aecker\\\/wuppertal\\\/\",\"name\":\"Wuppertal - 2000m2\",\"isPartOf\":{\"@id\":\"https:\\\/\\\/www.2000m2.eu\\\/de\\\/#website\"},\"primaryImageOfPage\":{\"@id\":\"https:\\\/\\\/www.2000m2.eu\\\/de\\\/aecker\\\/wuppertal\\\/#primaryimage\"},\"image\":{\"@id\":\"https:\\\/\\\/www.2000m2.eu\\\/de\\\/aecker\\\/wuppertal\\\/#primaryimage\"},\"thumbnailUrl\":\"https:\\\/\\\/www.2000m2.eu\\\/wp-content\\\/uploads\\\/Einweihungsfest.jpg\",\"datePublished\":\"2026-04-15T12:01:05+00:00\",\"dateModified\":\"2026-04-15T12:01:06+00:00\",\"description\":\"\u00dcber den Gleisen \u2013 ein Weltacker f\u00fcr Wuppertal Der Wuppertaler Weltacker \u201e\u00dcber den Gleisen\u201c wirft einen Blick in die Zukunft: Wie m\u00fcsste die Ackerfl\u00e4che\",\"breadcrumb\":{\"@id\":\"https:\\\/\\\/www.2000m2.eu\\\/de\\\/aecker\\\/wuppertal\\\/#breadcrumb\"},\"inLanguage\":\"de\",\"potentialAction\":[{\"@type\":\"ReadAction\",\"target\":[\"https:\\\/\\\/www.2000m2.eu\\\/de\\\/aecker\\\/wuppertal\\\/\"]}]},{\"@type\":\"ImageObject\",\"inLanguage\":\"de\",\"@id\":\"https:\\\/\\\/www.2000m2.eu\\\/de\\\/aecker\\\/wuppertal\\\/#primaryimage\",\"url\":\"https:\\\/\\\/www.2000m2.eu\\\/wp-content\\\/uploads\\\/Einweihungsfest.jpg\",\"contentUrl\":\"https:\\\/\\\/www.2000m2.eu\\\/wp-content\\\/uploads\\\/Einweihungsfest.jpg\",\"width\":1920,\"height\":1440},{\"@type\":\"BreadcrumbList\",\"@id\":\"https:\\\/\\\/www.2000m2.eu\\\/de\\\/aecker\\\/wuppertal\\\/#breadcrumb\",\"itemListElement\":[{\"@type\":\"ListItem\",\"position\":1,\"name\":\"Home\",\"item\":\"https:\\\/\\\/www.2000m2.eu\\\/de\\\/startseite\\\/\"},{\"@type\":\"ListItem\",\"position\":2,\"name\":\"\u00c4cker\",\"item\":\"https:\\\/\\\/www.2000m2.eu\\\/de\\\/aecker\\\/\"},{\"@type\":\"ListItem\",\"position\":3,\"name\":\"Wuppertal\"}]},{\"@type\":\"WebSite\",\"@id\":\"https:\\\/\\\/www.2000m2.eu\\\/de\\\/#website\",\"url\":\"https:\\\/\\\/www.2000m2.eu\\\/de\\\/\",\"name\":\"2000m2\",\"description\":\"\",\"publisher\":{\"@id\":\"https:\\\/\\\/www.2000m2.eu\\\/de\\\/#organization\"},\"potentialAction\":[{\"@type\":\"SearchAction\",\"target\":{\"@type\":\"EntryPoint\",\"urlTemplate\":\"https:\\\/\\\/www.2000m2.eu\\\/de\\\/?s={search_term_string}\"},\"query-input\":{\"@type\":\"PropertyValueSpecification\",\"valueRequired\":true,\"valueName\":\"search_term_string\"}}],\"inLanguage\":\"de\"},{\"@type\":\"Organization\",\"@id\":\"https:\\\/\\\/www.2000m2.eu\\\/de\\\/#organization\",\"name\":\"2000m2\",\"url\":\"https:\\\/\\\/www.2000m2.eu\\\/de\\\/\",\"logo\":{\"@type\":\"ImageObject\",\"inLanguage\":\"de\",\"@id\":\"https:\\\/\\\/www.2000m2.eu\\\/de\\\/#\\\/schema\\\/logo\\\/image\\\/\",\"url\":\"https:\\\/\\\/www.2000m2.eu\\\/wp-content\\\/uploads\\\/logo.png\",\"contentUrl\":\"https:\\\/\\\/www.2000m2.eu\\\/wp-content\\\/uploads\\\/logo.png\",\"width\":445,\"height\":140,\"caption\":\"2000m2\"},\"image\":{\"@id\":\"https:\\\/\\\/www.2000m2.eu\\\/de\\\/#\\\/schema\\\/logo\\\/image\\\/\"}}]}<\/script>\n<!-- \/ Yoast SEO plugin. -->","yoast_head_json":{"title":"Wuppertal - 2000m2","description":"\u00dcber den Gleisen \u2013 ein Weltacker f\u00fcr Wuppertal Der Wuppertaler Weltacker \u201e\u00dcber den Gleisen\u201c wirft einen Blick in die Zukunft: Wie m\u00fcsste die Ackerfl\u00e4che","robots":{"index":"index","follow":"follow","max-snippet":"max-snippet:-1","max-image-preview":"max-image-preview:large","max-video-preview":"max-video-preview:-1"},"canonical":"https:\/\/www.2000m2.eu\/de\/aecker\/wuppertal\/","og_locale":"de_DE","og_type":"article","og_title":"Wuppertal - 2000m2","og_description":"\u00dcber den Gleisen \u2013 ein Weltacker f\u00fcr Wuppertal Der Wuppertaler Weltacker \u201e\u00dcber den Gleisen\u201c wirft einen Blick in die Zukunft: Wie m\u00fcsste die Ackerfl\u00e4che","og_url":"https:\/\/www.2000m2.eu\/de\/aecker\/wuppertal\/","og_site_name":"2000m2","article_modified_time":"2026-04-15T12:01:06+00:00","og_image":[{"width":1920,"height":1440,"url":"https:\/\/www.2000m2.eu\/wp-content\/uploads\/Einweihungsfest.jpg","type":"image\/jpeg"}],"twitter_card":"summary_large_image","twitter_misc":{"Gesch\u00e4tzte Lesezeit":"3\u00a0Minuten"},"schema":{"@context":"https:\/\/schema.org","@graph":[{"@type":"WebPage","@id":"https:\/\/www.2000m2.eu\/de\/aecker\/wuppertal\/","url":"https:\/\/www.2000m2.eu\/de\/aecker\/wuppertal\/","name":"Wuppertal - 2000m2","isPartOf":{"@id":"https:\/\/www.2000m2.eu\/de\/#website"},"primaryImageOfPage":{"@id":"https:\/\/www.2000m2.eu\/de\/aecker\/wuppertal\/#primaryimage"},"image":{"@id":"https:\/\/www.2000m2.eu\/de\/aecker\/wuppertal\/#primaryimage"},"thumbnailUrl":"https:\/\/www.2000m2.eu\/wp-content\/uploads\/Einweihungsfest.jpg","datePublished":"2026-04-15T12:01:05+00:00","dateModified":"2026-04-15T12:01:06+00:00","description":"\u00dcber den Gleisen \u2013 ein Weltacker f\u00fcr Wuppertal Der Wuppertaler Weltacker \u201e\u00dcber den Gleisen\u201c wirft einen Blick in die Zukunft: Wie m\u00fcsste die Ackerfl\u00e4che","breadcrumb":{"@id":"https:\/\/www.2000m2.eu\/de\/aecker\/wuppertal\/#breadcrumb"},"inLanguage":"de","potentialAction":[{"@type":"ReadAction","target":["https:\/\/www.2000m2.eu\/de\/aecker\/wuppertal\/"]}]},{"@type":"ImageObject","inLanguage":"de","@id":"https:\/\/www.2000m2.eu\/de\/aecker\/wuppertal\/#primaryimage","url":"https:\/\/www.2000m2.eu\/wp-content\/uploads\/Einweihungsfest.jpg","contentUrl":"https:\/\/www.2000m2.eu\/wp-content\/uploads\/Einweihungsfest.jpg","width":1920,"height":1440},{"@type":"BreadcrumbList","@id":"https:\/\/www.2000m2.eu\/de\/aecker\/wuppertal\/#breadcrumb","itemListElement":[{"@type":"ListItem","position":1,"name":"Home","item":"https:\/\/www.2000m2.eu\/de\/startseite\/"},{"@type":"ListItem","position":2,"name":"\u00c4cker","item":"https:\/\/www.2000m2.eu\/de\/aecker\/"},{"@type":"ListItem","position":3,"name":"Wuppertal"}]},{"@type":"WebSite","@id":"https:\/\/www.2000m2.eu\/de\/#website","url":"https:\/\/www.2000m2.eu\/de\/","name":"2000m2","description":"","publisher":{"@id":"https:\/\/www.2000m2.eu\/de\/#organization"},"potentialAction":[{"@type":"SearchAction","target":{"@type":"EntryPoint","urlTemplate":"https:\/\/www.2000m2.eu\/de\/?s={search_term_string}"},"query-input":{"@type":"PropertyValueSpecification","valueRequired":true,"valueName":"search_term_string"}}],"inLanguage":"de"},{"@type":"Organization","@id":"https:\/\/www.2000m2.eu\/de\/#organization","name":"2000m2","url":"https:\/\/www.2000m2.eu\/de\/","logo":{"@type":"ImageObject","inLanguage":"de","@id":"https:\/\/www.2000m2.eu\/de\/#\/schema\/logo\/image\/","url":"https:\/\/www.2000m2.eu\/wp-content\/uploads\/logo.png","contentUrl":"https:\/\/www.2000m2.eu\/wp-content\/uploads\/logo.png","width":445,"height":140,"caption":"2000m2"},"image":{"@id":"https:\/\/www.2000m2.eu\/de\/#\/schema\/logo\/image\/"}}]}},"_links":{"self":[{"href":"https:\/\/www.2000m2.eu\/de\/wp-json\/wp\/v2\/field\/29503","targetHints":{"allow":["GET"]}}],"collection":[{"href":"https:\/\/www.2000m2.eu\/de\/wp-json\/wp\/v2\/field"}],"about":[{"href":"https:\/\/www.2000m2.eu\/de\/wp-json\/wp\/v2\/types\/field"}],"wp:featuredmedia":[{"embeddable":true,"href":"https:\/\/www.2000m2.eu\/de\/wp-json\/wp\/v2\/media\/29504"}],"wp:attachment":[{"href":"https:\/\/www.2000m2.eu\/de\/wp-json\/wp\/v2\/media?parent=29503"}],"wp:term":[{"taxonomy":"post_tag","embeddable":true,"href":"https:\/\/www.2000m2.eu\/de\/wp-json\/wp\/v2\/tags?post=29503"},{"taxonomy":"countries","embeddable":true,"href":"https:\/\/www.2000m2.eu\/de\/wp-json\/wp\/v2\/countries?post=29503"}],"curies":[{"name":"wp","href":"https:\/\/api.w.org\/{rel}","templated":true}]}}