{"id":529,"date":"2024-09-17T13:32:09","date_gmt":"2024-09-17T13:32:09","guid":{"rendered":"https:\/\/www.2000m2.eu\/?post_type=switzerland&#038;p=529"},"modified":"2025-11-20T10:18:05","modified_gmt":"2025-11-20T10:18:05","slug":"medien","status":"publish","type":"switzerland","link":"https:\/\/www.2000m2.eu\/de\/schweiz\/medien\/","title":{"rendered":"Medien"},"content":{"rendered":"\n<h1 class=\"wp-block-heading\">Medien<\/h1>\n\n\n\n<div style=\"height:36px\" aria-hidden=\"true\" class=\"wp-block-spacer\"><\/div>\n\n\n\n<h2 class=\"wp-block-heading\">Medienkontakt<\/h2>\n\n\n\n<p><strong>St\u00e9phanie W\u00fcrth<\/strong>, Gesch\u00e4ftsleiterin Weltacker Schweiz | <a href=\"mailto:stephanie.wuerth@weltacker.ch\" target=\"_blank\" rel=\"noreferrer noopener\">E-Mail<\/a> | 076 685 43 49<\/p>\n\n\n<style>.wp-block-kadence-spacer.kt-block-spacer-529_dffe00-2c .kt-block-spacer{height:60px;}.wp-block-kadence-spacer.kt-block-spacer-529_dffe00-2c .kt-divider{border-top-width:1px;height:1px;border-top-color:#eee;width:80%;border-top-style:solid;}<\/style>\n<div class=\"wp-block-kadence-spacer aligncenter kt-block-spacer-529_dffe00-2c\"><div class=\"kt-block-spacer kt-block-spacer-halign-center\"><hr class=\"kt-divider\"\/><\/div><\/div>\n\n\n\n<h2 class=\"wp-block-heading\">Medienmitteilungen<\/h2>\n\n\n\n<ul class=\"wp-block-list\">\n<li>Mediendossier Welt\u00e4cker | 10.7.2025 | <a href=\"https:\/\/www.2000m2.eu\/wp-content\/uploads\/250710-Mediendossier-Weltacker-Schweiz.pdf\">PDF<\/a><\/li>\n\n\n\n<li>MM Weltacker Z\u00fcrich: Er\u00f6ffnung Saison null | 2.5.2025 | <a href=\"https:\/\/www.weltacker-zuerich.ch\/s\/20250502_MM_Weltacker_Zuerich_Saison0.pdf\" target=\"_blank\" rel=\"noreferrer noopener\">PDF<\/a><\/li>\n\n\n\n<li>MM Weltacker Bern: Pfl\u00fcgen mit Pferd | 15.3.2024 | <a href=\"https:\/\/drive.google.com\/file\/d\/1YjyTAr9D05pKrG2wPiRCe3SytkeAQK92\/view?usp=sharing\" target=\"_blank\" rel=\"noreferrer noopener\">PDF<\/a><\/li>\n\n\n\n<li>Tag der H\u00fclsenfr\u00fcchte \u2013 Mehr Bohnen auf Acker und Teller | 7. 2. 2022 |&nbsp;<a href=\"https:\/\/drive.google.com\/file\/d\/1FOHEO2XjwZIyrYZdAs6jnPYoLTR-0kRR\/view?usp=sharing\" target=\"_blank\" rel=\"noreferrer noopener\">PDF<\/a><\/li>\n\n\n\n<li>MM Weltacker Start Saison | 3.5.2022 |&nbsp;<a href=\"https:\/\/drive.google.com\/file\/d\/130DTT39P7PsjdWbDmVeTBYUcaHgnJBbY\/view?usp=sharing\" target=\"_blank\" rel=\"noreferrer noopener\">PDF<\/a><\/li>\n\n\n\n<li>Faktenblatt \u2013 Mit Bohnen aktuelle Herausforderungen meistern | <a href=\"https:\/\/drive.google.com\/file\/d\/1hvviZJCqPBV9aPmt8guUiND8jabOi1r2\/view?usp=sharing\" target=\"_blank\" rel=\"noreferrer noopener\">PDF<\/a><\/li>\n<\/ul>\n\n\n<style>.wp-block-kadence-spacer.kt-block-spacer-529_d28c9d-d1 .kt-block-spacer{height:60px;}.wp-block-kadence-spacer.kt-block-spacer-529_d28c9d-d1 .kt-divider{border-top-width:1px;height:1px;border-top-color:#eee;width:80%;border-top-style:solid;}<\/style>\n<div class=\"wp-block-kadence-spacer aligncenter kt-block-spacer-529_d28c9d-d1\"><div class=\"kt-block-spacer kt-block-spacer-halign-center\"><hr class=\"kt-divider\"\/><\/div><\/div>\n\n\n\n<h2 class=\"wp-block-heading\">Pressebilder<\/h2>\n\n\n\n<p>Die folgenden Bilder d\u00fcrfen mit der jeweiligen Quellenangabe f\u00fcr Artikel rund um das Thema Weltacker verwendet werden. Belegexemplar oder PDF erw\u00fcnscht.<\/p>\n\n\n\n<div class=\"wp-block-file has-link-color wp-elements-36a60af7b0ad53c3c0c807359b6a6205\"><a id=\"wp-block-file--media-5ac3d2d7-3a96-4c7d-abd7-0ddfde2c5503\" href=\"https:\/\/www.2000m2.eu\/wp-content\/uploads\/Weltacker_Attiswil_von_oben_QuelleWeltackerAttiswil-1.jpg\" target=\"_blank\" rel=\"noreferrer noopener\">Weltacker_Attiswil_von_oben_QuelleWeltackerAttiswil<\/a><a href=\"https:\/\/www.2000m2.eu\/wp-content\/uploads\/Weltacker_Attiswil_von_oben_QuelleWeltackerAttiswil-1.jpg\" class=\"wp-block-file__button wp-element-button\" download aria-describedby=\"wp-block-file--media-5ac3d2d7-3a96-4c7d-abd7-0ddfde2c5503\">Herunterladen<\/a><\/div>\n\n\n\n<div class=\"wp-block-file has-link-color wp-elements-6003d0fcd5862f76f4f3f93495ba644f\"><a id=\"wp-block-file--media-d52a6638-b91e-4eaf-84b9-82ad20b74c49\" href=\"https:\/\/www.2000m2.eu\/wp-content\/uploads\/WABE_Studierende_Wandtafel_Hochformat.jpg\" target=\"_blank\" rel=\"noreferrer noopener\">WABE_Studierende_Wandtafel_Hochformat_QuelleWeltackerBern<\/a><a href=\"https:\/\/www.2000m2.eu\/wp-content\/uploads\/WABE_Studierende_Wandtafel_Hochformat.jpg\" class=\"wp-block-file__button wp-element-button\" download aria-describedby=\"wp-block-file--media-d52a6638-b91e-4eaf-84b9-82ad20b74c49\">Herunterladen<\/a><\/div>\n\n\n\n<div class=\"wp-block-file has-link-color wp-elements-0cd97ca2ac79f6a7ea52df1c062de476\"><a id=\"wp-block-file--media-9079b947-e3d8-4db0-b050-2639fa5c52a8\" href=\"https:\/\/www.2000m2.eu\/wp-content\/uploads\/Hereinspaziert_QuelleWeltackerAttiswil.jpg\" target=\"_blank\" rel=\"noreferrer noopener\">Hereinspaziert_QuelleWeltackerAttiswil<\/a><a href=\"https:\/\/www.2000m2.eu\/wp-content\/uploads\/Hereinspaziert_QuelleWeltackerAttiswil.jpg\" class=\"wp-block-file__button wp-element-button\" download aria-describedby=\"wp-block-file--media-9079b947-e3d8-4db0-b050-2639fa5c52a8\">Herunterladen<\/a><\/div>\n\n\n\n<div class=\"wp-block-file has-link-color wp-elements-9610f47f4b0d9dc26605acf04b355568\"><a id=\"wp-block-file--media-b977d985-2bc9-4619-a59e-48c24a0560d5\" href=\"https:\/\/www.2000m2.eu\/wp-content\/uploads\/Kind_Bodenmikro_Hochformat.jpg\" target=\"_blank\" rel=\"noreferrer noopener\">Kind_Bodenmikro_Hochformat_QuelleWeltackerBern<\/a><a href=\"https:\/\/www.2000m2.eu\/wp-content\/uploads\/Kind_Bodenmikro_Hochformat.jpg\" class=\"wp-block-file__button wp-element-button\" download aria-describedby=\"wp-block-file--media-b977d985-2bc9-4619-a59e-48c24a0560d5\">Herunterladen<\/a><\/div>\n\n\n\n<div class=\"wp-block-file has-link-color wp-elements-9467da20a55bbd6ea4f0dab235d3c5d0\"><a id=\"wp-block-file--media-e671c716-2076-4314-9752-d5670e988938\" href=\"https:\/\/www.2000m2.eu\/wp-content\/uploads\/Frau_Bodenmikro-1.jpg\" target=\"_blank\" rel=\"noreferrer noopener\">Frau_Bodenmikro_QuelleWeltackerBern<\/a><a href=\"https:\/\/www.2000m2.eu\/wp-content\/uploads\/Frau_Bodenmikro-1.jpg\" class=\"wp-block-file__button wp-element-button\" download aria-describedby=\"wp-block-file--media-e671c716-2076-4314-9752-d5670e988938\">Herunterladen<\/a><\/div>\n\n\n\n<div class=\"wp-block-file has-link-color wp-elements-0a87e8790b3d25fdc645858683148934\"><a id=\"wp-block-file--media-44a1b23d-453b-4e4b-89e8-8c6773e6d905\" href=\"https:\/\/www.2000m2.eu\/wp-content\/uploads\/Ackerschule_QuelleWeltackerAttiswil-min.jpg\">Ackerschule_QuelleWeltackerAttiswil-min<\/a><a href=\"https:\/\/www.2000m2.eu\/wp-content\/uploads\/Ackerschule_QuelleWeltackerAttiswil-min.jpg\" class=\"wp-block-file__button wp-element-button\" download aria-describedby=\"wp-block-file--media-44a1b23d-453b-4e4b-89e8-8c6773e6d905\">Herunterladen<\/a><\/div>\n\n\n\n<div class=\"wp-block-file has-link-color wp-elements-2ef9b69f5593bfbfa938fbd72fc0687e\"><a id=\"wp-block-file--media-9ff85d85-531b-4fbc-beab-2b0645fb0a98\" href=\"https:\/\/www.2000m2.eu\/wp-content\/uploads\/SchuelerInnenauf-demWeltackerNuglar_QuelleDominiqueOser-min.jpg\">Sch\u00fclerInnenauf demWeltackerNuglar_QuelleDominiqueOser-min<\/a><a href=\"https:\/\/www.2000m2.eu\/wp-content\/uploads\/SchuelerInnenauf-demWeltackerNuglar_QuelleDominiqueOser-min.jpg\" class=\"wp-block-file__button wp-element-button\" download aria-describedby=\"wp-block-file--media-9ff85d85-531b-4fbc-beab-2b0645fb0a98\">Herunterladen<\/a><\/div>\n\n\n<style>.wp-block-kadence-spacer.kt-block-spacer-529_f2da52-5b .kt-block-spacer{height:60px;}.wp-block-kadence-spacer.kt-block-spacer-529_f2da52-5b .kt-divider{border-top-width:1px;height:1px;border-top-color:#eee;width:80%;border-top-style:solid;}<\/style>\n<div class=\"wp-block-kadence-spacer aligncenter kt-block-spacer-529_f2da52-5b\"><div class=\"kt-block-spacer kt-block-spacer-halign-center\"><hr class=\"kt-divider\"\/><\/div><\/div>\n\n\n\n<h2 class=\"wp-block-heading\">Medienspiegel 2000 m\u00b2 Weltacker Schweiz<\/h2>\n\n\n\n<ul class=\"wp-block-list\">\n<li>Weltacker Bern: Ackerpflanzen der Welt auf einem Drittel-Fussballfeld | <a href=\"https:\/\/www.2000m2.eu\/wp-content\/uploads\/250827-reformiert-Ackerpflanzen-der-Welt-auf-einem-Drittel-Fussballfeld.pdf\">reformiert<\/a> | 27. August 2025<\/li>\n\n\n\n<li>Z\u00fcrcher Bildungsprojekt: \u00abViele Stadtkinder waren noch nie auf einem Acker\u00bb | <a href=\"https:\/\/www.2000m2.eu\/wp-content\/uploads\/250807-tsri-ch_Zuercher-Bildungsprojekt.pdf\">Ts\u00fcri.ch<\/a> | 7. August 2025<\/li>\n\n\n\n<li>Das Ern\u00e4hrungssystem auf 2000 Quadratmetern erleben | <a href=\"https:\/\/www.2000m2.eu\/wp-content\/uploads\/250721-Umweltzeitung-Ernaehrungssystem-auf-2000-Quadratmetern-erleben.pdf\">UmweltZeitung<\/a> | 21. Juli 2025<\/li>\n\n\n\n<li>Ausflug des Forum 21 auf den Weltacker Attiswil | <a href=\"https:\/\/www.2000m2.eu\/wp-content\/uploads\/Medienbericht-Illnau-Effretikon-Regio-R1.jpg\">Regio R1<\/a> | 26. Juni 2025<\/li>\n\n\n\n<li>Weltacker Z\u00fcrich auf dem Huebhof | <a href=\"https:\/\/quartiertv.ch\/2025\/06\/03\/weltacker-zurich-auf-dem-huebhof\/\">QuartierTV<\/a> | 3. Juni 2025<\/li>\n\n\n\n<li>Er\u00f6ffnung Weltacker Z\u00fcrich | <a href=\"https:\/\/www.2000m2.eu\/wp-content\/uploads\/250517-SRF-Regional_Diagonal-Eroeffnung-WAZH.mp3\">SRF regional diagonal (ab 6 Min. 37)<\/a> | 17. Mai 2025<\/li>\n\n\n\n<li>Wie viel Ackerfl\u00e4che braucht ein Mensch? | <a href=\"https:\/\/www.2000m2.eu\/wp-content\/uploads\/250517-Schweizer-Bauer.pdf\">Schweizer Bauer<\/a> | 17. Mai 2025<\/li>\n\n\n\n<li>Erster Weltacker f\u00fcr Z\u00fcrich | <a href=\"https:\/\/static1.squarespace.com\/static\/66a3a775e591bd797da229fc\/t\/681339a4455d0a72eb4f4316\/1746090404479\/Tagblatt+Zuerich+-+Mittwoch+30.+April+2025+-+21.pdf\">Tagblatt der Stadt Z\u00fcrich<\/a> | 30. April 2025<\/li>\n\n\n\n<li>Gastbeitrag f\u00fcr DAS BLATT vom September 2024 | <a href=\"https:\/\/round-about-peace.com\/das-blatt\" target=\"_blank\" rel=\"noreferrer noopener\">Das Blatt<\/a> | September 2024<\/li>\n\n\n\n<li>Die Bauersleute Zimmermann zeigen ihren Weltacker | <a href=\"https:\/\/greencircle.ch\/de\/ernaehrung\/die-bauersleute-zimmermann-zeigen-ihren-weltacker\" target=\"_blank\" rel=\"noreferrer noopener\">Green Circle<\/a> | 5. Juli 2024<\/li>\n\n\n\n<li>Weltacker neu Teil des Bildungsplans | <a href=\"https:\/\/www.schweizerbauer.ch\/regionen\/bern\/weltacker-neu-teil-des-bildungsplans\" target=\"_blank\" rel=\"noreferrer noopener\">Schweizer Bauer<\/a> | 3. Juni 2024<\/li>\n\n\n\n<li>S\u00fcsswasser \u2013 das knappe Gut | <a href=\"https:\/\/drive.google.com\/file\/d\/1LR6Umf5shi4n2c-KweT8DZ8POsSgKCzU\/view\" target=\"_blank\" rel=\"noreferrer noopener\">Schweizer Bauer<\/a> | Mai 2024<\/li>\n\n\n\n<li>Mit 4 PS den Weltacker bestellt | <a href=\"https:\/\/www.schweizerbauer.ch\/regionen\/bern\/mit-4-ps-den-weltacker-bestellt\" target=\"_blank\" rel=\"noreferrer noopener\">Schweizer Bauer<\/a> | 16. M\u00e4rz 2024<\/li>\n\n\n\n<li>Pfl\u00fcgen mit vier Pferdest\u00e4rken | <a href=\"https:\/\/avenue.argusdatainsights.ch\/Article\/HtmlClipping?artikelHash=8f74b6d838f7403990109f971ef5207f_721234C8FE8028A07037E3DEB14B8D2F&amp;noMobile=1\" target=\"_blank\" rel=\"noreferrer noopener\">Der Bund<\/a> | 16. M\u00e4rz 2024<\/li>\n\n\n\n<li>So geht das Pfl\u00fcgen mit vier Pferdest\u00e4rken | <a href=\"https:\/\/www.bernerzeitung.ch\/agrar-nostalgie-zollikofen-so-geht-das-pfluegen-mit-pferden-889406128056\" target=\"_blank\" rel=\"noreferrer noopener\">Berner Zeitung<\/a> | 15. M\u00e4rz 2024<\/li>\n\n\n\n<li>Weltacker mit Pferden gepfl\u00fcgt | <a href=\"https:\/\/www.presseportal.ch\/de\/pm\/100054062\/100917012\" target=\"_blank\" rel=\"noreferrer noopener\">Presseportal.ch<\/a> | 15. M\u00e4rz 2024<\/li>\n\n\n\n<li>Saisonabschluss auf dem Weltacker | <a href=\"https:\/\/www.attiswil.ch\/inhalte\/dateien\/02_Aktuell\/dorfzeitung\/Attiswiler_2022_4.pdf\" target=\"_blank\" rel=\"noreferrer noopener\">Dr Attiswiler<\/a> | November 2022<\/li>\n\n\n\n<li>Weltackerbesuch in Attiswil | <a href=\"https:\/\/www.klimagrosseltern.ch\/l\/weltackerbesuch-in-attiswil\/\" target=\"_blank\" rel=\"noreferrer noopener\">Klima-Grosseltern<\/a> | September 2022<\/li>\n\n\n\n<li>Gr\u00fcne besuchen den Weltacker | <a href=\"https:\/\/www.solothurnerzeitung.ch\/leserbeitrag\/nwch\/grune-besuchen-den-weltacker-ld.2338416\" target=\"_blank\" rel=\"noreferrer noopener\">Solothurner Zeitung<\/a> | September 2022<\/li>\n\n\n\n<li>Weltacker | <a href=\"https:\/\/www.agrarinfo.ch\/de\/landwirtschaft\/produktion\/weltacker\/\" target=\"_blank\" rel=\"noreferrer noopener\">AGRARINFO<\/a> | 17. August 2022<\/li>\n\n\n\n<li>Die ganze Welt auf einem Acker |&nbsp;<a href=\"https:\/\/weltacker-bern.ch\/clubdesk\/fileservlet?type=file&amp;id=1000581\" target=\"_blank\" rel=\"noreferrer noopener\">Tierwelt<\/a>&nbsp;| Juni 2022<\/li>\n\n\n\n<li>Was w\u00fcrden Sie auf Ihren 2000 m\u00b2 anbauen? | <a href=\"https:\/\/weltacker-bern.ch\/clubdesk\/fileservlet?type=file&amp;id=1000586\" target=\"_blank\" rel=\"noreferrer noopener\">foodaktuell<\/a> | Juni 2022<\/li>\n\n\n\n<li>Der Acker im Geldbeutel | <a href=\"https:\/\/weltacker-bern.ch\/clubdesk\/fileservlet?type=file&amp;id=1000593\" target=\"_blank\" rel=\"noreferrer noopener\">ofagofon<\/a> | Juni 2022<\/li>\n\n\n\n<li>\u00abErde gut, alles gut\u00bb \u2013 grosses Interesse an alternativer Landwirtschaft |&nbsp;<a href=\"https:\/\/www.solothurnerzeitung.ch\/basel\/basel-stadt\/biodynamisch-erde-gut-alles-gut-grosses-interesse-an-alternativer-landwirtschaft-ld.2287193\" target=\"_blank\" rel=\"noreferrer noopener\">Solothurner Zeitung<\/a>&nbsp;| Mai 2022<\/li>\n\n\n\n<li>Ein Hoch auf die Bohne | <a href=\"https:\/\/drive.google.com\/file\/d\/1yg8DTAqoh2p3VCZtuKcSUt2BtIAjvk3F\/view?usp=sharing\" target=\"_blank\" rel=\"noreferrer noopener\">Schweizer Bauer<\/a> | Mai 2022<\/li>\n\n\n\n<li>Saisoner\u00f6ffnung 2022 auf dem Weltacker in Attiswil | <a href=\"https:\/\/www.solothurnerzeitung.ch\/leserbeitrag\/nwch\/saisoneroffnung-2022-auf-dem-weltacker-in-attiswil-ld.2290038\" target=\"_blank\" rel=\"noreferrer noopener\">Solothurner Zeitung<\/a> | Mai 2022<\/li>\n\n\n\n<li>Gelungener Saisonstart an der Bleuerhofstrasse 5 | <a href=\"https:\/\/www.attiswil.ch\/inhalte\/dateien\/02_Aktuell\/dorfzeitung\/Attiswiler_2022-2.pdf\" target=\"_blank\" rel=\"noreferrer noopener\">Dr Attiswiler<\/a> | Mai 2022<\/li>\n\n\n\n<li>Ein Hoch auf die Bohne |&nbsp;<a href=\"https:\/\/www.solothurnerzeitung.ch\/leserbeitrag\/nwch\/ein-hoch-auf-die-bohne-ld.2279895\" target=\"_blank\" rel=\"noreferrer noopener\">Solothurner Zeitung<\/a>&nbsp;| April 2022<\/li>\n\n\n\n<li>B\u00fchne frei f\u00fcr die wohl wichtigste H\u00fclsenfrucht der Welt | <a href=\"https:\/\/www.bauernzeitung.ch\/artikel\/pflanzen\/buehne-frei-fuer-die-wohl-wichtigste-huelsenfrucht-der-welt-401171\" target=\"_blank\" rel=\"noreferrer noopener\">Bauernzeitung<\/a> | Februar 2022<\/li>\n\n\n\n<li>Die Welt\u00e4cker stehen im Zeichen der Bohne \u2013 mit guten Gr\u00fcnden | <a href=\"https:\/\/www.tierwelt.ch\/news\/natur-umwelt\/die-weltaecker-stehen-2022-im-zeichen-der-bohne-mit-guten-gruenden\" target=\"_blank\" rel=\"noreferrer noopener\">Tierwelt<\/a> | Februar 2022<\/li>\n\n\n\n<li>Weltacker lanciert Bohnenaktion | <a href=\"https:\/\/www.schweizerbauer.ch\/vermischtes\/weltacker-schweiz-lanciert-bohnenaktion\/\" target=\"_blank\" rel=\"noreferrer noopener\">Schweizer Bauer<\/a> | Februar 2022<\/li>\n\n\n\n<li>Ein Hoch auf die Bohne | <a href=\"https:\/\/www.attiswil.ch\/inhalte\/dateien\/02_Aktuell\/dorfzeitung\/Attiswiler_2022-1.pdf\" target=\"_blank\" rel=\"noreferrer noopener\">Dr Attiswiler<\/a> | Februar 2022<\/li>\n\n\n\n<li>Zwei Agronomen treffen sich auf Weltacker | <a href=\"https:\/\/www.are.admin.ch\/are\/de\/home\/medien-und-publikationen\/forum-raumentwicklung\/forum-raumentwicklung-2-21.html\" target=\"_blank\" rel=\"noreferrer noopener\">Schweizer Bauer<\/a> | Dezember 2021<\/li>\n\n\n\n<li>2000 Quadratmeter Acker pro Person | <a href=\"https:\/\/www.are.admin.ch\/are\/de\/home\/medien-und-publikationen\/forum-raumentwicklung\/forum-raumentwicklung-2-21.html\" target=\"_blank\" rel=\"noreferrer noopener\">ARE Forum<\/a> | Dezember 2021<\/li>\n\n\n\n<li>Ein Weltacker f\u00fcr alle | <a href=\"https:\/\/drive.google.com\/file\/d\/1pVQiVUHs8uCA8dM9cMHklIoFGbzH736B\/view?usp=sharing\" target=\"_blank\" rel=\"noreferrer noopener\">Oberbaselbieter Zeitung<\/a> | November 2021<\/li>\n\n\n\n<li>Welt\u00e4cker | <a href=\"https:\/\/welternaehrungstag.ch\/rueckblick-tagung-2021-weltaecker\/\" target=\"_blank\" rel=\"noreferrer noopener\">Weltern\u00e4hrungstag<\/a> | Oktober 2021<\/li>\n\n\n\n<li>Zeit um die Ernte einzufahren | <a href=\"https:\/\/drive.google.com\/file\/d\/1t_Dk0v44zoYyMP-IY6EpU6p2nGg6djr-\/view?usp=sharing\" target=\"_blank\" rel=\"noreferrer noopener\">Schweizer Bauer<\/a> | September 2021<\/li>\n\n\n\n<li>Die Welt auf 2000&nbsp;m\u00b2&nbsp;| <a href=\"https:\/\/drive.google.com\/file\/d\/1Uiu_ISzEkMpZx6-kTL_TRBFVVTMRqHaU\/view?usp=sharing\" target=\"_blank\" rel=\"noreferrer noopener\">Bantiger Post<\/a> | Juni 2021<\/li>\n\n\n\n<li>Auftakt zur Weltackersaison | <a href=\"https:\/\/drive.google.com\/file\/d\/1j9j1MFKmpA2OLGTfpU9llUOI5V11yr2T\/view?usp=sharing\" target=\"_blank\" rel=\"noreferrer noopener\">Setzlingsmarkt<\/a>&nbsp;| Mai 2021<\/li>\n\n\n\n<li>So viel Platz braucht es, um unser Essen anzubauen | <a href=\"https:\/\/drive.google.com\/file\/d\/1Kmk0Xom8QnBsT7F9aQp51N7lmVEIju2y\/view?usp=sharing\" target=\"_blank\" rel=\"noreferrer noopener\">Der Bund<\/a> | Mai 2021<\/li>\n\n\n\n<li>Ressourcen aufgebraucht: Was kommt jetzt? | <a href=\"https:\/\/www.hotellerie-gastronomie.ch\/de\/artikel\/ressourcen-aufgebraucht-was-kommt-jetzt\" target=\"_blank\" rel=\"noreferrer noopener\">GastronomieZeitung<\/a>&nbsp;| Mai 2021<\/li>\n\n\n\n<li>Ein Weltacker in Bern| <a href=\"https:\/\/www.fenaco.com\/artikel\/ein-weltacker-bern\" target=\"_blank\" rel=\"noreferrer noopener\">Fenaco<\/a>&nbsp;| Mai 2021<\/li>\n\n\n\n<li>Der \u201cWeltacker\u201d am Jura-S\u00fcdfuss |&nbsp;<a href=\"https:\/\/drive.google.com\/file\/d\/1vjH2yZKMUSxRxpWRRutwwtBNyIpsJFl-\/view?usp=sharing\" target=\"_blank\" rel=\"noreferrer noopener\">Jurasued<\/a>&nbsp;| Mai 2021<\/li>\n\n\n\n<li>Weltacker Bern \u00f6ffnet seine Pforten |<a href=\"https:\/\/www.schweizerbauer.ch\/regionen\/bern\/weltacker-bern-oeffnet-seine-pforten\/\" target=\"_blank\" rel=\"noreferrer noopener\"> Schweizer Bauer <\/a>| Mai 2021<\/li>\n\n\n\n<li>Die Grundlage unser aller Lebens | <a href=\"https:\/\/drive.google.com\/file\/d\/1g3FAKxrpgsDOyfJ4QbDrDWKOIjHeuFbd\/view?usp=sharing\" target=\"_blank\" rel=\"noreferrer noopener\">SolothurnerZeitung<\/a>&nbsp;| Mai 2021<\/li>\n\n\n\n<li>Die Weltacker-Saison beginnt | <a href=\"https:\/\/www.schweizerbauer.ch\/pflanzen\/ackerbau\/die-weltacker-saison-beginnt\/\" target=\"_blank\" rel=\"noreferrer noopener\">Schweizer Bauer<\/a> | Mai 2021<\/li>\n\n\n\n<li>Jeder Bissen hat seinen Ort| <a href=\"https:\/\/drive.google.com\/file\/d\/1TjSTDfnu5Q5RRfg21kiTz5CCsR0cwn-U\/view?usp=sharing\" target=\"_blank\" rel=\"noreferrer noopener\">BernerZeitung<\/a> | April 2021<\/li>\n\n\n\n<li>Auf dem Boden der Tatsachen | <a href=\"https:\/\/drive.google.com\/file\/d\/1RRdlQYlSkFiEEcXki_Thg3PIpupewlEF\/view?usp=sharing\" target=\"_blank\" rel=\"noreferrer noopener\">Tierwelt<\/a> | November 2020<\/li>\n\n\n\n<li>Alles was es zum Leben braucht | <a href=\"https:\/\/drive.google.com\/file\/d\/1vOl7n2ZW0I_VmSy3JZhzD4QiXgIB-pdz\/view?usp=sharing\" target=\"_blank\" rel=\"noreferrer noopener\">Langenthaler Tagblatt<\/a> | Oktober 2020<\/li>\n\n\n\n<li>Herausfordernde Stunden | <a href=\"https:\/\/swisshomeschoolfamily.org\/2020\/09\/11\/herausfordernde-stunden-auf-einem-weltacker\/\" target=\"_blank\" rel=\"noreferrer noopener\">Swisshomeschoolingfamily<\/a> | September 2020<\/li>\n\n\n\n<li>2000 m\u00b2 zum Nachdenken | schweizerbauer.ch | August 2020<\/li>\n\n\n\n<li>Die Welt auf 2000 Quadratmetern | <a href=\"https:\/\/derarbeitsmarkt.ch\/de\/reportage\/die-welt-auf-2000-quadratmetern\" target=\"_blank\" rel=\"noreferrer noopener\">Der Arbeitsmarkt<\/a> | Juli 2020<\/li>\n\n\n\n<li>Radiobeitrag: Gute Zwischenbilanz f\u00fcr den Weltacker in Attiswil<br>| Neo1 | Juli 2020<\/li>\n\n\n\n<li>Schule Niederbipp in Attiswil | <a href=\"https:\/\/drive.google.com\/a\/weltacker.ch\/file\/d\/1CQbQ5lCeJwjsiGCfUSuQcCnezMk92GUs\/view?usp=sharing\" target=\"_blank\" rel=\"noreferrer noopener\">Erlebnisbericht<\/a> | Dezember 2019<\/li>\n\n\n\n<li>Schule Flumenthal in Attiswil | <a href=\"https:\/\/drive.google.com\/a\/weltacker.ch\/file\/d\/1miQWwblEubjDLjcWeBSXIGsvYJQ9owZ7\/view?usp=sharing\" target=\"_blank\" rel=\"noreferrer noopener\">Erlebnisbericht<\/a> | Dezember 2019<\/li>\n\n\n\n<li>Saisonabschluss | <a href=\"https:\/\/drive.google.com\/open?id=0B_G8P6AZI5TaU0JZLVVlZkRIT1ZIYUdZXzN3V050eDNZMThn\" target=\"_blank\" rel=\"noreferrer noopener\">Dr Attiswiler<\/a> | November 2019<\/li>\n\n\n\n<li>Ein Acker gibt Einblicke | <a href=\"https:\/\/drive.google.com\/open?id=0B_G8P6AZI5TaYkExYnE5U01zZnVMekF1WTNUa09oZTV1bGRV\" target=\"_blank\" rel=\"noreferrer noopener\">Vision 2035<\/a> | Oktober 2019<\/li>\n\n\n\n<li>Dreschen wie in alter Zeit | <a href=\"https:\/\/drive.google.com\/open?id=0B_G8P6AZI5TaZFJqXzVSVE00ZFU2UEgwaVNGd1hGMjlBTDhv\" target=\"_blank\" rel=\"noreferrer noopener\">Solothurner Zeitung<\/a> | September 2019<\/li>\n\n\n\n<li>2000-Watt-Region Solothurn zu Gast in Attiswil | <a href=\"https:\/\/drive.google.com\/a\/weltacker.ch\/file\/d\/0B_G8P6AZI5TacWw0MjFZS1ZORjExbHhxTi1xdTI3S2ttRDZj\/view?usp=sharing\" target=\"_blank\" rel=\"noreferrer noopener\">Solothurner Zeitung<\/a> | Juli 2019<\/li>\n\n\n\n<li>Weltacker Attiswil, Getreideernte | Radio 32 | Juli 2019<\/li>\n\n\n\n<li>Praxisbeitrag im Tagungsband: \u00abGreen, Outdoor and Environmental Education\u201d in Forschung und Praxis\u00bb, S. Schumann, P. Faivre, A. Mollenkopf, | <a href=\"https:\/\/www.shaker.de\/de\/content\/catalogue\/index.asp?lang=de&amp;ID=8&amp;ISBN=978-3-8440-6682-1\" target=\"_blank\" rel=\"noreferrer noopener\">Shaker Verlag<\/a> | Juni 2019<\/li>\n\n\n\n<li>Weltacker Attiswil | Radio 32 | Mai 2019<\/li>\n\n\n\n<li>Der Weltacker im Magazin \u00abdie umwelt\u00bb | <a href=\"https:\/\/drive.google.com\/open?id=1ItBTQ4n00mmPZ40oPK7_FIngSM-5Q3-r\" target=\"_blank\" rel=\"noreferrer noopener\">Bafu<\/a> | April 2019<\/li>\n\n\n\n<li>Aufkl\u00e4rung ist wichtiger als Rendite | Schweizer Bauer <a href=\"https:\/\/i1.wp.com\/www.2000m2.eu\/wp-content\/uploads\/SchweizerBauer_Attiswil.jpeg\" target=\"_blank\" rel=\"noreferrer noopener\">pdf<\/a> | Mai 2019<\/li>\n\n\n\n<li>Weltacker Attiswil will zum Denken anregen | neo1 | Mai 2019<\/li>\n\n\n\n<li>In 2000 m\u00b2 um die Welt| <a href=\"https:\/\/www.bernerzeitung.ch\/region\/oberaargau\/in-2000-quadratmetern-um-die-welt\/story\/14625004\" target=\"_blank\" rel=\"noreferrer noopener\">Langenthaler Tagblatt<\/a> |&nbsp;<a href=\"https:\/\/www.2000m2.eu\/wp-content\/uploads\/bz_20190524_0_0_7em.pdf\" target=\"_blank\" rel=\"noreferrer noopener\">pdf<\/a>| Mai 2019<\/li>\n\n\n\n<li>Die Welt ist in Attiswil zu Gast | <a href=\"http:\/\/weltacker-attiswil.ch\/onewebmedia\/Schweizer_Bauer_16%2003%202019.pdf\" target=\"_blank\" rel=\"noreferrer noopener\">Schweizer Bauer<\/a> | M\u00e4rz 2019<\/li>\n\n\n\n<li>Exkursionen in die Ackerschule |<a href=\"https:\/\/sobildung.ch\/publicpage?post=759f144209cb4cfl5\" target=\"_blank\" rel=\"noreferrer noopener\">Netzwerk Solothurn Bildung<\/a> | Februar 2019<\/li>\n\n\n\n<li>Ein \u00abWeltacker\u00bb im Bipperamt | <a href=\"http:\/\/weltacker-attiswil.ch\/onewebmedia\/Solothurner%20Zeitung,%20vom_%20Mittwoch,%2030.%20Januar%202019.pdf\" target=\"_blank\" rel=\"noreferrer noopener\">Solothurner Zeitung<\/a> | Januar 2019<\/li>\n\n\n\n<li>Klimageschichten: So werden wir alle satt | <a href=\"https:\/\/klimageschichten.so.ch\/klimageschichten\/bastiaan-frich\/\" target=\"_blank\" rel=\"noreferrer noopener\">online<\/a>&nbsp;| August 2018<\/li>\n\n\n\n<li>Der Weltacker \u2013 Ideen f\u00fcr die Zukunft&nbsp;| <a href=\"https:\/\/lampert-nachhaltigkeit.com\/weltacker\/\" target=\"_blank\" rel=\"noreferrer noopener\">www.nachhaltigkeitneudenken.org<\/a> | Mai 2018<\/li>\n\n\n\n<li>Herzensprojekt: Der Weltacker | UND das Generationentandem, Nr. 25 Fr\u00fchlingsausgabe 2018, S. 32ff. | M\u00e4rz 2018<\/li>\n\n\n\n<li>Nuglar G\u00e4rten \u2013 Verein f\u00fcr gemeinschaftlich getragene Landwirtschaft | Mitteilungsblatt Gemeinde Nuglar \u2013 St. Pantaleon, Nr 1 |&nbsp;1.Februar 2018<\/li>\n\n\n\n<li>2000 Quadratmeter sind genug | Sonntag 28\/2017 | 13. Juli 2017<\/li>\n\n\n\n<li>2000 Quadratmeter sind genug | doppelpunkt 28\/2017 | 13. Juli 2017<\/li>\n\n\n\n<li>Ernte vom Weltacker | Schweizer Garten No. 7 \/ 2017, S. 8 | 27. Juni 2017<\/li>\n\n\n\n<li>Weltacker in Nuglar | Oliv | Juni 2017<\/li>\n\n\n\n<li>Ernte vom Weltacker | Schweizer Garten Nr 7\/2017 | Juni 2017<\/li>\n\n\n\n<li>Verantwortung \u00fcbernehme f\u00fcr die eigene Ern\u00e4hrung | Wochenblatt Nr 26 | 29. Juni 2017<\/li>\n\n\n\n<li>Diese Fl\u00e4che isst ein Mensch | Zeitpunkt 150 | Juni 2017<\/li>\n\n\n\n<li>Der Weltacker | Fairconomy &nbsp;Nr. 2 | Juni 2017<\/li>\n\n\n\n<li>Nuglar G\u00e4rten \u2013 das neue Jahr bringt neue Angebote | Mitteilungsblatt Gemeinde Nuglar \u2013 St. Pantaleon, Nr. 1 <\/li>\n\n\n\n<li>2000 Quadratmeter | PS Zeitung, die linke Z\u00fcrcher Zeitung | 13. April 2017<\/li>\n\n\n\n<li>DRS1 im Gespr\u00e4ch mit Bastiaan Frich \u00fcber den 2000m2 Weltacker | DRS1 | 17. Mai 2017 15.00 Uhr<\/li>\n\n\n\n<li>2000 m2 Weltacker in Nuglar er\u00f6ffnet | BIO Aktuell | 17. Mai 2017<\/li>\n\n\n\n<li>Ein Acker f\u00fcr die Welt | <a href=\"https:\/\/www.bzbasel.ch\/basel\/basel-stadt\/ein-acker-fur-die-welt-auf-2000-quadratmetern-wird-der-jahresbedarf-eines-menschen-angebaut-ld.1424776\" target=\"_blank\" rel=\"noreferrer noopener\">Basellandschaftliche Zeitung<\/a> | 9. Mai 2017<\/li>\n\n\n\n<li>Fr\u00fchlingsAckerFest | BIO Aktuell.ch | 6. Mai 2017<\/li>\n\n\n\n<li>Er\u00f6ffnung 2000 m2 Weltacker \u2013 Die globale Landwirtschaft auf einem Acker | Zeitpunkt.ch | 4. Mai 2017<\/li>\n\n\n\n<li>In Nuglar wird ein Weltacker er\u00f6ffnet | BauernZeitung Online | 3. Mai 2017<\/li>\n\n\n\n<li>In Nuglar wird ein Weltacker er\u00f6ffnet | landwirtschaft.ch | 2. Mai 2017<\/li>\n\n\n\n<li>In Nuglar wird ein Weltacker er\u00f6ffnet | Landwirtschaftlicher Informationsdienst | 2. Mai 2017<\/li>\n\n\n\n<li>Weltacker 2000 m2 in Nuglar | 3052hilft.ch | 1. Mai 2017<\/li>\n\n\n\n<li>Radio X im Gespr\u00e4ch mit Bastiaan Frich \u00fcber Urban Agriculture und den 2000m2 Weltacker | Radio X | 29. April 2017 16.00 Uhr<\/li>\n\n\n\n<li>2000m2 Weltacker | FiBL | 4. April 2017<\/li>\n\n\n\n<li>Weltackerer\u00f6ffnung | Blogbeitrag auf kubusmedia.ch | 6. April 2017<\/li>\n\n\n\n<li>Nuglar G\u00e4rten | <a href=\"https:\/\/www.bueren-so.ch\/inhalte\/01_Aktuell\/Bueren_Aktuell_Archiv\/Bueren_Aktuell_1_2017.pdf\" target=\"_blank\" rel=\"noreferrer noopener\">B\u00fcren Aktuell<\/a> | M\u00e4rz 2017<\/li>\n\n\n\n<li>Nuglar G\u00e4rten und der 2000m2 Weltacker | Seismograph Blog | 28. M\u00e4rz 2017<\/li>\n\n\n\n<li>Weltacker Schweiz | <a href=\"http:\/\/www.bioaktuell.ch\/aktuell\/meldung\/weltacker-2017-05.html\" target=\"_blank\" rel=\"noreferrer noopener\">Bioaktuell<\/a> | Mai 2017<\/li>\n\n\n\n<li>Mit Regenschirm und Gummistiefeln auf Tour durch den Weltacker | <a href=\"https:\/\/issuu.com\/baselexpress\/docs\/baselexpress_05-2017-1\" target=\"_blank\" rel=\"noreferrer noopener\">Basel Express Mai<\/a> | Mai 2017<\/li>\n\n\n\n<li>Erster Schweizer Weltacker l\u00e4dt zum lernen und verweilen in der Natur ein | <a href=\"https:\/\/issuu.com\/az-anzeiger\/docs\/20170601_woz_wosanz\" target=\"_blank\" rel=\"noreferrer noopener\">Wochenblatt<\/a> | 1. Juni 2017<\/li>\n\n\n\n<li>Erster Schweizer Weltacker | Schwarzbuben Woche Nr. 9 | 18. Mai&nbsp;2017<\/li>\n<\/ul>\n\n\n\n<p><\/p>\n","protected":false},"excerpt":{"rendered":"<p>Medien Medienkontakt St\u00e9phanie W\u00fcrth, Gesch\u00e4ftsleiterin Weltacker Schweiz | E-Mail | 076 685 43 49 Medienmitteilungen Pressebilder Die folgenden Bilder d\u00fcrfen mit der jeweiligen Quellenangabe f\u00fcr Artikel rund um das Thema Weltacker verwendet werden. Belegexemplar oder PDF erw\u00fcnscht. Medienspiegel 2000 m\u00b2 Weltacker Schweiz&#8230;<\/p>\n","protected":false},"featured_media":0,"menu_order":24,"template":"","class_list":["post-529","switzerland","type-switzerland","status-publish","hentry"],"yoast_head":"<!-- This site is optimized with the Yoast SEO plugin v27.4 - https:\/\/yoast.com\/product\/yoast-seo-wordpress\/ -->\n<title>Medien - 2000m2<\/title>\n<meta name=\"robots\" content=\"index, follow, max-snippet:-1, max-image-preview:large, max-video-preview:-1\" \/>\n<link rel=\"canonical\" href=\"https:\/\/www.2000m2.eu\/de\/schweiz\/medien\/\" \/>\n<meta property=\"og:locale\" content=\"de_DE\" \/>\n<meta property=\"og:type\" content=\"article\" \/>\n<meta property=\"og:title\" content=\"Medien - 2000m2\" \/>\n<meta property=\"og:description\" content=\"Medien Medienkontakt St\u00e9phanie W\u00fcrth, Gesch\u00e4ftsleiterin Weltacker Schweiz | E-Mail | 076 685 43 49 Medienmitteilungen Pressebilder Die folgenden Bilder d\u00fcrfen mit der jeweiligen Quellenangabe f\u00fcr Artikel rund um das Thema Weltacker verwendet werden. Belegexemplar oder PDF erw\u00fcnscht. Medienspiegel 2000 m\u00b2 Weltacker Schweiz...\" \/>\n<meta property=\"og:url\" content=\"https:\/\/www.2000m2.eu\/de\/schweiz\/medien\/\" \/>\n<meta property=\"og:site_name\" content=\"2000m2\" \/>\n<meta property=\"article:modified_time\" content=\"2025-11-20T10:18:05+00:00\" \/>\n<meta name=\"twitter:card\" content=\"summary_large_image\" \/>\n<meta name=\"twitter:label1\" content=\"Gesch\u00e4tzte Lesezeit\" \/>\n\t<meta name=\"twitter:data1\" content=\"8\u00a0Minuten\" \/>\n<script type=\"application\/ld+json\" class=\"yoast-schema-graph\">{\"@context\":\"https:\\\/\\\/schema.org\",\"@graph\":[{\"@type\":\"WebPage\",\"@id\":\"https:\\\/\\\/www.2000m2.eu\\\/de\\\/schweiz\\\/medien\\\/\",\"url\":\"https:\\\/\\\/www.2000m2.eu\\\/de\\\/schweiz\\\/medien\\\/\",\"name\":\"Medien - 2000m2\",\"isPartOf\":{\"@id\":\"https:\\\/\\\/www.2000m2.eu\\\/de\\\/#website\"},\"datePublished\":\"2024-09-17T13:32:09+00:00\",\"dateModified\":\"2025-11-20T10:18:05+00:00\",\"breadcrumb\":{\"@id\":\"https:\\\/\\\/www.2000m2.eu\\\/de\\\/schweiz\\\/medien\\\/#breadcrumb\"},\"inLanguage\":\"de\",\"potentialAction\":[{\"@type\":\"ReadAction\",\"target\":[\"https:\\\/\\\/www.2000m2.eu\\\/de\\\/schweiz\\\/medien\\\/\"]}]},{\"@type\":\"BreadcrumbList\",\"@id\":\"https:\\\/\\\/www.2000m2.eu\\\/de\\\/schweiz\\\/medien\\\/#breadcrumb\",\"itemListElement\":[{\"@type\":\"ListItem\",\"position\":1,\"name\":\"Home\",\"item\":\"https:\\\/\\\/www.2000m2.eu\\\/de\\\/startseite\\\/\"},{\"@type\":\"ListItem\",\"position\":2,\"name\":\"Switzerland\",\"item\":\"https:\\\/\\\/www.2000m2.eu\\\/de\\\/schweiz\\\/\"},{\"@type\":\"ListItem\",\"position\":3,\"name\":\"Medien\"}]},{\"@type\":\"WebSite\",\"@id\":\"https:\\\/\\\/www.2000m2.eu\\\/de\\\/#website\",\"url\":\"https:\\\/\\\/www.2000m2.eu\\\/de\\\/\",\"name\":\"2000m2\",\"description\":\"\",\"publisher\":{\"@id\":\"https:\\\/\\\/www.2000m2.eu\\\/de\\\/#organization\"},\"potentialAction\":[{\"@type\":\"SearchAction\",\"target\":{\"@type\":\"EntryPoint\",\"urlTemplate\":\"https:\\\/\\\/www.2000m2.eu\\\/de\\\/?s={search_term_string}\"},\"query-input\":{\"@type\":\"PropertyValueSpecification\",\"valueRequired\":true,\"valueName\":\"search_term_string\"}}],\"inLanguage\":\"de\"},{\"@type\":\"Organization\",\"@id\":\"https:\\\/\\\/www.2000m2.eu\\\/de\\\/#organization\",\"name\":\"2000m2\",\"url\":\"https:\\\/\\\/www.2000m2.eu\\\/de\\\/\",\"logo\":{\"@type\":\"ImageObject\",\"inLanguage\":\"de\",\"@id\":\"https:\\\/\\\/www.2000m2.eu\\\/de\\\/#\\\/schema\\\/logo\\\/image\\\/\",\"url\":\"https:\\\/\\\/www.2000m2.eu\\\/wp-content\\\/uploads\\\/logo.png\",\"contentUrl\":\"https:\\\/\\\/www.2000m2.eu\\\/wp-content\\\/uploads\\\/logo.png\",\"width\":445,\"height\":140,\"caption\":\"2000m2\"},\"image\":{\"@id\":\"https:\\\/\\\/www.2000m2.eu\\\/de\\\/#\\\/schema\\\/logo\\\/image\\\/\"}}]}<\/script>\n<!-- \/ Yoast SEO plugin. -->","yoast_head_json":{"title":"Medien - 2000m2","robots":{"index":"index","follow":"follow","max-snippet":"max-snippet:-1","max-image-preview":"max-image-preview:large","max-video-preview":"max-video-preview:-1"},"canonical":"https:\/\/www.2000m2.eu\/de\/schweiz\/medien\/","og_locale":"de_DE","og_type":"article","og_title":"Medien - 2000m2","og_description":"Medien Medienkontakt St\u00e9phanie W\u00fcrth, Gesch\u00e4ftsleiterin Weltacker Schweiz | E-Mail | 076 685 43 49 Medienmitteilungen Pressebilder Die folgenden Bilder d\u00fcrfen mit der jeweiligen Quellenangabe f\u00fcr Artikel rund um das Thema Weltacker verwendet werden. Belegexemplar oder PDF erw\u00fcnscht. Medienspiegel 2000 m\u00b2 Weltacker Schweiz...","og_url":"https:\/\/www.2000m2.eu\/de\/schweiz\/medien\/","og_site_name":"2000m2","article_modified_time":"2025-11-20T10:18:05+00:00","twitter_card":"summary_large_image","twitter_misc":{"Gesch\u00e4tzte Lesezeit":"8\u00a0Minuten"},"schema":{"@context":"https:\/\/schema.org","@graph":[{"@type":"WebPage","@id":"https:\/\/www.2000m2.eu\/de\/schweiz\/medien\/","url":"https:\/\/www.2000m2.eu\/de\/schweiz\/medien\/","name":"Medien - 2000m2","isPartOf":{"@id":"https:\/\/www.2000m2.eu\/de\/#website"},"datePublished":"2024-09-17T13:32:09+00:00","dateModified":"2025-11-20T10:18:05+00:00","breadcrumb":{"@id":"https:\/\/www.2000m2.eu\/de\/schweiz\/medien\/#breadcrumb"},"inLanguage":"de","potentialAction":[{"@type":"ReadAction","target":["https:\/\/www.2000m2.eu\/de\/schweiz\/medien\/"]}]},{"@type":"BreadcrumbList","@id":"https:\/\/www.2000m2.eu\/de\/schweiz\/medien\/#breadcrumb","itemListElement":[{"@type":"ListItem","position":1,"name":"Home","item":"https:\/\/www.2000m2.eu\/de\/startseite\/"},{"@type":"ListItem","position":2,"name":"Switzerland","item":"https:\/\/www.2000m2.eu\/de\/schweiz\/"},{"@type":"ListItem","position":3,"name":"Medien"}]},{"@type":"WebSite","@id":"https:\/\/www.2000m2.eu\/de\/#website","url":"https:\/\/www.2000m2.eu\/de\/","name":"2000m2","description":"","publisher":{"@id":"https:\/\/www.2000m2.eu\/de\/#organization"},"potentialAction":[{"@type":"SearchAction","target":{"@type":"EntryPoint","urlTemplate":"https:\/\/www.2000m2.eu\/de\/?s={search_term_string}"},"query-input":{"@type":"PropertyValueSpecification","valueRequired":true,"valueName":"search_term_string"}}],"inLanguage":"de"},{"@type":"Organization","@id":"https:\/\/www.2000m2.eu\/de\/#organization","name":"2000m2","url":"https:\/\/www.2000m2.eu\/de\/","logo":{"@type":"ImageObject","inLanguage":"de","@id":"https:\/\/www.2000m2.eu\/de\/#\/schema\/logo\/image\/","url":"https:\/\/www.2000m2.eu\/wp-content\/uploads\/logo.png","contentUrl":"https:\/\/www.2000m2.eu\/wp-content\/uploads\/logo.png","width":445,"height":140,"caption":"2000m2"},"image":{"@id":"https:\/\/www.2000m2.eu\/de\/#\/schema\/logo\/image\/"}}]}},"_links":{"self":[{"href":"https:\/\/www.2000m2.eu\/de\/wp-json\/wp\/v2\/switzerland\/529","targetHints":{"allow":["GET"]}}],"collection":[{"href":"https:\/\/www.2000m2.eu\/de\/wp-json\/wp\/v2\/switzerland"}],"about":[{"href":"https:\/\/www.2000m2.eu\/de\/wp-json\/wp\/v2\/types\/switzerland"}],"wp:attachment":[{"href":"https:\/\/www.2000m2.eu\/de\/wp-json\/wp\/v2\/media?parent=529"}],"curies":[{"name":"wp","href":"https:\/\/api.w.org\/{rel}","templated":true}]}}