{"id":13149,"date":"2024-11-21T20:15:44","date_gmt":"2024-11-21T20:15:44","guid":{"rendered":"https:\/\/www.2000m2.eu\/fields\/divinopolis-2\/"},"modified":"2025-11-28T20:26:11","modified_gmt":"2025-11-28T20:26:11","slug":"divinopolis-2","status":"publish","type":"field","link":"https:\/\/www.2000m2.eu\/es\/campos\/divinopolis-2\/","title":{"rendered":"Divin\u00f3polis"},"content":{"rendered":"\n<h1 class=\"wp-block-heading\">\u00bfEl Jardim C\u00f3smico va en camino de convertirse en un Campo Global?<\/h1>\n\n<p>El Jardim C\u00f3smico est\u00e1 situado en el estado brasile\u00f1o de Minas Gerais, en la regi\u00f3n rural entre las ciudades de Divin\u00f3polis y Carmo do Cajuru. Se puede llegar al jard\u00edn en unos 30 minutos en transporte p\u00fablico desde la estaci\u00f3n de autobuses o el centro de la ciudad de Divin\u00f3polis. A la capital de Minas Gerais, Belo Horizonte, se llega en unas dos horas en coche.  <\/p>\n\n<div class=\"wp-block-columns is-layout-flex wp-container-core-columns-is-layout-28f84493 wp-block-columns-is-layout-flex\">\n<div class=\"wp-block-column is-layout-flow wp-block-column-is-layout-flow\">\n<figure class=\"wp-block-image size-large\"><img decoding=\"async\" width=\"1024\" height=\"680\" src=\"https:\/\/www.2000m2.eu\/wp-content\/uploads\/cb4a0f41fc1da17fc9c16dbfd5159286f346170f-1024x680.jpg\" alt=\"Hay un horno de barro y troncos de &#xE1;rbol en el jard&#xED;n del proyecto brasile&#xF1;o. La peque&#xF1;a plaza est&#xE1; rodeada de palmeras y &#xE1;rboles peque&#xF1;os.   \" class=\"wp-image-2483\" srcset=\"https:\/\/www.2000m2.eu\/wp-content\/uploads\/cb4a0f41fc1da17fc9c16dbfd5159286f346170f-1024x680.jpg 1024w, https:\/\/www.2000m2.eu\/wp-content\/uploads\/cb4a0f41fc1da17fc9c16dbfd5159286f346170f-300x199.jpg 300w, https:\/\/www.2000m2.eu\/wp-content\/uploads\/cb4a0f41fc1da17fc9c16dbfd5159286f346170f-768x510.jpg 768w, https:\/\/www.2000m2.eu\/wp-content\/uploads\/cb4a0f41fc1da17fc9c16dbfd5159286f346170f-1536x1020.jpg 1536w, https:\/\/www.2000m2.eu\/wp-content\/uploads\/cb4a0f41fc1da17fc9c16dbfd5159286f346170f-450x300.jpg 450w, https:\/\/www.2000m2.eu\/wp-content\/uploads\/cb4a0f41fc1da17fc9c16dbfd5159286f346170f.jpg 1600w\" sizes=\"(max-width: 1024px) 100vw, 1024px\" \/><figcaption class=\"wp-element-caption\">Horno casero para el taller de cer\u00e1mica de Amanda Maciel (\u00a9Amanda Morato\/Thiago Cruz)<\/figcaption><\/figure>\n<\/div>\n\n\n\n<div class=\"wp-block-column is-layout-flow wp-block-column-is-layout-flow\">\n<figure class=\"wp-block-image size-large\"><img decoding=\"async\" width=\"1024\" height=\"680\" src=\"https:\/\/www.2000m2.eu\/wp-content\/uploads\/Design-ohne-Titel5-1024x680.jpg\" alt=\"C&#xED;rculo de bienvenida: unas 30 personas se colocan en c&#xED;rculo en la fiesta y escuchan las palabras de bienvenida.\" class=\"wp-image-2493\" srcset=\"https:\/\/www.2000m2.eu\/wp-content\/uploads\/Design-ohne-Titel5-1024x680.jpg 1024w, https:\/\/www.2000m2.eu\/wp-content\/uploads\/Design-ohne-Titel5-300x199.jpg 300w, https:\/\/www.2000m2.eu\/wp-content\/uploads\/Design-ohne-Titel5-768x510.jpg 768w, https:\/\/www.2000m2.eu\/wp-content\/uploads\/Design-ohne-Titel5-1536x1020.jpg 1536w, https:\/\/www.2000m2.eu\/wp-content\/uploads\/Design-ohne-Titel5-450x300.jpg 450w, https:\/\/www.2000m2.eu\/wp-content\/uploads\/Design-ohne-Titel5.jpg 1600w\" sizes=\"(max-width: 1024px) 100vw, 1024px\" \/><figcaption class=\"wp-element-caption\">Bienvenida y paseo de privilegios en la Semana al Aire Libre 2024 <br\/>(\u00a9Amanda Morato\/Thiago Cruz)<\/figcaption><\/figure>\n<\/div>\n<\/div>\n\n<p>La iniciativa Jardim C\u00f3smico pretende promover la inclusi\u00f3n, la educaci\u00f3n experiencial y la sostenibilidad en la ciudad de Divin\u00f3polis. Queremos reunir a profesionales de los sectores social, educativo, cultural, de la construcci\u00f3n y del arte con personas interesadas en desarrollar actividades inclusivas y basadas en la naturaleza para individuos, familias, comunidades, escuelas y empresas. <\/p>\n\n<p>El Jardim C\u00f3smico dispone de una zona de 3000 m\u00b2 para actividades al aire libre. El jard\u00edn est\u00e1 rodeado de una reserva natural, fuentes de agua y un arroyo. <\/p>\n\n<p>El equipo de Jardim C\u00f3smico se ha fijado objetivos ambiciosos. Sus inspiraciones son: el proyecto Campo Global, los aspectos inclusivos del modelo comunitario Camphill y la agricultura biodin\u00e1mica, as\u00ed como la educaci\u00f3n experiencial. <\/p>\n\n<div class=\"wp-block-columns is-layout-flex wp-container-core-columns-is-layout-28f84493 wp-block-columns-is-layout-flex\">\n<div class=\"wp-block-column is-layout-flow wp-block-column-is-layout-flow\">\n<figure class=\"wp-block-image size-large\"><img decoding=\"async\" width=\"1024\" height=\"680\" src=\"https:\/\/www.2000m2.eu\/wp-content\/uploads\/346de4c76c969127d9379024e1ff4b74ad2ffd5d-1024x680.jpg\" alt=\"Cinco personas sostienen arcilla en sus manos y construyen el horno para los talleres de cer&#xE1;mica.  \" class=\"wp-image-2489\" srcset=\"https:\/\/www.2000m2.eu\/wp-content\/uploads\/346de4c76c969127d9379024e1ff4b74ad2ffd5d-1024x680.jpg 1024w, https:\/\/www.2000m2.eu\/wp-content\/uploads\/346de4c76c969127d9379024e1ff4b74ad2ffd5d-300x199.jpg 300w, https:\/\/www.2000m2.eu\/wp-content\/uploads\/346de4c76c969127d9379024e1ff4b74ad2ffd5d-768x510.jpg 768w, https:\/\/www.2000m2.eu\/wp-content\/uploads\/346de4c76c969127d9379024e1ff4b74ad2ffd5d-1536x1020.jpg 1536w, https:\/\/www.2000m2.eu\/wp-content\/uploads\/346de4c76c969127d9379024e1ff4b74ad2ffd5d-450x300.jpg 450w, https:\/\/www.2000m2.eu\/wp-content\/uploads\/346de4c76c969127d9379024e1ff4b74ad2ffd5d.jpg 1600w\" sizes=\"(max-width: 1024px) 100vw, 1024px\" \/><figcaption class=\"wp-element-caption\">Taller de bioconstrucci\u00f3n, se est\u00e1 construyendo el horno (\u00a9Marcos Alves)<\/figcaption><\/figure>\n<\/div>\n\n\n\n<div class=\"wp-block-column is-layout-flow wp-block-column-is-layout-flow\">\n<figure class=\"wp-block-image size-large\"><img decoding=\"async\" width=\"1024\" height=\"680\" src=\"https:\/\/www.2000m2.eu\/wp-content\/uploads\/615fca466d8eafeadfa0628a84b3ab6110c2a313-1024x680.jpg\" alt=\"Un hombre cava en el Jardim C&#xF3;smico.  \" class=\"wp-image-2491\" srcset=\"https:\/\/www.2000m2.eu\/wp-content\/uploads\/615fca466d8eafeadfa0628a84b3ab6110c2a313-1024x680.jpg 1024w, https:\/\/www.2000m2.eu\/wp-content\/uploads\/615fca466d8eafeadfa0628a84b3ab6110c2a313-300x199.jpg 300w, https:\/\/www.2000m2.eu\/wp-content\/uploads\/615fca466d8eafeadfa0628a84b3ab6110c2a313-768x510.jpg 768w, https:\/\/www.2000m2.eu\/wp-content\/uploads\/615fca466d8eafeadfa0628a84b3ab6110c2a313-1536x1020.jpg 1536w, https:\/\/www.2000m2.eu\/wp-content\/uploads\/615fca466d8eafeadfa0628a84b3ab6110c2a313-450x300.jpg 450w, https:\/\/www.2000m2.eu\/wp-content\/uploads\/615fca466d8eafeadfa0628a84b3ab6110c2a313.jpg 1600w\" sizes=\"(max-width: 1024px) 100vw, 1024px\" \/><figcaption class=\"wp-element-caption\">Cada a\u00f1o, Patrick Timochenko planta una nueva hilera agroforestal <br\/>(\u00a9Amanda Morato\/Thiago Cruz)<\/figcaption><\/figure>\n<\/div>\n<\/div>\n\n<p>El proyecto se encuentra en la fase preliminar (2023-2025) y ya est\u00e1 asumiendo muchas responsabilidades en abril de 2023, 2024 y 2025. El equipo est\u00e1 organizando sus primeros encuentros &#8211; la primera, segunda y tercera <strong>semanas al aire libre &#8211;<\/strong> con jardiner\u00eda, acampada, cultura, m\u00fasica, filosof\u00eda, artesan\u00eda y educaci\u00f3n. El Jardim C\u00f3smico pretende ser una plataforma inclusiva de solidaridad y cocreatividad.   <\/p>\n\n<p>\u00bfQuieres visitar el proyecto, ayudar a darle forma o mostrar tu proyecto en la tercera semana al aire libre en 2025?<\/p>\n\n<p>\u00a1Ponte en contacto con nosotros! Todo es gratis y lo \u00fanico que te pedimos es que tengas paciencia y pasi\u00f3n por la jardiner\u00eda y la vida al aire libre. <\/p>\n\n<div class=\"wp-block-buttons is-content-justification-center is-layout-flex wp-container-core-buttons-is-layout-a89b3969 wp-block-buttons-is-layout-flex\">\n<div class=\"wp-block-button has-custom-width wp-block-button__width-50\"><a class=\"wp-block-button__link has-accent-background-color has-background wp-element-button\">M\u00e1s informaci\u00f3n sobre el Jardim C\u00f3smico<\/a><\/div>\n<\/div>\n\n<p><\/p>\n","protected":false},"excerpt":{"rendered":"<p>\u00bfEl Jardim C\u00f3smico va en camino de convertirse en un Campo Global? El Jardim C\u00f3smico est\u00e1 situado en el estado brasile\u00f1o de Minas Gerais, en la regi\u00f3n rural entre las ciudades de Divin\u00f3polis y Carmo do Cajuru. Se puede llegar al jard\u00edn en unos 30 minutos en transporte p\u00fablico desde la estaci\u00f3n de autobuses o&#8230;<\/p>\n","protected":false},"featured_media":13154,"parent":0,"menu_order":43,"template":"","tags":[],"countries":[252],"class_list":["post-13149","field","type-field","status-publish","has-post-thumbnail","hentry","countries-brasil"],"yoast_head":"<!-- This site is optimized with the Yoast SEO plugin v27.4 - https:\/\/yoast.com\/product\/yoast-seo-wordpress\/ -->\n<title>Divin\u00f3polis - 2000m2<\/title>\n<meta name=\"description\" content=\"\u00bfEl Jardim C\u00f3smico va en camino de convertirse en un Campo Global? El Jardim C\u00f3smico est\u00e1 situado en el estado brasile\u00f1o de Minas Gerais, en la regi\u00f3n\" \/>\n<meta name=\"robots\" content=\"index, follow, max-snippet:-1, max-image-preview:large, max-video-preview:-1\" \/>\n<link rel=\"canonical\" href=\"https:\/\/www.2000m2.eu\/es\/campos\/divinopolis-2\/\" \/>\n<meta property=\"og:locale\" content=\"es_ES\" \/>\n<meta property=\"og:type\" content=\"article\" \/>\n<meta property=\"og:title\" content=\"Divin\u00f3polis - 2000m2\" \/>\n<meta property=\"og:description\" content=\"\u00bfEl Jardim C\u00f3smico va en camino de convertirse en un Campo Global? El Jardim C\u00f3smico est\u00e1 situado en el estado brasile\u00f1o de Minas Gerais, en la regi\u00f3n\" \/>\n<meta property=\"og:url\" content=\"https:\/\/www.2000m2.eu\/es\/campos\/divinopolis-2\/\" \/>\n<meta property=\"og:site_name\" content=\"2000m2\" \/>\n<meta property=\"article:modified_time\" content=\"2025-11-28T20:26:11+00:00\" \/>\n<meta property=\"og:image\" content=\"https:\/\/www.2000m2.eu\/wp-content\/uploads\/615fca466d8eafeadfa0628a84b3ab6110c2a313.jpg\" \/>\n\t<meta property=\"og:image:width\" content=\"1600\" \/>\n\t<meta property=\"og:image:height\" content=\"1062\" \/>\n\t<meta property=\"og:image:type\" content=\"image\/jpeg\" \/>\n<meta name=\"twitter:card\" content=\"summary_large_image\" \/>\n<meta name=\"twitter:label1\" content=\"Tiempo de lectura\" \/>\n\t<meta name=\"twitter:data1\" content=\"3 minutos\" \/>\n<script type=\"application\/ld+json\" class=\"yoast-schema-graph\">{\"@context\":\"https:\\\/\\\/schema.org\",\"@graph\":[{\"@type\":\"WebPage\",\"@id\":\"https:\\\/\\\/www.2000m2.eu\\\/es\\\/campos\\\/divinopolis-2\\\/\",\"url\":\"https:\\\/\\\/www.2000m2.eu\\\/es\\\/campos\\\/divinopolis-2\\\/\",\"name\":\"Divin\u00f3polis - 2000m2\",\"isPartOf\":{\"@id\":\"https:\\\/\\\/www.2000m2.eu\\\/es\\\/#website\"},\"primaryImageOfPage\":{\"@id\":\"https:\\\/\\\/www.2000m2.eu\\\/es\\\/campos\\\/divinopolis-2\\\/#primaryimage\"},\"image\":{\"@id\":\"https:\\\/\\\/www.2000m2.eu\\\/es\\\/campos\\\/divinopolis-2\\\/#primaryimage\"},\"thumbnailUrl\":\"https:\\\/\\\/www.2000m2.eu\\\/wp-content\\\/uploads\\\/615fca466d8eafeadfa0628a84b3ab6110c2a313.jpg\",\"datePublished\":\"2024-11-21T20:15:44+00:00\",\"dateModified\":\"2025-11-28T20:26:11+00:00\",\"description\":\"\u00bfEl Jardim C\u00f3smico va en camino de convertirse en un Campo Global? El Jardim C\u00f3smico est\u00e1 situado en el estado brasile\u00f1o de Minas Gerais, en la regi\u00f3n\",\"breadcrumb\":{\"@id\":\"https:\\\/\\\/www.2000m2.eu\\\/es\\\/campos\\\/divinopolis-2\\\/#breadcrumb\"},\"inLanguage\":\"es\",\"potentialAction\":[{\"@type\":\"ReadAction\",\"target\":[\"https:\\\/\\\/www.2000m2.eu\\\/es\\\/campos\\\/divinopolis-2\\\/\"]}]},{\"@type\":\"ImageObject\",\"inLanguage\":\"es\",\"@id\":\"https:\\\/\\\/www.2000m2.eu\\\/es\\\/campos\\\/divinopolis-2\\\/#primaryimage\",\"url\":\"https:\\\/\\\/www.2000m2.eu\\\/wp-content\\\/uploads\\\/615fca466d8eafeadfa0628a84b3ab6110c2a313.jpg\",\"contentUrl\":\"https:\\\/\\\/www.2000m2.eu\\\/wp-content\\\/uploads\\\/615fca466d8eafeadfa0628a84b3ab6110c2a313.jpg\",\"width\":1600,\"height\":1062},{\"@type\":\"BreadcrumbList\",\"@id\":\"https:\\\/\\\/www.2000m2.eu\\\/es\\\/campos\\\/divinopolis-2\\\/#breadcrumb\",\"itemListElement\":[{\"@type\":\"ListItem\",\"position\":1,\"name\":\"Home\",\"item\":\"https:\\\/\\\/www.2000m2.eu\\\/es\\\/\"},{\"@type\":\"ListItem\",\"position\":2,\"name\":\"Fields\",\"item\":\"https:\\\/\\\/www.2000m2.eu\\\/es\\\/campos\\\/\"},{\"@type\":\"ListItem\",\"position\":3,\"name\":\"Divin\u00f3polis\"}]},{\"@type\":\"WebSite\",\"@id\":\"https:\\\/\\\/www.2000m2.eu\\\/es\\\/#website\",\"url\":\"https:\\\/\\\/www.2000m2.eu\\\/es\\\/\",\"name\":\"2000m2\",\"description\":\"\",\"publisher\":{\"@id\":\"https:\\\/\\\/www.2000m2.eu\\\/es\\\/#organization\"},\"potentialAction\":[{\"@type\":\"SearchAction\",\"target\":{\"@type\":\"EntryPoint\",\"urlTemplate\":\"https:\\\/\\\/www.2000m2.eu\\\/es\\\/?s={search_term_string}\"},\"query-input\":{\"@type\":\"PropertyValueSpecification\",\"valueRequired\":true,\"valueName\":\"search_term_string\"}}],\"inLanguage\":\"es\"},{\"@type\":\"Organization\",\"@id\":\"https:\\\/\\\/www.2000m2.eu\\\/es\\\/#organization\",\"name\":\"2000m2\",\"url\":\"https:\\\/\\\/www.2000m2.eu\\\/es\\\/\",\"logo\":{\"@type\":\"ImageObject\",\"inLanguage\":\"es\",\"@id\":\"https:\\\/\\\/www.2000m2.eu\\\/es\\\/#\\\/schema\\\/logo\\\/image\\\/\",\"url\":\"https:\\\/\\\/www.2000m2.eu\\\/wp-content\\\/uploads\\\/logo.png\",\"contentUrl\":\"https:\\\/\\\/www.2000m2.eu\\\/wp-content\\\/uploads\\\/logo.png\",\"width\":445,\"height\":140,\"caption\":\"2000m2\"},\"image\":{\"@id\":\"https:\\\/\\\/www.2000m2.eu\\\/es\\\/#\\\/schema\\\/logo\\\/image\\\/\"}}]}<\/script>\n<!-- \/ Yoast SEO plugin. -->","yoast_head_json":{"title":"Divin\u00f3polis - 2000m2","description":"\u00bfEl Jardim C\u00f3smico va en camino de convertirse en un Campo Global? El Jardim C\u00f3smico est\u00e1 situado en el estado brasile\u00f1o de Minas Gerais, en la regi\u00f3n","robots":{"index":"index","follow":"follow","max-snippet":"max-snippet:-1","max-image-preview":"max-image-preview:large","max-video-preview":"max-video-preview:-1"},"canonical":"https:\/\/www.2000m2.eu\/es\/campos\/divinopolis-2\/","og_locale":"es_ES","og_type":"article","og_title":"Divin\u00f3polis - 2000m2","og_description":"\u00bfEl Jardim C\u00f3smico va en camino de convertirse en un Campo Global? El Jardim C\u00f3smico est\u00e1 situado en el estado brasile\u00f1o de Minas Gerais, en la regi\u00f3n","og_url":"https:\/\/www.2000m2.eu\/es\/campos\/divinopolis-2\/","og_site_name":"2000m2","article_modified_time":"2025-11-28T20:26:11+00:00","og_image":[{"width":1600,"height":1062,"url":"https:\/\/www.2000m2.eu\/wp-content\/uploads\/615fca466d8eafeadfa0628a84b3ab6110c2a313.jpg","type":"image\/jpeg"}],"twitter_card":"summary_large_image","twitter_misc":{"Tiempo de lectura":"3 minutos"},"schema":{"@context":"https:\/\/schema.org","@graph":[{"@type":"WebPage","@id":"https:\/\/www.2000m2.eu\/es\/campos\/divinopolis-2\/","url":"https:\/\/www.2000m2.eu\/es\/campos\/divinopolis-2\/","name":"Divin\u00f3polis - 2000m2","isPartOf":{"@id":"https:\/\/www.2000m2.eu\/es\/#website"},"primaryImageOfPage":{"@id":"https:\/\/www.2000m2.eu\/es\/campos\/divinopolis-2\/#primaryimage"},"image":{"@id":"https:\/\/www.2000m2.eu\/es\/campos\/divinopolis-2\/#primaryimage"},"thumbnailUrl":"https:\/\/www.2000m2.eu\/wp-content\/uploads\/615fca466d8eafeadfa0628a84b3ab6110c2a313.jpg","datePublished":"2024-11-21T20:15:44+00:00","dateModified":"2025-11-28T20:26:11+00:00","description":"\u00bfEl Jardim C\u00f3smico va en camino de convertirse en un Campo Global? El Jardim C\u00f3smico est\u00e1 situado en el estado brasile\u00f1o de Minas Gerais, en la regi\u00f3n","breadcrumb":{"@id":"https:\/\/www.2000m2.eu\/es\/campos\/divinopolis-2\/#breadcrumb"},"inLanguage":"es","potentialAction":[{"@type":"ReadAction","target":["https:\/\/www.2000m2.eu\/es\/campos\/divinopolis-2\/"]}]},{"@type":"ImageObject","inLanguage":"es","@id":"https:\/\/www.2000m2.eu\/es\/campos\/divinopolis-2\/#primaryimage","url":"https:\/\/www.2000m2.eu\/wp-content\/uploads\/615fca466d8eafeadfa0628a84b3ab6110c2a313.jpg","contentUrl":"https:\/\/www.2000m2.eu\/wp-content\/uploads\/615fca466d8eafeadfa0628a84b3ab6110c2a313.jpg","width":1600,"height":1062},{"@type":"BreadcrumbList","@id":"https:\/\/www.2000m2.eu\/es\/campos\/divinopolis-2\/#breadcrumb","itemListElement":[{"@type":"ListItem","position":1,"name":"Home","item":"https:\/\/www.2000m2.eu\/es\/"},{"@type":"ListItem","position":2,"name":"Fields","item":"https:\/\/www.2000m2.eu\/es\/campos\/"},{"@type":"ListItem","position":3,"name":"Divin\u00f3polis"}]},{"@type":"WebSite","@id":"https:\/\/www.2000m2.eu\/es\/#website","url":"https:\/\/www.2000m2.eu\/es\/","name":"2000m2","description":"","publisher":{"@id":"https:\/\/www.2000m2.eu\/es\/#organization"},"potentialAction":[{"@type":"SearchAction","target":{"@type":"EntryPoint","urlTemplate":"https:\/\/www.2000m2.eu\/es\/?s={search_term_string}"},"query-input":{"@type":"PropertyValueSpecification","valueRequired":true,"valueName":"search_term_string"}}],"inLanguage":"es"},{"@type":"Organization","@id":"https:\/\/www.2000m2.eu\/es\/#organization","name":"2000m2","url":"https:\/\/www.2000m2.eu\/es\/","logo":{"@type":"ImageObject","inLanguage":"es","@id":"https:\/\/www.2000m2.eu\/es\/#\/schema\/logo\/image\/","url":"https:\/\/www.2000m2.eu\/wp-content\/uploads\/logo.png","contentUrl":"https:\/\/www.2000m2.eu\/wp-content\/uploads\/logo.png","width":445,"height":140,"caption":"2000m2"},"image":{"@id":"https:\/\/www.2000m2.eu\/es\/#\/schema\/logo\/image\/"}}]}},"_links":{"self":[{"href":"https:\/\/www.2000m2.eu\/es\/wp-json\/wp\/v2\/field\/13149","targetHints":{"allow":["GET"]}}],"collection":[{"href":"https:\/\/www.2000m2.eu\/es\/wp-json\/wp\/v2\/field"}],"about":[{"href":"https:\/\/www.2000m2.eu\/es\/wp-json\/wp\/v2\/types\/field"}],"wp:featuredmedia":[{"embeddable":true,"href":"https:\/\/www.2000m2.eu\/es\/wp-json\/wp\/v2\/media\/13154"}],"wp:attachment":[{"href":"https:\/\/www.2000m2.eu\/es\/wp-json\/wp\/v2\/media?parent=13149"}],"wp:term":[{"taxonomy":"post_tag","embeddable":true,"href":"https:\/\/www.2000m2.eu\/es\/wp-json\/wp\/v2\/tags?post=13149"},{"taxonomy":"countries","embeddable":true,"href":"https:\/\/www.2000m2.eu\/es\/wp-json\/wp\/v2\/countries?post=13149"}],"curies":[{"name":"wp","href":"https:\/\/api.w.org\/{rel}","templated":true}]}}