{"id":13416,"date":"2024-09-17T08:32:51","date_gmt":"2024-09-17T08:32:51","guid":{"rendered":"https:\/\/www.2000m2.eu\/topic\/agua\/"},"modified":"2025-11-28T21:48:33","modified_gmt":"2025-11-28T21:48:33","slug":"agua","status":"publish","type":"topic","link":"https:\/\/www.2000m2.eu\/es\/topic\/agua\/","title":{"rendered":"Agua"},"content":{"rendered":"\n<h1 class=\"wp-block-heading\">Nuestro elixir de vida<\/h1>\n\n\n\n<div class=\"wp-block-columns is-layout-flex wp-container-core-columns-is-layout-28f84493 wp-block-columns-is-layout-flex\">\n<div class=\"wp-block-column is-layout-flow wp-block-column-is-layout-flow\">\n<figure class=\"wp-block-image size-full\"><img decoding=\"async\" width=\"1920\" height=\"1920\" src=\"https:\/\/www.2000m2.eu\/wp-content\/uploads\/Spanisch_grafiken_Website-Kopie9.jpg\" alt=\"Se ilustra el ciclo del agua. Desde la evaporaci\u00f3n y la estela, hasta la precipitaci\u00f3n, la infiltraci\u00f3n y el flujo de retorno de las aguas subterr\u00e1neas.   \" class=\"wp-image-24925\" srcset=\"https:\/\/www.2000m2.eu\/wp-content\/uploads\/Spanisch_grafiken_Website-Kopie9.jpg 1920w, https:\/\/www.2000m2.eu\/wp-content\/uploads\/Spanisch_grafiken_Website-Kopie9-300x300.jpg 300w, https:\/\/www.2000m2.eu\/wp-content\/uploads\/Spanisch_grafiken_Website-Kopie9-1024x1024.jpg 1024w, https:\/\/www.2000m2.eu\/wp-content\/uploads\/Spanisch_grafiken_Website-Kopie9-768x768.jpg 768w, https:\/\/www.2000m2.eu\/wp-content\/uploads\/Spanisch_grafiken_Website-Kopie9-1536x1536.jpg 1536w\" sizes=\"(max-width: 1920px) 100vw, 1920px\" \/><\/figure>\n<\/div>\n\n\n\n<div class=\"wp-block-column is-layout-flow wp-block-column-is-layout-flow\">\n<h3 class=\"wp-block-heading\">\u00bfNos estamos quedando sin agua?<\/h3>\n\n\n\n<p>El agua de nuestro planeta azul forma parte de un enorme ciclo natural, en los oc\u00e9anos, las nubes, el hielo, las masas de agua, los \u00e1rboles y todos los dem\u00e1s organismos, en el suelo y en el aire, por lo que no perdemos ni una gota. Sin embargo, debemos adaptar su uso a las respectivas condiciones regionales y locales y a sus cambios, para utilizar y almacenar las cantidades disponibles de agua de forma eficaz, cuidadosa y justa, y ponerla a disposici\u00f3n del mayor n\u00famero posible de organismos en los ciclos locales. La extracci\u00f3n de aguas subterr\u00e1neas y superficiales ha aumentado r\u00e1pidamente en las \u00faltimas d\u00e9cadas. La agricultura representa el 70% de estas extracciones. En muchas regiones se est\u00e1n agotando importantes dep\u00f3sitos de aguas subterr\u00e1neas y se est\u00e1n secando lagos y r\u00edos.    <\/p>\n\n\n\n<p>El uso de fertilizantes, pesticidas, productos qu\u00edmicos y medicamentos, as\u00ed como las aguas residuales no tratadas de la industria y los hogares, est\u00e1n haciendo que cada vez m\u00e1s aguas superficiales y subterr\u00e1neas sean inutilizables o incluso t\u00f3xicas. \u00a1M\u00e1s de una cuarta parte de la humanidad no tiene acceso seguro al agua potable! <\/p>\n\n\n\n<p>Para contrarrestar estos problemas, la utilizaci\u00f3n del agua debe adaptarse al ciclo natural y las cantidades de agua disponibles en la regi\u00f3n deben utilizarse de forma eficaz, cuidadosa y justa. La palanca m\u00e1s importante para el uso sostenible es utilizar y almacenar el agua de lluvia de forma m\u00e1s eficaz. <\/p>\n<\/div>\n<\/div>\n","protected":false},"excerpt":{"rendered":"<p>Nuestro elixir de vida \u00bfNos estamos quedando sin agua? El agua de nuestro planeta azul forma parte de un enorme ciclo natural, en los oc\u00e9anos, las nubes, el hielo, las masas de agua, los \u00e1rboles y todos los dem\u00e1s organismos, en el suelo y en el aire, por lo que no perdemos ni una gota&#8230;.<\/p>\n","protected":false},"featured_media":24925,"parent":0,"menu_order":90,"template":"","tags":[],"class_list":["post-13416","topic","type-topic","status-publish","has-post-thumbnail","hentry"],"yoast_head":"<!-- This site is optimized with the Yoast SEO plugin v27.4 - https:\/\/yoast.com\/product\/yoast-seo-wordpress\/ -->\n<title>Agua - 2000m2<\/title>\n<meta name=\"description\" content=\"Nuestro elixir de vida \u00bfNos estamos quedando sin agua? El agua de nuestro planeta azul forma parte de un enorme ciclo natural, en los oc\u00e9anos, las nubes,\" \/>\n<meta name=\"robots\" content=\"index, follow, max-snippet:-1, max-image-preview:large, max-video-preview:-1\" \/>\n<link rel=\"canonical\" href=\"https:\/\/www.2000m2.eu\/es\/topic\/agua\/\" \/>\n<meta property=\"og:locale\" content=\"es_ES\" \/>\n<meta property=\"og:type\" content=\"article\" \/>\n<meta property=\"og:title\" content=\"Agua - 2000m2\" \/>\n<meta property=\"og:description\" content=\"Nuestro elixir de vida \u00bfNos estamos quedando sin agua? El agua de nuestro planeta azul forma parte de un enorme ciclo natural, en los oc\u00e9anos, las nubes,\" \/>\n<meta property=\"og:url\" content=\"https:\/\/www.2000m2.eu\/es\/topic\/agua\/\" \/>\n<meta property=\"og:site_name\" content=\"2000m2\" \/>\n<meta property=\"article:modified_time\" content=\"2025-11-28T21:48:33+00:00\" \/>\n<meta property=\"og:image\" content=\"https:\/\/www.2000m2.eu\/wp-content\/uploads\/Spanisch_grafiken_Website-Kopie9.jpg\" \/>\n\t<meta property=\"og:image:width\" content=\"1920\" \/>\n\t<meta property=\"og:image:height\" content=\"1920\" \/>\n\t<meta property=\"og:image:type\" content=\"image\/jpeg\" \/>\n<meta name=\"twitter:card\" content=\"summary_large_image\" \/>\n<meta name=\"twitter:label1\" content=\"Tiempo de lectura\" \/>\n\t<meta name=\"twitter:data1\" content=\"2 minutos\" \/>\n<script type=\"application\/ld+json\" class=\"yoast-schema-graph\">{\"@context\":\"https:\\\/\\\/schema.org\",\"@graph\":[{\"@type\":\"WebPage\",\"@id\":\"https:\\\/\\\/www.2000m2.eu\\\/es\\\/topic\\\/agua\\\/\",\"url\":\"https:\\\/\\\/www.2000m2.eu\\\/es\\\/topic\\\/agua\\\/\",\"name\":\"Agua - 2000m2\",\"isPartOf\":{\"@id\":\"https:\\\/\\\/www.2000m2.eu\\\/es\\\/#website\"},\"primaryImageOfPage\":{\"@id\":\"https:\\\/\\\/www.2000m2.eu\\\/es\\\/topic\\\/agua\\\/#primaryimage\"},\"image\":{\"@id\":\"https:\\\/\\\/www.2000m2.eu\\\/es\\\/topic\\\/agua\\\/#primaryimage\"},\"thumbnailUrl\":\"https:\\\/\\\/www.2000m2.eu\\\/wp-content\\\/uploads\\\/Spanisch_grafiken_Website-Kopie9.jpg\",\"datePublished\":\"2024-09-17T08:32:51+00:00\",\"dateModified\":\"2025-11-28T21:48:33+00:00\",\"description\":\"Nuestro elixir de vida \u00bfNos estamos quedando sin agua? El agua de nuestro planeta azul forma parte de un enorme ciclo natural, en los oc\u00e9anos, las nubes,\",\"breadcrumb\":{\"@id\":\"https:\\\/\\\/www.2000m2.eu\\\/es\\\/topic\\\/agua\\\/#breadcrumb\"},\"inLanguage\":\"es\",\"potentialAction\":[{\"@type\":\"ReadAction\",\"target\":[\"https:\\\/\\\/www.2000m2.eu\\\/es\\\/topic\\\/agua\\\/\"]}]},{\"@type\":\"ImageObject\",\"inLanguage\":\"es\",\"@id\":\"https:\\\/\\\/www.2000m2.eu\\\/es\\\/topic\\\/agua\\\/#primaryimage\",\"url\":\"https:\\\/\\\/www.2000m2.eu\\\/wp-content\\\/uploads\\\/Spanisch_grafiken_Website-Kopie9.jpg\",\"contentUrl\":\"https:\\\/\\\/www.2000m2.eu\\\/wp-content\\\/uploads\\\/Spanisch_grafiken_Website-Kopie9.jpg\",\"width\":1920,\"height\":1920,\"caption\":\"Se ilustra el ciclo del agua. Desde la evaporaci\u00f3n y la estela, hasta la precipitaci\u00f3n, la infiltraci\u00f3n y el flujo de retorno de las aguas subterr\u00e1neas.\"},{\"@type\":\"BreadcrumbList\",\"@id\":\"https:\\\/\\\/www.2000m2.eu\\\/es\\\/topic\\\/agua\\\/#breadcrumb\",\"itemListElement\":[{\"@type\":\"ListItem\",\"position\":1,\"name\":\"Home\",\"item\":\"https:\\\/\\\/www.2000m2.eu\\\/es\\\/\"},{\"@type\":\"ListItem\",\"position\":2,\"name\":\"Topics\",\"item\":\"https:\\\/\\\/www.2000m2.eu\\\/es\\\/topic\\\/\"},{\"@type\":\"ListItem\",\"position\":3,\"name\":\"Agua\"}]},{\"@type\":\"WebSite\",\"@id\":\"https:\\\/\\\/www.2000m2.eu\\\/es\\\/#website\",\"url\":\"https:\\\/\\\/www.2000m2.eu\\\/es\\\/\",\"name\":\"2000m2\",\"description\":\"\",\"publisher\":{\"@id\":\"https:\\\/\\\/www.2000m2.eu\\\/es\\\/#organization\"},\"potentialAction\":[{\"@type\":\"SearchAction\",\"target\":{\"@type\":\"EntryPoint\",\"urlTemplate\":\"https:\\\/\\\/www.2000m2.eu\\\/es\\\/?s={search_term_string}\"},\"query-input\":{\"@type\":\"PropertyValueSpecification\",\"valueRequired\":true,\"valueName\":\"search_term_string\"}}],\"inLanguage\":\"es\"},{\"@type\":\"Organization\",\"@id\":\"https:\\\/\\\/www.2000m2.eu\\\/es\\\/#organization\",\"name\":\"2000m2\",\"url\":\"https:\\\/\\\/www.2000m2.eu\\\/es\\\/\",\"logo\":{\"@type\":\"ImageObject\",\"inLanguage\":\"es\",\"@id\":\"https:\\\/\\\/www.2000m2.eu\\\/es\\\/#\\\/schema\\\/logo\\\/image\\\/\",\"url\":\"https:\\\/\\\/www.2000m2.eu\\\/wp-content\\\/uploads\\\/logo.png\",\"contentUrl\":\"https:\\\/\\\/www.2000m2.eu\\\/wp-content\\\/uploads\\\/logo.png\",\"width\":445,\"height\":140,\"caption\":\"2000m2\"},\"image\":{\"@id\":\"https:\\\/\\\/www.2000m2.eu\\\/es\\\/#\\\/schema\\\/logo\\\/image\\\/\"}}]}<\/script>\n<!-- \/ Yoast SEO plugin. -->","yoast_head_json":{"title":"Agua - 2000m2","description":"Nuestro elixir de vida \u00bfNos estamos quedando sin agua? El agua de nuestro planeta azul forma parte de un enorme ciclo natural, en los oc\u00e9anos, las nubes,","robots":{"index":"index","follow":"follow","max-snippet":"max-snippet:-1","max-image-preview":"max-image-preview:large","max-video-preview":"max-video-preview:-1"},"canonical":"https:\/\/www.2000m2.eu\/es\/topic\/agua\/","og_locale":"es_ES","og_type":"article","og_title":"Agua - 2000m2","og_description":"Nuestro elixir de vida \u00bfNos estamos quedando sin agua? El agua de nuestro planeta azul forma parte de un enorme ciclo natural, en los oc\u00e9anos, las nubes,","og_url":"https:\/\/www.2000m2.eu\/es\/topic\/agua\/","og_site_name":"2000m2","article_modified_time":"2025-11-28T21:48:33+00:00","og_image":[{"width":1920,"height":1920,"url":"https:\/\/www.2000m2.eu\/wp-content\/uploads\/Spanisch_grafiken_Website-Kopie9.jpg","type":"image\/jpeg"}],"twitter_card":"summary_large_image","twitter_misc":{"Tiempo de lectura":"2 minutos"},"schema":{"@context":"https:\/\/schema.org","@graph":[{"@type":"WebPage","@id":"https:\/\/www.2000m2.eu\/es\/topic\/agua\/","url":"https:\/\/www.2000m2.eu\/es\/topic\/agua\/","name":"Agua - 2000m2","isPartOf":{"@id":"https:\/\/www.2000m2.eu\/es\/#website"},"primaryImageOfPage":{"@id":"https:\/\/www.2000m2.eu\/es\/topic\/agua\/#primaryimage"},"image":{"@id":"https:\/\/www.2000m2.eu\/es\/topic\/agua\/#primaryimage"},"thumbnailUrl":"https:\/\/www.2000m2.eu\/wp-content\/uploads\/Spanisch_grafiken_Website-Kopie9.jpg","datePublished":"2024-09-17T08:32:51+00:00","dateModified":"2025-11-28T21:48:33+00:00","description":"Nuestro elixir de vida \u00bfNos estamos quedando sin agua? El agua de nuestro planeta azul forma parte de un enorme ciclo natural, en los oc\u00e9anos, las nubes,","breadcrumb":{"@id":"https:\/\/www.2000m2.eu\/es\/topic\/agua\/#breadcrumb"},"inLanguage":"es","potentialAction":[{"@type":"ReadAction","target":["https:\/\/www.2000m2.eu\/es\/topic\/agua\/"]}]},{"@type":"ImageObject","inLanguage":"es","@id":"https:\/\/www.2000m2.eu\/es\/topic\/agua\/#primaryimage","url":"https:\/\/www.2000m2.eu\/wp-content\/uploads\/Spanisch_grafiken_Website-Kopie9.jpg","contentUrl":"https:\/\/www.2000m2.eu\/wp-content\/uploads\/Spanisch_grafiken_Website-Kopie9.jpg","width":1920,"height":1920,"caption":"Se ilustra el ciclo del agua. Desde la evaporaci\u00f3n y la estela, hasta la precipitaci\u00f3n, la infiltraci\u00f3n y el flujo de retorno de las aguas subterr\u00e1neas."},{"@type":"BreadcrumbList","@id":"https:\/\/www.2000m2.eu\/es\/topic\/agua\/#breadcrumb","itemListElement":[{"@type":"ListItem","position":1,"name":"Home","item":"https:\/\/www.2000m2.eu\/es\/"},{"@type":"ListItem","position":2,"name":"Topics","item":"https:\/\/www.2000m2.eu\/es\/topic\/"},{"@type":"ListItem","position":3,"name":"Agua"}]},{"@type":"WebSite","@id":"https:\/\/www.2000m2.eu\/es\/#website","url":"https:\/\/www.2000m2.eu\/es\/","name":"2000m2","description":"","publisher":{"@id":"https:\/\/www.2000m2.eu\/es\/#organization"},"potentialAction":[{"@type":"SearchAction","target":{"@type":"EntryPoint","urlTemplate":"https:\/\/www.2000m2.eu\/es\/?s={search_term_string}"},"query-input":{"@type":"PropertyValueSpecification","valueRequired":true,"valueName":"search_term_string"}}],"inLanguage":"es"},{"@type":"Organization","@id":"https:\/\/www.2000m2.eu\/es\/#organization","name":"2000m2","url":"https:\/\/www.2000m2.eu\/es\/","logo":{"@type":"ImageObject","inLanguage":"es","@id":"https:\/\/www.2000m2.eu\/es\/#\/schema\/logo\/image\/","url":"https:\/\/www.2000m2.eu\/wp-content\/uploads\/logo.png","contentUrl":"https:\/\/www.2000m2.eu\/wp-content\/uploads\/logo.png","width":445,"height":140,"caption":"2000m2"},"image":{"@id":"https:\/\/www.2000m2.eu\/es\/#\/schema\/logo\/image\/"}}]}},"_links":{"self":[{"href":"https:\/\/www.2000m2.eu\/es\/wp-json\/wp\/v2\/topic\/13416","targetHints":{"allow":["GET"]}}],"collection":[{"href":"https:\/\/www.2000m2.eu\/es\/wp-json\/wp\/v2\/topic"}],"about":[{"href":"https:\/\/www.2000m2.eu\/es\/wp-json\/wp\/v2\/types\/topic"}],"wp:featuredmedia":[{"embeddable":true,"href":"https:\/\/www.2000m2.eu\/es\/wp-json\/wp\/v2\/media\/24925"}],"wp:attachment":[{"href":"https:\/\/www.2000m2.eu\/es\/wp-json\/wp\/v2\/media?parent=13416"}],"wp:term":[{"taxonomy":"post_tag","embeddable":true,"href":"https:\/\/www.2000m2.eu\/es\/wp-json\/wp\/v2\/tags?post=13416"}],"curies":[{"name":"wp","href":"https:\/\/api.w.org\/{rel}","templated":true}]}}