{"id":7622,"date":"2024-09-10T07:48:45","date_gmt":"2024-09-10T07:48:45","guid":{"rendered":"https:\/\/www.2000m2.eu\/a-propos-de-nous\/coordination-internationale\/"},"modified":"2025-04-16T21:24:34","modified_gmt":"2025-04-16T21:24:34","slug":"coordination-internationale","status":"publish","type":"page","link":"https:\/\/www.2000m2.eu\/fr\/a-propos-de-nous\/coordination-internationale\/","title":{"rendered":"Coordination internationale"},"content":{"rendered":"\n<h1 class=\"wp-block-heading\">Bureau de coordination du mouvement des Champs du Monde.<\/h1>\n\n<p>Le premier Champ du Monde a \u00e9t\u00e9 lanc\u00e9 en 2013 par <a href=\"https:\/\/www.saveourseeds.org\/\">Save our Seeds<\/a>, le bureau berlinois de Zukunftsstiftung Landwirtschaft au sein de GLS Treuhand e.V.. Notre objectif est de rendre les messages essentiels du <a href=\"https:\/\/www.weltagrarbericht.de\/\">Rapport sur l&rsquo;agriculture mondiale<\/a> compr\u00e9hensibles pour tous et de les diffuser dans le monde entier. Pour ce faire, un Champ du Monde raporte les interactions de l&rsquo;agriculture mondiale \u00e0 une \u00e9chelle humaine, tangible et perceptible par les sens.  <\/p>\n\n<p>Apr\u00e8s dix ans de travail \u00e9ducatif r\u00e9ussi avec succ\u00e8s, le Champ du Monde de Berlin s&rsquo;est s\u00e9par\u00e9 en 2024 de Zukunftsstiftung Landwirtschaft en tant qu&rsquo;association ind\u00e9pendante. Depuis lors, nous coordonnons exclusivement le mouvement international des Champs du Monde qui s&rsquo;est d\u00e9velopp\u00e9 au fil des ann\u00e9es. <\/p>\n\n<p>Nos objectifs sont de promouvoir les \u00e9changes entre les projets locaux Weltacker, de diffuser nos messages dans le monde entier, d&rsquo;organiser de mani\u00e8re centralis\u00e9e le travail de base pour tous les world labels, de donner de nouvelles impulsions en mati\u00e8re d&rsquo;\u00e9ducation et de soutenir de nouvelles initiatives dans la cr\u00e9ation de leur world labels. C&rsquo;est ce \u00e0 quoi s&#8217;emploie notre petite \u00e9quipe \u00e0 Berlin. <\/p>\n\n<p><\/p>\n\n<h2 class=\"wp-block-heading has-text-align-center\">Notre \u00e9quipe<\/h2>\n\n<div class=\"wp-block-columns is-layout-flex wp-container-core-columns-is-layout-28f84493 wp-block-columns-is-layout-flex\">\n<div class=\"wp-block-column is-layout-flow wp-block-column-is-layout-flow\"><div class=\"wp-block-image is-style-rounded\">\n<figure class=\"aligncenter size-large is-resized\"><img decoding=\"async\" width=\"1024\" height=\"682\" src=\"https:\/\/www.2000m2.eu\/wp-content\/uploads\/Jasper-Jordan_Volker-Gehrmann-1-1024x682.jpg\" alt=\"Photo de Jasper jordan\" class=\"wp-image-3671\" style=\"object-fit:cover;width:204px;height:204px\" srcset=\"https:\/\/www.2000m2.eu\/wp-content\/uploads\/Jasper-Jordan_Volker-Gehrmann-1-1024x682.jpg 1024w, https:\/\/www.2000m2.eu\/wp-content\/uploads\/Jasper-Jordan_Volker-Gehrmann-1-300x200.jpg 300w, https:\/\/www.2000m2.eu\/wp-content\/uploads\/Jasper-Jordan_Volker-Gehrmann-1-768x512.jpg 768w, https:\/\/www.2000m2.eu\/wp-content\/uploads\/Jasper-Jordan_Volker-Gehrmann-1-450x300.jpg 450w, https:\/\/www.2000m2.eu\/wp-content\/uploads\/Jasper-Jordan_Volker-Gehrmann-1.jpg 1280w\" sizes=\"(max-width: 1024px) 100vw, 1024px\" \/><\/figure>\n<\/div>\n\n\n<p class=\"has-text-align-center\">Jasper Jordan<br\/>Coordinateur &amp; chef de projet<br\/><a href=\"mailto:jordan@2000m2.eu\">E-mail<\/a><br\/><\/p>\n<\/div>\n\n\n\n<div class=\"wp-block-column is-layout-flow wp-block-column-is-layout-flow\"><div class=\"wp-block-image is-style-rounded\">\n<figure class=\"aligncenter size-full is-resized\"><img decoding=\"async\" width=\"1232\" height=\"1514\" src=\"https:\/\/www.2000m2.eu\/wp-content\/uploads\/Benny_Weltacker_Juli24_Axel_svehla-min.jpg\" alt=\"Image de Benedikt Haerlin\" class=\"wp-image-2809\" style=\"object-fit:cover;width:204px;height:204px\" srcset=\"https:\/\/www.2000m2.eu\/wp-content\/uploads\/Benny_Weltacker_Juli24_Axel_svehla-min.jpg 1232w, https:\/\/www.2000m2.eu\/wp-content\/uploads\/Benny_Weltacker_Juli24_Axel_svehla-min-244x300.jpg 244w, https:\/\/www.2000m2.eu\/wp-content\/uploads\/Benny_Weltacker_Juli24_Axel_svehla-min-833x1024.jpg 833w, https:\/\/www.2000m2.eu\/wp-content\/uploads\/Benny_Weltacker_Juli24_Axel_svehla-min-768x944.jpg 768w\" sizes=\"(max-width: 1232px) 100vw, 1232px\" \/><\/figure>\n<\/div>\n\n\n<p class=\"has-text-align-center\">Benedikt Haerlin<br\/>Chef de bureau &amp; Fondateur des Champs du Monde<br\/><a href=\"mailto:haerlin@zs-l.de\">E-mail<\/a><\/p>\n<\/div>\n<\/div>\n\n<p><\/p>\n","protected":false},"excerpt":{"rendered":"<p>Bureau de coordination du mouvement des Champs du Monde. Le premier Champ du Monde a \u00e9t\u00e9 lanc\u00e9 en 2013 par Save our Seeds, le bureau berlinois de Zukunftsstiftung Landwirtschaft au sein de GLS Treuhand e.V.. Notre objectif est de rendre les messages essentiels du Rapport sur l&rsquo;agriculture mondiale compr\u00e9hensibles pour tous et de les diffuser&#8230;<\/p>\n","protected":false},"author":1,"featured_media":7625,"parent":7592,"menu_order":10,"comment_status":"closed","ping_status":"closed","template":"","meta":{"footnotes":""},"class_list":["post-7622","page","type-page","status-publish","has-post-thumbnail"],"yoast_head":"<!-- This site is optimized with the Yoast SEO plugin v27.4 - https:\/\/yoast.com\/product\/yoast-seo-wordpress\/ -->\n<title>Coordination internationale - 2000m2<\/title>\n<meta name=\"robots\" content=\"index, follow, max-snippet:-1, max-image-preview:large, max-video-preview:-1\" \/>\n<link rel=\"canonical\" href=\"https:\/\/www.2000m2.eu\/fr\/a-propos-de-nous\/coordination-internationale\/\" \/>\n<meta property=\"og:locale\" content=\"fr_FR\" \/>\n<meta property=\"og:type\" content=\"article\" \/>\n<meta property=\"og:title\" content=\"Coordination internationale - 2000m2\" \/>\n<meta property=\"og:description\" content=\"Bureau de coordination du mouvement des Champs du Monde. Le premier Champ du Monde a \u00e9t\u00e9 lanc\u00e9 en 2013 par Save our Seeds, le bureau berlinois de Zukunftsstiftung Landwirtschaft au sein de GLS Treuhand e.V.. Notre objectif est de rendre les messages essentiels du Rapport sur l&rsquo;agriculture mondiale compr\u00e9hensibles pour tous et de les diffuser...\" \/>\n<meta property=\"og:url\" content=\"https:\/\/www.2000m2.eu\/fr\/a-propos-de-nous\/coordination-internationale\/\" \/>\n<meta property=\"og:site_name\" content=\"2000m2\" \/>\n<meta property=\"article:modified_time\" content=\"2025-04-16T21:24:34+00:00\" \/>\n<meta property=\"og:image\" content=\"https:\/\/www.2000m2.eu\/wp-content\/uploads\/Featured_Images_Koordination.jpg\" \/>\n\t<meta property=\"og:image:width\" content=\"1800\" \/>\n\t<meta property=\"og:image:height\" content=\"180\" \/>\n\t<meta property=\"og:image:type\" content=\"image\/jpeg\" \/>\n<meta name=\"twitter:card\" content=\"summary_large_image\" \/>\n<meta name=\"twitter:label1\" content=\"Dur\u00e9e de lecture estim\u00e9e\" \/>\n\t<meta name=\"twitter:data1\" content=\"1 minute\" \/>\n<script type=\"application\/ld+json\" class=\"yoast-schema-graph\">{\"@context\":\"https:\\\/\\\/schema.org\",\"@graph\":[{\"@type\":\"WebPage\",\"@id\":\"https:\\\/\\\/www.2000m2.eu\\\/fr\\\/a-propos-de-nous\\\/coordination-internationale\\\/\",\"url\":\"https:\\\/\\\/www.2000m2.eu\\\/fr\\\/a-propos-de-nous\\\/coordination-internationale\\\/\",\"name\":\"Coordination internationale - 2000m2\",\"isPartOf\":{\"@id\":\"https:\\\/\\\/www.2000m2.eu\\\/fr\\\/#website\"},\"primaryImageOfPage\":{\"@id\":\"https:\\\/\\\/www.2000m2.eu\\\/fr\\\/a-propos-de-nous\\\/coordination-internationale\\\/#primaryimage\"},\"image\":{\"@id\":\"https:\\\/\\\/www.2000m2.eu\\\/fr\\\/a-propos-de-nous\\\/coordination-internationale\\\/#primaryimage\"},\"thumbnailUrl\":\"https:\\\/\\\/www.2000m2.eu\\\/wp-content\\\/uploads\\\/Featured_Images_Koordination.jpg\",\"datePublished\":\"2024-09-10T07:48:45+00:00\",\"dateModified\":\"2025-04-16T21:24:34+00:00\",\"breadcrumb\":{\"@id\":\"https:\\\/\\\/www.2000m2.eu\\\/fr\\\/a-propos-de-nous\\\/coordination-internationale\\\/#breadcrumb\"},\"inLanguage\":\"fr-FR\",\"potentialAction\":[{\"@type\":\"ReadAction\",\"target\":[\"https:\\\/\\\/www.2000m2.eu\\\/fr\\\/a-propos-de-nous\\\/coordination-internationale\\\/\"]}]},{\"@type\":\"ImageObject\",\"inLanguage\":\"fr-FR\",\"@id\":\"https:\\\/\\\/www.2000m2.eu\\\/fr\\\/a-propos-de-nous\\\/coordination-internationale\\\/#primaryimage\",\"url\":\"https:\\\/\\\/www.2000m2.eu\\\/wp-content\\\/uploads\\\/Featured_Images_Koordination.jpg\",\"contentUrl\":\"https:\\\/\\\/www.2000m2.eu\\\/wp-content\\\/uploads\\\/Featured_Images_Koordination.jpg\",\"width\":1800,\"height\":180},{\"@type\":\"BreadcrumbList\",\"@id\":\"https:\\\/\\\/www.2000m2.eu\\\/fr\\\/a-propos-de-nous\\\/coordination-internationale\\\/#breadcrumb\",\"itemListElement\":[{\"@type\":\"ListItem\",\"position\":1,\"name\":\"Home\",\"item\":\"https:\\\/\\\/www.2000m2.eu\\\/fr\\\/\"},{\"@type\":\"ListItem\",\"position\":2,\"name\":\"\u00c0 propos de nous\",\"item\":\"https:\\\/\\\/www.2000m2.eu\\\/fr\\\/a-propos-de-nous\\\/\"},{\"@type\":\"ListItem\",\"position\":3,\"name\":\"Coordination internationale\"}]},{\"@type\":\"WebSite\",\"@id\":\"https:\\\/\\\/www.2000m2.eu\\\/fr\\\/#website\",\"url\":\"https:\\\/\\\/www.2000m2.eu\\\/fr\\\/\",\"name\":\"2000m2\",\"description\":\"\",\"publisher\":{\"@id\":\"https:\\\/\\\/www.2000m2.eu\\\/fr\\\/#organization\"},\"potentialAction\":[{\"@type\":\"SearchAction\",\"target\":{\"@type\":\"EntryPoint\",\"urlTemplate\":\"https:\\\/\\\/www.2000m2.eu\\\/fr\\\/?s={search_term_string}\"},\"query-input\":{\"@type\":\"PropertyValueSpecification\",\"valueRequired\":true,\"valueName\":\"search_term_string\"}}],\"inLanguage\":\"fr-FR\"},{\"@type\":\"Organization\",\"@id\":\"https:\\\/\\\/www.2000m2.eu\\\/fr\\\/#organization\",\"name\":\"2000m2\",\"url\":\"https:\\\/\\\/www.2000m2.eu\\\/fr\\\/\",\"logo\":{\"@type\":\"ImageObject\",\"inLanguage\":\"fr-FR\",\"@id\":\"https:\\\/\\\/www.2000m2.eu\\\/fr\\\/#\\\/schema\\\/logo\\\/image\\\/\",\"url\":\"https:\\\/\\\/www.2000m2.eu\\\/wp-content\\\/uploads\\\/logo.png\",\"contentUrl\":\"https:\\\/\\\/www.2000m2.eu\\\/wp-content\\\/uploads\\\/logo.png\",\"width\":445,\"height\":140,\"caption\":\"2000m2\"},\"image\":{\"@id\":\"https:\\\/\\\/www.2000m2.eu\\\/fr\\\/#\\\/schema\\\/logo\\\/image\\\/\"}}]}<\/script>\n<!-- \/ Yoast SEO plugin. -->","yoast_head_json":{"title":"Coordination internationale - 2000m2","robots":{"index":"index","follow":"follow","max-snippet":"max-snippet:-1","max-image-preview":"max-image-preview:large","max-video-preview":"max-video-preview:-1"},"canonical":"https:\/\/www.2000m2.eu\/fr\/a-propos-de-nous\/coordination-internationale\/","og_locale":"fr_FR","og_type":"article","og_title":"Coordination internationale - 2000m2","og_description":"Bureau de coordination du mouvement des Champs du Monde. Le premier Champ du Monde a \u00e9t\u00e9 lanc\u00e9 en 2013 par Save our Seeds, le bureau berlinois de Zukunftsstiftung Landwirtschaft au sein de GLS Treuhand e.V.. Notre objectif est de rendre les messages essentiels du Rapport sur l&rsquo;agriculture mondiale compr\u00e9hensibles pour tous et de les diffuser...","og_url":"https:\/\/www.2000m2.eu\/fr\/a-propos-de-nous\/coordination-internationale\/","og_site_name":"2000m2","article_modified_time":"2025-04-16T21:24:34+00:00","og_image":[{"width":1800,"height":180,"url":"https:\/\/www.2000m2.eu\/wp-content\/uploads\/Featured_Images_Koordination.jpg","type":"image\/jpeg"}],"twitter_card":"summary_large_image","twitter_misc":{"Dur\u00e9e de lecture estim\u00e9e":"1 minute"},"schema":{"@context":"https:\/\/schema.org","@graph":[{"@type":"WebPage","@id":"https:\/\/www.2000m2.eu\/fr\/a-propos-de-nous\/coordination-internationale\/","url":"https:\/\/www.2000m2.eu\/fr\/a-propos-de-nous\/coordination-internationale\/","name":"Coordination internationale - 2000m2","isPartOf":{"@id":"https:\/\/www.2000m2.eu\/fr\/#website"},"primaryImageOfPage":{"@id":"https:\/\/www.2000m2.eu\/fr\/a-propos-de-nous\/coordination-internationale\/#primaryimage"},"image":{"@id":"https:\/\/www.2000m2.eu\/fr\/a-propos-de-nous\/coordination-internationale\/#primaryimage"},"thumbnailUrl":"https:\/\/www.2000m2.eu\/wp-content\/uploads\/Featured_Images_Koordination.jpg","datePublished":"2024-09-10T07:48:45+00:00","dateModified":"2025-04-16T21:24:34+00:00","breadcrumb":{"@id":"https:\/\/www.2000m2.eu\/fr\/a-propos-de-nous\/coordination-internationale\/#breadcrumb"},"inLanguage":"fr-FR","potentialAction":[{"@type":"ReadAction","target":["https:\/\/www.2000m2.eu\/fr\/a-propos-de-nous\/coordination-internationale\/"]}]},{"@type":"ImageObject","inLanguage":"fr-FR","@id":"https:\/\/www.2000m2.eu\/fr\/a-propos-de-nous\/coordination-internationale\/#primaryimage","url":"https:\/\/www.2000m2.eu\/wp-content\/uploads\/Featured_Images_Koordination.jpg","contentUrl":"https:\/\/www.2000m2.eu\/wp-content\/uploads\/Featured_Images_Koordination.jpg","width":1800,"height":180},{"@type":"BreadcrumbList","@id":"https:\/\/www.2000m2.eu\/fr\/a-propos-de-nous\/coordination-internationale\/#breadcrumb","itemListElement":[{"@type":"ListItem","position":1,"name":"Home","item":"https:\/\/www.2000m2.eu\/fr\/"},{"@type":"ListItem","position":2,"name":"\u00c0 propos de nous","item":"https:\/\/www.2000m2.eu\/fr\/a-propos-de-nous\/"},{"@type":"ListItem","position":3,"name":"Coordination internationale"}]},{"@type":"WebSite","@id":"https:\/\/www.2000m2.eu\/fr\/#website","url":"https:\/\/www.2000m2.eu\/fr\/","name":"2000m2","description":"","publisher":{"@id":"https:\/\/www.2000m2.eu\/fr\/#organization"},"potentialAction":[{"@type":"SearchAction","target":{"@type":"EntryPoint","urlTemplate":"https:\/\/www.2000m2.eu\/fr\/?s={search_term_string}"},"query-input":{"@type":"PropertyValueSpecification","valueRequired":true,"valueName":"search_term_string"}}],"inLanguage":"fr-FR"},{"@type":"Organization","@id":"https:\/\/www.2000m2.eu\/fr\/#organization","name":"2000m2","url":"https:\/\/www.2000m2.eu\/fr\/","logo":{"@type":"ImageObject","inLanguage":"fr-FR","@id":"https:\/\/www.2000m2.eu\/fr\/#\/schema\/logo\/image\/","url":"https:\/\/www.2000m2.eu\/wp-content\/uploads\/logo.png","contentUrl":"https:\/\/www.2000m2.eu\/wp-content\/uploads\/logo.png","width":445,"height":140,"caption":"2000m2"},"image":{"@id":"https:\/\/www.2000m2.eu\/fr\/#\/schema\/logo\/image\/"}}]}},"_links":{"self":[{"href":"https:\/\/www.2000m2.eu\/fr\/wp-json\/wp\/v2\/pages\/7622","targetHints":{"allow":["GET"]}}],"collection":[{"href":"https:\/\/www.2000m2.eu\/fr\/wp-json\/wp\/v2\/pages"}],"about":[{"href":"https:\/\/www.2000m2.eu\/fr\/wp-json\/wp\/v2\/types\/page"}],"author":[{"embeddable":true,"href":"https:\/\/www.2000m2.eu\/fr\/wp-json\/wp\/v2\/users\/1"}],"replies":[{"embeddable":true,"href":"https:\/\/www.2000m2.eu\/fr\/wp-json\/wp\/v2\/comments?post=7622"}],"version-history":[{"count":1,"href":"https:\/\/www.2000m2.eu\/fr\/wp-json\/wp\/v2\/pages\/7622\/revisions"}],"predecessor-version":[{"id":7626,"href":"https:\/\/www.2000m2.eu\/fr\/wp-json\/wp\/v2\/pages\/7622\/revisions\/7626"}],"up":[{"embeddable":true,"href":"https:\/\/www.2000m2.eu\/fr\/wp-json\/wp\/v2\/pages\/7592"}],"wp:featuredmedia":[{"embeddable":true,"href":"https:\/\/www.2000m2.eu\/fr\/wp-json\/wp\/v2\/media\/7625"}],"wp:attachment":[{"href":"https:\/\/www.2000m2.eu\/fr\/wp-json\/wp\/v2\/media?parent=7622"}],"curies":[{"name":"wp","href":"https:\/\/api.w.org\/{rel}","templated":true}]}}