{"id":7800,"date":"2024-09-17T13:28:48","date_gmt":"2024-09-17T13:28:48","guid":{"rendered":"https:\/\/www.2000m2.eu\/switzerland\/lassociation\/"},"modified":"2026-03-30T13:11:35","modified_gmt":"2026-03-30T13:11:35","slug":"lassociation","status":"publish","type":"switzerland","link":"https:\/\/www.2000m2.eu\/fr\/suisse\/lassociation\/","title":{"rendered":"L&rsquo;association"},"content":{"rendered":"\n<h1 class=\"wp-block-heading\">L\u2019Association Weltacker Schweiz<\/h1>\n\n\n\n<p>Le projet de cr\u00e9ation d\u2019un Champ du Monde a \u00e9t\u00e9 r\u00e9alis\u00e9 \u00e0 Berlin par la Zukunftsstiftung Landwirtschaft en 2013. Il permet \u00e0 un large public de visualiser les conclusions du rapport sur l\u2019agriculture mondiale (<a href=\"https:\/\/www.unep.org\/resources\/report\/agriculture-crossroads-global-report\" target=\"_blank\" rel=\"noreferrer noopener\">Weltagrarbericht<\/a>) de 2008. Le Champ du Monde propose des exp\u00e9riences sensorielles et invite les visiteurs et visiteuses \u00e0 s\u2019interroger et \u00e0 discuter de th\u00e8mes comme le sol, la biodiversit\u00e9, le changement climatique, les cycles, les ressources naturelles, la justice globale, l\u2019agriculture et une alimentation saine. En 2016, l\u2019association Urban Agriculture Basel (UAB) a cr\u00e9\u00e9 en Suisse, en collaboration avec les jardins Solila Nuglar-G\u00e4rten, un Champ du Monde \u00e0 Nuglar. Comme ce premier Champ du Monde Suisse a re\u00e7u un accueil plus important qu\u2019attendu, un support ind\u00e9pendant, l\u2019association d\u2019int\u00e9r\u00eat g\u00e9n\u00e9ral Weltacker Schweiz a \u00e9t\u00e9 fond\u00e9e \u00e0 fin 2018. Par la suite, le Champ du Monde d\u2019Attiswil a vu le jour en 2019 ainsi que, en 2021, celui de Berne. L\u2019association Weltacker Schweiz fait le lien entre le r\u00e9seau international des Champs du Monde et les projets nationaux. Pour assurer son r\u00f4le d\u2019int\u00e9r\u00eat g\u00e9n\u00e9ral, elle initie, d\u00e9veloppe et soutient des projets qui racontent \u00ab\u00b0 l\u2019histoire du Champ du Monde\u00b0 \u00bb dans le cadre d\u2019<g id=\"gid_1\">environments narratifs<\/g> constitu\u00e9s par le Champ lui-m\u00eame ou par le biais de modules de formation cr\u00e9atifs tels que l\u2019ap\u00e9ritif du Champ du Monde multisensoriel bas\u00e9 sur la maxime \u00ab <g id=\"gid_2\">Apprendre en mangeant<\/g> \u00bb. L\u2019association promeut notamment les connaissances en mati\u00e8re d\u2019agriculture et son importance en tant que fondement de la vie, de l\u2019alimentation et de la civilisation au sens du rapport sur l\u2019agriculture mondiale (<a href=\"https:\/\/www.unep.org\/resources\/report\/agriculture-crossroads-global-report\" target=\"_blank\" rel=\"noreferrer noopener\">Weltagrarbericht<\/a>) et du programme <a href=\"https:\/\/eatforum.org\/eat-lancet-commission\/eat-lancet-commission-summary-report\/\" target=\"_blank\" rel=\"noreferrer noopener\">Planetary Health Diet<\/a>.        <\/p>\n\n\n<style>.wp-block-kadence-spacer.kt-block-spacer-7800_eb052f-e7 .kt-block-spacer{height:60px;}.wp-block-kadence-spacer.kt-block-spacer-7800_eb052f-e7 .kt-divider{border-top-width:1px;height:1px;border-top-color:#eee;width:80%;border-top-style:solid;}<\/style>\n<div class=\"wp-block-kadence-spacer aligncenter kt-block-spacer-7800_eb052f-e7\"><div class=\"kt-block-spacer kt-block-spacer-halign-center\"><hr class=\"kt-divider\"\/><\/div><\/div>\n\n\n\n<h2 class=\"wp-block-heading\">Mission<\/h2>\n\n\n\n<p>Le Champ du Monde Suisse a pour mission d\u2019enthousiasmer enfants, adolescents et adultes pour une alimentation \u00e9quitable et saine ainsi que d\u2019\u00e9veiller leur int\u00e9r\u00eat \u00e0 garantir de bonnes conditions de vie au sens du rapport sur l\u2019agriculture mondiale (<a href=\"https:\/\/www.unep.org\/resources\/report\/agriculture-crossroads-global-report\" target=\"_blank\" rel=\"noreferrer noopener\">Weltagrarbericht<\/a>).L\u2019association encourage \u00e9galement la compr\u00e9hension des multiples interactions entre notre consommation et les moyens de subsistance de l\u2019\u00eatre humain dans l\u2019esprit du programme <a href=\"https:\/\/eatforum.org\/eat-lancet-commission\/eat-lancet-commission-summary-report\/\" target=\"_blank\" rel=\"noreferrer noopener\">Planetary Health Diet<\/a>. Cet enseignement est propos\u00e9 sur les Champs de 2000 m\u00b2, au sein d\u2019<em>environnements narratifs<\/em>, sur la base de donn\u00e9es le plus possible neutres, pond\u00e9r\u00e9es et ind\u00e9pendantes.  <\/p>\n\n\n\n<p>Par notre activit\u00e9 de r\u00e9seautage, nous encourageons par ailleurs les Champs du Monde existants \u00e0 rester motiv\u00e9s et nous effor\u00e7ons de cr\u00e9er en parall\u00e8le de nouveaux Champs de 2000 m\u00b2 en Suisse. Dans cette perspective, nous sommes toujours ouverts \u00e0 de passionnants projets de coop\u00e9ration cr\u00e9ative en commun.  <\/p>\n\n\n\n<p>En outre, nous enrichissons le r\u00e9seau international des Champs du Monde et contribuons \u00e0 l\u2019harmoniser de mani\u00e8re proactive. C\u2019est ainsi que nous d\u00e9clenchons un impact certain sur les plans international et intercontinental. <\/p>\n\n\n<div class=\"wp-block-image\">\n<figure class=\"aligncenter size-large is-resized\"><img decoding=\"async\" width=\"1024\" height=\"461\" src=\"https:\/\/www.2000m2.eu\/wp-content\/uploads\/Saisoneroeffnung_2023_Weltacker_Attiswil-min-1024x461.jpg\" alt=\"De nombreuses personnes sont assises sur des chaises et des bancs dans une prairie et \u00e9coutent Benny Haerlin, qui est assis \u00e0 l'entr\u00e9e d'un camion de chantier et donne un discours.\" class=\"wp-image-2063\" style=\"width:595px\" srcset=\"https:\/\/www.2000m2.eu\/wp-content\/uploads\/Saisoneroeffnung_2023_Weltacker_Attiswil-min-1024x461.jpg 1024w, https:\/\/www.2000m2.eu\/wp-content\/uploads\/Saisoneroeffnung_2023_Weltacker_Attiswil-min-300x135.jpg 300w, https:\/\/www.2000m2.eu\/wp-content\/uploads\/Saisoneroeffnung_2023_Weltacker_Attiswil-min-768x346.jpg 768w, https:\/\/www.2000m2.eu\/wp-content\/uploads\/Saisoneroeffnung_2023_Weltacker_Attiswil-min-1536x692.jpg 1536w, https:\/\/www.2000m2.eu\/wp-content\/uploads\/Saisoneroeffnung_2023_Weltacker_Attiswil-min.jpg 1920w\" sizes=\"(max-width: 1024px) 100vw, 1024px\" \/><figcaption class=\"wp-element-caption\">Expos\u00e9 de Benny Haerlin lors de l\u2019ouverture de la saison 2023 sur le Champ du Monde d\u2019Attiswil<\/figcaption><\/figure>\n<\/div>\n\n<style>.wp-block-kadence-spacer.kt-block-spacer-7800_eaef42-d6 .kt-block-spacer{height:60px;}.wp-block-kadence-spacer.kt-block-spacer-7800_eaef42-d6 .kt-divider{border-top-width:1px;height:1px;border-top-color:#eee;width:80%;border-top-style:solid;}<\/style>\n<div class=\"wp-block-kadence-spacer aligncenter kt-block-spacer-7800_eaef42-d6\"><div class=\"kt-block-spacer kt-block-spacer-halign-center\"><hr class=\"kt-divider\"\/><\/div><\/div>\n\n\n\n<h2 class=\"wp-block-heading\">Messages cl\u00e9s <\/h2>\n\n\n\n<p>La r\u00e9flexion sur les <strong>messages cl\u00e9s<\/strong> du Champ du Monde :<\/p>\n\n\n\n<ul class=\"wp-block-list\">\n<li>Il y a suffisamment de nourriture pour tout le monde.<\/li>\n\n\n\n<li>Chaque bouch\u00e9e pousse quelque part.<\/li>\n\n\n\n<li>La vie c\u2019est la diversit\u00e9 \u2013 la diversit\u00e9 c\u2019est la vie.<\/li>\n<\/ul>\n\n\n\n<p>\u2026 conduit \u00e0 d\u2019importants <strong>constats fondamentaux<\/strong> :<\/p>\n\n\n\n<ul class=\"wp-block-list\">\n<li>Chaque achat est une commande pass\u00e9e \u00e0 l\u2019agriculture.<\/li>\n\n\n\n<li>Une alimentation saine et vari\u00e9e favorise la sant\u00e9 des humains et l\u2019\u00e9quilibre de la nature.<\/li>\n<\/ul>\n\n\n\n<p>\u2026 et incite les visiteurs et visiteuses \u00e0 prendre leurs responsabilit\u00e9s en toute conscience.<\/p>\n\n\n<style>.wp-block-kadence-spacer.kt-block-spacer-7800_df01a3-1c .kt-block-spacer{height:60px;}.wp-block-kadence-spacer.kt-block-spacer-7800_df01a3-1c .kt-divider{border-top-width:1px;height:1px;border-top-color:#eee;width:80%;border-top-style:solid;}<\/style>\n<div class=\"wp-block-kadence-spacer aligncenter kt-block-spacer-7800_df01a3-1c\"><div class=\"kt-block-spacer kt-block-spacer-halign-center\"><hr class=\"kt-divider\"\/><\/div><\/div>\n\n\n\n<ul class=\"wp-block-list\">\n<li><a href=\"https:\/\/drive.google.com\/file\/d\/1z3ccKHNux7SlYvE9mtBTAJqqx-PMjW4d\/view?usp=sharing\" target=\"_blank\" rel=\"noreferrer noopener\">Rapport d\u2019activit\u00e9 du Champ du Monde Suisse 2025 (en allemand)<\/a><\/li>\n\n\n\n<li><a href=\"https:\/\/drive.google.com\/file\/d\/17kZwbX3ZEghlsN2iKcrtzHk_MtnDARlH\/view?usp=drive_link\" target=\"_blank\" rel=\"noreferrer noopener\">Rapport d\u2019activit\u00e9 du Champ du Monde Suisse 2024 (en allemand)<\/a><\/li>\n\n\n\n<li><a href=\"https:\/\/drive.google.com\/file\/d\/1E8aJ2wSrKwIgT7DrMnrBnuJnl_SOYdNH\/view?usp=sharing\" target=\"_blank\" rel=\"noreferrer noopener\">Rapport d\u2019activit\u00e9 du Champ du Monde Suisse 2023 (en allemand)<\/a><\/li>\n\n\n\n<li><a href=\"https:\/\/drive.google.com\/file\/d\/1LMKjlY7WYnlWPGsqMy0Ymuy8za4eIEcr\/view?pli=1\" target=\"_blank\" rel=\"noreferrer noopener\">Rapport d\u2019activit\u00e9 du Champ du Monde Suisse 2022 (en allemand)<\/a><\/li>\n\n\n\n<li><a href=\"https:\/\/drive.google.com\/file\/d\/1L8c6tiDuJZ1qrKAJtSIN1iEl-Ta076ys\/view\" target=\"_blank\" rel=\"noreferrer noopener\">Rapport sur le projet Davantage de haricots sur le Champ et dans l\u2019assiette 2022-2023 (en allemand)<\/a><\/li>\n\n\n\n<li><a href=\"https:\/\/drive.google.com\/file\/d\/1IKq6za-cks4tudF2UXQpamUmAQttHezg\/view?usp=drive_link\">Statuts de l\u2019Association Weltacker Schweiz &#8211; version 2026 (en allemand)<\/a><\/li>\n\n\n\n<li><a href=\"https:\/\/drive.google.com\/file\/d\/1MwCSVjvI1wl3gJE6YFGG6ZFKv_Z79CF7\/view?usp=sharing\" target=\"_blank\" rel=\"noreferrer noopener\">Informations g\u00e9n\u00e9rales sur le Champ du Monde, brochure Suisse 2024<\/a><\/li>\n\n\n\n<li><a href=\"https:\/\/drive.google.com\/file\/d\/14R85yVLhzycyCJE6MXHHPGPKZfy7A8Jp\/view?usp=drive_link\" target=\"_blank\" rel=\"noreferrer noopener\">Informations g\u00e9n\u00e9rales sur le Champ du Monde, brochure Suisse 2026 (en allemand)<\/a><\/li>\n<\/ul>\n\n\n\n<p><\/p>\n","protected":false},"excerpt":{"rendered":"<p>L\u2019Association Weltacker Schweiz Le projet de cr\u00e9ation d\u2019un Champ du Monde a \u00e9t\u00e9 r\u00e9alis\u00e9 \u00e0 Berlin par la Zukunftsstiftung Landwirtschaft en 2013. Il permet \u00e0 un large public de visualiser les conclusions du rapport sur l\u2019agriculture mondiale (Weltagrarbericht) de 2008. Le Champ du Monde propose des exp\u00e9riences sensorielles et invite les visiteurs et visiteuses \u00e0&#8230;<\/p>\n","protected":false},"featured_media":7801,"menu_order":10,"template":"","class_list":["post-7800","switzerland","type-switzerland","status-publish","has-post-thumbnail","hentry"],"yoast_head":"<!-- This site is optimized with the Yoast SEO plugin v27.4 - https:\/\/yoast.com\/product\/yoast-seo-wordpress\/ -->\n<title>L&#039;association - 2000m2<\/title>\n<meta name=\"robots\" content=\"index, follow, max-snippet:-1, max-image-preview:large, max-video-preview:-1\" \/>\n<link rel=\"canonical\" href=\"https:\/\/www.2000m2.eu\/fr\/suisse\/lassociation\/\" \/>\n<meta property=\"og:locale\" content=\"fr_FR\" \/>\n<meta property=\"og:type\" content=\"article\" \/>\n<meta property=\"og:title\" content=\"L&#039;association - 2000m2\" \/>\n<meta property=\"og:description\" content=\"L\u2019Association Weltacker Schweiz Le projet de cr\u00e9ation d\u2019un Champ du Monde a \u00e9t\u00e9 r\u00e9alis\u00e9 \u00e0 Berlin par la Zukunftsstiftung Landwirtschaft en 2013. Il permet \u00e0 un large public de visualiser les conclusions du rapport sur l\u2019agriculture mondiale (Weltagrarbericht) de 2008. Le Champ du Monde propose des exp\u00e9riences sensorielles et invite les visiteurs et visiteuses \u00e0...\" \/>\n<meta property=\"og:url\" content=\"https:\/\/www.2000m2.eu\/fr\/suisse\/lassociation\/\" \/>\n<meta property=\"og:site_name\" content=\"2000m2\" \/>\n<meta property=\"article:modified_time\" content=\"2026-03-30T13:11:35+00:00\" \/>\n<meta property=\"og:image\" content=\"https:\/\/www.2000m2.eu\/wp-content\/uploads\/24.jpg\" \/>\n\t<meta property=\"og:image:width\" content=\"1800\" \/>\n\t<meta property=\"og:image:height\" content=\"180\" \/>\n\t<meta property=\"og:image:type\" content=\"image\/jpeg\" \/>\n<meta name=\"twitter:card\" content=\"summary_large_image\" \/>\n<meta name=\"twitter:label1\" content=\"Dur\u00e9e de lecture estim\u00e9e\" \/>\n\t<meta name=\"twitter:data1\" content=\"4 minutes\" \/>\n<script type=\"application\/ld+json\" class=\"yoast-schema-graph\">{\"@context\":\"https:\\\/\\\/schema.org\",\"@graph\":[{\"@type\":\"WebPage\",\"@id\":\"https:\\\/\\\/www.2000m2.eu\\\/fr\\\/suisse\\\/lassociation\\\/\",\"url\":\"https:\\\/\\\/www.2000m2.eu\\\/fr\\\/suisse\\\/lassociation\\\/\",\"name\":\"L'association - 2000m2\",\"isPartOf\":{\"@id\":\"https:\\\/\\\/www.2000m2.eu\\\/fr\\\/#website\"},\"primaryImageOfPage\":{\"@id\":\"https:\\\/\\\/www.2000m2.eu\\\/fr\\\/suisse\\\/lassociation\\\/#primaryimage\"},\"image\":{\"@id\":\"https:\\\/\\\/www.2000m2.eu\\\/fr\\\/suisse\\\/lassociation\\\/#primaryimage\"},\"thumbnailUrl\":\"https:\\\/\\\/www.2000m2.eu\\\/wp-content\\\/uploads\\\/24.jpg\",\"datePublished\":\"2024-09-17T13:28:48+00:00\",\"dateModified\":\"2026-03-30T13:11:35+00:00\",\"breadcrumb\":{\"@id\":\"https:\\\/\\\/www.2000m2.eu\\\/fr\\\/suisse\\\/lassociation\\\/#breadcrumb\"},\"inLanguage\":\"fr-FR\",\"potentialAction\":[{\"@type\":\"ReadAction\",\"target\":[\"https:\\\/\\\/www.2000m2.eu\\\/fr\\\/suisse\\\/lassociation\\\/\"]}]},{\"@type\":\"ImageObject\",\"inLanguage\":\"fr-FR\",\"@id\":\"https:\\\/\\\/www.2000m2.eu\\\/fr\\\/suisse\\\/lassociation\\\/#primaryimage\",\"url\":\"https:\\\/\\\/www.2000m2.eu\\\/wp-content\\\/uploads\\\/24.jpg\",\"contentUrl\":\"https:\\\/\\\/www.2000m2.eu\\\/wp-content\\\/uploads\\\/24.jpg\",\"width\":1800,\"height\":180},{\"@type\":\"BreadcrumbList\",\"@id\":\"https:\\\/\\\/www.2000m2.eu\\\/fr\\\/suisse\\\/lassociation\\\/#breadcrumb\",\"itemListElement\":[{\"@type\":\"ListItem\",\"position\":1,\"name\":\"Home\",\"item\":\"https:\\\/\\\/www.2000m2.eu\\\/fr\\\/\"},{\"@type\":\"ListItem\",\"position\":2,\"name\":\"Switzerland\",\"item\":\"https:\\\/\\\/www.2000m2.eu\\\/fr\\\/suisse\\\/\"},{\"@type\":\"ListItem\",\"position\":3,\"name\":\"L&#8217;association\"}]},{\"@type\":\"WebSite\",\"@id\":\"https:\\\/\\\/www.2000m2.eu\\\/fr\\\/#website\",\"url\":\"https:\\\/\\\/www.2000m2.eu\\\/fr\\\/\",\"name\":\"2000m2\",\"description\":\"\",\"publisher\":{\"@id\":\"https:\\\/\\\/www.2000m2.eu\\\/fr\\\/#organization\"},\"potentialAction\":[{\"@type\":\"SearchAction\",\"target\":{\"@type\":\"EntryPoint\",\"urlTemplate\":\"https:\\\/\\\/www.2000m2.eu\\\/fr\\\/?s={search_term_string}\"},\"query-input\":{\"@type\":\"PropertyValueSpecification\",\"valueRequired\":true,\"valueName\":\"search_term_string\"}}],\"inLanguage\":\"fr-FR\"},{\"@type\":\"Organization\",\"@id\":\"https:\\\/\\\/www.2000m2.eu\\\/fr\\\/#organization\",\"name\":\"2000m2\",\"url\":\"https:\\\/\\\/www.2000m2.eu\\\/fr\\\/\",\"logo\":{\"@type\":\"ImageObject\",\"inLanguage\":\"fr-FR\",\"@id\":\"https:\\\/\\\/www.2000m2.eu\\\/fr\\\/#\\\/schema\\\/logo\\\/image\\\/\",\"url\":\"https:\\\/\\\/www.2000m2.eu\\\/wp-content\\\/uploads\\\/logo.png\",\"contentUrl\":\"https:\\\/\\\/www.2000m2.eu\\\/wp-content\\\/uploads\\\/logo.png\",\"width\":445,\"height\":140,\"caption\":\"2000m2\"},\"image\":{\"@id\":\"https:\\\/\\\/www.2000m2.eu\\\/fr\\\/#\\\/schema\\\/logo\\\/image\\\/\"}}]}<\/script>\n<!-- \/ Yoast SEO plugin. -->","yoast_head_json":{"title":"L'association - 2000m2","robots":{"index":"index","follow":"follow","max-snippet":"max-snippet:-1","max-image-preview":"max-image-preview:large","max-video-preview":"max-video-preview:-1"},"canonical":"https:\/\/www.2000m2.eu\/fr\/suisse\/lassociation\/","og_locale":"fr_FR","og_type":"article","og_title":"L'association - 2000m2","og_description":"L\u2019Association Weltacker Schweiz Le projet de cr\u00e9ation d\u2019un Champ du Monde a \u00e9t\u00e9 r\u00e9alis\u00e9 \u00e0 Berlin par la Zukunftsstiftung Landwirtschaft en 2013. Il permet \u00e0 un large public de visualiser les conclusions du rapport sur l\u2019agriculture mondiale (Weltagrarbericht) de 2008. Le Champ du Monde propose des exp\u00e9riences sensorielles et invite les visiteurs et visiteuses \u00e0...","og_url":"https:\/\/www.2000m2.eu\/fr\/suisse\/lassociation\/","og_site_name":"2000m2","article_modified_time":"2026-03-30T13:11:35+00:00","og_image":[{"width":1800,"height":180,"url":"https:\/\/www.2000m2.eu\/wp-content\/uploads\/24.jpg","type":"image\/jpeg"}],"twitter_card":"summary_large_image","twitter_misc":{"Dur\u00e9e de lecture estim\u00e9e":"4 minutes"},"schema":{"@context":"https:\/\/schema.org","@graph":[{"@type":"WebPage","@id":"https:\/\/www.2000m2.eu\/fr\/suisse\/lassociation\/","url":"https:\/\/www.2000m2.eu\/fr\/suisse\/lassociation\/","name":"L'association - 2000m2","isPartOf":{"@id":"https:\/\/www.2000m2.eu\/fr\/#website"},"primaryImageOfPage":{"@id":"https:\/\/www.2000m2.eu\/fr\/suisse\/lassociation\/#primaryimage"},"image":{"@id":"https:\/\/www.2000m2.eu\/fr\/suisse\/lassociation\/#primaryimage"},"thumbnailUrl":"https:\/\/www.2000m2.eu\/wp-content\/uploads\/24.jpg","datePublished":"2024-09-17T13:28:48+00:00","dateModified":"2026-03-30T13:11:35+00:00","breadcrumb":{"@id":"https:\/\/www.2000m2.eu\/fr\/suisse\/lassociation\/#breadcrumb"},"inLanguage":"fr-FR","potentialAction":[{"@type":"ReadAction","target":["https:\/\/www.2000m2.eu\/fr\/suisse\/lassociation\/"]}]},{"@type":"ImageObject","inLanguage":"fr-FR","@id":"https:\/\/www.2000m2.eu\/fr\/suisse\/lassociation\/#primaryimage","url":"https:\/\/www.2000m2.eu\/wp-content\/uploads\/24.jpg","contentUrl":"https:\/\/www.2000m2.eu\/wp-content\/uploads\/24.jpg","width":1800,"height":180},{"@type":"BreadcrumbList","@id":"https:\/\/www.2000m2.eu\/fr\/suisse\/lassociation\/#breadcrumb","itemListElement":[{"@type":"ListItem","position":1,"name":"Home","item":"https:\/\/www.2000m2.eu\/fr\/"},{"@type":"ListItem","position":2,"name":"Switzerland","item":"https:\/\/www.2000m2.eu\/fr\/suisse\/"},{"@type":"ListItem","position":3,"name":"L&#8217;association"}]},{"@type":"WebSite","@id":"https:\/\/www.2000m2.eu\/fr\/#website","url":"https:\/\/www.2000m2.eu\/fr\/","name":"2000m2","description":"","publisher":{"@id":"https:\/\/www.2000m2.eu\/fr\/#organization"},"potentialAction":[{"@type":"SearchAction","target":{"@type":"EntryPoint","urlTemplate":"https:\/\/www.2000m2.eu\/fr\/?s={search_term_string}"},"query-input":{"@type":"PropertyValueSpecification","valueRequired":true,"valueName":"search_term_string"}}],"inLanguage":"fr-FR"},{"@type":"Organization","@id":"https:\/\/www.2000m2.eu\/fr\/#organization","name":"2000m2","url":"https:\/\/www.2000m2.eu\/fr\/","logo":{"@type":"ImageObject","inLanguage":"fr-FR","@id":"https:\/\/www.2000m2.eu\/fr\/#\/schema\/logo\/image\/","url":"https:\/\/www.2000m2.eu\/wp-content\/uploads\/logo.png","contentUrl":"https:\/\/www.2000m2.eu\/wp-content\/uploads\/logo.png","width":445,"height":140,"caption":"2000m2"},"image":{"@id":"https:\/\/www.2000m2.eu\/fr\/#\/schema\/logo\/image\/"}}]}},"_links":{"self":[{"href":"https:\/\/www.2000m2.eu\/fr\/wp-json\/wp\/v2\/switzerland\/7800","targetHints":{"allow":["GET"]}}],"collection":[{"href":"https:\/\/www.2000m2.eu\/fr\/wp-json\/wp\/v2\/switzerland"}],"about":[{"href":"https:\/\/www.2000m2.eu\/fr\/wp-json\/wp\/v2\/types\/switzerland"}],"wp:featuredmedia":[{"embeddable":true,"href":"https:\/\/www.2000m2.eu\/fr\/wp-json\/wp\/v2\/media\/7801"}],"wp:attachment":[{"href":"https:\/\/www.2000m2.eu\/fr\/wp-json\/wp\/v2\/media?parent=7800"}],"curies":[{"name":"wp","href":"https:\/\/api.w.org\/{rel}","templated":true}]}}