{"id":8940,"date":"2024-09-17T08:27:05","date_gmt":"2024-09-17T08:27:05","guid":{"rendered":"https:\/\/www.2000m2.eu\/topic\/le-climat-mondial\/"},"modified":"2025-06-05T11:21:24","modified_gmt":"2025-06-05T11:21:24","slug":"le-climat-mondial","status":"publish","type":"topic","link":"https:\/\/www.2000m2.eu\/fr\/topic\/le-climat-mondial\/","title":{"rendered":"Le climat mondial"},"content":{"rendered":"\n<h1 class=\"wp-block-heading\">Le climat mondial<\/h1>\n\n\n\n<h3 class=\"wp-block-heading\">Quel est le rapport de notre alimentation avec le changement climatique ?<\/h3>\n\n\n\n<figure class=\"wp-block-image size-large\"><img decoding=\"async\" width=\"1024\" height=\"512\" src=\"https:\/\/www.2000m2.eu\/wp-content\/uploads\/BROCHURE_2024_Francais11-1024x512.jpg\" alt=\"Les facteurs climatiques du monde sont repr\u00e9sent\u00e9s. L'effet de serre naturel est esquiss\u00e9, ainsi que diff\u00e9rents oligo-\u00e9l\u00e9ments et toutes les influences humaines possibles sur le climat.\" class=\"wp-image-9050\" srcset=\"https:\/\/www.2000m2.eu\/wp-content\/uploads\/BROCHURE_2024_Francais11-1024x512.jpg 1024w, https:\/\/www.2000m2.eu\/wp-content\/uploads\/BROCHURE_2024_Francais11-300x150.jpg 300w, https:\/\/www.2000m2.eu\/wp-content\/uploads\/BROCHURE_2024_Francais11-768x384.jpg 768w, https:\/\/www.2000m2.eu\/wp-content\/uploads\/BROCHURE_2024_Francais11-1536x768.jpg 1536w, https:\/\/www.2000m2.eu\/wp-content\/uploads\/BROCHURE_2024_Francais11.jpg 1920w\" sizes=\"(max-width: 1024px) 100vw, 1024px\" \/><\/figure>\n\n\n\n<p>L&rsquo;atmosph\u00e8re, c&rsquo;est-\u00e0-dire l&rsquo;enveloppe gazeuse qui entoure la Terre, permet la vie sur notre plan\u00e8te. En m\u00eame temps, sa composition est fortement influenc\u00e9e par notre mode de vie. Au cours des diff\u00e9rentes \u00e9poques g\u00e9ologiques, elle s&rsquo;est transform\u00e9e radicalement \u00e0 plusieurs reprises. La vapeur d&rsquo;eau et surtout les gaz \u00e0 l\u2019\u00e9tt de traces, tels que le dioxyde de carbone, le m\u00e9thane et le protoxyde d&rsquo;azote, pr\u00e9sents dans l&rsquo;atmosph\u00e8re, retiennent une partie de l&rsquo;\u00e9nergie qui rayonne vers la Terre, de sorte qu&rsquo;elle absorbe plus de chaleur qu&rsquo;elle n&rsquo;en \u00e9met. C\u2019est cet effet de serre naturel qui rend notre vie possible actuellement. Sans lui, la temp\u00e9rature moyenne de la Terre serait de -18\u00b0 au lieu de +15\u00b0 Celcius.     <\/p>\n\n\n\n<p>Si nous, les humains, rejetons dans l&rsquo;atmosph\u00e8re plus de gaz \u00e0 effet de serre, et surtout de CO<sub>2<\/sub>, que les processus naturels, nous augmentons la temp\u00e9rature de la Terre. Mais comment le faisons-nous ? Pour le comprendre, observons de plus pr\u00e8s le carbone de tous les \u00eatres vivants. Il se combine dans l&rsquo;atmosph\u00e8re avec l&rsquo;oxyg\u00e8ne pour former du CO<sub>2<\/sub>. Gr\u00e2ce \u00e0 la photosynth\u00e8se, les plantes absorbent du CO<sub>2<\/sub> \u00e0 l&rsquo;aide de l&rsquo;\u00e9nergie solaire et le combinent avec de l&rsquo;eau pour produire du sucre, \u00e0 partir duquel elles fabriquent des feuilles, des tiges, des racines et autres mati\u00e8res organiques, en rejettant de l&rsquo;oxyg\u00e8ne dans l\u2019atmosph\u00e8re. Tous les animaux, les champignons, les micro-organismes et nous aussi, les humains, sommes donc nourris par la photosynth\u00e8se des plantes.      <\/p>\n\n\n\n<p>Les plantes \u00e9liminent ainsi du carbone de l&rsquo;atmosph\u00e8re, dont une part retourne dans le cycle lorsque les micro-organismes transforment des \u00e9l\u00e9ments v\u00e9g\u00e9taux morts en CO<sub>2<\/sub> ou que du bois br\u00fble. Une autre partie est emmagasin\u00e9e durablement dans le sol et sur les fonds marins.  <\/p>\n\n\n\n<p>Pendant des milliers d&rsquo;ann\u00e9es, le cycle du carbone est rest\u00e9 relativement stable, jusqu&rsquo;\u00e0 ce que les humains commencent il y a un peu plus de 200 ans \u00e0 extraire et br\u00fbler les combustibles fossiles stock\u00e9s dans la terre, tels que le p\u00e9trole, le charbon et le gaz naturel, en quantit\u00e9s toujours plus importantes. Simultan\u00e9ment, nous r\u00e9duisons le stockage du carbone dans les arbres et le sol en convertissant des for\u00eats, marais et prairies en terres arables, agglom\u00e9rations urbaines et d\u00e9serts. <\/p>\n\n\n\n<p>Pr\u00e8s de 40 % des gaz \u00e0 effet de serre suppl\u00e9mentaires \u00e9mis par l&rsquo;Homme proviennent directement ou indirectement de notre alimentation et de notre production agricole \u2013 \u00e0 commencer par le d\u00e9frichage, en passant par la chimie et la m\u00e9canique dans l\u2019agriculture, ensuite le s\u00e9chage, le transport, le refroidissement, le chauffage et l&#8217;emballage, jusqu&rsquo;\u00e0 la destruction et l&rsquo;\u00e9limination d&rsquo;aliments. Les gaz m\u00e9thane (\u00e9mis par la digestion des ruminants et les rizi\u00e8res humides) et protoxyde d&rsquo;azote (provenant des engrais), qui ont un impact extr\u00eame sur le climat, jouent un r\u00f4le particulier dans l&rsquo;agriculture. Nous ne pouvons atteindre l&rsquo;objectif de la Convention sur le climat de limiter le r\u00e9chauffement climatique \u00e0 si possible 1,5\u00b0 que si nous r\u00e9duisons ces \u00e9missions suppl\u00e9mentaires de pr\u00e8s de 90 % d\u2019ici \u00e0 2050. Un d\u00e9fi consid\u00e9rable.   <\/p>\n\n\n\n<p>Lors de leur parcours du champ \u00e0 l\u2019assiette (ou \u00e0 la poubelle), divers aliments provoquent des niveaux d&rsquo;\u00e9mission diff\u00e9rents. La viande et les produits laitiers ont une forte empreinte-carbone, car pour obtenir une calorie de produit animal, il faut bien plus de calories v\u00e9g\u00e9tales, ce qui cause donc bien plus d\u2019\u00e9missions de m\u00e9thane. La viande et le lait des vaches qui paissent dans nos p\u00e2turages sont meilleurs pour notre climat que les animaux qui sont nourris au soja br\u00e9silien. Une fraise import\u00e9e par avion de l&rsquo;autre bout du monde est nettement plus nocive pour le climat qu\u2019une fraise locale \u2013 \u00e0 moins que cette derni\u00e8re ne provienne d&rsquo;une serre chauff\u00e9e au p\u00e9trole. L&rsquo;\u00e9nergie n\u00e9cessaire \u00e0 la cong\u00e9lation et au chauffage pendant la transformation joue \u00e9galement un r\u00f4le important.    <\/p>\n\n\n\n<figure class=\"wp-block-embed is-type-video is-provider-youtube wp-block-embed-youtube wp-embed-aspect-16-9 wp-has-aspect-ratio\"><div class=\"wp-block-embed__wrapper\">\n <div class=\"brlbs-cmpnt-container brlbs-cmpnt-content-blocker brlbs-cmpnt-with-individual-styles\" data-borlabs-cookie-content-blocker-id=\"default\" data-borlabs-cookie-content=\"PGlmcmFtZSB0aXRsZT0iRXNzZW4gdW5kIEFja2VybiBpbiBkZXIgS2xpbWFrcmlzZSIgd2lkdGg9IjEyMDAiIGhlaWdodD0iNjc1IiBzcmM9Imh0dHBzOi8vd3d3LnlvdXR1YmUuY29tL2VtYmVkL0tIU2JXeFhfbDY0P2ZlYXR1cmU9b2VtYmVkIiBmcmFtZWJvcmRlcj0iMCIgYWxsb3c9ImFjY2VsZXJvbWV0ZXI7IGF1dG9wbGF5OyBjbGlwYm9hcmQtd3JpdGU7IGVuY3J5cHRlZC1tZWRpYTsgZ3lyb3Njb3BlOyBwaWN0dXJlLWluLXBpY3R1cmU7IHdlYi1zaGFyZSIgcmVmZXJyZXJwb2xpY3k9InN0cmljdC1vcmlnaW4td2hlbi1jcm9zcy1vcmlnaW4iIGFsbG93ZnVsbHNjcmVlbj48L2lmcmFtZT4=\"><div class=\"brlbs-cmpnt-cb-preset-a\"> <p class=\"brlbs-cmpnt-cb-description\">Vous \u00eates actuellement en train de consulter le contenu d&rsquo;un espace r\u00e9serv\u00e9 de <strong>Par d\u00e9faut<\/strong>. Pour acc\u00e9der au contenu r\u00e9el, cliquez sur le bouton ci-dessous. Veuillez noter que ce faisant, des donn\u00e9es seront partag\u00e9es avec des providers tiers.<\/p> <div class=\"brlbs-cmpnt-cb-buttons\"> <a class=\"brlbs-cmpnt-cb-btn\" href=\"#\" data-borlabs-cookie-unblock role=\"button\">D\u00e9bloquer le contenu<\/a> <a class=\"brlbs-cmpnt-cb-btn\" href=\"#\" data-borlabs-cookie-accept-service role=\"button\" style=\"display: none\">Accepter le service requis et d\u00e9bloquer les contenus<\/a> <\/div> <a class=\"brlbs-cmpnt-cb-provider-toggle\" href=\"#\" data-borlabs-cookie-show-provider-information role=\"button\">Plus d&rsquo;informations<\/a> <\/div><\/div>\n<\/div><figcaption class=\"wp-element-caption\">\u00ab\u00a0Manger et cultiver en p\u00e9riode de crise climatique\u00a0\u00bb &#8211; un film du Champ du Monde de Berlin<\/figcaption><\/figure>\n\n\n\n<p><\/p>\n","protected":false},"excerpt":{"rendered":"<p>Le climat mondial Quel est le rapport de notre alimentation avec le changement climatique ? L&rsquo;atmosph\u00e8re, c&rsquo;est-\u00e0-dire l&rsquo;enveloppe gazeuse qui entoure la Terre, permet la vie sur notre plan\u00e8te. En m\u00eame temps, sa composition est fortement influenc\u00e9e par notre mode de vie. Au cours des diff\u00e9rentes \u00e9poques g\u00e9ologiques, elle s&rsquo;est transform\u00e9e radicalement \u00e0 plusieurs reprises&#8230;.<\/p>\n","protected":false},"featured_media":9050,"parent":0,"menu_order":57,"template":"","tags":[],"class_list":["post-8940","topic","type-topic","status-publish","has-post-thumbnail","hentry"],"yoast_head":"<!-- This site is optimized with the Yoast SEO plugin v27.4 - https:\/\/yoast.com\/product\/yoast-seo-wordpress\/ -->\n<title>Le climat mondial - 2000m2<\/title>\n<meta name=\"description\" content=\"Le climat mondial Quel est le rapport de notre alimentation avec le changement climatique ? L&#039;atmosph\u00e8re, c&#039;est-\u00e0-dire l&#039;enveloppe gazeuse qui entoure la\" \/>\n<meta name=\"robots\" content=\"index, follow, max-snippet:-1, max-image-preview:large, max-video-preview:-1\" \/>\n<link rel=\"canonical\" href=\"https:\/\/www.2000m2.eu\/fr\/topic\/le-climat-mondial\/\" \/>\n<meta property=\"og:locale\" content=\"fr_FR\" \/>\n<meta property=\"og:type\" content=\"article\" \/>\n<meta property=\"og:title\" content=\"Le climat mondial - 2000m2\" \/>\n<meta property=\"og:description\" content=\"Le climat mondial Quel est le rapport de notre alimentation avec le changement climatique ? L&#039;atmosph\u00e8re, c&#039;est-\u00e0-dire l&#039;enveloppe gazeuse qui entoure la\" \/>\n<meta property=\"og:url\" content=\"https:\/\/www.2000m2.eu\/fr\/topic\/le-climat-mondial\/\" \/>\n<meta property=\"og:site_name\" content=\"2000m2\" \/>\n<meta property=\"article:modified_time\" content=\"2025-06-05T11:21:24+00:00\" \/>\n<meta property=\"og:image\" content=\"https:\/\/www.2000m2.eu\/wp-content\/uploads\/BROCHURE_2024_Francais11.jpg\" \/>\n\t<meta property=\"og:image:width\" content=\"1920\" \/>\n\t<meta property=\"og:image:height\" content=\"960\" \/>\n\t<meta property=\"og:image:type\" content=\"image\/jpeg\" \/>\n<meta name=\"twitter:card\" content=\"summary_large_image\" \/>\n<meta name=\"twitter:label1\" content=\"Dur\u00e9e de lecture estim\u00e9e\" \/>\n\t<meta name=\"twitter:data1\" content=\"4 minutes\" \/>\n<script type=\"application\/ld+json\" class=\"yoast-schema-graph\">{\"@context\":\"https:\\\/\\\/schema.org\",\"@graph\":[{\"@type\":\"WebPage\",\"@id\":\"https:\\\/\\\/www.2000m2.eu\\\/fr\\\/topic\\\/le-climat-mondial\\\/\",\"url\":\"https:\\\/\\\/www.2000m2.eu\\\/fr\\\/topic\\\/le-climat-mondial\\\/\",\"name\":\"Le climat mondial - 2000m2\",\"isPartOf\":{\"@id\":\"https:\\\/\\\/www.2000m2.eu\\\/fr\\\/#website\"},\"primaryImageOfPage\":{\"@id\":\"https:\\\/\\\/www.2000m2.eu\\\/fr\\\/topic\\\/le-climat-mondial\\\/#primaryimage\"},\"image\":{\"@id\":\"https:\\\/\\\/www.2000m2.eu\\\/fr\\\/topic\\\/le-climat-mondial\\\/#primaryimage\"},\"thumbnailUrl\":\"https:\\\/\\\/www.2000m2.eu\\\/wp-content\\\/uploads\\\/BROCHURE_2024_Francais11.jpg\",\"datePublished\":\"2024-09-17T08:27:05+00:00\",\"dateModified\":\"2025-06-05T11:21:24+00:00\",\"description\":\"Le climat mondial Quel est le rapport de notre alimentation avec le changement climatique ? L'atmosph\u00e8re, c'est-\u00e0-dire l'enveloppe gazeuse qui entoure la\",\"breadcrumb\":{\"@id\":\"https:\\\/\\\/www.2000m2.eu\\\/fr\\\/topic\\\/le-climat-mondial\\\/#breadcrumb\"},\"inLanguage\":\"fr-FR\",\"potentialAction\":[{\"@type\":\"ReadAction\",\"target\":[\"https:\\\/\\\/www.2000m2.eu\\\/fr\\\/topic\\\/le-climat-mondial\\\/\"]}]},{\"@type\":\"ImageObject\",\"inLanguage\":\"fr-FR\",\"@id\":\"https:\\\/\\\/www.2000m2.eu\\\/fr\\\/topic\\\/le-climat-mondial\\\/#primaryimage\",\"url\":\"https:\\\/\\\/www.2000m2.eu\\\/wp-content\\\/uploads\\\/BROCHURE_2024_Francais11.jpg\",\"contentUrl\":\"https:\\\/\\\/www.2000m2.eu\\\/wp-content\\\/uploads\\\/BROCHURE_2024_Francais11.jpg\",\"width\":1920,\"height\":960,\"caption\":\"Les facteurs climatiques du monde sont repr\u00e9sent\u00e9s. L'effet de serre naturel est esquiss\u00e9, ainsi que diff\u00e9rents oligo-\u00e9l\u00e9ments et toutes les influences humaines possibles sur le climat.\"},{\"@type\":\"BreadcrumbList\",\"@id\":\"https:\\\/\\\/www.2000m2.eu\\\/fr\\\/topic\\\/le-climat-mondial\\\/#breadcrumb\",\"itemListElement\":[{\"@type\":\"ListItem\",\"position\":1,\"name\":\"Home\",\"item\":\"https:\\\/\\\/www.2000m2.eu\\\/fr\\\/\"},{\"@type\":\"ListItem\",\"position\":2,\"name\":\"Topics\",\"item\":\"https:\\\/\\\/www.2000m2.eu\\\/fr\\\/topic\\\/\"},{\"@type\":\"ListItem\",\"position\":3,\"name\":\"Le climat mondial\"}]},{\"@type\":\"WebSite\",\"@id\":\"https:\\\/\\\/www.2000m2.eu\\\/fr\\\/#website\",\"url\":\"https:\\\/\\\/www.2000m2.eu\\\/fr\\\/\",\"name\":\"2000m2\",\"description\":\"\",\"publisher\":{\"@id\":\"https:\\\/\\\/www.2000m2.eu\\\/fr\\\/#organization\"},\"potentialAction\":[{\"@type\":\"SearchAction\",\"target\":{\"@type\":\"EntryPoint\",\"urlTemplate\":\"https:\\\/\\\/www.2000m2.eu\\\/fr\\\/?s={search_term_string}\"},\"query-input\":{\"@type\":\"PropertyValueSpecification\",\"valueRequired\":true,\"valueName\":\"search_term_string\"}}],\"inLanguage\":\"fr-FR\"},{\"@type\":\"Organization\",\"@id\":\"https:\\\/\\\/www.2000m2.eu\\\/fr\\\/#organization\",\"name\":\"2000m2\",\"url\":\"https:\\\/\\\/www.2000m2.eu\\\/fr\\\/\",\"logo\":{\"@type\":\"ImageObject\",\"inLanguage\":\"fr-FR\",\"@id\":\"https:\\\/\\\/www.2000m2.eu\\\/fr\\\/#\\\/schema\\\/logo\\\/image\\\/\",\"url\":\"https:\\\/\\\/www.2000m2.eu\\\/wp-content\\\/uploads\\\/logo.png\",\"contentUrl\":\"https:\\\/\\\/www.2000m2.eu\\\/wp-content\\\/uploads\\\/logo.png\",\"width\":445,\"height\":140,\"caption\":\"2000m2\"},\"image\":{\"@id\":\"https:\\\/\\\/www.2000m2.eu\\\/fr\\\/#\\\/schema\\\/logo\\\/image\\\/\"}}]}<\/script>\n<!-- \/ Yoast SEO plugin. -->","yoast_head_json":{"title":"Le climat mondial - 2000m2","description":"Le climat mondial Quel est le rapport de notre alimentation avec le changement climatique ? L'atmosph\u00e8re, c'est-\u00e0-dire l'enveloppe gazeuse qui entoure la","robots":{"index":"index","follow":"follow","max-snippet":"max-snippet:-1","max-image-preview":"max-image-preview:large","max-video-preview":"max-video-preview:-1"},"canonical":"https:\/\/www.2000m2.eu\/fr\/topic\/le-climat-mondial\/","og_locale":"fr_FR","og_type":"article","og_title":"Le climat mondial - 2000m2","og_description":"Le climat mondial Quel est le rapport de notre alimentation avec le changement climatique ? L'atmosph\u00e8re, c'est-\u00e0-dire l'enveloppe gazeuse qui entoure la","og_url":"https:\/\/www.2000m2.eu\/fr\/topic\/le-climat-mondial\/","og_site_name":"2000m2","article_modified_time":"2025-06-05T11:21:24+00:00","og_image":[{"width":1920,"height":960,"url":"https:\/\/www.2000m2.eu\/wp-content\/uploads\/BROCHURE_2024_Francais11.jpg","type":"image\/jpeg"}],"twitter_card":"summary_large_image","twitter_misc":{"Dur\u00e9e de lecture estim\u00e9e":"4 minutes"},"schema":{"@context":"https:\/\/schema.org","@graph":[{"@type":"WebPage","@id":"https:\/\/www.2000m2.eu\/fr\/topic\/le-climat-mondial\/","url":"https:\/\/www.2000m2.eu\/fr\/topic\/le-climat-mondial\/","name":"Le climat mondial - 2000m2","isPartOf":{"@id":"https:\/\/www.2000m2.eu\/fr\/#website"},"primaryImageOfPage":{"@id":"https:\/\/www.2000m2.eu\/fr\/topic\/le-climat-mondial\/#primaryimage"},"image":{"@id":"https:\/\/www.2000m2.eu\/fr\/topic\/le-climat-mondial\/#primaryimage"},"thumbnailUrl":"https:\/\/www.2000m2.eu\/wp-content\/uploads\/BROCHURE_2024_Francais11.jpg","datePublished":"2024-09-17T08:27:05+00:00","dateModified":"2025-06-05T11:21:24+00:00","description":"Le climat mondial Quel est le rapport de notre alimentation avec le changement climatique ? L'atmosph\u00e8re, c'est-\u00e0-dire l'enveloppe gazeuse qui entoure la","breadcrumb":{"@id":"https:\/\/www.2000m2.eu\/fr\/topic\/le-climat-mondial\/#breadcrumb"},"inLanguage":"fr-FR","potentialAction":[{"@type":"ReadAction","target":["https:\/\/www.2000m2.eu\/fr\/topic\/le-climat-mondial\/"]}]},{"@type":"ImageObject","inLanguage":"fr-FR","@id":"https:\/\/www.2000m2.eu\/fr\/topic\/le-climat-mondial\/#primaryimage","url":"https:\/\/www.2000m2.eu\/wp-content\/uploads\/BROCHURE_2024_Francais11.jpg","contentUrl":"https:\/\/www.2000m2.eu\/wp-content\/uploads\/BROCHURE_2024_Francais11.jpg","width":1920,"height":960,"caption":"Les facteurs climatiques du monde sont repr\u00e9sent\u00e9s. L'effet de serre naturel est esquiss\u00e9, ainsi que diff\u00e9rents oligo-\u00e9l\u00e9ments et toutes les influences humaines possibles sur le climat."},{"@type":"BreadcrumbList","@id":"https:\/\/www.2000m2.eu\/fr\/topic\/le-climat-mondial\/#breadcrumb","itemListElement":[{"@type":"ListItem","position":1,"name":"Home","item":"https:\/\/www.2000m2.eu\/fr\/"},{"@type":"ListItem","position":2,"name":"Topics","item":"https:\/\/www.2000m2.eu\/fr\/topic\/"},{"@type":"ListItem","position":3,"name":"Le climat mondial"}]},{"@type":"WebSite","@id":"https:\/\/www.2000m2.eu\/fr\/#website","url":"https:\/\/www.2000m2.eu\/fr\/","name":"2000m2","description":"","publisher":{"@id":"https:\/\/www.2000m2.eu\/fr\/#organization"},"potentialAction":[{"@type":"SearchAction","target":{"@type":"EntryPoint","urlTemplate":"https:\/\/www.2000m2.eu\/fr\/?s={search_term_string}"},"query-input":{"@type":"PropertyValueSpecification","valueRequired":true,"valueName":"search_term_string"}}],"inLanguage":"fr-FR"},{"@type":"Organization","@id":"https:\/\/www.2000m2.eu\/fr\/#organization","name":"2000m2","url":"https:\/\/www.2000m2.eu\/fr\/","logo":{"@type":"ImageObject","inLanguage":"fr-FR","@id":"https:\/\/www.2000m2.eu\/fr\/#\/schema\/logo\/image\/","url":"https:\/\/www.2000m2.eu\/wp-content\/uploads\/logo.png","contentUrl":"https:\/\/www.2000m2.eu\/wp-content\/uploads\/logo.png","width":445,"height":140,"caption":"2000m2"},"image":{"@id":"https:\/\/www.2000m2.eu\/fr\/#\/schema\/logo\/image\/"}}]}},"_links":{"self":[{"href":"https:\/\/www.2000m2.eu\/fr\/wp-json\/wp\/v2\/topic\/8940","targetHints":{"allow":["GET"]}}],"collection":[{"href":"https:\/\/www.2000m2.eu\/fr\/wp-json\/wp\/v2\/topic"}],"about":[{"href":"https:\/\/www.2000m2.eu\/fr\/wp-json\/wp\/v2\/types\/topic"}],"wp:featuredmedia":[{"embeddable":true,"href":"https:\/\/www.2000m2.eu\/fr\/wp-json\/wp\/v2\/media\/9050"}],"wp:attachment":[{"href":"https:\/\/www.2000m2.eu\/fr\/wp-json\/wp\/v2\/media?parent=8940"}],"wp:term":[{"taxonomy":"post_tag","embeddable":true,"href":"https:\/\/www.2000m2.eu\/fr\/wp-json\/wp\/v2\/tags?post=8940"}],"curies":[{"name":"wp","href":"https:\/\/api.w.org\/{rel}","templated":true}]}}