{"id":15875,"date":"2025-07-08T13:53:10","date_gmt":"2025-07-08T13:53:10","guid":{"rendered":"https:\/\/www.2000m2.eu\/crop\/oleo-de-palma\/"},"modified":"2025-09-15T09:49:40","modified_gmt":"2025-09-15T09:49:40","slug":"oleo-de-palma","status":"publish","type":"crop","link":"https:\/\/www.2000m2.eu\/pt\/cultura\/oleo-de-palma\/","title":{"rendered":"\u00d3leo de palma"},"content":{"rendered":"\n<h1 class=\"wp-block-heading\">\u00d3leo de palma, Elaeis guineensis<\/h1>\n\n<p><\/p>\n<style>.wp-block-kadence-column.kb-section-dir-horizontal > .kt-inside-inner-col > .kt-info-box10509_738f55-45 .kt-blocks-info-box-link-wrap{max-width:unset;}.kt-info-box10509_738f55-45 .kt-blocks-info-box-link-wrap{border-top-left-radius:15px;border-top-right-radius:15px;border-bottom-right-radius:15px;border-bottom-left-radius:15px;background:var(--accent);padding-top:var(--global-kb-spacing-xs, 1rem);padding-right:var(--global-kb-spacing-xs, 1rem);padding-bottom:var(--global-kb-spacing-xs, 1rem);padding-left:var(--global-kb-spacing-xs, 1rem);}.kt-info-box10509_738f55-45.wp-block-kadence-infobox{max-width:100%;}.kt-info-box10509_738f55-45 .kadence-info-box-image-inner-intrisic-container{max-width:100px;}.kt-info-box10509_738f55-45 .kadence-info-box-image-inner-intrisic-container .kadence-info-box-image-intrisic{padding-bottom:100%;width:1920px;height:0px;max-width:100%;}.kt-info-box10509_738f55-45 .kadence-info-box-icon-container .kt-info-svg-icon, .kt-info-box10509_738f55-45 .kt-info-svg-icon-flip, .kt-info-box10509_738f55-45 .kt-blocks-info-box-number{font-size:25px;}.kt-info-box10509_738f55-45 .kt-blocks-info-box-media{color:var(--accent-3);background:var(--accent-4);border-color:#444444;border-radius:167px;overflow:hidden;border-top-width:0px;border-right-width:0px;border-bottom-width:0px;border-left-width:0px;padding-top:11px;padding-right:11px;padding-bottom:11px;padding-left:11px;margin-top:0px;margin-right:15px;margin-bottom:0px;margin-left:15px;}.kt-info-box10509_738f55-45 .kt-blocks-info-box-media .kadence-info-box-image-intrisic img{border-radius:167px;}.kt-info-box10509_738f55-45 .kt-infobox-textcontent .kt-blocks-info-box-text{color:#ffffff;}.kt-info-box10509_738f55-45 .kt-blocks-info-box-link-wrap:hover .kt-blocks-info-box-text{color:#ffffff;}.kt-info-box10509_738f55-45 .kt-blocks-info-box-learnmore{background:transparent;border-width:0px 0px 0px 0px;padding-top:4px;padding-right:8px;padding-bottom:4px;padding-left:8px;margin-top:10px;margin-right:0px;margin-bottom:10px;margin-left:0px;}@media all and (max-width: 767px){.kt-info-box10509_738f55-45 .kt-blocks-info-box-link-wrap{text-align:left;display:block;}.kt-info-box10509_738f55-45 .kt-blocks-info-box-link-wrap .kt-blocks-info-box-media{display:inline-block;max-width:100%;}}<\/style>\n<div class=\"wp-block-kadence-infobox kt-info-box10509_738f55-45\"><span class=\"kt-blocks-info-box-link-wrap info-box-link kt-blocks-info-box-media-align-left kt-info-halign-left kb-info-box-vertical-media-align-top kb-info-mobile-halign-left\"><div class=\"kt-blocks-info-box-media-container\"><div class=\"kt-blocks-info-box-media kt-info-media-animate-none\"><div class=\"kadence-info-box-image-inner-intrisic-container\"><div class=\"kadence-info-box-image-intrisic kt-info-animate-none kb-info-box-image-ratio kb-info-box-image-ratio-square\"><div class=\"kadence-info-box-image-inner-intrisic\"><img decoding=\"async\" src=\"https:\/\/www.2000m2.eu\/wp-content\/uploads\/Olpalme_Berlin.jpg\" alt=\"\" width=\"1920\" height=\"1358\" class=\"kt-info-box-image wp-image-10510\" srcset=\"https:\/\/www.2000m2.eu\/wp-content\/uploads\/Olpalme_Berlin.jpg 1920w, https:\/\/www.2000m2.eu\/wp-content\/uploads\/Olpalme_Berlin-300x212.jpg 300w, https:\/\/www.2000m2.eu\/wp-content\/uploads\/Olpalme_Berlin-1024x724.jpg 1024w, https:\/\/www.2000m2.eu\/wp-content\/uploads\/Olpalme_Berlin-768x543.jpg 768w, https:\/\/www.2000m2.eu\/wp-content\/uploads\/Olpalme_Berlin-1536x1086.jpg 1536w\" sizes=\"(max-width: 1920px) 100vw, 1920px\" \/><\/div><\/div><\/div><\/div><\/div><div class=\"kt-infobox-textcontent\"><p class=\"kt-blocks-info-box-text\"><strong>\u00c1rea global<\/strong>: 27 milh\u00f5es de hectares (+ \u00e1reas ilegais)<br\/><strong>\u00c1rea nas terras agr\u00edcolas do mundo<\/strong>: 34,1 m\u00b2 (1,7 %)<br\/><strong>Regi\u00e3o de origem<\/strong>: \u00c1frica Ocidental<br\/><strong>Principais \u00e1reas de cultivo<\/strong>: Indon\u00e9sia, Mal\u00e1sia, Nig\u00e9ria, Tail\u00e2ndia<br\/><strong>Utiliza\u00e7\u00f5es \/ principais benef\u00edcios<\/strong>: Energia, aditivo alimentar, alimenta\u00e7\u00e3o animal, produtos qu\u00edmicos e cosm\u00e9ticos<\/p><\/div><\/span><\/div>\n\n<p><\/p>\n\n<p>O \u00f3leo de palma \u00e9 o \u00f3leo vegetal mais barato e mais produzido no mercado mundial e est\u00e1 dispon\u00edvel em grandes quantidades durante todo o ano. Devido ao seu elevado ponto de fus\u00e3o, \u00e9 particularmente f\u00e1cil de processar. Na sua forma refinada, o \u00f3leo de palma \u00e9 inodoro, ins\u00edpido, incolor e tem um longo prazo de validade. Todas estas propriedades fazem dele a mat\u00e9ria-prima ideal para a ind\u00fastria produzir produtos baratos em massa. O \u00f3leo de palma encontra-se em numerosos produtos do quotidiano &#8211; por exemplo, na margarina, na pizza congelada, no chocolate e no \u00f3leo de fritar. Tamb\u00e9m \u00e9 utilizado em produtos de limpeza, detergentes, velas, cosm\u00e9ticos e para gerar eletricidade e calor.     <\/p>\n\n<h2 class=\"wp-block-heading\">A planta por detr\u00e1s do \u00f3leo<\/h2>\n\n<p>O dendezeiro pode crescer at\u00e9 30 metros no c\u00e9u e atingir uma idade impressionante de cerca de 80 anos. \u00c9 uma planta mon\u00f3ica, o que significa que tem flores masculinas e femininas. As infloresc\u00eancias masculinas e femininas alternadas produzem frutos a partir do 5\u00ba ano. E n\u00e3o s\u00e3o poucos: numa s\u00f3 infloresc\u00eancia amadurecem v\u00e1rios milhares de drupas do tamanho de uma ameixa, que no seu conjunto podem pesar at\u00e9 50 kg. O ter\u00e7o inferior do seu tronco \u00e9 coberto por bases de folhas velhas e coroado por folhas pinadas. Sendo uma planta nitidamente tropical, o dendezeiro, tal como o coqueiro, necessita de temperaturas de cerca de 25 \u00b0C e de uma precipita\u00e7\u00e3o regular de cerca de 100 mm por m\u00eas, pelo que cresce principalmente em torno do equador. Ao contr\u00e1rio do coqueiro, s\u00f3 se desenvolve em solos profundos e ricos em nutrientes.      <\/p>\n<style>.wp-block-kadence-advancedgallery.kb-gallery-wrap-id-10509_9d1c2d-e5{overflow:hidden;}.kb-gallery-type-carousel.kb-gallery-id-10509_9d1c2d-e5 .kt-blocks-carousel .kt-blocks-carousel-init:not( .splide-initialized ){margin-left:-5px;margin-right:-5px;}.kb-gallery-type-carousel.kb-gallery-id-10509_9d1c2d-e5 .kt-blocks-carousel .kt-blocks-carousel-init:not( .splide-initialized ) .kb-slide-item{padding-left:5px;padding-right:5px;}.kb-gallery-id-10509_9d1c2d-e5 .kadence-blocks-gallery-item .kb-gal-image-radius, .kb-gallery-id-10509_9d1c2d-e5 .kb-slide-item .kb-gal-image-radius img{border-radius:0px 0px 0px 0px;;}.kb-gallery-caption-style-cover-hover.kb-gallery-id-10509_9d1c2d-e5 .kadence-blocks-gallery-item .kadence-blocks-gallery-item-inner .kadence-blocks-gallery-item__caption, .kb-gallery-caption-style-below.kb-gallery-id-10509_9d1c2d-e5 .kadence-blocks-gallery-item .kadence-blocks-gallery-item-inner .kadence-blocks-gallery-item__caption{background:rgba(0, 0, 0, 0.5);}.kb-gallery-wrap-id-10509_9d1c2d-e5.wp-block-kadence-advancedgallery{overflow:visible;}.kb-gallery-wrap-id-10509_9d1c2d-e5.wp-block-kadence-advancedgallery .kt-blocks-carousel{overflow:visible;}<\/style><div class=\"kb-gallery-wrap-id-10509_9d1c2d-e5 alignnone wp-block-kadence-advancedgallery\"><div class=\"kb-gallery-ul kb-gallery-non-static kb-gallery-type-carousel kb-gallery-id-10509_9d1c2d-e5 kb-gallery-caption-style-below kb-gallery-filter-none\" data-image-filter=\"none\" data-lightbox-caption=\"true\"><div class=\"kt-blocks-carousel kt-carousel-container-dotstyle-dark\"><div class=\"kt-blocks-carousel-init kb-gallery-carousel kt-carousel-arrowstyle-whiteondark kt-carousel-dotstyle-dark kb-slider-group-arrow kb-slider-arrow-position-center\" data-columns-xxl=\"3\" data-columns-xl=\"3\" data-columns-md=\"3\" data-columns-sm=\"2\" data-columns-xs=\"1\" data-columns-ss=\"1\" data-slider-anim-speed=\"400\" data-slider-scroll=\"1\" data-slider-arrows=\"true\" data-slider-dots=\"true\" data-slider-hover-pause=\"false\" data-slider-auto=\"\" data-slider-speed=\"7000\" data-slider-gap=\"10px\" data-slider-gap-tablet=\"10px\" data-slider-gap-mobile=\"10px\" data-show-pause-button=\"false\" aria-label=\"Photo Gallery Carousel\"><li class=\"kb-slide-item kb-gallery-carousel-item\"><div class=\"kadence-blocks-gallery-item\"><div class=\"kadence-blocks-gallery-item-inner\"><figure class=\"kb-gallery-figure kadence-blocks-gallery-item-has-caption\"><div class=\"kb-gal-image-radius\"><div class=\"kb-gallery-image-contain kadence-blocks-gallery-intrinsic kb-gallery-image-ratio-land32 kb-has-image-ratio-land32\" ><img decoding=\"async\" src=\"https:\/\/www.2000m2.eu\/wp-content\/uploads\/41-1.jpg\" width=\"1024\" height=\"768\" alt=\"Fotografa do ar uma grande planta\u00e7\u00e3o de palmeiras em monocultura. Uma estrada passa por entre as palmeiras \" data-full-image=\"https:\/\/www.2000m2.eu\/wp-content\/uploads\/41-1.jpg\" data-light-image=\"https:\/\/www.2000m2.eu\/wp-content\/uploads\/41-1.jpg\" data-id=\"10516\" class=\"wp-image-10516 skip-lazy\"\/><\/div><\/div><figcaption class=\"kadence-blocks-gallery-item__caption\">Planta\u00e7\u00e3o<\/figcaption><\/figure><\/div><\/div><\/li><li class=\"kb-slide-item kb-gallery-carousel-item\"><div class=\"kadence-blocks-gallery-item\"><div class=\"kadence-blocks-gallery-item-inner\"><figure class=\"kb-gallery-figure kadence-blocks-gallery-item-has-caption\"><div class=\"kb-gal-image-radius\"><div class=\"kb-gallery-image-contain kadence-blocks-gallery-intrinsic kb-gallery-image-ratio-land32 kb-has-image-ratio-land32\" ><img decoding=\"async\" src=\"https:\/\/www.2000m2.eu\/wp-content\/uploads\/45-1.jpg\" width=\"1024\" height=\"768\" alt=\"As palmeiras oleaginosas t\u00eam um tronco grosso na base, a partir do qual crescem as folhas das palmeiras. Os caules dos frutos podem ser vistos na base das folhas. \" data-full-image=\"https:\/\/www.2000m2.eu\/wp-content\/uploads\/45-1.jpg\" data-light-image=\"https:\/\/www.2000m2.eu\/wp-content\/uploads\/45-1.jpg\" data-id=\"10532\" class=\"wp-image-10532 skip-lazy\"\/><\/div><\/div><figcaption class=\"kadence-blocks-gallery-item__caption\">\u00d3leo de palma<\/figcaption><\/figure><\/div><\/div><\/li><li class=\"kb-slide-item kb-gallery-carousel-item\"><div class=\"kadence-blocks-gallery-item\"><div class=\"kadence-blocks-gallery-item-inner\"><figure class=\"kb-gallery-figure kadence-blocks-gallery-item-has-caption\"><div class=\"kb-gal-image-radius\"><div class=\"kb-gallery-image-contain kadence-blocks-gallery-intrinsic kb-gallery-image-ratio-land32 kb-has-image-ratio-land32\" ><img decoding=\"async\" src=\"https:\/\/www.2000m2.eu\/wp-content\/uploads\/44-1.jpg\" width=\"1024\" height=\"768\" alt=\"Na palmeira podem-se ver tr\u00eas cachos de frutos: grandes cachos de numerosos frutos de \u00f3leo de palma.\" data-full-image=\"https:\/\/www.2000m2.eu\/wp-content\/uploads\/44-1.jpg\" data-light-image=\"https:\/\/www.2000m2.eu\/wp-content\/uploads\/44-1.jpg\" data-id=\"10528\" class=\"wp-image-10528 skip-lazy\"\/><\/div><\/div><figcaption class=\"kadence-blocks-gallery-item__caption\">Cachos de frutos<\/figcaption><\/figure><\/div><\/div><\/li><li class=\"kb-slide-item kb-gallery-carousel-item\"><div class=\"kadence-blocks-gallery-item\"><div class=\"kadence-blocks-gallery-item-inner\"><figure class=\"kb-gallery-figure kadence-blocks-gallery-item-has-caption\"><div class=\"kb-gal-image-radius\"><div class=\"kb-gallery-image-contain kadence-blocks-gallery-intrinsic kb-gallery-image-ratio-land32 kb-has-image-ratio-land32\" ><img decoding=\"async\" src=\"https:\/\/www.2000m2.eu\/wp-content\/uploads\/47-1.jpg\" width=\"1024\" height=\"768\" alt=\"V\u00ea as folhas de palmeira com espinhos na extremidade. No meio, h\u00e1 uma grande banca de fruta com frutos de palmeira vermelhos e maduros. \" data-full-image=\"https:\/\/www.2000m2.eu\/wp-content\/uploads\/47-1.jpg\" data-light-image=\"https:\/\/www.2000m2.eu\/wp-content\/uploads\/47-1.jpg\" data-id=\"10540\" class=\"wp-image-10540 skip-lazy\"\/><\/div><\/div><figcaption class=\"kadence-blocks-gallery-item__caption\">Fruta madura<\/figcaption><\/figure><\/div><\/div><\/li><li class=\"kb-slide-item kb-gallery-carousel-item\"><div class=\"kadence-blocks-gallery-item\"><div class=\"kadence-blocks-gallery-item-inner\"><figure class=\"kb-gallery-figure kadence-blocks-gallery-item-has-caption\"><div class=\"kb-gal-image-radius\"><div class=\"kb-gallery-image-contain kadence-blocks-gallery-intrinsic kb-gallery-image-ratio-land32 kb-has-image-ratio-land32\" ><img decoding=\"async\" src=\"https:\/\/www.2000m2.eu\/wp-content\/uploads\/43-1.jpg\" width=\"1024\" height=\"768\" alt=\"Sobre uma folha de palmeira repousam cinco frutos de palma: vermelho-escuro com tons negros na parte superior e amarelo na base.\" data-full-image=\"https:\/\/www.2000m2.eu\/wp-content\/uploads\/43-1.jpg\" data-light-image=\"https:\/\/www.2000m2.eu\/wp-content\/uploads\/43-1.jpg\" data-id=\"10524\" class=\"wp-image-10524 skip-lazy\"\/><\/div><\/div><figcaption class=\"kadence-blocks-gallery-item__caption\">frutos colhidos<\/figcaption><\/figure><\/div><\/div><\/li><li class=\"kb-slide-item kb-gallery-carousel-item\"><div class=\"kadence-blocks-gallery-item\"><div class=\"kadence-blocks-gallery-item-inner\"><figure class=\"kb-gallery-figure kadence-blocks-gallery-item-has-caption\"><div class=\"kb-gal-image-radius\"><div class=\"kb-gallery-image-contain kadence-blocks-gallery-intrinsic kb-gallery-image-ratio-land32 kb-has-image-ratio-land32\" ><img decoding=\"async\" src=\"https:\/\/www.2000m2.eu\/wp-content\/uploads\/46.jpg\" width=\"1024\" height=\"768\" alt=\"A fotografia mostra frutos de \u00f3leo de palma cortados - com polpa vermelha e grandes sementes brancas no interior.\" data-full-image=\"https:\/\/www.2000m2.eu\/wp-content\/uploads\/46.jpg\" data-light-image=\"https:\/\/www.2000m2.eu\/wp-content\/uploads\/46.jpg\" data-id=\"10536\" class=\"wp-image-10536 skip-lazy\"\/><\/div><\/div><figcaption class=\"kadence-blocks-gallery-item__caption\">Frutos do interior<\/figcaption><\/figure><\/div><\/div><\/li><\/div><\/div><\/div><\/div>\n<h2 class=\"wp-block-heading\">Hist\u00f3ria de sucesso sombria<\/h2>\n\n<p>Os frutos da palmeira eram colhidos e o \u00f3leo de palma era utilizado para fins culin\u00e1rios e medicinais j\u00e1 h\u00e1 cerca de 5000 anos, quando a popula\u00e7\u00e3o da \u00c1frica Ocidental come\u00e7ou a estabelecer-se. No Egito, o vinho de palma feito a partir de frutos importados era utilizado para mumifica\u00e7\u00e3o durante o mesmo per\u00edodo. Ainda n\u00e3o se sabe ao certo quando come\u00e7ou a cultura de palmeiras selvagens, a par do seu cultivo e colheita. A palmeira oleaginosa chegou \u00e0 Europa (Portugal) atrav\u00e9s da coloniza\u00e7\u00e3o no s\u00e9culo XV, mas inicialmente apenas como planta ornamental. Esta situa\u00e7\u00e3o alterou-se no s\u00e9culo XVI, quando os portugueses, por sua vez, levaram o \u00f3leo de palma nos seus navios negreiros como provis\u00f5es de viagem. O \u00f3leo de palma era utilizado para enriquecer sopas finas \u00e0 base de arroz, milho ou inhame, que eram dadas aos africanos deportados para as Am\u00e9ricas como alimento b\u00e1sico. Foi assim que o azeite de dend\u00ea entrou nas cozinhas da popula\u00e7\u00e3o negra brasileira e se tornou um dos alimentos formadores de sua identidade. O azeite de dend\u00ea, como \u00e9 conhecido localmente, tornou-se um ingrediente essencial em muitos pratos afro-brasileiros. O acaraj\u00e9 e a moqueca de peixe s\u00e3o os dois exemplos mais conhecidos.         <\/p>\n\n<p>A industrializa\u00e7\u00e3o europeia nos s\u00e9culos XVIII e XIX aumentou a procura de \u00f3leos e gorduras para m\u00e1quinas, velas e candeeiros, entre outras coisas. As pot\u00eancias coloniais europeias obrigaram os pequenos agricultores da \u00c1frica Ocidental a cultivar palmeiras oleaginosas fora da \u00e1rea de cultivo original, no Delta do N\u00edger. O brit\u00e2nico William Lever fundou a primeira planta\u00e7\u00e3o colonial de dendezeiros no Congo ocupado pelos belgas em 1908 e fundiu-se com um fabricante de margarinas holand\u00eas para formar a Unilever em 1929. Os engenheiros agr\u00f3nomos belgas estabeleceram tamb\u00e9m as primeiras planta\u00e7\u00f5es no in\u00edcio do s\u00e9culo XX na ilha de Sumatra, que tinha sido apropriada pelos Pa\u00edses Baixos, abrindo assim o caminho para a r\u00e1pida dissemina\u00e7\u00e3o da palma de \u00f3leo no Sudeste Asi\u00e1tico, onde as condi\u00e7\u00f5es de solo e de sol s\u00e3o ainda mais favor\u00e1veis do que na \u00c1frica equatorial.      <\/p>\n\n<p>Atualmente, a produ\u00e7\u00e3o de \u00f3leo de palma continua a aumentar de forma constante &#8211; de acordo com a FAO, em 2023 ser\u00e3o colhidas quase 410 milh\u00f5es de toneladas de frutos de palma a n\u00edvel mundial. Mais de metade deste valor ser\u00e1 utilizado como biocombust\u00edvel. Mais de 60% do \u00f3leo de palma \u00e9 produzido na Indon\u00e9sia, seguida da Mal\u00e1sia com mais de 20% e da Tail\u00e2ndia, Nig\u00e9ria e Col\u00f4mbia com quantidades muito menores. At\u00e9 \u00e0 data, o maior consumidor de \u00f3leo de palma do mundo \u00e9 o Grupo Unilever (Rama, Langnese, Dove), com 1,4 milh\u00f5es de toneladas de \u00f3leo de palma por ano. A sua dimens\u00e3o e poder de mercado s\u00e3o o resultado da explora\u00e7\u00e3o colonial e da expropria\u00e7\u00e3o de terras h\u00e1 cerca de cem anos.    <\/p>\n\n<h2 class=\"wp-block-heading\">De &#8220;vegetal&#8221; a produto industrial?<\/h2>\n\n<p>Originalmente, os frutos da palmeira eram consumidos como legumes e o seu \u00f3leo era utilizado para sopas, para fritar ou como ingrediente de papas (juntamente com mandioca, arroz, banana, inhame e feij\u00e3o) e guisados. As fibras, o vinho de palma, a madeira e o \u00f3leo de palmiste eram utilizados para fazer sab\u00f5es e as ra\u00edzes da palmeira eram utilizadas para fins medicinais. <\/p>\n\n<p>Atualmente, o \u00f3leo de palma, metade do qual \u00e9 constitu\u00eddo por \u00e1cidos gordos saturados, \u00e9 conhecido como um agente de engorda que pode provocar n\u00edveis elevados de colesterol e doen\u00e7as card\u00edacas. O \u00f3leo de palmiste, que \u00e9 utilizado para a cobertura de cacau ou para a confe\u00e7\u00e3o de gelados, \u00e9 composto por 80 por cento de \u00e1cidos gordos saturados. Al\u00e9m disso, o \u00f3leo de palma refinado cont\u00e9m normalmente n\u00edveis elevados de \u00e9steres de \u00e1cidos gordos, que s\u00e3o considerados cancer\u00edgenos. A sua presen\u00e7a em f\u00f3rmulas para lactentes \u00e9 particularmente preocupante. Os torr\u00f5es de nozes e as pastas de chocolate tamb\u00e9m cont\u00eam frequentemente n\u00edveis elevados de \u00f3leo de palma prejudicial.    <\/p>\n\n<p>Durante a colheita, os caules inteiros dos frutos da palmeira s\u00e3o cortados e depois aquecidos a vapor. Em seguida, os frutos individuais s\u00e3o separados e esmagados para separar as sementes com caro\u00e7o. O \u00f3leo pode ser prensado diretamente da polpa do fruto, que consiste em mais de 50 por cento de gordura. Este \u00e9 s\u00f3lido \u00e0 temperatura ambiente e \u00e9 utilizado principalmente no fabrico de margarina. As sementes ou drupas s\u00e3o quebradas com m\u00e1quinas especiais e, dependendo da sua qualidade, s\u00e3o utilizadas como aditivo alimentar ou para a produ\u00e7\u00e3o de sab\u00e3o e cosm\u00e9ticos. Os produtos residuais da produ\u00e7\u00e3o de \u00f3leo s\u00e3o utilizados como alimento para animais e o sumo das folhas de palmeira \u00e9 fermentado para produzir vinho de palma.     <\/p>\n\n<p>Globalmente, mais de metade do \u00f3leo de palma \u00e9 atualmente consumido como biocombust\u00edvel e queimado em centrais el\u00e9ctricas para produzir eletricidade e calor. Um pouco menos de um quarto vai para a ind\u00fastria alimentar para margarina, chocolate para barrar, muesli estaladi\u00e7o, gelados, bolachas, sopas instant\u00e2neas, pizzas congeladas e barras de chocolate. Um pouco menos de 15% \u00e9 utilizado como ra\u00e7\u00e3o animal para gado, porcos e aves de capoeira e aproximadamente a mesma quantidade vai para as ind\u00fastrias qu\u00edmica, farmac\u00eautica, de detergentes e cosm\u00e9tica.  <\/p>\n\n<p>O sector biol\u00f3gico tamb\u00e9m depende do \u00f3leo de palma. Este \u00f3leo tropical est\u00e1 presente em centenas de produtos biol\u00f3gicos de fabricantes conhecidos. Embora a utiliza\u00e7\u00e3o de pesticidas, fertilizantes qu\u00edmicos e engenharia gen\u00e9tica seja proibida, o cultivo de \u00f3leo de palma biol\u00f3gico \u00e9 tamb\u00e9m dominado por monoculturas industriais.  <\/p>\n\n<p><\/p>\n<style>.wp-block-kadence-column.kb-section-dir-horizontal > .kt-inside-inner-col > .kt-info-box10509_5a3035-69 .kt-blocks-info-box-link-wrap{max-width:unset;}.kt-info-box10509_5a3035-69 .kt-blocks-info-box-link-wrap{border-top-left-radius:15px;border-top-right-radius:15px;border-bottom-right-radius:15px;border-bottom-left-radius:15px;background:var(--accent-4);padding-top:var(--global-kb-spacing-xs, 1rem);padding-right:var(--global-kb-spacing-xs, 1rem);padding-bottom:var(--global-kb-spacing-xs, 1rem);padding-left:var(--global-kb-spacing-xs, 1rem);}.kt-info-box10509_5a3035-69 .kadence-info-box-icon-container .kt-info-svg-icon, .kt-info-box10509_5a3035-69 .kt-info-svg-icon-flip, .kt-info-box10509_5a3035-69 .kt-blocks-info-box-number{font-size:50px;}.kt-info-box10509_5a3035-69 .kt-blocks-info-box-media{border-top-width:0px;border-right-width:0px;border-bottom-width:0px;border-left-width:0px;padding-top:10px;padding-right:10px;padding-bottom:10px;padding-left:10px;margin-top:0px;margin-right:15px;margin-bottom:0px;margin-left:15px;}.kt-info-box10509_5a3035-69 .kt-infobox-textcontent .kt-blocks-info-box-text{color:var(--contrast);}.kt-info-box10509_5a3035-69 .kt-blocks-info-box-learnmore{background:transparent;border-width:0px 0px 0px 0px;padding-top:4px;padding-right:8px;padding-bottom:4px;padding-left:8px;margin-top:10px;margin-right:0px;margin-bottom:10px;margin-left:0px;}@media all and (max-width: 767px){.kt-info-box10509_5a3035-69 .kt-blocks-info-box-link-wrap{display:block;}.kt-info-box10509_5a3035-69 .kt-blocks-info-box-link-wrap .kt-blocks-info-box-media{display:inline-block;max-width:100%;}}<\/style>\n<div class=\"wp-block-kadence-infobox kt-info-box10509_5a3035-69\"><span class=\"kt-blocks-info-box-link-wrap info-box-link kt-blocks-info-box-media-align-left kt-info-halign-left kb-info-box-vertical-media-align-top\"><div class=\"kt-blocks-info-box-media-container\"><div class=\"kt-blocks-info-box-media kt-info-media-animate-none\"><div class=\"kadence-info-box-icon-container kt-info-icon-animate-none\"><div class=\"kadence-info-box-icon-inner-container\"><span class=\"kb-svg-icon-wrap kb-svg-icon-fas_info-circle kt-info-svg-icon\"><svg viewBox=\"0 0 512 512\"  fill=\"currentColor\" xmlns=\"http:\/\/www.w3.org\/2000\/svg\"  aria-hidden=\"true\"><path d=\"M256 8C119.043 8 8 119.083 8 256c0 136.997 111.043 248 248 248s248-111.003 248-248C504 119.083 392.957 8 256 8zm0 110c23.196 0 42 18.804 42 42s-18.804 42-42 42-42-18.804-42-42 18.804-42 42-42zm56 254c0 6.627-5.373 12-12 12h-88c-6.627 0-12-5.373-12-12v-24c0-6.627 5.373-12 12-12h12v-64h-12c-6.627 0-12-5.373-12-12v-24c0-6.627 5.373-12 12-12h64c6.627 0 12 5.373 12 12v100h12c6.627 0 12 5.373 12 12v24z\"\/><\/svg><\/span><\/div><\/div><\/div><\/div><div class=\"kt-infobox-textcontent\"><h2 class=\"kt-blocks-info-box-title\">Sabias que?<\/h2><p class=\"kt-blocks-info-box-text\">H\u00e1 d\u00e9cadas que o cultivo de dendezeiros \u00e9 uma das principais causas da destrui\u00e7\u00e3o das florestas tropicais! Os dendezeiros desenvolvem-se principalmente em regi\u00f5es tropicais perto do equador &#8211; onde h\u00e1 muita chuva. O Sudeste Asi\u00e1tico abate florestas tropicais primitivas para a maioria das planta\u00e7\u00f5es de \u00f3leo de palma. Na Indon\u00e9sia, por exemplo, muitas destas planta\u00e7\u00f5es s\u00e3o criadas ilegalmente &#8211; longe de qualquer controlo e sem registo oficial. Mesmo que as empresas de \u00f3leo de palma tenham licen\u00e7as oficiais, a sua legalidade \u00e9 muitas vezes question\u00e1vel, uma vez que a corrup\u00e7\u00e3o, os conflitos fundi\u00e1rios e as viola\u00e7\u00f5es dos direitos humanos est\u00e3o frequentemente envolvidos na concess\u00e3o de licen\u00e7as para as planta\u00e7\u00f5es de \u00f3leo de palma. E s\u00f3 porque algo \u00e9 considerado legal, n\u00e3o significa que seja justo ou amigo do ambiente. Ainda hoje, os organismos governamentais continuam a conceder licen\u00e7as para o cultivo em \u00e1reas valiosas de floresta tropical &#8211; muitas vezes sem ter em conta as comunidades ind\u00edgenas que a\u00ed vivem e os seus direitos.      <\/p><\/div><\/span><\/div>\n\n<h2 class=\"wp-block-heading\">\u00d3leo de palma &#8211; um agressor do clima<\/h2>\n\n<p>No debate sobre o clima, a ind\u00fastria do \u00f3leo de palma tenta apresentar-se como particularmente eficiente, com n\u00fameros elevados de rendimento e produ\u00e7\u00e3o, e argumenta que as palmeiras necessitam de pouca terra ar\u00e1vel em compara\u00e7\u00e3o com outras culturas oleaginosas, devido aos seus elevados rendimentos. No entanto, muitas \u00e1reas em todo o mundo j\u00e1 est\u00e3o ocupadas por monoculturas de palmeiras de \u00f3leo. Tamb\u00e9m \u00e9 um facto que as palmeiras de \u00f3leo se desenvolvem principalmente em \u00e1reas cobertas de floresta tropical perto do equador, raz\u00e3o pela qual os ecossistemas mais ricos em esp\u00e9cies do mundo est\u00e3o a ser desflorestados para criar as planta\u00e7\u00f5es, esp\u00e9cies amea\u00e7adas de extin\u00e7\u00e3o, como os orangotangos, est\u00e3o a ser dizimadas e as pessoas que a\u00ed vivem est\u00e3o a ser deslocadas. A desfloresta\u00e7\u00e3o liberta tamb\u00e9m enormes quantidades de carbono armazenado na atmosfera sob a forma de di\u00f3xido de carbono. A Indon\u00e9sia \u00e9 um dos maiores emissores de CO2 do mundo, principalmente devido \u00e0 desfloresta\u00e7\u00e3o das florestas tropicais para as planta\u00e7\u00f5es de \u00f3leo. A produ\u00e7\u00e3o de \u00f3leo de palma tamb\u00e9m utiliza muita energia f\u00f3ssil para o cultivo do solo, fertilizantes, pesticidas, colheita, transporte e processamento. Al\u00e9m disso, o metano, que \u00e9 um g\u00e1s com efeito de estufa muito forte, escapa dos res\u00edduos de produ\u00e7\u00e3o, como as \u00e1guas residuais da cozedura das f\u00e1bricas de \u00f3leo. E o biodiesel produzido a partir de \u00f3leo de palma provoca tr\u00eas vezes mais emiss\u00f5es prejudiciais ao clima do que o gas\u00f3leo produzido a partir de petr\u00f3leo bruto.       <\/p>\n\n<p>Em resultado do debate p\u00fablico, a ind\u00fastria do \u00f3leo de palma criou, nos \u00faltimos anos, v\u00e1rios r\u00f3tulos de sustentabilidade. No entanto, uma vez que, na pr\u00e1tica, estes n\u00e3o conduziram a uma redu\u00e7\u00e3o da desfloresta\u00e7\u00e3o das florestas tropicais para a produ\u00e7\u00e3o de \u00f3leo de palma nem a uma melhoria da situa\u00e7\u00e3o dos direitos humanos, a maioria das organiza\u00e7\u00f5es ambientais e de desenvolvimento rejeita estas iniciativas de rela\u00e7\u00f5es p\u00fablicas da ind\u00fastria como um logro para os consumidores e o seu financiamento com o dinheiro dos contribuintes. Sob press\u00e3o dos consumidores, os fabricantes de produtos alimentares de cada vez mais pa\u00edses est\u00e3o, por conseguinte, a substituir o \u00f3leo de palma por \u00f3leo de girassol &#8211; e a fazer publicidade com r\u00f3tulos &#8220;sem \u00f3leo de palma&#8221; nas embalagens.  <\/p>\n\n<h2 class=\"wp-block-heading\">As palmeiras s\u00e3o m\u00e1s plantas?<\/h2>\n\n<p>O \u00f3leo ou os coqueiros n\u00e3o s\u00e3o maus nem bons. O problema reside na enorme procura de \u00f3leos e gorduras vegetais no mercado mundial. As enormes quantidades necess\u00e1rias \u00e0 ind\u00fastria podem ser produzidas a pre\u00e7os particularmente baixos em monoculturas industriais e sob condi\u00e7\u00f5es de trabalho exploradoras.  <\/p>\n\n<p>No entanto, projectos e iniciativas inovadores mostram que o cultivo da palma pode ser sustent\u00e1vel. Estes incluem sistemas agroflorestais, por exemplo, onde a palma faz parte de um sistema de cultivo misto. <\/p>\n\n<h2 class=\"wp-block-heading\">Fontes  <\/h2>\n\n<p>Rettet den Regenwald e.V.: <a href=\"https:\/\/www.regenwald.org\/themen\/palmoel\">\u00d3leo de palma &#8211; a morte da floresta tropical<\/a><\/p>\n\n<p>Sodi!: <a href=\"https:\/\/historyoffood.sodi.de\/oelpalme\/\">Hist\u00f3ria da Alimenta\u00e7\u00e3o: Palma de \u00f3leo <\/a> <\/p>\n\n<p>WWF:  <a href=\"https:\/\/www.wwf.de\/fileadmin\/fm-wwf\/Publikationen-PDF\/WWF-Studie_Like_Ice_in_the_Sunshine_2020.pdf\">Como gelo ao sol. \u00d3leos e gorduras vegetais em gelados. O exemplo do \u00f3leo de coco.    <\/a><\/p>\n\n<p><\/p>\n","protected":false},"excerpt":{"rendered":"<p>\u00d3leo de palma, Elaeis guineensis O \u00f3leo de palma \u00e9 o \u00f3leo vegetal mais barato e mais produzido no mercado mundial e est\u00e1 dispon\u00edvel em grandes quantidades durante todo o ano. Devido ao seu elevado ponto de fus\u00e3o, \u00e9 particularmente f\u00e1cil de processar. Na sua forma refinada, o \u00f3leo de palma \u00e9 inodoro, ins\u00edpido, incolor&#8230;<\/p>\n","protected":false},"featured_media":15876,"parent":0,"menu_order":100,"template":"","tags":[],"crops":[161],"class_list":["post-15875","crop","type-crop","status-publish","has-post-thumbnail","hentry","crops-oleaginosos-pt"],"yoast_head":"<!-- This site is optimized with the Yoast SEO plugin v27.4 - https:\/\/yoast.com\/product\/yoast-seo-wordpress\/ -->\n<title>\u00d3leo de palma - 2000m2<\/title>\n<meta name=\"description\" content=\"\u00d3leo de palma, Elaeis guineensis \u00c1rea global: 27 milh\u00f5es de hectares (+ \u00e1reas ilegais)\u00c1rea nas terras agr\u00edcolas do mundo: 34,1 m\u00b2 (1,7 %)Regi\u00e3o de origem:\" \/>\n<meta name=\"robots\" content=\"index, follow, max-snippet:-1, max-image-preview:large, max-video-preview:-1\" \/>\n<link rel=\"canonical\" href=\"https:\/\/www.2000m2.eu\/pt\/cultura\/oleo-de-palma\/\" \/>\n<meta property=\"og:locale\" content=\"pt_PT\" \/>\n<meta property=\"og:type\" content=\"article\" \/>\n<meta property=\"og:title\" content=\"\u00d3leo de palma - 2000m2\" \/>\n<meta property=\"og:description\" content=\"\u00d3leo de palma, Elaeis guineensis \u00c1rea global: 27 milh\u00f5es de hectares (+ \u00e1reas ilegais)\u00c1rea nas terras agr\u00edcolas do mundo: 34,1 m\u00b2 (1,7 %)Regi\u00e3o de origem:\" \/>\n<meta property=\"og:url\" content=\"https:\/\/www.2000m2.eu\/pt\/cultura\/oleo-de-palma\/\" \/>\n<meta property=\"og:site_name\" content=\"2000m2\" \/>\n<meta property=\"article:modified_time\" content=\"2025-09-15T09:49:40+00:00\" \/>\n<meta property=\"og:image\" content=\"https:\/\/www.2000m2.eu\/wp-content\/uploads\/Olpalme_Berlin.jpg\" \/>\n\t<meta property=\"og:image:width\" content=\"1920\" \/>\n\t<meta property=\"og:image:height\" content=\"1358\" \/>\n\t<meta property=\"og:image:type\" content=\"image\/jpeg\" \/>\n<meta name=\"twitter:card\" content=\"summary_large_image\" \/>\n<meta name=\"twitter:label1\" content=\"Tempo estimado de leitura\" \/>\n\t<meta name=\"twitter:data1\" content=\"10 minutos\" \/>\n<script type=\"application\/ld+json\" class=\"yoast-schema-graph\">{\"@context\":\"https:\\\/\\\/schema.org\",\"@graph\":[{\"@type\":\"WebPage\",\"@id\":\"https:\\\/\\\/www.2000m2.eu\\\/pt\\\/cultura\\\/oleo-de-palma\\\/\",\"url\":\"https:\\\/\\\/www.2000m2.eu\\\/pt\\\/cultura\\\/oleo-de-palma\\\/\",\"name\":\"\u00d3leo de palma - 2000m2\",\"isPartOf\":{\"@id\":\"https:\\\/\\\/www.2000m2.eu\\\/pt\\\/#website\"},\"primaryImageOfPage\":{\"@id\":\"https:\\\/\\\/www.2000m2.eu\\\/pt\\\/cultura\\\/oleo-de-palma\\\/#primaryimage\"},\"image\":{\"@id\":\"https:\\\/\\\/www.2000m2.eu\\\/pt\\\/cultura\\\/oleo-de-palma\\\/#primaryimage\"},\"thumbnailUrl\":\"https:\\\/\\\/www.2000m2.eu\\\/wp-content\\\/uploads\\\/Olpalme_Berlin.jpg\",\"datePublished\":\"2025-07-08T13:53:10+00:00\",\"dateModified\":\"2025-09-15T09:49:40+00:00\",\"description\":\"\u00d3leo de palma, Elaeis guineensis \u00c1rea global: 27 milh\u00f5es de hectares (+ \u00e1reas ilegais)\u00c1rea nas terras agr\u00edcolas do mundo: 34,1 m\u00b2 (1,7 %)Regi\u00e3o de origem:\",\"breadcrumb\":{\"@id\":\"https:\\\/\\\/www.2000m2.eu\\\/pt\\\/cultura\\\/oleo-de-palma\\\/#breadcrumb\"},\"inLanguage\":\"pt-PT\",\"potentialAction\":[{\"@type\":\"ReadAction\",\"target\":[\"https:\\\/\\\/www.2000m2.eu\\\/pt\\\/cultura\\\/oleo-de-palma\\\/\"]}]},{\"@type\":\"ImageObject\",\"inLanguage\":\"pt-PT\",\"@id\":\"https:\\\/\\\/www.2000m2.eu\\\/pt\\\/cultura\\\/oleo-de-palma\\\/#primaryimage\",\"url\":\"https:\\\/\\\/www.2000m2.eu\\\/wp-content\\\/uploads\\\/Olpalme_Berlin.jpg\",\"contentUrl\":\"https:\\\/\\\/www.2000m2.eu\\\/wp-content\\\/uploads\\\/Olpalme_Berlin.jpg\",\"width\":1920,\"height\":1358},{\"@type\":\"BreadcrumbList\",\"@id\":\"https:\\\/\\\/www.2000m2.eu\\\/pt\\\/cultura\\\/oleo-de-palma\\\/#breadcrumb\",\"itemListElement\":[{\"@type\":\"ListItem\",\"position\":1,\"name\":\"Home\",\"item\":\"https:\\\/\\\/www.2000m2.eu\\\/pt\\\/\"},{\"@type\":\"ListItem\",\"position\":2,\"name\":\"\u00d3leo de palma\"}]},{\"@type\":\"WebSite\",\"@id\":\"https:\\\/\\\/www.2000m2.eu\\\/pt\\\/#website\",\"url\":\"https:\\\/\\\/www.2000m2.eu\\\/pt\\\/\",\"name\":\"2000m2\",\"description\":\"\",\"publisher\":{\"@id\":\"https:\\\/\\\/www.2000m2.eu\\\/pt\\\/#organization\"},\"potentialAction\":[{\"@type\":\"SearchAction\",\"target\":{\"@type\":\"EntryPoint\",\"urlTemplate\":\"https:\\\/\\\/www.2000m2.eu\\\/pt\\\/?s={search_term_string}\"},\"query-input\":{\"@type\":\"PropertyValueSpecification\",\"valueRequired\":true,\"valueName\":\"search_term_string\"}}],\"inLanguage\":\"pt-PT\"},{\"@type\":\"Organization\",\"@id\":\"https:\\\/\\\/www.2000m2.eu\\\/pt\\\/#organization\",\"name\":\"2000m2\",\"url\":\"https:\\\/\\\/www.2000m2.eu\\\/pt\\\/\",\"logo\":{\"@type\":\"ImageObject\",\"inLanguage\":\"pt-PT\",\"@id\":\"https:\\\/\\\/www.2000m2.eu\\\/pt\\\/#\\\/schema\\\/logo\\\/image\\\/\",\"url\":\"https:\\\/\\\/www.2000m2.eu\\\/wp-content\\\/uploads\\\/logo.png\",\"contentUrl\":\"https:\\\/\\\/www.2000m2.eu\\\/wp-content\\\/uploads\\\/logo.png\",\"width\":445,\"height\":140,\"caption\":\"2000m2\"},\"image\":{\"@id\":\"https:\\\/\\\/www.2000m2.eu\\\/pt\\\/#\\\/schema\\\/logo\\\/image\\\/\"}}]}<\/script>\n<!-- \/ Yoast SEO plugin. -->","yoast_head_json":{"title":"\u00d3leo de palma - 2000m2","description":"\u00d3leo de palma, Elaeis guineensis \u00c1rea global: 27 milh\u00f5es de hectares (+ \u00e1reas ilegais)\u00c1rea nas terras agr\u00edcolas do mundo: 34,1 m\u00b2 (1,7 %)Regi\u00e3o de origem:","robots":{"index":"index","follow":"follow","max-snippet":"max-snippet:-1","max-image-preview":"max-image-preview:large","max-video-preview":"max-video-preview:-1"},"canonical":"https:\/\/www.2000m2.eu\/pt\/cultura\/oleo-de-palma\/","og_locale":"pt_PT","og_type":"article","og_title":"\u00d3leo de palma - 2000m2","og_description":"\u00d3leo de palma, Elaeis guineensis \u00c1rea global: 27 milh\u00f5es de hectares (+ \u00e1reas ilegais)\u00c1rea nas terras agr\u00edcolas do mundo: 34,1 m\u00b2 (1,7 %)Regi\u00e3o de origem:","og_url":"https:\/\/www.2000m2.eu\/pt\/cultura\/oleo-de-palma\/","og_site_name":"2000m2","article_modified_time":"2025-09-15T09:49:40+00:00","og_image":[{"width":1920,"height":1358,"url":"https:\/\/www.2000m2.eu\/wp-content\/uploads\/Olpalme_Berlin.jpg","type":"image\/jpeg"}],"twitter_card":"summary_large_image","twitter_misc":{"Tempo estimado de leitura":"10 minutos"},"schema":{"@context":"https:\/\/schema.org","@graph":[{"@type":"WebPage","@id":"https:\/\/www.2000m2.eu\/pt\/cultura\/oleo-de-palma\/","url":"https:\/\/www.2000m2.eu\/pt\/cultura\/oleo-de-palma\/","name":"\u00d3leo de palma - 2000m2","isPartOf":{"@id":"https:\/\/www.2000m2.eu\/pt\/#website"},"primaryImageOfPage":{"@id":"https:\/\/www.2000m2.eu\/pt\/cultura\/oleo-de-palma\/#primaryimage"},"image":{"@id":"https:\/\/www.2000m2.eu\/pt\/cultura\/oleo-de-palma\/#primaryimage"},"thumbnailUrl":"https:\/\/www.2000m2.eu\/wp-content\/uploads\/Olpalme_Berlin.jpg","datePublished":"2025-07-08T13:53:10+00:00","dateModified":"2025-09-15T09:49:40+00:00","description":"\u00d3leo de palma, Elaeis guineensis \u00c1rea global: 27 milh\u00f5es de hectares (+ \u00e1reas ilegais)\u00c1rea nas terras agr\u00edcolas do mundo: 34,1 m\u00b2 (1,7 %)Regi\u00e3o de origem:","breadcrumb":{"@id":"https:\/\/www.2000m2.eu\/pt\/cultura\/oleo-de-palma\/#breadcrumb"},"inLanguage":"pt-PT","potentialAction":[{"@type":"ReadAction","target":["https:\/\/www.2000m2.eu\/pt\/cultura\/oleo-de-palma\/"]}]},{"@type":"ImageObject","inLanguage":"pt-PT","@id":"https:\/\/www.2000m2.eu\/pt\/cultura\/oleo-de-palma\/#primaryimage","url":"https:\/\/www.2000m2.eu\/wp-content\/uploads\/Olpalme_Berlin.jpg","contentUrl":"https:\/\/www.2000m2.eu\/wp-content\/uploads\/Olpalme_Berlin.jpg","width":1920,"height":1358},{"@type":"BreadcrumbList","@id":"https:\/\/www.2000m2.eu\/pt\/cultura\/oleo-de-palma\/#breadcrumb","itemListElement":[{"@type":"ListItem","position":1,"name":"Home","item":"https:\/\/www.2000m2.eu\/pt\/"},{"@type":"ListItem","position":2,"name":"\u00d3leo de palma"}]},{"@type":"WebSite","@id":"https:\/\/www.2000m2.eu\/pt\/#website","url":"https:\/\/www.2000m2.eu\/pt\/","name":"2000m2","description":"","publisher":{"@id":"https:\/\/www.2000m2.eu\/pt\/#organization"},"potentialAction":[{"@type":"SearchAction","target":{"@type":"EntryPoint","urlTemplate":"https:\/\/www.2000m2.eu\/pt\/?s={search_term_string}"},"query-input":{"@type":"PropertyValueSpecification","valueRequired":true,"valueName":"search_term_string"}}],"inLanguage":"pt-PT"},{"@type":"Organization","@id":"https:\/\/www.2000m2.eu\/pt\/#organization","name":"2000m2","url":"https:\/\/www.2000m2.eu\/pt\/","logo":{"@type":"ImageObject","inLanguage":"pt-PT","@id":"https:\/\/www.2000m2.eu\/pt\/#\/schema\/logo\/image\/","url":"https:\/\/www.2000m2.eu\/wp-content\/uploads\/logo.png","contentUrl":"https:\/\/www.2000m2.eu\/wp-content\/uploads\/logo.png","width":445,"height":140,"caption":"2000m2"},"image":{"@id":"https:\/\/www.2000m2.eu\/pt\/#\/schema\/logo\/image\/"}}]}},"_links":{"self":[{"href":"https:\/\/www.2000m2.eu\/pt\/wp-json\/wp\/v2\/crop\/15875","targetHints":{"allow":["GET"]}}],"collection":[{"href":"https:\/\/www.2000m2.eu\/pt\/wp-json\/wp\/v2\/crop"}],"about":[{"href":"https:\/\/www.2000m2.eu\/pt\/wp-json\/wp\/v2\/types\/crop"}],"wp:featuredmedia":[{"embeddable":true,"href":"https:\/\/www.2000m2.eu\/pt\/wp-json\/wp\/v2\/media\/15876"}],"wp:attachment":[{"href":"https:\/\/www.2000m2.eu\/pt\/wp-json\/wp\/v2\/media?parent=15875"}],"wp:term":[{"taxonomy":"post_tag","embeddable":true,"href":"https:\/\/www.2000m2.eu\/pt\/wp-json\/wp\/v2\/tags?post=15875"},{"taxonomy":"crops","embeddable":true,"href":"https:\/\/www.2000m2.eu\/pt\/wp-json\/wp\/v2\/crops?post=15875"}],"curies":[{"name":"wp","href":"https:\/\/api.w.org\/{rel}","templated":true}]}}