{"id":15955,"date":"2024-09-16T18:16:24","date_gmt":"2024-09-16T18:16:24","guid":{"rendered":"https:\/\/www.2000m2.eu\/crop\/amendoim\/"},"modified":"2025-10-29T10:03:44","modified_gmt":"2025-10-29T10:03:44","slug":"amendoim","status":"publish","type":"crop","link":"https:\/\/www.2000m2.eu\/pt\/cultura\/amendoim\/","title":{"rendered":"Amendoim"},"content":{"rendered":"\n<h1 class=\"wp-block-heading\">Amendoim, Arachnis hypogaea<\/h1>\n\n<p><\/p>\n<style>.wp-block-kadence-column.kb-section-dir-horizontal > .kt-inside-inner-col > .kt-info-box445_558059-86 .kt-blocks-info-box-link-wrap{max-width:unset;}.kt-info-box445_558059-86 .kt-blocks-info-box-link-wrap{border-top-left-radius:15px;border-top-right-radius:15px;border-bottom-right-radius:15px;border-bottom-left-radius:15px;background:var(--accent);padding-top:var(--global-kb-spacing-xs, 1rem);padding-right:var(--global-kb-spacing-xs, 1rem);padding-bottom:var(--global-kb-spacing-xs, 1rem);padding-left:var(--global-kb-spacing-xs, 1rem);}.kt-info-box445_558059-86.wp-block-kadence-infobox{max-width:100%;}.kt-info-box445_558059-86 .kadence-info-box-image-inner-intrisic-container{max-width:100px;}.kt-info-box445_558059-86 .kadence-info-box-image-inner-intrisic-container .kadence-info-box-image-intrisic{padding-bottom:100%;width:1920px;height:0px;max-width:100%;}.kt-info-box445_558059-86 .kadence-info-box-icon-container .kt-info-svg-icon, .kt-info-box445_558059-86 .kt-info-svg-icon-flip, .kt-info-box445_558059-86 .kt-blocks-info-box-number{font-size:25px;}.kt-info-box445_558059-86 .kt-blocks-info-box-media{color:var(--accent-3);background:var(--accent-4);border-color:#444444;border-radius:167px;overflow:hidden;border-top-width:0px;border-right-width:0px;border-bottom-width:0px;border-left-width:0px;padding-top:11px;padding-right:11px;padding-bottom:11px;padding-left:11px;margin-top:0px;margin-right:15px;margin-bottom:0px;margin-left:15px;}.kt-info-box445_558059-86 .kt-blocks-info-box-media .kadence-info-box-image-intrisic img{border-radius:167px;}.kt-info-box445_558059-86 .kt-infobox-textcontent .kt-blocks-info-box-text{color:#ffffff;}.kt-info-box445_558059-86 .kt-blocks-info-box-link-wrap:hover .kt-blocks-info-box-text{color:#ffffff;}.kt-info-box445_558059-86 .kt-blocks-info-box-learnmore{background:transparent;border-width:0px 0px 0px 0px;padding-top:4px;padding-right:8px;padding-bottom:4px;padding-left:8px;margin-top:10px;margin-right:0px;margin-bottom:10px;margin-left:0px;}@media all and (max-width: 767px){.kt-info-box445_558059-86 .kt-blocks-info-box-link-wrap{text-align:left;display:block;}.kt-info-box445_558059-86 .kt-blocks-info-box-link-wrap .kt-blocks-info-box-media{display:inline-block;max-width:100%;}}<\/style>\n<div class=\"wp-block-kadence-infobox kt-info-box445_558059-86\"><span class=\"kt-blocks-info-box-link-wrap info-box-link kt-blocks-info-box-media-align-left kt-info-halign-left kb-info-box-vertical-media-align-top kb-info-mobile-halign-left\"><div class=\"kt-blocks-info-box-media-container\"><div class=\"kt-blocks-info-box-media kt-info-media-animate-none\"><div class=\"kadence-info-box-image-inner-intrisic-container\"><div class=\"kadence-info-box-image-intrisic kt-info-animate-none kb-info-box-image-ratio kb-info-box-image-ratio-square\"><div class=\"kadence-info-box-image-inner-intrisic\"><img decoding=\"async\" src=\"https:\/\/www.2000m2.eu\/wp-content\/uploads\/Erdnuss_300dpi-1.jpg\" alt=\"\" width=\"1920\" height=\"1358\" class=\"kt-info-box-image wp-image-848\" srcset=\"https:\/\/www.2000m2.eu\/wp-content\/uploads\/Erdnuss_300dpi-1.jpg 1920w, https:\/\/www.2000m2.eu\/wp-content\/uploads\/Erdnuss_300dpi-1-300x212.jpg 300w, https:\/\/www.2000m2.eu\/wp-content\/uploads\/Erdnuss_300dpi-1-768x543.jpg 768w, https:\/\/www.2000m2.eu\/wp-content\/uploads\/Erdnuss_300dpi-1-1024x724.jpg 1024w, https:\/\/www.2000m2.eu\/wp-content\/uploads\/Erdnuss_300dpi-1-1536x1086.jpg 1536w\" sizes=\"(max-width: 1920px) 100vw, 1920px\" \/><\/div><\/div><\/div><\/div><\/div><div class=\"kt-infobox-textcontent\"><p class=\"kt-blocks-info-box-text\"><strong>\u00c1rea global<\/strong>: 31,6 milh\u00f5es de hectares<br\/><strong>\u00c1rea das terras do Campo Global<\/strong>: 38 m\u00b2 (1,92 %)<br\/><strong>Regi\u00e3o de origem<\/strong>: Peru, a leste dos Andes<br\/><strong>Principais \u00e1reas de cultivo<\/strong>: \u00cdndia, China, Nig\u00e9ria<br\/><strong>Utiliza\u00e7\u00f5es \/ principais benef\u00edcios<\/strong>: cozinhado, snack (torrado), pur\u00e9, \u00f3leo alimentar, alimenta\u00e7\u00e3o animal<\/p><\/div><\/span><\/div>\n\n<p><\/p>\n\n<p>O amendoim n\u00e3o \u00e9 de todo uma noz, mas pertence \u00e0 fam\u00edlia das leguminosas e est\u00e1, portanto, relacionado com o feij\u00e3o, a ervilha e a soja. No entanto, devido \u00e0 sua consist\u00eancia, elevado teor de gordura e baixo teor de amido, \u00e9 semelhante aos frutos secos. O termo ingl\u00eas peanut indica a rela\u00e7\u00e3o pr\u00f3xima com as ervilhas (pea = ervilha) e a semelhan\u00e7a com as nozes (nut = noz). No entanto, no nosso Campo Global, n\u00e3o encontrar\u00e1s o amendoim no campo das leguminosas, mas sim nas culturas de oleaginosas.   <\/p>\n\n<h2 class=\"wp-block-heading\">Surpreendente: como cresce o amendoim<\/h2>\n\n<p>Como o amendoim \u00e9 uma leguminosa, tem tamb\u00e9m a capacidade de se abastecer de azoto. Em simbiose com as bact\u00e9rias do solo, liga o azoto do ar, que de outra forma n\u00e3o estaria dispon\u00edvel para as plantas. <\/p>\n<style>.wp-block-kadence-advancedgallery.kb-gallery-wrap-id-445_b15c98-bf{overflow:hidden;}.kb-gallery-type-carousel.kb-gallery-id-445_b15c98-bf .kt-blocks-carousel .kt-blocks-carousel-init:not( .splide-initialized ){margin-left:-5px;margin-right:-5px;}.kb-gallery-type-carousel.kb-gallery-id-445_b15c98-bf .kt-blocks-carousel .kt-blocks-carousel-init:not( .splide-initialized ) .kb-slide-item{padding-left:5px;padding-right:5px;}.kb-gallery-id-445_b15c98-bf .kadence-blocks-gallery-item .kb-gal-image-radius, .kb-gallery-id-445_b15c98-bf .kb-slide-item .kb-gal-image-radius img{border-radius:0px 0px 0px 0px;;}.kb-gallery-caption-style-cover-hover.kb-gallery-id-445_b15c98-bf .kadence-blocks-gallery-item .kadence-blocks-gallery-item-inner .kadence-blocks-gallery-item__caption, .kb-gallery-caption-style-below.kb-gallery-id-445_b15c98-bf .kadence-blocks-gallery-item .kadence-blocks-gallery-item-inner .kadence-blocks-gallery-item__caption{background:var(--contrast-2);}.kb-gallery-wrap-id-445_b15c98-bf.wp-block-kadence-advancedgallery{overflow:visible;}.kb-gallery-wrap-id-445_b15c98-bf.wp-block-kadence-advancedgallery .kt-blocks-carousel{overflow:visible;}<\/style><div class=\"kb-gallery-wrap-id-445_b15c98-bf alignnone wp-block-kadence-advancedgallery\"><div class=\"kb-gallery-ul kb-gallery-non-static kb-gallery-type-carousel kb-gallery-id-445_b15c98-bf kb-gallery-caption-style-below kb-gallery-filter-none\" data-image-filter=\"none\" data-lightbox-caption=\"true\"><div class=\"kt-blocks-carousel kt-carousel-container-dotstyle-dark\"><div class=\"kt-blocks-carousel-init kb-gallery-carousel kt-carousel-arrowstyle-whiteondark kt-carousel-dotstyle-dark kb-slider-group-arrow kb-slider-arrow-position-center\" data-columns-xxl=\"3\" data-columns-xl=\"3\" data-columns-md=\"3\" data-columns-sm=\"2\" data-columns-xs=\"1\" data-columns-ss=\"1\" data-slider-anim-speed=\"400\" data-slider-scroll=\"1\" data-slider-arrows=\"true\" data-slider-dots=\"true\" data-slider-hover-pause=\"false\" data-slider-auto=\"\" data-slider-speed=\"7000\" data-slider-gap=\"10px\" data-slider-gap-tablet=\"10px\" data-slider-gap-mobile=\"10px\" data-show-pause-button=\"false\" aria-label=\"Photo Gallery Carousel\"><li class=\"kb-slide-item kb-gallery-carousel-item\"><div class=\"kadence-blocks-gallery-item\"><div class=\"kadence-blocks-gallery-item-inner\"><figure class=\"kb-gallery-figure kadence-blocks-gallery-item-has-caption\"><div class=\"kb-gal-image-radius\"><div class=\"kb-gallery-image-contain kadence-blocks-gallery-intrinsic kb-gallery-image-ratio-land32 kb-has-image-ratio-land32\" ><img decoding=\"async\" src=\"https:\/\/www.2000m2.eu\/wp-content\/uploads\/21.jpg\" width=\"1024\" height=\"768\" alt=\"A fotografia mostra pequenas plantas de amendoim em crescimento. As folhas s\u00e3o verdes claras e redondas ou em forma de cora\u00e7\u00e3o. \" data-full-image=\"https:\/\/www.2000m2.eu\/wp-content\/uploads\/21.jpg\" data-light-image=\"https:\/\/www.2000m2.eu\/wp-content\/uploads\/21.jpg\" data-id=\"5265\" class=\"wp-image-5265 skip-lazy\"\/><\/div><\/div><figcaption class=\"kadence-blocks-gallery-item__caption\">A planta do amendoim<\/figcaption><\/figure><\/div><\/div><\/li><li class=\"kb-slide-item kb-gallery-carousel-item\"><div class=\"kadence-blocks-gallery-item\"><div class=\"kadence-blocks-gallery-item-inner\"><figure class=\"kb-gallery-figure kadence-blocks-gallery-item-has-caption\"><div class=\"kb-gal-image-radius\"><div class=\"kb-gallery-image-contain kadence-blocks-gallery-intrinsic kb-gallery-image-ratio-land32 kb-has-image-ratio-land32\" ><img decoding=\"async\" src=\"https:\/\/www.2000m2.eu\/wp-content\/uploads\/22.jpg\" width=\"1024\" height=\"768\" alt=\"A imagem mostra uma planta de amendoim retirada do solo com alguns amendoins. Podes reconhecer os caules das flores que saem da planta e que formaram os amendoins no solo como frutos. \" data-full-image=\"https:\/\/www.2000m2.eu\/wp-content\/uploads\/22.jpg\" data-light-image=\"https:\/\/www.2000m2.eu\/wp-content\/uploads\/22.jpg\" data-id=\"5267\" class=\"wp-image-5267 skip-lazy\"\/><\/div><\/div><figcaption class=\"kadence-blocks-gallery-item__caption\">Colheita rica<\/figcaption><\/figure><\/div><\/div><\/li><li class=\"kb-slide-item kb-gallery-carousel-item\"><div class=\"kadence-blocks-gallery-item\"><div class=\"kadence-blocks-gallery-item-inner\"><figure class=\"kb-gallery-figure kadence-blocks-gallery-item-has-caption\"><div class=\"kb-gal-image-radius\"><div class=\"kb-gallery-image-contain kadence-blocks-gallery-intrinsic kb-gallery-image-ratio-land32 kb-has-image-ratio-land32\" ><img decoding=\"async\" src=\"https:\/\/www.2000m2.eu\/wp-content\/uploads\/23.jpg\" width=\"1024\" height=\"768\" alt=\"A fotografia mostra as flores da planta do amendoim. Estas s\u00e3o amarelas e redondas. \" data-full-image=\"https:\/\/www.2000m2.eu\/wp-content\/uploads\/23.jpg\" data-light-image=\"https:\/\/www.2000m2.eu\/wp-content\/uploads\/23.jpg\" data-id=\"5269\" class=\"wp-image-5269 skip-lazy\"\/><\/div><\/div><figcaption class=\"kadence-blocks-gallery-item__caption\">Flor de amendoim<\/figcaption><\/figure><\/div><\/div><\/li><li class=\"kb-slide-item kb-gallery-carousel-item\"><div class=\"kadence-blocks-gallery-item\"><div class=\"kadence-blocks-gallery-item-inner\"><figure class=\"kb-gallery-figure kadence-blocks-gallery-item-has-caption\"><div class=\"kb-gal-image-radius\"><div class=\"kb-gallery-image-contain kadence-blocks-gallery-intrinsic kb-gallery-image-ratio-land32 kb-has-image-ratio-land32\" ><img decoding=\"async\" src=\"https:\/\/www.2000m2.eu\/wp-content\/uploads\/24-1.jpg\" width=\"1024\" height=\"768\" alt=\"Uma planta de amendoim com numerosos amendoins encontra-se no ch\u00e3o. V\u00ea pequenos n\u00f3dulos nas ra\u00edzes da planta. \" data-full-image=\"https:\/\/www.2000m2.eu\/wp-content\/uploads\/24-1.jpg\" data-light-image=\"https:\/\/www.2000m2.eu\/wp-content\/uploads\/24-1.jpg\" data-id=\"5271\" class=\"wp-image-5271 skip-lazy\"\/><\/div><\/div><figcaption class=\"kadence-blocks-gallery-item__caption\">Bact\u00e9rias nodulares nas ra\u00edzes<\/figcaption><\/figure><\/div><\/div><\/li><li class=\"kb-slide-item kb-gallery-carousel-item\"><div class=\"kadence-blocks-gallery-item\"><div class=\"kadence-blocks-gallery-item-inner\"><figure class=\"kb-gallery-figure kadence-blocks-gallery-item-has-caption\"><div class=\"kb-gal-image-radius\"><div class=\"kb-gallery-image-contain kadence-blocks-gallery-intrinsic kb-gallery-image-ratio-land32 kb-has-image-ratio-land32\" ><img decoding=\"async\" src=\"https:\/\/www.2000m2.eu\/wp-content\/uploads\/18.jpg\" width=\"1024\" height=\"768\" alt=\"A imagem mostra uma casca de amendoim aberta que cont\u00e9m dois amendoins.\" data-full-image=\"https:\/\/www.2000m2.eu\/wp-content\/uploads\/18.jpg\" data-light-image=\"https:\/\/www.2000m2.eu\/wp-content\/uploads\/18.jpg\" data-id=\"5259\" class=\"wp-image-5259 skip-lazy\"\/><\/div><\/div><figcaption class=\"kadence-blocks-gallery-item__caption\">O amendoim abriu<\/figcaption><\/figure><\/div><\/div><\/li><li class=\"kb-slide-item kb-gallery-carousel-item\"><div class=\"kadence-blocks-gallery-item\"><div class=\"kadence-blocks-gallery-item-inner\"><figure class=\"kb-gallery-figure kadence-blocks-gallery-item-has-caption\"><div class=\"kb-gal-image-radius\"><div class=\"kb-gallery-image-contain kadence-blocks-gallery-intrinsic kb-gallery-image-ratio-land32 kb-has-image-ratio-land32\" ><img decoding=\"async\" src=\"https:\/\/www.2000m2.eu\/wp-content\/uploads\/19.jpg\" width=\"1024\" height=\"768\" alt=\"A imagem mostra muitos amendoins colhidos.\" data-full-image=\"https:\/\/www.2000m2.eu\/wp-content\/uploads\/19.jpg\" data-light-image=\"https:\/\/www.2000m2.eu\/wp-content\/uploads\/19.jpg\" data-id=\"5261\" class=\"wp-image-5261 skip-lazy\"\/><\/div><\/div><figcaption class=\"kadence-blocks-gallery-item__caption\">Amendoins<\/figcaption><\/figure><\/div><\/div><\/li><\/div><\/div><\/div><\/div>\n<p>O amendoim \u00e9 uma planta anual e atinge geralmente uma altura de cerca de 30 cm. As folhas s\u00e3o pinadas e a planta cresce na vertical ou rastejando ao longo do solo. O amendoim n\u00e3o precisa de insectos para a poliniza\u00e7\u00e3o, pois fertiliza-se a si pr\u00f3prio. Embora uma flor normalmente s\u00f3 flores\u00e7a durante algumas horas, novas flores continuam a desenvolver-se na planta durante um a dois meses.   <\/p>\n\n<p>A forma\u00e7\u00e3o dos frutos, ou seja, dos amendoins, \u00e9 emocionante de observar. As flores do amendoim desabrocham acima do solo e, depois de murcharem, encontram o seu caminho para o solo, onde os amendoins se desenvolvem no subsolo. Assim que as plantas come\u00e7am a murchar novamente, os amendoins est\u00e3o maduros e podem ser colhidos.  <\/p>\n\n<h2 class=\"wp-block-heading\">Rico em ingredientes<\/h2>\n\n<p>Os amendoins s\u00e3o utilizados como alimento de muitas formas diferentes. Para al\u00e9m do \u00f3leo de amendoim, os amendoins tamb\u00e9m s\u00e3o consumidos crus e cozinhados. S\u00e3o populares em todo o mundo v\u00e1rios petiscos feitos de amendoim: torrado, salgado, mo\u00eddo ou como um petisco doce.  <\/p>\n\n<p>Mas at\u00e9 que ponto os amendoins s\u00e3o saud\u00e1veis? Os amendoins cont\u00eam muita gordura e prote\u00edna. Dependendo da regi\u00e3o de cultivo, o teor de gordura pode chegar a 50%. Devido a este elevado teor de gordura, a produ\u00e7\u00e3o de \u00f3leo \u00e9 a principal utiliza\u00e7\u00e3o do amendoim. Os amendoins cont\u00eam uma elevada propor\u00e7\u00e3o de \u00e1cidos gordos monoinsaturados e polinsaturados. Estes s\u00e3o muito saud\u00e1veis para n\u00f3s: os \u00e1cidos oleicos, por exemplo, podem reduzir os n\u00edveis de colesterol e o \u00e1cido linoleico \u00e9 um \u00e1cido gordo essencial que n\u00e3o pode ser produzido pelo pr\u00f3prio organismo. Para al\u00e9m dos \u00e1cidos gordos saud\u00e1veis e do elevado teor de prote\u00ednas, os amendoins s\u00e3o tamb\u00e9m um dos alimentos mais ricos em magn\u00e9sio e cont\u00eam outros micronutrientes importantes, como as vitaminas B, a vitamina E, o mangan\u00eas e o ferro. Os amendoins s\u00e3o tamb\u00e9m uma fonte de alimento altamente cal\u00f3rica, contendo cerca de 560 a 600 calorias por 100 gramas.       <\/p>\n\n<p>Por conseguinte, os amendoins fornecem-nos nutrientes importantes e s\u00e3o uma fonte alimentar rica em energia. Por outro lado, o elevado teor cal\u00f3rico dos amendoins pode levar a uma ingest\u00e3o excessiva de calorias se forem consumidos em grandes quantidades. A contamina\u00e7\u00e3o por aflatoxinas, que pode ser causada por um mau armazenamento devido a um bolor, tamb\u00e9m pode ser problem\u00e1tica.  <\/p>\n\n<p>Infelizmente, h\u00e1 algumas pessoas que s\u00e3o al\u00e9rgicas aos amendoins. A alergia ao amendoim \u00e9 uma das alergias alimentares mais graves e pode causar reac\u00e7\u00f5es potencialmente fatais. Mesmo quantidades muito pequenas, na ordem dos microgramas, s\u00e3o muitas vezes suficientes: as pessoas com alergias graves devem, por isso, ter cuidado e certificar-se de que os alimentos n\u00e3o cont\u00eam amendoins.  <\/p>\n\n<p>Al\u00e9m de serem utilizados na alimenta\u00e7\u00e3o humana, os res\u00edduos da produ\u00e7\u00e3o de \u00f3leo, conhecidos como baga\u00e7o de prensa, s\u00e3o utilizados como valiosos alimentos para animais.<\/p>\n\n<h2 class=\"wp-block-heading\">Pasta de amendoim contra a malnutri\u00e7\u00e3o?<\/h2>\n\n<p>Na ajuda humanit\u00e1ria, a pasta de amendoim \u00e9 frequentemente utilizada para ajudar a combater a malnutri\u00e7\u00e3o. Misturada com leite em p\u00f3, a\u00e7\u00facar e outras vitaminas, fornece muitos dos nutrientes de que as crian\u00e7as necessitam. No entanto, a pasta de amendoim \u00e9 tamb\u00e9m repetidamente criticada porque cria depend\u00eancia e o conhecimento tradicional perde-se, enquanto as grandes empresas ganham dinheiro com a fome dos outros. A pasta Plumpy&#8217;Nut foi desenvolvida pela empresa francesa Nutriset em 1996 e rapidamente conquistou o mercado. A Nutriset obteve rapidamente patentes e tomou medidas contra organiza\u00e7\u00f5es n\u00e3o governamentais que tentaram produzir produtos semelhantes a n\u00edvel local. No entanto, alguns pa\u00edses est\u00e3o agora a concentrar-se na produ\u00e7\u00e3o local de pastas de amendoim. Embora as pastas de amendoim possam ajudar a curto prazo e sejam, de facto, uma boa ferramenta na luta contra a desnutri\u00e7\u00e3o infantil, \u00e9 importante promover as estruturas locais e a soberania alimentar dos pequenos agricultores, em vez de encarar as pastas de amendoim vindas do estrangeiro como uma &#8220;cura milagrosa&#8221; e de atrasar as mudan\u00e7as necess\u00e1rias no que diz respeito \u00e0 soberania alimentar local.      <\/p>\n\n<h2 class=\"wp-block-heading\">Fontes<\/h2>\n\n<p>Umar R. Bakhsh,<br\/>The Plumpy&#8217;Nut Predicament: Is Compulsory Licensing a Solution?, 11 Chi. -Kent J. Intell. Prop. 238 (2012). <a href=\"https:\/\/scholarship.kentlaw.iit.edu\/ckjip\/vol11\/iss2\/7\">Dispon\u00edvel aqui<\/a>. <\/p>\n\n<p><\/p>\n","protected":false},"excerpt":{"rendered":"<p>Amendoim, Arachnis hypogaea O amendoim n\u00e3o \u00e9 de todo uma noz, mas pertence \u00e0 fam\u00edlia das leguminosas e est\u00e1, portanto, relacionado com o feij\u00e3o, a ervilha e a soja. No entanto, devido \u00e0 sua consist\u00eancia, elevado teor de gordura e baixo teor de amido, \u00e9 semelhante aos frutos secos. O termo ingl\u00eas peanut indica a&#8230;<\/p>\n","protected":false},"featured_media":15957,"parent":0,"menu_order":220,"template":"","tags":[],"crops":[161],"class_list":["post-15955","crop","type-crop","status-publish","has-post-thumbnail","hentry","crops-oleaginosos-pt"],"yoast_head":"<!-- This site is optimized with the Yoast SEO plugin v27.4 - https:\/\/yoast.com\/product\/yoast-seo-wordpress\/ -->\n<title>Amendoim - 2000m2<\/title>\n<meta name=\"description\" content=\"Amendoim, Arachnis hypogaea \u00c1rea global: 31,6 milh\u00f5es de hectares\u00c1rea das terras do Campo Global: 38 m\u00b2 (1,92 %)Regi\u00e3o de origem: Peru, a leste dos\" \/>\n<meta name=\"robots\" content=\"index, follow, max-snippet:-1, max-image-preview:large, max-video-preview:-1\" \/>\n<link rel=\"canonical\" href=\"https:\/\/www.2000m2.eu\/pt\/cultura\/amendoim\/\" \/>\n<meta property=\"og:locale\" content=\"pt_PT\" \/>\n<meta property=\"og:type\" content=\"article\" \/>\n<meta property=\"og:title\" content=\"Amendoim - 2000m2\" \/>\n<meta property=\"og:description\" content=\"Amendoim, Arachnis hypogaea \u00c1rea global: 31,6 milh\u00f5es de hectares\u00c1rea das terras do Campo Global: 38 m\u00b2 (1,92 %)Regi\u00e3o de origem: Peru, a leste dos\" \/>\n<meta property=\"og:url\" content=\"https:\/\/www.2000m2.eu\/pt\/cultura\/amendoim\/\" \/>\n<meta property=\"og:site_name\" content=\"2000m2\" \/>\n<meta property=\"article:modified_time\" content=\"2025-10-29T10:03:44+00:00\" \/>\n<meta property=\"og:image\" content=\"https:\/\/www.2000m2.eu\/wp-content\/uploads\/Erdnuss_300dpi-1.jpg\" \/>\n\t<meta property=\"og:image:width\" content=\"1920\" \/>\n\t<meta property=\"og:image:height\" content=\"1358\" \/>\n\t<meta property=\"og:image:type\" content=\"image\/jpeg\" \/>\n<meta name=\"twitter:card\" content=\"summary_large_image\" \/>\n<meta name=\"twitter:label1\" content=\"Tempo estimado de leitura\" \/>\n\t<meta name=\"twitter:data1\" content=\"5 minutos\" \/>\n<script type=\"application\/ld+json\" class=\"yoast-schema-graph\">{\"@context\":\"https:\\\/\\\/schema.org\",\"@graph\":[{\"@type\":\"WebPage\",\"@id\":\"https:\\\/\\\/www.2000m2.eu\\\/pt\\\/cultura\\\/amendoim\\\/\",\"url\":\"https:\\\/\\\/www.2000m2.eu\\\/pt\\\/cultura\\\/amendoim\\\/\",\"name\":\"Amendoim - 2000m2\",\"isPartOf\":{\"@id\":\"https:\\\/\\\/www.2000m2.eu\\\/pt\\\/#website\"},\"primaryImageOfPage\":{\"@id\":\"https:\\\/\\\/www.2000m2.eu\\\/pt\\\/cultura\\\/amendoim\\\/#primaryimage\"},\"image\":{\"@id\":\"https:\\\/\\\/www.2000m2.eu\\\/pt\\\/cultura\\\/amendoim\\\/#primaryimage\"},\"thumbnailUrl\":\"https:\\\/\\\/www.2000m2.eu\\\/wp-content\\\/uploads\\\/Erdnuss_300dpi-1.jpg\",\"datePublished\":\"2024-09-16T18:16:24+00:00\",\"dateModified\":\"2025-10-29T10:03:44+00:00\",\"description\":\"Amendoim, Arachnis hypogaea \u00c1rea global: 31,6 milh\u00f5es de hectares\u00c1rea das terras do Campo Global: 38 m\u00b2 (1,92 %)Regi\u00e3o de origem: Peru, a leste dos\",\"breadcrumb\":{\"@id\":\"https:\\\/\\\/www.2000m2.eu\\\/pt\\\/cultura\\\/amendoim\\\/#breadcrumb\"},\"inLanguage\":\"pt-PT\",\"potentialAction\":[{\"@type\":\"ReadAction\",\"target\":[\"https:\\\/\\\/www.2000m2.eu\\\/pt\\\/cultura\\\/amendoim\\\/\"]}]},{\"@type\":\"ImageObject\",\"inLanguage\":\"pt-PT\",\"@id\":\"https:\\\/\\\/www.2000m2.eu\\\/pt\\\/cultura\\\/amendoim\\\/#primaryimage\",\"url\":\"https:\\\/\\\/www.2000m2.eu\\\/wp-content\\\/uploads\\\/Erdnuss_300dpi-1.jpg\",\"contentUrl\":\"https:\\\/\\\/www.2000m2.eu\\\/wp-content\\\/uploads\\\/Erdnuss_300dpi-1.jpg\",\"width\":1920,\"height\":1358},{\"@type\":\"BreadcrumbList\",\"@id\":\"https:\\\/\\\/www.2000m2.eu\\\/pt\\\/cultura\\\/amendoim\\\/#breadcrumb\",\"itemListElement\":[{\"@type\":\"ListItem\",\"position\":1,\"name\":\"Home\",\"item\":\"https:\\\/\\\/www.2000m2.eu\\\/pt\\\/\"},{\"@type\":\"ListItem\",\"position\":2,\"name\":\"Amendoim\"}]},{\"@type\":\"WebSite\",\"@id\":\"https:\\\/\\\/www.2000m2.eu\\\/pt\\\/#website\",\"url\":\"https:\\\/\\\/www.2000m2.eu\\\/pt\\\/\",\"name\":\"2000m2\",\"description\":\"\",\"publisher\":{\"@id\":\"https:\\\/\\\/www.2000m2.eu\\\/pt\\\/#organization\"},\"potentialAction\":[{\"@type\":\"SearchAction\",\"target\":{\"@type\":\"EntryPoint\",\"urlTemplate\":\"https:\\\/\\\/www.2000m2.eu\\\/pt\\\/?s={search_term_string}\"},\"query-input\":{\"@type\":\"PropertyValueSpecification\",\"valueRequired\":true,\"valueName\":\"search_term_string\"}}],\"inLanguage\":\"pt-PT\"},{\"@type\":\"Organization\",\"@id\":\"https:\\\/\\\/www.2000m2.eu\\\/pt\\\/#organization\",\"name\":\"2000m2\",\"url\":\"https:\\\/\\\/www.2000m2.eu\\\/pt\\\/\",\"logo\":{\"@type\":\"ImageObject\",\"inLanguage\":\"pt-PT\",\"@id\":\"https:\\\/\\\/www.2000m2.eu\\\/pt\\\/#\\\/schema\\\/logo\\\/image\\\/\",\"url\":\"https:\\\/\\\/www.2000m2.eu\\\/wp-content\\\/uploads\\\/logo.png\",\"contentUrl\":\"https:\\\/\\\/www.2000m2.eu\\\/wp-content\\\/uploads\\\/logo.png\",\"width\":445,\"height\":140,\"caption\":\"2000m2\"},\"image\":{\"@id\":\"https:\\\/\\\/www.2000m2.eu\\\/pt\\\/#\\\/schema\\\/logo\\\/image\\\/\"}}]}<\/script>\n<!-- \/ Yoast SEO plugin. -->","yoast_head_json":{"title":"Amendoim - 2000m2","description":"Amendoim, Arachnis hypogaea \u00c1rea global: 31,6 milh\u00f5es de hectares\u00c1rea das terras do Campo Global: 38 m\u00b2 (1,92 %)Regi\u00e3o de origem: Peru, a leste dos","robots":{"index":"index","follow":"follow","max-snippet":"max-snippet:-1","max-image-preview":"max-image-preview:large","max-video-preview":"max-video-preview:-1"},"canonical":"https:\/\/www.2000m2.eu\/pt\/cultura\/amendoim\/","og_locale":"pt_PT","og_type":"article","og_title":"Amendoim - 2000m2","og_description":"Amendoim, Arachnis hypogaea \u00c1rea global: 31,6 milh\u00f5es de hectares\u00c1rea das terras do Campo Global: 38 m\u00b2 (1,92 %)Regi\u00e3o de origem: Peru, a leste dos","og_url":"https:\/\/www.2000m2.eu\/pt\/cultura\/amendoim\/","og_site_name":"2000m2","article_modified_time":"2025-10-29T10:03:44+00:00","og_image":[{"width":1920,"height":1358,"url":"https:\/\/www.2000m2.eu\/wp-content\/uploads\/Erdnuss_300dpi-1.jpg","type":"image\/jpeg"}],"twitter_card":"summary_large_image","twitter_misc":{"Tempo estimado de leitura":"5 minutos"},"schema":{"@context":"https:\/\/schema.org","@graph":[{"@type":"WebPage","@id":"https:\/\/www.2000m2.eu\/pt\/cultura\/amendoim\/","url":"https:\/\/www.2000m2.eu\/pt\/cultura\/amendoim\/","name":"Amendoim - 2000m2","isPartOf":{"@id":"https:\/\/www.2000m2.eu\/pt\/#website"},"primaryImageOfPage":{"@id":"https:\/\/www.2000m2.eu\/pt\/cultura\/amendoim\/#primaryimage"},"image":{"@id":"https:\/\/www.2000m2.eu\/pt\/cultura\/amendoim\/#primaryimage"},"thumbnailUrl":"https:\/\/www.2000m2.eu\/wp-content\/uploads\/Erdnuss_300dpi-1.jpg","datePublished":"2024-09-16T18:16:24+00:00","dateModified":"2025-10-29T10:03:44+00:00","description":"Amendoim, Arachnis hypogaea \u00c1rea global: 31,6 milh\u00f5es de hectares\u00c1rea das terras do Campo Global: 38 m\u00b2 (1,92 %)Regi\u00e3o de origem: Peru, a leste dos","breadcrumb":{"@id":"https:\/\/www.2000m2.eu\/pt\/cultura\/amendoim\/#breadcrumb"},"inLanguage":"pt-PT","potentialAction":[{"@type":"ReadAction","target":["https:\/\/www.2000m2.eu\/pt\/cultura\/amendoim\/"]}]},{"@type":"ImageObject","inLanguage":"pt-PT","@id":"https:\/\/www.2000m2.eu\/pt\/cultura\/amendoim\/#primaryimage","url":"https:\/\/www.2000m2.eu\/wp-content\/uploads\/Erdnuss_300dpi-1.jpg","contentUrl":"https:\/\/www.2000m2.eu\/wp-content\/uploads\/Erdnuss_300dpi-1.jpg","width":1920,"height":1358},{"@type":"BreadcrumbList","@id":"https:\/\/www.2000m2.eu\/pt\/cultura\/amendoim\/#breadcrumb","itemListElement":[{"@type":"ListItem","position":1,"name":"Home","item":"https:\/\/www.2000m2.eu\/pt\/"},{"@type":"ListItem","position":2,"name":"Amendoim"}]},{"@type":"WebSite","@id":"https:\/\/www.2000m2.eu\/pt\/#website","url":"https:\/\/www.2000m2.eu\/pt\/","name":"2000m2","description":"","publisher":{"@id":"https:\/\/www.2000m2.eu\/pt\/#organization"},"potentialAction":[{"@type":"SearchAction","target":{"@type":"EntryPoint","urlTemplate":"https:\/\/www.2000m2.eu\/pt\/?s={search_term_string}"},"query-input":{"@type":"PropertyValueSpecification","valueRequired":true,"valueName":"search_term_string"}}],"inLanguage":"pt-PT"},{"@type":"Organization","@id":"https:\/\/www.2000m2.eu\/pt\/#organization","name":"2000m2","url":"https:\/\/www.2000m2.eu\/pt\/","logo":{"@type":"ImageObject","inLanguage":"pt-PT","@id":"https:\/\/www.2000m2.eu\/pt\/#\/schema\/logo\/image\/","url":"https:\/\/www.2000m2.eu\/wp-content\/uploads\/logo.png","contentUrl":"https:\/\/www.2000m2.eu\/wp-content\/uploads\/logo.png","width":445,"height":140,"caption":"2000m2"},"image":{"@id":"https:\/\/www.2000m2.eu\/pt\/#\/schema\/logo\/image\/"}}]}},"_links":{"self":[{"href":"https:\/\/www.2000m2.eu\/pt\/wp-json\/wp\/v2\/crop\/15955","targetHints":{"allow":["GET"]}}],"collection":[{"href":"https:\/\/www.2000m2.eu\/pt\/wp-json\/wp\/v2\/crop"}],"about":[{"href":"https:\/\/www.2000m2.eu\/pt\/wp-json\/wp\/v2\/types\/crop"}],"wp:featuredmedia":[{"embeddable":true,"href":"https:\/\/www.2000m2.eu\/pt\/wp-json\/wp\/v2\/media\/15957"}],"wp:attachment":[{"href":"https:\/\/www.2000m2.eu\/pt\/wp-json\/wp\/v2\/media?parent=15955"}],"wp:term":[{"taxonomy":"post_tag","embeddable":true,"href":"https:\/\/www.2000m2.eu\/pt\/wp-json\/wp\/v2\/tags?post=15955"},{"taxonomy":"crops","embeddable":true,"href":"https:\/\/www.2000m2.eu\/pt\/wp-json\/wp\/v2\/crops?post=15955"}],"curies":[{"name":"wp","href":"https:\/\/api.w.org\/{rel}","templated":true}]}}