{"id":15986,"date":"2024-09-12T09:58:42","date_gmt":"2024-09-12T09:58:42","guid":{"rendered":"https:\/\/www.2000m2.eu\/crop\/feijao-caupi\/"},"modified":"2025-09-15T09:50:14","modified_gmt":"2025-09-15T09:50:14","slug":"feijao-caupi","status":"publish","type":"crop","link":"https:\/\/www.2000m2.eu\/pt\/cultura\/feijao-caupi\/","title":{"rendered":"Feij\u00e3o-caup\u00ed"},"content":{"rendered":"\n<h1 class=\"wp-block-heading\">Feij\u00e3o-caup\u00ed, Vigna unguiculata<\/h1>\n\n<p><\/p>\n<style>.wp-block-kadence-column.kb-section-dir-horizontal > .kt-inside-inner-col > .kt-info-box377_862084-70 .kt-blocks-info-box-link-wrap{max-width:unset;}.kt-info-box377_862084-70 .kt-blocks-info-box-link-wrap{border-top-left-radius:15px;border-top-right-radius:15px;border-bottom-right-radius:15px;border-bottom-left-radius:15px;background:var(--accent);padding-top:var(--global-kb-spacing-xs, 1rem);padding-right:var(--global-kb-spacing-xs, 1rem);padding-bottom:var(--global-kb-spacing-xs, 1rem);padding-left:var(--global-kb-spacing-xs, 1rem);}.kt-info-box377_862084-70.wp-block-kadence-infobox{max-width:100%;}.kt-info-box377_862084-70 .kadence-info-box-image-inner-intrisic-container{max-width:100px;}.kt-info-box377_862084-70 .kadence-info-box-image-inner-intrisic-container .kadence-info-box-image-intrisic{padding-bottom:100%;width:2339px;height:0px;max-width:100%;}.kt-info-box377_862084-70 .kadence-info-box-icon-container .kt-info-svg-icon, .kt-info-box377_862084-70 .kt-info-svg-icon-flip, .kt-info-box377_862084-70 .kt-blocks-info-box-number{font-size:25px;}.kt-info-box377_862084-70 .kt-blocks-info-box-media{color:var(--accent-3);background:var(--accent-4);border-color:#444444;border-radius:167px;overflow:hidden;border-top-width:0px;border-right-width:0px;border-bottom-width:0px;border-left-width:0px;padding-top:11px;padding-right:11px;padding-bottom:11px;padding-left:11px;margin-top:0px;margin-right:15px;margin-bottom:0px;margin-left:15px;}.kt-info-box377_862084-70 .kt-blocks-info-box-media .kadence-info-box-image-intrisic img{border-radius:167px;}.kt-info-box377_862084-70 .kt-infobox-textcontent .kt-blocks-info-box-text{color:#ffffff;}.kt-info-box377_862084-70 .kt-blocks-info-box-link-wrap:hover .kt-blocks-info-box-text{color:#ffffff;}.kt-info-box377_862084-70 .kt-blocks-info-box-learnmore{background:transparent;border-width:0px 0px 0px 0px;padding-top:4px;padding-right:8px;padding-bottom:4px;padding-left:8px;margin-top:10px;margin-right:0px;margin-bottom:10px;margin-left:0px;}@media all and (max-width: 767px){.kt-info-box377_862084-70 .kt-blocks-info-box-link-wrap{text-align:left;display:block;}.kt-info-box377_862084-70 .kt-blocks-info-box-link-wrap .kt-blocks-info-box-media{display:inline-block;max-width:100%;}}<\/style>\n<div class=\"wp-block-kadence-infobox kt-info-box377_862084-70\"><span class=\"kt-blocks-info-box-link-wrap info-box-link kt-blocks-info-box-media-align-left kt-info-halign-left kb-info-box-vertical-media-align-top kb-info-mobile-halign-left\"><div class=\"kt-blocks-info-box-media-container\"><div class=\"kt-blocks-info-box-media kt-info-media-animate-none\"><div class=\"kadence-info-box-image-inner-intrisic-container\"><div class=\"kadence-info-box-image-intrisic kt-info-animate-none kb-info-box-image-ratio kb-info-box-image-ratio-square\"><div class=\"kadence-info-box-image-inner-intrisic\"><img decoding=\"async\" src=\"https:\/\/www.2000m2.eu\/wp-content\/uploads\/Kuhbohne_AH-1.jpg\" alt=\"\" width=\"2339\" height=\"1654\" class=\"kt-info-box-image wp-image-785\" srcset=\"https:\/\/www.2000m2.eu\/wp-content\/uploads\/Kuhbohne_AH-1.jpg 2339w, https:\/\/www.2000m2.eu\/wp-content\/uploads\/Kuhbohne_AH-1-300x212.jpg 300w, https:\/\/www.2000m2.eu\/wp-content\/uploads\/Kuhbohne_AH-1-768x543.jpg 768w, https:\/\/www.2000m2.eu\/wp-content\/uploads\/Kuhbohne_AH-1-1024x724.jpg 1024w, https:\/\/www.2000m2.eu\/wp-content\/uploads\/Kuhbohne_AH-1-1536x1086.jpg 1536w, https:\/\/www.2000m2.eu\/wp-content\/uploads\/Kuhbohne_AH-1-2048x1448.jpg 2048w\" sizes=\"(max-width: 2339px) 100vw, 2339px\" \/><\/div><\/div><\/div><\/div><\/div><div class=\"kt-infobox-textcontent\"><p class=\"kt-blocks-info-box-text\"><strong>\u00c1rea global<\/strong>: 15,3 milh\u00f5es de hectares<br\/><strong>\u00c1rea nas terras agr\u00edcolas do Campo Global<\/strong>: 19,3 m\u00b2 (0,9%)<br\/><strong>Regi\u00e3o de origem<\/strong>: Eti\u00f3pia<br\/><strong>Principais \u00e1reas de cultivo<\/strong>: N\u00edger, Nig\u00e9ria, Burkina Faso<br\/><strong>Usos \/ principais benef\u00edcios<\/strong>: Vagens como legumes, sementes cozinhadas, legumes de folha (folhas jovens), alimenta\u00e7\u00e3o animal, controlo da eros\u00e3o<\/p><\/div><\/span><\/div>\n\n<p>O feij\u00e3o-caup\u00ed, tamb\u00e9m conhecido como feij\u00e3o-olho, faz lembrar um olho, pois as sementes s\u00e3o geralmente de cor bege e t\u00eam uma mancha escura \u00e0 volta do umbigo.<\/p>\n\n<h2 class=\"wp-block-heading\">Vagens de feij\u00e3o at\u00e9 90 cm de comprimento<\/h2>\n\n<p>O feij\u00e3o-caup\u00ed \u00e9 uma cultura anual e cresce de forma muito diferente. Existem variedades trepadeiras e variedades herb\u00e1ceas ou arbustivas. Algumas variedades podem fazer as duas coisas: consoante o clima e as condi\u00e7\u00f5es meteorol\u00f3gicas, crescem trepadeiras ou arbustivas. As flores brancas, amarelas, vermelhas, azuis claras ou roxas atraem v\u00e1rios insectos. As plantas podem penetrar profundamente no solo. Apenas oito semanas ap\u00f3s a sementeira, a raiz axial pode ter mais de dois metros de profundidade. As vagens podem tamb\u00e9m tornar-se bastante compridas &#8211; dependendo da variedade. As vagens da subesp\u00e9cie de feij\u00e3o espargo s\u00e3o particularmente longas, com vagens que podem atingir 90 cm de comprimento. Tal como as vagens, as sementes tamb\u00e9m variam em tamanho, forma e cor. Existem feij\u00f5es beges, verdes, vermelhos, castanhos ou pretos. Uma carater\u00edstica do feij\u00e3o-caup\u00ed \u00e9 a zona \u00e0 volta do umbigo, que tem geralmente uma cor diferente da do resto da semente.          <br\/><\/p>\n<style>.wp-block-kadence-advancedgallery.kb-gallery-wrap-id-377_5bbb79-e3{overflow:hidden;}.kb-gallery-type-carousel.kb-gallery-id-377_5bbb79-e3 .kt-blocks-carousel .kt-blocks-carousel-init:not( .splide-initialized ){margin-left:-5px;margin-right:-5px;}.kb-gallery-type-carousel.kb-gallery-id-377_5bbb79-e3 .kt-blocks-carousel .kt-blocks-carousel-init:not( .splide-initialized ) .kb-slide-item{padding-left:5px;padding-right:5px;}.kb-gallery-id-377_5bbb79-e3 .kadence-blocks-gallery-item .kb-gal-image-radius, .kb-gallery-id-377_5bbb79-e3 .kb-slide-item .kb-gal-image-radius img{border-radius:0px 0px 0px 0px;;}.kb-gallery-caption-style-cover-hover.kb-gallery-id-377_5bbb79-e3 .kadence-blocks-gallery-item .kadence-blocks-gallery-item-inner .kadence-blocks-gallery-item__caption, .kb-gallery-caption-style-below.kb-gallery-id-377_5bbb79-e3 .kadence-blocks-gallery-item .kadence-blocks-gallery-item-inner .kadence-blocks-gallery-item__caption{background:rgba(0, 0, 0, 0.5);}.kb-gallery-wrap-id-377_5bbb79-e3.wp-block-kadence-advancedgallery{overflow:visible;}.kb-gallery-wrap-id-377_5bbb79-e3.wp-block-kadence-advancedgallery .kt-blocks-carousel{overflow:visible;}<\/style><div class=\"kb-gallery-wrap-id-377_5bbb79-e3 alignnone wp-block-kadence-advancedgallery\"><div class=\"kb-gallery-ul kb-gallery-non-static kb-gallery-type-carousel kb-gallery-id-377_5bbb79-e3 kb-gallery-caption-style-below kb-gallery-filter-none\" data-image-filter=\"none\" data-lightbox-caption=\"true\"><div class=\"kt-blocks-carousel kt-carousel-container-dotstyle-dark\"><div class=\"kt-blocks-carousel-init kb-gallery-carousel kt-carousel-arrowstyle-whiteondark kt-carousel-dotstyle-dark kb-slider-group-arrow kb-slider-arrow-position-center\" data-columns-xxl=\"3\" data-columns-xl=\"3\" data-columns-md=\"3\" data-columns-sm=\"2\" data-columns-xs=\"1\" data-columns-ss=\"1\" data-slider-anim-speed=\"400\" data-slider-scroll=\"1\" data-slider-arrows=\"true\" data-slider-dots=\"true\" data-slider-hover-pause=\"false\" data-slider-auto=\"\" data-slider-speed=\"7000\" data-slider-gap=\"10px\" data-slider-gap-tablet=\"10px\" data-slider-gap-mobile=\"10px\" data-show-pause-button=\"false\" aria-label=\"Photo Gallery Carousel\"><li class=\"kb-slide-item kb-gallery-carousel-item\"><div class=\"kadence-blocks-gallery-item\"><div class=\"kadence-blocks-gallery-item-inner\"><figure class=\"kb-gallery-figure kadence-blocks-gallery-item-has-caption\"><div class=\"kb-gal-image-radius\"><div class=\"kb-gallery-image-contain kadence-blocks-gallery-intrinsic kb-gallery-image-ratio-land32 kb-has-image-ratio-land32\" ><img decoding=\"async\" src=\"https:\/\/www.2000m2.eu\/wp-content\/uploads\/196.jpg\" width=\"1024\" height=\"768\" alt=\"H\u00e1 duas longas filas de varas de bambu com feij\u00e3o-caup\u00ed a subir por elas.\" data-full-image=\"https:\/\/www.2000m2.eu\/wp-content\/uploads\/196.jpg\" data-light-image=\"https:\/\/www.2000m2.eu\/wp-content\/uploads\/196.jpg\" data-id=\"12186\" class=\"wp-image-12186 skip-lazy\"\/><\/div><\/div><figcaption class=\"kadence-blocks-gallery-item__caption\">Campo com feij\u00e3o-caup\u00ed<\/figcaption><\/figure><\/div><\/div><\/li><li class=\"kb-slide-item kb-gallery-carousel-item\"><div class=\"kadence-blocks-gallery-item\"><div class=\"kadence-blocks-gallery-item-inner\"><figure class=\"kb-gallery-figure kadence-blocks-gallery-item-has-caption\"><div class=\"kb-gal-image-radius\"><div class=\"kb-gallery-image-contain kadence-blocks-gallery-intrinsic kb-gallery-image-ratio-land32 kb-has-image-ratio-land32\" ><img decoding=\"async\" src=\"https:\/\/www.2000m2.eu\/wp-content\/uploads\/195.jpg\" width=\"1024\" height=\"768\" alt=\"As folhas do feij\u00e3o-caup\u00ed, que cresce numa trepadeira, s\u00e3o alongadas e pontiagudas.\" data-full-image=\"https:\/\/www.2000m2.eu\/wp-content\/uploads\/195.jpg\" data-light-image=\"https:\/\/www.2000m2.eu\/wp-content\/uploads\/195.jpg\" data-id=\"12179\" class=\"wp-image-12179 skip-lazy\"\/><\/div><\/div><figcaption class=\"kadence-blocks-gallery-item__caption\">Folhas de feij\u00e3o-caup\u00ed<\/figcaption><\/figure><\/div><\/div><\/li><li class=\"kb-slide-item kb-gallery-carousel-item\"><div class=\"kadence-blocks-gallery-item\"><div class=\"kadence-blocks-gallery-item-inner\"><figure class=\"kb-gallery-figure kadence-blocks-gallery-item-has-caption\"><div class=\"kb-gal-image-radius\"><div class=\"kb-gallery-image-contain kadence-blocks-gallery-intrinsic kb-gallery-image-ratio-land32 kb-has-image-ratio-land32\" ><img decoding=\"async\" src=\"https:\/\/www.2000m2.eu\/wp-content\/uploads\/193.jpg\" width=\"1024\" height=\"768\" alt=\"Quatro vagens compridas pendem de uma planta de feij\u00e3o-caup\u00ed.\" data-full-image=\"https:\/\/www.2000m2.eu\/wp-content\/uploads\/193.jpg\" data-light-image=\"https:\/\/www.2000m2.eu\/wp-content\/uploads\/193.jpg\" data-id=\"12165\" class=\"wp-image-12165 skip-lazy\"\/><\/div><\/div><figcaption class=\"kadence-blocks-gallery-item__caption\">mangas compridas<\/figcaption><\/figure><\/div><\/div><\/li><li class=\"kb-slide-item kb-gallery-carousel-item\"><div class=\"kadence-blocks-gallery-item\"><div class=\"kadence-blocks-gallery-item-inner\"><figure class=\"kb-gallery-figure kadence-blocks-gallery-item-has-caption\"><div class=\"kb-gal-image-radius\"><div class=\"kb-gallery-image-contain kadence-blocks-gallery-intrinsic kb-gallery-image-ratio-land32 kb-has-image-ratio-land32\" ><img decoding=\"async\" src=\"https:\/\/www.2000m2.eu\/wp-content\/uploads\/194.jpg\" width=\"1024\" height=\"768\" alt=\"Muitos feij\u00f5es verdes, compridos, est\u00e3o em cima uns dos outros.\" data-full-image=\"https:\/\/www.2000m2.eu\/wp-content\/uploads\/194.jpg\" data-light-image=\"https:\/\/www.2000m2.eu\/wp-content\/uploads\/194.jpg\" data-id=\"12172\" class=\"wp-image-12172 skip-lazy\"\/><\/div><\/div><figcaption class=\"kadence-blocks-gallery-item__caption\">Feij\u00e3o-caup\u00ed<\/figcaption><\/figure><\/div><\/div><\/li><li class=\"kb-slide-item kb-gallery-carousel-item\"><div class=\"kadence-blocks-gallery-item\"><div class=\"kadence-blocks-gallery-item-inner\"><figure class=\"kb-gallery-figure kadence-blocks-gallery-item-has-caption\"><div class=\"kb-gal-image-radius\"><div class=\"kb-gallery-image-contain kadence-blocks-gallery-intrinsic kb-gallery-image-ratio-land32 kb-has-image-ratio-land32\" ><img decoding=\"async\" src=\"https:\/\/www.2000m2.eu\/wp-content\/uploads\/197.jpg\" width=\"1024\" height=\"768\" alt=\"O feij\u00e3o-caup\u00ed seco \u00e9 castanho claro e tem uma mancha preta.\" data-full-image=\"https:\/\/www.2000m2.eu\/wp-content\/uploads\/197.jpg\" data-light-image=\"https:\/\/www.2000m2.eu\/wp-content\/uploads\/197.jpg\" data-id=\"12193\" class=\"wp-image-12193 skip-lazy\"\/><\/div><\/div><figcaption class=\"kadence-blocks-gallery-item__caption\">Feij\u00e3o-caup\u00ed seco<\/figcaption><\/figure><\/div><\/div><\/li><\/div><\/div><\/div><\/div>\n<h2 class=\"wp-block-heading\">Componente importante das culturas mistas<\/h2>\n\n<p>O feij\u00e3o-caup\u00ed \u00e9 origin\u00e1rio de \u00c1frica e foi domesticado na \u00c1frica Subsariana h\u00e1 mais de 8500 anos. Espalhou-se pelas regi\u00f5es quentes da Europa e da \u00c1sia at\u00e9 400 a.C. Mais tarde, a coloniza\u00e7\u00e3o e o tr\u00e1fico de escravos trouxeram o feij\u00e3o-frade para a Am\u00e9rica. Atualmente, pode ser encontrado em regi\u00f5es tropicais e quentes de todos os continentes, exceto na Ant\u00e1rctida.   <\/p>\n\n<p>O feij\u00e3o-caup\u00ed \u00e9 uma cultura resistente ao calor e tolerante \u00e0 seca e est\u00e1 integrado na agricultura de v\u00e1rias formas devido \u00e0s suas propriedades positivas de cultivo, como a sua capacidade de fixar o azoto do ar. Os pequenos agricultores, em particular, cultivam o feij\u00e3o-caup\u00ed em mistura com o milho, o sorgo ou o pain\u00e7o, assegurando assim a alimenta\u00e7\u00e3o das suas fam\u00edlias. Quase 95 por cento da produ\u00e7\u00e3o global tem lugar na \u00c1frica Ocidental.  <\/p>\n\n<h2 class=\"wp-block-heading\">Utiliza\u00e7\u00e3o de toda a planta<\/h2>\n\n<p>O feij\u00e3o-caup\u00ed \u00e9 um alimento importante, sobretudo como cultura de subsist\u00eancia para as popula\u00e7\u00f5es do continente africano. E n\u00e3o s\u00e3o apenas as sementes, que se comem frescas ou secas, que s\u00e3o comest\u00edveis. As folhas tamb\u00e9m s\u00e3o utilizadas como sopa de ervas. As vagens verdes s\u00e3o utilizadas no Sudeste Asi\u00e1tico como legume de vagem. As folhas s\u00e3o tamb\u00e9m utilizadas para alimentar os animais como forragem de alta qualidade.    <\/p>\n\n<p>Mas o feij\u00e3o-caup\u00ed n\u00e3o \u00e9 cultivado apenas como alimento e ra\u00e7\u00e3o animal. Algumas variedades tamb\u00e9m s\u00e3o cultivadas para o controlo da eros\u00e3o ou como adubo verde. Com 20 a 30 por cento de prote\u00ednas nas sementes secas, o feij\u00e3o-frade \u00e9 uma importante fonte de prote\u00ednas. As folhas tamb\u00e9m cont\u00eam uma quantidade semelhante de prote\u00ednas, raz\u00e3o pela qual s\u00e3o t\u00e3o populares como alimento para animais. O feij\u00e3o-frade tamb\u00e9m cont\u00e9m outros micronutrientes importantes, como o \u00e1cido f\u00f3lico, que \u00e9 particularmente importante durante a gravidez.    <\/p>\n\n<h2 class=\"wp-block-heading\">Luta contra as altera\u00e7\u00f5es clim\u00e1ticas com o feij\u00e3o-caup\u00ed<\/h2>\n\n<p>A principal \u00e1rea de cultivo de feij\u00e3o-caup\u00ed na \u00c1frica Subsariana sobrep\u00f5e-se \u00e0s \u00e1reas que se prev\u00ea venham a sofrer de maior inseguran\u00e7a alimentar devido \u00e0s altera\u00e7\u00f5es clim\u00e1ticas e \u00e0 seca prolongada e ao aumento do calor que lhes est\u00e3o associados. Como o feij\u00e3o-frade \u00e9 tolerante \u00e0 seca e ao calor, poder\u00e1 desempenhar um papel importante na seguran\u00e7a alimentar local no futuro. <\/p>\n\n<h2 class=\"wp-block-heading\">Fontes<\/h2>\n\n<p>Herniter et al (2020): Evid\u00eancias gen\u00e9ticas, textuais e arqueol\u00f3gicas da dissemina\u00e7\u00e3o hist\u00f3rica global do feij\u00e3o-caupi<em>(Vigna unguiculata<\/em> [L.] Walp.). <a href=\"https:\/\/onlinelibrary.wiley.com\/doi\/10.1002\/leg3.57\">Liga<\/a>. <br\/>Uni Gie\u00dfen: Feij\u00e3o-frade<em>(Vigna unguiculata <\/em>[L.] Walp. ssp. <em>unguiculata<\/em> [= <em>V. sinensis<\/em> [L.] Walp.]). <a href=\"http:\/\/bibd.uni-giessen.de\/gdoc\/2000\/uni\/p000003\/kuhbohne.htm\">Liga<\/a>.    <\/p>\n\n<p><\/p>\n","protected":false},"excerpt":{"rendered":"<p>Feij\u00e3o-caup\u00ed, Vigna unguiculata O feij\u00e3o-caup\u00ed, tamb\u00e9m conhecido como feij\u00e3o-olho, faz lembrar um olho, pois as sementes s\u00e3o geralmente de cor bege e t\u00eam uma mancha escura \u00e0 volta do umbigo. Vagens de feij\u00e3o at\u00e9 90 cm de comprimento O feij\u00e3o-caup\u00ed \u00e9 uma cultura anual e cresce de forma muito diferente. Existem variedades trepadeiras e variedades&#8230;<\/p>\n","protected":false},"featured_media":15988,"parent":0,"menu_order":359,"template":"","tags":[],"crops":[210],"class_list":["post-15986","crop","type-crop","status-publish","has-post-thumbnail","hentry","crops-leguminosas"],"yoast_head":"<!-- This site is optimized with the Yoast SEO plugin v27.4 - https:\/\/yoast.com\/product\/yoast-seo-wordpress\/ -->\n<title>Feij\u00e3o-caup\u00ed - 2000m2<\/title>\n<meta name=\"description\" content=\"Feij\u00e3o-caup\u00ed, Vigna unguiculata \u00c1rea global: 15,3 milh\u00f5es de hectares\u00c1rea nas terras agr\u00edcolas do Campo Global: 19,3 m\u00b2 (0,9%)Regi\u00e3o de origem:\" \/>\n<meta name=\"robots\" content=\"index, follow, max-snippet:-1, max-image-preview:large, max-video-preview:-1\" \/>\n<link rel=\"canonical\" href=\"https:\/\/www.2000m2.eu\/pt\/cultura\/feijao-caupi\/\" \/>\n<meta property=\"og:locale\" content=\"pt_PT\" \/>\n<meta property=\"og:type\" content=\"article\" \/>\n<meta property=\"og:title\" content=\"Feij\u00e3o-caup\u00ed - 2000m2\" \/>\n<meta property=\"og:description\" content=\"Feij\u00e3o-caup\u00ed, Vigna unguiculata \u00c1rea global: 15,3 milh\u00f5es de hectares\u00c1rea nas terras agr\u00edcolas do Campo Global: 19,3 m\u00b2 (0,9%)Regi\u00e3o de origem:\" \/>\n<meta property=\"og:url\" content=\"https:\/\/www.2000m2.eu\/pt\/cultura\/feijao-caupi\/\" \/>\n<meta property=\"og:site_name\" content=\"2000m2\" \/>\n<meta property=\"article:modified_time\" content=\"2025-09-15T09:50:14+00:00\" \/>\n<meta property=\"og:image\" content=\"https:\/\/www.2000m2.eu\/wp-content\/uploads\/Kuhbohne_AH-1.jpg\" \/>\n\t<meta property=\"og:image:width\" content=\"2339\" \/>\n\t<meta property=\"og:image:height\" content=\"1654\" \/>\n\t<meta property=\"og:image:type\" content=\"image\/jpeg\" \/>\n<meta name=\"twitter:card\" content=\"summary_large_image\" \/>\n<meta name=\"twitter:label1\" content=\"Tempo estimado de leitura\" \/>\n\t<meta name=\"twitter:data1\" content=\"4 minutos\" \/>\n<script type=\"application\/ld+json\" class=\"yoast-schema-graph\">{\"@context\":\"https:\\\/\\\/schema.org\",\"@graph\":[{\"@type\":\"WebPage\",\"@id\":\"https:\\\/\\\/www.2000m2.eu\\\/pt\\\/cultura\\\/feijao-caupi\\\/\",\"url\":\"https:\\\/\\\/www.2000m2.eu\\\/pt\\\/cultura\\\/feijao-caupi\\\/\",\"name\":\"Feij\u00e3o-caup\u00ed - 2000m2\",\"isPartOf\":{\"@id\":\"https:\\\/\\\/www.2000m2.eu\\\/pt\\\/#website\"},\"primaryImageOfPage\":{\"@id\":\"https:\\\/\\\/www.2000m2.eu\\\/pt\\\/cultura\\\/feijao-caupi\\\/#primaryimage\"},\"image\":{\"@id\":\"https:\\\/\\\/www.2000m2.eu\\\/pt\\\/cultura\\\/feijao-caupi\\\/#primaryimage\"},\"thumbnailUrl\":\"https:\\\/\\\/www.2000m2.eu\\\/wp-content\\\/uploads\\\/Kuhbohne_AH-1.jpg\",\"datePublished\":\"2024-09-12T09:58:42+00:00\",\"dateModified\":\"2025-09-15T09:50:14+00:00\",\"description\":\"Feij\u00e3o-caup\u00ed, Vigna unguiculata \u00c1rea global: 15,3 milh\u00f5es de hectares\u00c1rea nas terras agr\u00edcolas do Campo Global: 19,3 m\u00b2 (0,9%)Regi\u00e3o de origem:\",\"breadcrumb\":{\"@id\":\"https:\\\/\\\/www.2000m2.eu\\\/pt\\\/cultura\\\/feijao-caupi\\\/#breadcrumb\"},\"inLanguage\":\"pt-PT\",\"potentialAction\":[{\"@type\":\"ReadAction\",\"target\":[\"https:\\\/\\\/www.2000m2.eu\\\/pt\\\/cultura\\\/feijao-caupi\\\/\"]}]},{\"@type\":\"ImageObject\",\"inLanguage\":\"pt-PT\",\"@id\":\"https:\\\/\\\/www.2000m2.eu\\\/pt\\\/cultura\\\/feijao-caupi\\\/#primaryimage\",\"url\":\"https:\\\/\\\/www.2000m2.eu\\\/wp-content\\\/uploads\\\/Kuhbohne_AH-1.jpg\",\"contentUrl\":\"https:\\\/\\\/www.2000m2.eu\\\/wp-content\\\/uploads\\\/Kuhbohne_AH-1.jpg\",\"width\":2339,\"height\":1654},{\"@type\":\"BreadcrumbList\",\"@id\":\"https:\\\/\\\/www.2000m2.eu\\\/pt\\\/cultura\\\/feijao-caupi\\\/#breadcrumb\",\"itemListElement\":[{\"@type\":\"ListItem\",\"position\":1,\"name\":\"Home\",\"item\":\"https:\\\/\\\/www.2000m2.eu\\\/pt\\\/\"},{\"@type\":\"ListItem\",\"position\":2,\"name\":\"Feij\u00e3o-caup\u00ed\"}]},{\"@type\":\"WebSite\",\"@id\":\"https:\\\/\\\/www.2000m2.eu\\\/pt\\\/#website\",\"url\":\"https:\\\/\\\/www.2000m2.eu\\\/pt\\\/\",\"name\":\"2000m2\",\"description\":\"\",\"publisher\":{\"@id\":\"https:\\\/\\\/www.2000m2.eu\\\/pt\\\/#organization\"},\"potentialAction\":[{\"@type\":\"SearchAction\",\"target\":{\"@type\":\"EntryPoint\",\"urlTemplate\":\"https:\\\/\\\/www.2000m2.eu\\\/pt\\\/?s={search_term_string}\"},\"query-input\":{\"@type\":\"PropertyValueSpecification\",\"valueRequired\":true,\"valueName\":\"search_term_string\"}}],\"inLanguage\":\"pt-PT\"},{\"@type\":\"Organization\",\"@id\":\"https:\\\/\\\/www.2000m2.eu\\\/pt\\\/#organization\",\"name\":\"2000m2\",\"url\":\"https:\\\/\\\/www.2000m2.eu\\\/pt\\\/\",\"logo\":{\"@type\":\"ImageObject\",\"inLanguage\":\"pt-PT\",\"@id\":\"https:\\\/\\\/www.2000m2.eu\\\/pt\\\/#\\\/schema\\\/logo\\\/image\\\/\",\"url\":\"https:\\\/\\\/www.2000m2.eu\\\/wp-content\\\/uploads\\\/logo.png\",\"contentUrl\":\"https:\\\/\\\/www.2000m2.eu\\\/wp-content\\\/uploads\\\/logo.png\",\"width\":445,\"height\":140,\"caption\":\"2000m2\"},\"image\":{\"@id\":\"https:\\\/\\\/www.2000m2.eu\\\/pt\\\/#\\\/schema\\\/logo\\\/image\\\/\"}}]}<\/script>\n<!-- \/ Yoast SEO plugin. -->","yoast_head_json":{"title":"Feij\u00e3o-caup\u00ed - 2000m2","description":"Feij\u00e3o-caup\u00ed, Vigna unguiculata \u00c1rea global: 15,3 milh\u00f5es de hectares\u00c1rea nas terras agr\u00edcolas do Campo Global: 19,3 m\u00b2 (0,9%)Regi\u00e3o de origem:","robots":{"index":"index","follow":"follow","max-snippet":"max-snippet:-1","max-image-preview":"max-image-preview:large","max-video-preview":"max-video-preview:-1"},"canonical":"https:\/\/www.2000m2.eu\/pt\/cultura\/feijao-caupi\/","og_locale":"pt_PT","og_type":"article","og_title":"Feij\u00e3o-caup\u00ed - 2000m2","og_description":"Feij\u00e3o-caup\u00ed, Vigna unguiculata \u00c1rea global: 15,3 milh\u00f5es de hectares\u00c1rea nas terras agr\u00edcolas do Campo Global: 19,3 m\u00b2 (0,9%)Regi\u00e3o de origem:","og_url":"https:\/\/www.2000m2.eu\/pt\/cultura\/feijao-caupi\/","og_site_name":"2000m2","article_modified_time":"2025-09-15T09:50:14+00:00","og_image":[{"width":2339,"height":1654,"url":"https:\/\/www.2000m2.eu\/wp-content\/uploads\/Kuhbohne_AH-1.jpg","type":"image\/jpeg"}],"twitter_card":"summary_large_image","twitter_misc":{"Tempo estimado de leitura":"4 minutos"},"schema":{"@context":"https:\/\/schema.org","@graph":[{"@type":"WebPage","@id":"https:\/\/www.2000m2.eu\/pt\/cultura\/feijao-caupi\/","url":"https:\/\/www.2000m2.eu\/pt\/cultura\/feijao-caupi\/","name":"Feij\u00e3o-caup\u00ed - 2000m2","isPartOf":{"@id":"https:\/\/www.2000m2.eu\/pt\/#website"},"primaryImageOfPage":{"@id":"https:\/\/www.2000m2.eu\/pt\/cultura\/feijao-caupi\/#primaryimage"},"image":{"@id":"https:\/\/www.2000m2.eu\/pt\/cultura\/feijao-caupi\/#primaryimage"},"thumbnailUrl":"https:\/\/www.2000m2.eu\/wp-content\/uploads\/Kuhbohne_AH-1.jpg","datePublished":"2024-09-12T09:58:42+00:00","dateModified":"2025-09-15T09:50:14+00:00","description":"Feij\u00e3o-caup\u00ed, Vigna unguiculata \u00c1rea global: 15,3 milh\u00f5es de hectares\u00c1rea nas terras agr\u00edcolas do Campo Global: 19,3 m\u00b2 (0,9%)Regi\u00e3o de origem:","breadcrumb":{"@id":"https:\/\/www.2000m2.eu\/pt\/cultura\/feijao-caupi\/#breadcrumb"},"inLanguage":"pt-PT","potentialAction":[{"@type":"ReadAction","target":["https:\/\/www.2000m2.eu\/pt\/cultura\/feijao-caupi\/"]}]},{"@type":"ImageObject","inLanguage":"pt-PT","@id":"https:\/\/www.2000m2.eu\/pt\/cultura\/feijao-caupi\/#primaryimage","url":"https:\/\/www.2000m2.eu\/wp-content\/uploads\/Kuhbohne_AH-1.jpg","contentUrl":"https:\/\/www.2000m2.eu\/wp-content\/uploads\/Kuhbohne_AH-1.jpg","width":2339,"height":1654},{"@type":"BreadcrumbList","@id":"https:\/\/www.2000m2.eu\/pt\/cultura\/feijao-caupi\/#breadcrumb","itemListElement":[{"@type":"ListItem","position":1,"name":"Home","item":"https:\/\/www.2000m2.eu\/pt\/"},{"@type":"ListItem","position":2,"name":"Feij\u00e3o-caup\u00ed"}]},{"@type":"WebSite","@id":"https:\/\/www.2000m2.eu\/pt\/#website","url":"https:\/\/www.2000m2.eu\/pt\/","name":"2000m2","description":"","publisher":{"@id":"https:\/\/www.2000m2.eu\/pt\/#organization"},"potentialAction":[{"@type":"SearchAction","target":{"@type":"EntryPoint","urlTemplate":"https:\/\/www.2000m2.eu\/pt\/?s={search_term_string}"},"query-input":{"@type":"PropertyValueSpecification","valueRequired":true,"valueName":"search_term_string"}}],"inLanguage":"pt-PT"},{"@type":"Organization","@id":"https:\/\/www.2000m2.eu\/pt\/#organization","name":"2000m2","url":"https:\/\/www.2000m2.eu\/pt\/","logo":{"@type":"ImageObject","inLanguage":"pt-PT","@id":"https:\/\/www.2000m2.eu\/pt\/#\/schema\/logo\/image\/","url":"https:\/\/www.2000m2.eu\/wp-content\/uploads\/logo.png","contentUrl":"https:\/\/www.2000m2.eu\/wp-content\/uploads\/logo.png","width":445,"height":140,"caption":"2000m2"},"image":{"@id":"https:\/\/www.2000m2.eu\/pt\/#\/schema\/logo\/image\/"}}]}},"_links":{"self":[{"href":"https:\/\/www.2000m2.eu\/pt\/wp-json\/wp\/v2\/crop\/15986","targetHints":{"allow":["GET"]}}],"collection":[{"href":"https:\/\/www.2000m2.eu\/pt\/wp-json\/wp\/v2\/crop"}],"about":[{"href":"https:\/\/www.2000m2.eu\/pt\/wp-json\/wp\/v2\/types\/crop"}],"wp:featuredmedia":[{"embeddable":true,"href":"https:\/\/www.2000m2.eu\/pt\/wp-json\/wp\/v2\/media\/15988"}],"wp:attachment":[{"href":"https:\/\/www.2000m2.eu\/pt\/wp-json\/wp\/v2\/media?parent=15986"}],"wp:term":[{"taxonomy":"post_tag","embeddable":true,"href":"https:\/\/www.2000m2.eu\/pt\/wp-json\/wp\/v2\/tags?post=15986"},{"taxonomy":"crops","embeddable":true,"href":"https:\/\/www.2000m2.eu\/pt\/wp-json\/wp\/v2\/crops?post=15986"}],"curies":[{"name":"wp","href":"https:\/\/api.w.org\/{rel}","templated":true}]}}