{"id":15993,"date":"2024-09-12T09:58:17","date_gmt":"2024-09-12T09:58:17","guid":{"rendered":"https:\/\/www.2000m2.eu\/crop\/grao-de-bico\/"},"modified":"2025-09-15T09:50:20","modified_gmt":"2025-09-15T09:50:20","slug":"grao-de-bico","status":"publish","type":"crop","link":"https:\/\/www.2000m2.eu\/pt\/cultura\/grao-de-bico\/","title":{"rendered":"Gr\u00e3o-de-bico"},"content":{"rendered":"\n<h1 class=\"wp-block-heading\">Gr\u00e3o-de-bico, Cicer arietinum<\/h1>\n\n<p><\/p>\n<style>.wp-block-kadence-column.kb-section-dir-horizontal > .kt-inside-inner-col > .kt-info-box376_30dca3-5d .kt-blocks-info-box-link-wrap{max-width:unset;}.kt-info-box376_30dca3-5d .kt-blocks-info-box-link-wrap{border-top-left-radius:15px;border-top-right-radius:15px;border-bottom-right-radius:15px;border-bottom-left-radius:15px;background:var(--accent);padding-top:var(--global-kb-spacing-xs, 1rem);padding-right:var(--global-kb-spacing-xs, 1rem);padding-bottom:var(--global-kb-spacing-xs, 1rem);padding-left:var(--global-kb-spacing-xs, 1rem);}.kt-info-box376_30dca3-5d.wp-block-kadence-infobox{max-width:100%;}.kt-info-box376_30dca3-5d .kadence-info-box-image-inner-intrisic-container{max-width:100px;}.kt-info-box376_30dca3-5d .kadence-info-box-image-inner-intrisic-container .kadence-info-box-image-intrisic{padding-bottom:100%;width:1920px;height:0px;max-width:100%;}.kt-info-box376_30dca3-5d .kadence-info-box-icon-container .kt-info-svg-icon, .kt-info-box376_30dca3-5d .kt-info-svg-icon-flip, .kt-info-box376_30dca3-5d .kt-blocks-info-box-number{font-size:25px;}.kt-info-box376_30dca3-5d .kt-blocks-info-box-media{color:var(--accent-3);background:var(--accent-4);border-color:#444444;border-radius:167px;overflow:hidden;border-top-width:0px;border-right-width:0px;border-bottom-width:0px;border-left-width:0px;padding-top:11px;padding-right:11px;padding-bottom:11px;padding-left:11px;margin-top:0px;margin-right:15px;margin-bottom:0px;margin-left:15px;}.kt-info-box376_30dca3-5d .kt-blocks-info-box-media .kadence-info-box-image-intrisic img{border-radius:167px;}.kt-info-box376_30dca3-5d .kt-infobox-textcontent .kt-blocks-info-box-text{color:#ffffff;}.kt-info-box376_30dca3-5d .kt-blocks-info-box-link-wrap:hover .kt-blocks-info-box-text{color:#ffffff;}.kt-info-box376_30dca3-5d .kt-blocks-info-box-learnmore{background:transparent;border-width:0px 0px 0px 0px;padding-top:4px;padding-right:8px;padding-bottom:4px;padding-left:8px;margin-top:10px;margin-right:0px;margin-bottom:10px;margin-left:0px;}@media all and (max-width: 767px){.kt-info-box376_30dca3-5d .kt-blocks-info-box-link-wrap{text-align:left;display:block;}.kt-info-box376_30dca3-5d .kt-blocks-info-box-link-wrap .kt-blocks-info-box-media{display:inline-block;max-width:100%;}}<\/style>\n<div class=\"wp-block-kadence-infobox kt-info-box376_30dca3-5d\"><span class=\"kt-blocks-info-box-link-wrap info-box-link kt-blocks-info-box-media-align-left kt-info-halign-left kb-info-box-vertical-media-align-top kb-info-mobile-halign-left\"><div class=\"kt-blocks-info-box-media-container\"><div class=\"kt-blocks-info-box-media kt-info-media-animate-none\"><div class=\"kadence-info-box-image-inner-intrisic-container\"><div class=\"kadence-info-box-image-intrisic kt-info-animate-none kb-info-box-image-ratio kb-info-box-image-ratio-square\"><div class=\"kadence-info-box-image-inner-intrisic\"><img decoding=\"async\" src=\"https:\/\/www.2000m2.eu\/wp-content\/uploads\/Kichererbsen_300dpi-1.jpg\" alt=\"\" width=\"1920\" height=\"1358\" class=\"kt-info-box-image wp-image-855\" srcset=\"https:\/\/www.2000m2.eu\/wp-content\/uploads\/Kichererbsen_300dpi-1.jpg 1920w, https:\/\/www.2000m2.eu\/wp-content\/uploads\/Kichererbsen_300dpi-1-300x212.jpg 300w, https:\/\/www.2000m2.eu\/wp-content\/uploads\/Kichererbsen_300dpi-1-768x543.jpg 768w, https:\/\/www.2000m2.eu\/wp-content\/uploads\/Kichererbsen_300dpi-1-1024x724.jpg 1024w, https:\/\/www.2000m2.eu\/wp-content\/uploads\/Kichererbsen_300dpi-1-1536x1086.jpg 1536w\" sizes=\"(max-width: 1920px) 100vw, 1920px\" \/><\/div><\/div><\/div><\/div><\/div><div class=\"kt-infobox-textcontent\"><p class=\"kt-blocks-info-box-text\"><strong>\u00c1rea global<\/strong>: 14,3 milh\u00f5es de hectares<br\/><strong>\u00c1rea no Campo Global<\/strong>: 18 m\u00b2 (0,9%)<br\/><strong>Regi\u00e3o de origem<\/strong>: \u00c1sia Menor, possivelmente regi\u00e3o dos Himalaias<br\/><strong>Principais \u00e1reas de cultivo<\/strong>: \u00cdndia, Paquist\u00e3o, Turquia<br\/><strong>Utiliza\u00e7\u00f5es \/ principais benef\u00edcios<\/strong>: Farinha, pratos, alimenta\u00e7\u00e3o animal<\/p><\/div><\/span><\/div>\n\n<p>O gr\u00e3o-de-bico pertence \u00e0 fam\u00edlia das leguminosas e \u00e9 a semente do gr\u00e3o-de-bico. A planta \u00e9 conhecida h\u00e1 quase 10.000 anos e \u00e9 origin\u00e1ria do que \u00e9 atualmente a Turquia e, segundo algumas fontes, tamb\u00e9m da regi\u00e3o dos Himalaias. Embora o gr\u00e3o-de-bico seja redondo como uma ervilha e tenha aproximadamente o mesmo tamanho, n\u00e3o est\u00e1 relacionado com ela do ponto de vista bot\u00e2nico. No entanto, como leguminosas, ambos s\u00e3o igualmente ricos em prote\u00ednas e, por conseguinte, uma boa fonte de prote\u00ednas para quem come pouca ou nenhuma carne.   <\/p>\n\n<h2 class=\"wp-block-heading\">Tudo sobre o gr\u00e3o-de-bico<\/h2>\n\n<p>O gr\u00e3o-de-bico \u00e9 uma planta herb\u00e1cea, anual, que cresce de forma ramificada e decumbente a erecta, podendo atingir at\u00e9 um metro de altura. Os caules e as vagens s\u00e3o peludos. Gra\u00e7as \u00e0s suas ra\u00edzes profundas, necessita de pouca \u00e1gua. A flora\u00e7\u00e3o ocorre ap\u00f3s 40 a 50 dias, ap\u00f3s os quais a planta forma vagens redondas e esverdeadas, cada uma contendo um ou dois frutos. O gr\u00e3o-de-bico desenvolve-se melhor em solos leves, de aquecimento r\u00e1pido, sem encharcamento e a uma temperatura de cerca de 25\u00b0C.    <br\/><\/p>\n<style>.wp-block-kadence-advancedgallery.kb-gallery-wrap-id-376_443706-c3{overflow:hidden;}.kb-gallery-type-carousel.kb-gallery-id-376_443706-c3 .kt-blocks-carousel .kt-blocks-carousel-init:not( .splide-initialized ){margin-left:-5px;margin-right:-5px;}.kb-gallery-type-carousel.kb-gallery-id-376_443706-c3 .kt-blocks-carousel .kt-blocks-carousel-init:not( .splide-initialized ) .kb-slide-item{padding-left:5px;padding-right:5px;}.kb-gallery-id-376_443706-c3 .kadence-blocks-gallery-item .kb-gal-image-radius, .kb-gallery-id-376_443706-c3 .kb-slide-item .kb-gal-image-radius img{border-radius:0px 0px 0px 0px;;}.kb-gallery-caption-style-cover-hover.kb-gallery-id-376_443706-c3 .kadence-blocks-gallery-item .kadence-blocks-gallery-item-inner .kadence-blocks-gallery-item__caption, .kb-gallery-caption-style-below.kb-gallery-id-376_443706-c3 .kadence-blocks-gallery-item .kadence-blocks-gallery-item-inner .kadence-blocks-gallery-item__caption{background:rgba(0, 0, 0, 0.5);}.kb-gallery-wrap-id-376_443706-c3.wp-block-kadence-advancedgallery{overflow:visible;}.kb-gallery-wrap-id-376_443706-c3.wp-block-kadence-advancedgallery .kt-blocks-carousel{overflow:visible;}<\/style><div class=\"kb-gallery-wrap-id-376_443706-c3 alignnone wp-block-kadence-advancedgallery\"><div class=\"kb-gallery-ul kb-gallery-non-static kb-gallery-type-carousel kb-gallery-id-376_443706-c3 kb-gallery-caption-style-below kb-gallery-filter-none\" data-image-filter=\"none\" data-lightbox-caption=\"true\"><div class=\"kt-blocks-carousel kt-carousel-container-dotstyle-dark\"><div class=\"kt-blocks-carousel-init kb-gallery-carousel kt-carousel-arrowstyle-whiteondark kt-carousel-dotstyle-dark kb-slider-group-arrow kb-slider-arrow-position-center\" data-columns-xxl=\"3\" data-columns-xl=\"3\" data-columns-md=\"3\" data-columns-sm=\"2\" data-columns-xs=\"1\" data-columns-ss=\"1\" data-slider-anim-speed=\"400\" data-slider-scroll=\"1\" data-slider-arrows=\"true\" data-slider-dots=\"true\" data-slider-hover-pause=\"false\" data-slider-auto=\"\" data-slider-speed=\"7000\" data-slider-gap=\"10px\" data-slider-gap-tablet=\"10px\" data-slider-gap-mobile=\"10px\" data-show-pause-button=\"false\" aria-label=\"Photo Gallery Carousel\"><li class=\"kb-slide-item kb-gallery-carousel-item\"><div class=\"kadence-blocks-gallery-item\"><div class=\"kadence-blocks-gallery-item-inner\"><figure class=\"kb-gallery-figure kadence-blocks-gallery-item-has-caption\"><div class=\"kb-gal-image-radius\"><div class=\"kb-gallery-image-contain kadence-blocks-gallery-intrinsic kb-gallery-image-ratio-land32 kb-has-image-ratio-land32\" ><img decoding=\"async\" src=\"https:\/\/www.2000m2.eu\/wp-content\/uploads\/164.jpg\" width=\"1024\" height=\"768\" alt=\"A planta do gr\u00e3o-de-bico tem muitas folhas pequenas e serrilhadas.\" data-full-image=\"https:\/\/www.2000m2.eu\/wp-content\/uploads\/164.jpg\" data-light-image=\"https:\/\/www.2000m2.eu\/wp-content\/uploads\/164.jpg\" data-id=\"11908\" class=\"wp-image-11908 skip-lazy\"\/><\/div><\/div><figcaption class=\"kadence-blocks-gallery-item__caption\">Planta de gr\u00e3o-de-bico<\/figcaption><\/figure><\/div><\/div><\/li><li class=\"kb-slide-item kb-gallery-carousel-item\"><div class=\"kadence-blocks-gallery-item\"><div class=\"kadence-blocks-gallery-item-inner\"><figure class=\"kb-gallery-figure kadence-blocks-gallery-item-has-caption\"><div class=\"kb-gal-image-radius\"><div class=\"kb-gallery-image-contain kadence-blocks-gallery-intrinsic kb-gallery-image-ratio-land32 kb-has-image-ratio-land32\" ><img decoding=\"async\" src=\"https:\/\/www.2000m2.eu\/wp-content\/uploads\/Design-ohne-Titel-1-2.jpg\" width=\"1024\" height=\"768\" alt=\"A flor do gr\u00e3o-de-bico \u00e9 de uma cor rosa delicada.\" data-full-image=\"https:\/\/www.2000m2.eu\/wp-content\/uploads\/Design-ohne-Titel-1-2.jpg\" data-light-image=\"https:\/\/www.2000m2.eu\/wp-content\/uploads\/Design-ohne-Titel-1-2.jpg\" data-id=\"11957\" class=\"wp-image-11957 skip-lazy\"\/><\/div><\/div><figcaption class=\"kadence-blocks-gallery-item__caption\">Flor de gr\u00e3o-de-bico<\/figcaption><\/figure><\/div><\/div><\/li><li class=\"kb-slide-item kb-gallery-carousel-item\"><div class=\"kadence-blocks-gallery-item\"><div class=\"kadence-blocks-gallery-item-inner\"><figure class=\"kb-gallery-figure kadence-blocks-gallery-item-has-caption\"><div class=\"kb-gal-image-radius\"><div class=\"kb-gallery-image-contain kadence-blocks-gallery-intrinsic kb-gallery-image-ratio-land32 kb-has-image-ratio-land32\" ><img decoding=\"async\" src=\"https:\/\/www.2000m2.eu\/wp-content\/uploads\/165.jpg\" width=\"1024\" height=\"768\" alt=\"Um grande plano de um gr\u00e3o-de-bico na planta revela uma cobertura verde com p\u00ealos finos.\" data-full-image=\"https:\/\/www.2000m2.eu\/wp-content\/uploads\/165.jpg\" data-light-image=\"https:\/\/www.2000m2.eu\/wp-content\/uploads\/165.jpg\" data-id=\"11915\" class=\"wp-image-11915 skip-lazy\"\/><\/div><\/div><figcaption class=\"kadence-blocks-gallery-item__caption\">Gr\u00e3o-de-bico<\/figcaption><\/figure><\/div><\/div><\/li><li class=\"kb-slide-item kb-gallery-carousel-item\"><div class=\"kadence-blocks-gallery-item\"><div class=\"kadence-blocks-gallery-item-inner\"><figure class=\"kb-gallery-figure kadence-blocks-gallery-item-has-caption\"><div class=\"kb-gal-image-radius\"><div class=\"kb-gallery-image-contain kadence-blocks-gallery-intrinsic kb-gallery-image-ratio-land32 kb-has-image-ratio-land32\" ><img decoding=\"async\" src=\"https:\/\/www.2000m2.eu\/wp-content\/uploads\/167.jpg\" width=\"1024\" height=\"768\" alt=\"O gr\u00e3o-de-bico seco tem uma cor castanha clara e \u00e9 redondo.\" data-full-image=\"https:\/\/www.2000m2.eu\/wp-content\/uploads\/167.jpg\" data-light-image=\"https:\/\/www.2000m2.eu\/wp-content\/uploads\/167.jpg\" data-id=\"11929\" class=\"wp-image-11929 skip-lazy\"\/><\/div><\/div><figcaption class=\"kadence-blocks-gallery-item__caption\">Gr\u00e3o-de-bico seco<\/figcaption><\/figure><\/div><\/div><\/li><\/div><\/div><\/div><\/div>\n<p>Como membro da fam\u00edlia das leguminosas, o gr\u00e3o-de-bico \u00e9 conhecido por formar uma rela\u00e7\u00e3o simbi\u00f3tica com bact\u00e9rias nodulares nas suas ra\u00edzes, sendo por isso particularmente bom na fixa\u00e7\u00e3o do azoto do ar. A cultura do gr\u00e3o-de-bico pode ser facilmente integrada na rota\u00e7\u00e3o de culturas biol\u00f3gicas, tendo em conta intervalos de cultivo de cinco a seis anos. A colheita \u00e9 efectuada geralmente por ceifa da planta murcha, depois de as vagens terem secado. Nas grandes \u00e1reas de cultivo, o gr\u00e3o-de-bico \u00e9 agora frequentemente semeado mecanicamente e colhido com ceifeiras-debulhadoras. No entanto, existem tamb\u00e9m muitos pequenos produtores que semeiam e colhem \u00e0 m\u00e3o.    <\/p>\n\n<h2 class=\"wp-block-heading\">Hist\u00f3ria cultural e distribui\u00e7\u00e3o<\/h2>\n\n<p>O gr\u00e3o-de-bico \u00e9 uma das culturas mais antigas do mundo. Sempre foi um alimento b\u00e1sico na \u00cdndia e na \u00c1sia Ocidental, em particular, pois \u00e9 vers\u00e1til, nutritivo e pode ser armazenado muito bem quando seco. O gr\u00e3o-de-bico \u00e9 tamb\u00e9m um importante alimento b\u00e1sico no M\u00e9xico.   <\/p>\n\n<p>Especula-se que o gr\u00e3o-de-bico j\u00e1 era cultivado na regi\u00e3o dos Himalaias h\u00e1 10.000 anos. No entanto, a forma original prov\u00e1vel remonta a uma variedade que ainda hoje cresce na Turquia. Presume-se que o gr\u00e3o-de-bico se tenha espalhado da \u00c1sia Menor para o Ir\u00e3o e o Iraque e que, a partir da\u00ed, tenha iniciado a sua marcha triunfal para a \u00cdndia, o Paquist\u00e3o e o Norte de \u00c1frica. A partir de cerca de 3000    A.C., o gr\u00e3o-de-bico viajou depois para It\u00e1lia e para a Gr\u00e9cia<strong>,<\/strong> onde a planta tamb\u00e9m se desenvolveu gra\u00e7as ao clima quente. Na Europa Central, o gr\u00e3o-de-bico \u00e9 conhecido desde a Idade M\u00e9dia como uma planta \u00fatil e medicinal, embora nunca tenha sido produzido em grande escala devido ao clima frio.  <\/p>\n\n<p>Atualmente, o gr\u00e3o-de-bico \u00e9 cultivado principalmente nas regi\u00f5es mais quentes, frequentemente subtropicais, da \u00cdndia, Paquist\u00e3o, Ir\u00e3o, Turquia, Norte de \u00c1frica, M\u00e9xico e EUA. Em 2023, foram colhidas pouco mais de 16 toneladas de gr\u00e3o-de-bico em todo o mundo &#8211; pesadas em mat\u00e9ria seca. A \u00cdndia foi o principal produtor, representando 74,3 por cento da colheita global, seguida da Austr\u00e1lia e da Turquia.  <br\/><\/p>\n<style>.wp-block-kadence-column.kb-section-dir-horizontal > .kt-inside-inner-col > .kt-info-box376_5e2ea4-48 .kt-blocks-info-box-link-wrap{max-width:unset;}.kt-info-box376_5e2ea4-48 .kt-blocks-info-box-link-wrap{border-top-left-radius:15px;border-top-right-radius:15px;border-bottom-right-radius:15px;border-bottom-left-radius:15px;background:var(--accent-4);padding-top:var(--global-kb-spacing-xs, 1rem);padding-right:var(--global-kb-spacing-xs, 1rem);padding-bottom:var(--global-kb-spacing-xs, 1rem);padding-left:var(--global-kb-spacing-xs, 1rem);}.kt-info-box376_5e2ea4-48 .kadence-info-box-icon-container .kt-info-svg-icon, .kt-info-box376_5e2ea4-48 .kt-info-svg-icon-flip, .kt-info-box376_5e2ea4-48 .kt-blocks-info-box-number{font-size:50px;}.kt-info-box376_5e2ea4-48 .kt-blocks-info-box-media{border-top-width:0px;border-right-width:0px;border-bottom-width:0px;border-left-width:0px;padding-top:10px;padding-right:10px;padding-bottom:10px;padding-left:10px;margin-top:0px;margin-right:15px;margin-bottom:0px;margin-left:15px;}.kt-info-box376_5e2ea4-48 .kt-infobox-textcontent .kt-blocks-info-box-text{color:var(--contrast);}.kt-info-box376_5e2ea4-48 .kt-blocks-info-box-learnmore{background:transparent;border-width:0px 0px 0px 0px;padding-top:4px;padding-right:8px;padding-bottom:4px;padding-left:8px;margin-top:10px;margin-right:0px;margin-bottom:10px;margin-left:0px;}@media all and (max-width: 767px){.kt-info-box376_5e2ea4-48 .kt-blocks-info-box-link-wrap{display:block;}.kt-info-box376_5e2ea4-48 .kt-blocks-info-box-link-wrap .kt-blocks-info-box-media{display:inline-block;max-width:100%;}}<\/style>\n<div class=\"wp-block-kadence-infobox kt-info-box376_5e2ea4-48\"><span class=\"kt-blocks-info-box-link-wrap info-box-link kt-blocks-info-box-media-align-left kt-info-halign-left kb-info-box-vertical-media-align-top\"><div class=\"kt-blocks-info-box-media-container\"><div class=\"kt-blocks-info-box-media kt-info-media-animate-none\"><div class=\"kadence-info-box-icon-container kt-info-icon-animate-none\"><div class=\"kadence-info-box-icon-inner-container\"><span class=\"kb-svg-icon-wrap kb-svg-icon-fas_info-circle kt-info-svg-icon\"><svg viewBox=\"0 0 512 512\"  fill=\"currentColor\" xmlns=\"http:\/\/www.w3.org\/2000\/svg\"  aria-hidden=\"true\"><path d=\"M256 8C119.043 8 8 119.083 8 256c0 136.997 111.043 248 248 248s248-111.003 248-248C504 119.083 392.957 8 256 8zm0 110c23.196 0 42 18.804 42 42s-18.804 42-42 42-42-18.804-42-42 18.804-42 42-42zm56 254c0 6.627-5.373 12-12 12h-88c-6.627 0-12-5.373-12-12v-24c0-6.627 5.373-12 12-12h12v-64h-12c-6.627 0-12-5.373-12-12v-24c0-6.627 5.373-12 12-12h64c6.627 0 12 5.373 12 12v100h12c6.627 0 12 5.373 12 12v24z\"\/><\/svg><\/span><\/div><\/div><\/div><\/div><div class=\"kt-infobox-textcontent\"><h2 class=\"kt-blocks-info-box-title\">Sabias que? <\/h2><p class=\"kt-blocks-info-box-text\">O nome gr\u00e3o-de-bico deriva do hebraico &#8220;kikar&#8221;, que significa &#8220;redondo&#8221;, e o gr\u00e3o-de-bico tem, de facto, uma forma redonda ou de ovo. Para os romanos, a planta era provavelmente chamada &#8220;cicer&#8221;, tamb\u00e9m pronunciada &#8220;kiker&#8221;. Esta pron\u00fancia tornou-se &#8211; presumivelmente como um efeito posterior silencioso &#8211; &#8220;Kicher&#8221; (ervilha) em alem\u00e3o e &#8220;chick&#8221; (ervilha) em ingl\u00eas. O gr\u00e3o-de-bico n\u00e3o est\u00e1 dispon\u00edvel apenas na cor bege, mas tamb\u00e9m em castanho, verde e preto &#8211; e algumas variedades t\u00eam apenas o tamanho de lentilhas.   <\/p><\/div><\/span><\/div>\n\n<h2 class=\"wp-block-heading\">Variedade saud\u00e1vel na cozinha do mundo<\/h2>\n\n<p>Com at\u00e9 25% de prote\u00ednas sob a forma dos amino\u00e1cidos essenciais lisina e treonina, o gr\u00e3o-de-bico \u00e9 uma fonte ideal de prote\u00ednas vegetais. \u00c9 cultivado principalmente para consumo humano e, ao contr\u00e1rio da soja, n\u00e3o desempenha um papel significativo como fonte de prote\u00ednas na pecu\u00e1ria industrial. <\/p>\n\n<p>O gr\u00e3o-de-bico \u00e9 rico em vitaminas B<strong>,<\/strong> que desempenham um papel crucial em muitos processos do metabolismo energ\u00e9tico do corpo. Cont\u00e9m igualmente vitamina E, vitamina C e \u00e1cido f\u00f3lico. Cont\u00e9m ainda os oligoelementos ferro e zinco, bem como os minerais magn\u00e9sio, s\u00f3dio, pot\u00e1ssio, c\u00e1lcio e fosfato.  <\/p>\n\n<p>O gr\u00e3o-de-bico \u00e9 demolhado em \u00e1gua e cozinhado antes da prepara\u00e7\u00e3o propriamente dita. Tamb\u00e9m pode ser conservado ou seco e transformado em farinha ou s\u00eamola. As leguminosas com sabor a nozes podem ser preparadas de v\u00e1rias formas, como se pode ver nas cozinhas tradicionais de todo o mundo:  <\/p>\n\n<ul class=\"wp-block-list\">\n<li>O hummus, o conhecido molho feito de pur\u00e9 de gr\u00e3o-de-bico, \u00e9 muito popular no mundo \u00e1rabe e em todo o mundo<\/li>\n\n\n\n<li>Os falafel, bolinhas de gr\u00e3o-de-bico fritas, s\u00e3o parte integrante das cozinhas do M\u00e9dio Oriente e do Norte de \u00c1frica.<\/li>\n\n\n\n<li>O chana masala \u00e9 considerado um dos pratos nacionais da \u00cdndia.<\/li>\n\n\n\n<li>No sul da Europa, a farinha de gr\u00e3o-de-bico \u00e9 tradicionalmente utilizada para fazer p\u00e3o achatado ou panquecas finas.<\/li>\n\n\n\n<li>No Norte de \u00c1frica, o gr\u00e3o-de-bico torrado \u00e9 consumido como petisco.<\/li>\n\n\n\n<li>O gr\u00e3o-de-bico \u00e9 um prato nacional em Espanha e \u00e9 colhido verde e consumido cru.<\/li>\n\n\n\n<li>Muitas culturas culin\u00e1rias utilizam a farinha de gr\u00e3o-de-bico como base para fazer p\u00e3o, pizza, panquecas, massa sem gl\u00faten ou produtos de pastelaria doces. Em It\u00e1lia e em Fran\u00e7a, \u00e9 utilizada para fazer socca ou farinata, na \u00cdndia \u00e9 utilizada para fritar pakoras ou para fazer laddus, um doce de gr\u00e3o-de-bico, e na Turquia \u00e9 utilizada em sobremesas como o leblebi. <br\/><\/li>\n<\/ul>\n<style>.wp-block-kadence-advancedgallery.kb-gallery-wrap-id-376_d983e1-e6{overflow:hidden;}.kb-gallery-type-carousel.kb-gallery-id-376_d983e1-e6 .kt-blocks-carousel .kt-blocks-carousel-init:not( .splide-initialized ){margin-left:-5px;margin-right:-5px;}.kb-gallery-type-carousel.kb-gallery-id-376_d983e1-e6 .kt-blocks-carousel .kt-blocks-carousel-init:not( .splide-initialized ) .kb-slide-item{padding-left:5px;padding-right:5px;}.kb-gallery-id-376_d983e1-e6 .kadence-blocks-gallery-item .kb-gal-image-radius, .kb-gallery-id-376_d983e1-e6 .kb-slide-item .kb-gal-image-radius img{border-radius:0px 0px 0px 0px;;}.kb-gallery-caption-style-cover-hover.kb-gallery-id-376_d983e1-e6 .kadence-blocks-gallery-item .kadence-blocks-gallery-item-inner .kadence-blocks-gallery-item__caption, .kb-gallery-caption-style-below.kb-gallery-id-376_d983e1-e6 .kadence-blocks-gallery-item .kadence-blocks-gallery-item-inner .kadence-blocks-gallery-item__caption{background:rgba(0, 0, 0, 0.5);}.kb-gallery-wrap-id-376_d983e1-e6.wp-block-kadence-advancedgallery{overflow:visible;}.kb-gallery-wrap-id-376_d983e1-e6.wp-block-kadence-advancedgallery .kt-blocks-carousel{overflow:visible;}<\/style><div class=\"kb-gallery-wrap-id-376_d983e1-e6 alignnone wp-block-kadence-advancedgallery\"><div class=\"kb-gallery-ul kb-gallery-non-static kb-gallery-type-carousel kb-gallery-id-376_d983e1-e6 kb-gallery-caption-style-below kb-gallery-filter-none\" data-image-filter=\"none\" data-lightbox-caption=\"true\"><div class=\"kt-blocks-carousel kt-carousel-container-dotstyle-dark\"><div class=\"kt-blocks-carousel-init kb-gallery-carousel kt-carousel-arrowstyle-whiteondark kt-carousel-dotstyle-dark kb-slider-group-arrow kb-slider-arrow-position-center\" data-columns-xxl=\"3\" data-columns-xl=\"3\" data-columns-md=\"3\" data-columns-sm=\"2\" data-columns-xs=\"1\" data-columns-ss=\"1\" data-slider-anim-speed=\"400\" data-slider-scroll=\"1\" data-slider-arrows=\"true\" data-slider-dots=\"true\" data-slider-hover-pause=\"false\" data-slider-auto=\"\" data-slider-speed=\"7000\" data-slider-gap=\"10px\" data-slider-gap-tablet=\"10px\" data-slider-gap-mobile=\"10px\" data-show-pause-button=\"false\" aria-label=\"Photo Gallery Carousel\"><li class=\"kb-slide-item kb-gallery-carousel-item\"><div class=\"kadence-blocks-gallery-item\"><div class=\"kadence-blocks-gallery-item-inner\"><figure class=\"kb-gallery-figure kadence-blocks-gallery-item-has-caption\"><div class=\"kb-gal-image-radius\"><div class=\"kb-gallery-image-contain kadence-blocks-gallery-intrinsic kb-gallery-image-ratio-land32 kb-has-image-ratio-land32\" ><img decoding=\"async\" src=\"https:\/\/www.2000m2.eu\/wp-content\/uploads\/168.jpg\" width=\"1024\" height=\"768\" alt=\"Uma tigela est\u00e1 cheia de um molho castanho claro - em cima est\u00e3o tr\u00eas gr\u00e3os-de-bico.\" data-full-image=\"https:\/\/www.2000m2.eu\/wp-content\/uploads\/168.jpg\" data-light-image=\"https:\/\/www.2000m2.eu\/wp-content\/uploads\/168.jpg\" data-id=\"11936\" class=\"wp-image-11936 skip-lazy\"\/><\/div><\/div><figcaption class=\"kadence-blocks-gallery-item__caption\">Hummus<\/figcaption><\/figure><\/div><\/div><\/li><li class=\"kb-slide-item kb-gallery-carousel-item\"><div class=\"kadence-blocks-gallery-item\"><div class=\"kadence-blocks-gallery-item-inner\"><figure class=\"kb-gallery-figure kadence-blocks-gallery-item-has-caption\"><div class=\"kb-gal-image-radius\"><div class=\"kb-gallery-image-contain kadence-blocks-gallery-intrinsic kb-gallery-image-ratio-land32 kb-has-image-ratio-land32\" ><img decoding=\"async\" src=\"https:\/\/www.2000m2.eu\/wp-content\/uploads\/170.jpg\" width=\"1024\" height=\"768\" alt=\"O Chana masala \u00e9 servido numa tigela - gr\u00e3o-de-bico num molho \u00e0 base de tomate.\" data-full-image=\"https:\/\/www.2000m2.eu\/wp-content\/uploads\/170.jpg\" data-light-image=\"https:\/\/www.2000m2.eu\/wp-content\/uploads\/170.jpg\" data-id=\"11950\" class=\"wp-image-11950 skip-lazy\"\/><\/div><\/div><figcaption class=\"kadence-blocks-gallery-item__caption\">Chana Masala<\/figcaption><\/figure><\/div><\/div><\/li><li class=\"kb-slide-item kb-gallery-carousel-item\"><div class=\"kadence-blocks-gallery-item\"><div class=\"kadence-blocks-gallery-item-inner\"><figure class=\"kb-gallery-figure kadence-blocks-gallery-item-has-caption\"><div class=\"kb-gal-image-radius\"><div class=\"kb-gallery-image-contain kadence-blocks-gallery-intrinsic kb-gallery-image-ratio-land32 kb-has-image-ratio-land32\" ><img decoding=\"async\" src=\"https:\/\/www.2000m2.eu\/wp-content\/uploads\/169.jpg\" width=\"1024\" height=\"768\" alt=\"Falafel s\u00e3o bolas fritas - castanhas estaladi\u00e7as por fora e esverdeadas por dentro.\" data-full-image=\"https:\/\/www.2000m2.eu\/wp-content\/uploads\/169.jpg\" data-light-image=\"https:\/\/www.2000m2.eu\/wp-content\/uploads\/169.jpg\" data-id=\"11943\" class=\"wp-image-11943 skip-lazy\"\/><\/div><\/div><figcaption class=\"kadence-blocks-gallery-item__caption\">Falafel<\/figcaption><\/figure><\/div><\/div><\/li><\/div><\/div><\/div><\/div>\n<h2 class=\"wp-block-heading\">Alimentos do futuro<\/h2>\n\n<p>O facto de as leguminosas ricas em prote\u00ednas, como o gr\u00e3o-de-bico, tamb\u00e9m representarem uma alternativa nutricional ao consumo de carne j\u00e1 n\u00e3o \u00e9 controverso. As consequ\u00eancias de uma redu\u00e7\u00e3o da cria\u00e7\u00e3o de gado teriam m\u00faltiplos efeitos positivos na natureza e no ambiente: estariam dispon\u00edveis mais terras ar\u00e1veis para alimentar as pessoas, a desfloresta\u00e7\u00e3o das florestas (tropicais) poderia ser travada, o consumo muito elevado de \u00e1gua para a produ\u00e7\u00e3o de carne seria significativamente reduzido &#8211; o cultivo do solo tamb\u00e9m se tornaria mais sustent\u00e1vel, uma vez que uma maior propor\u00e7\u00e3o de leguminosas nos sistemas agr\u00edcolas de um pa\u00eds melhoraria a efici\u00eancia global da utiliza\u00e7\u00e3o do azoto&#8230; <\/p>\n\n<p>Um estudo realizado pela Universidade de Viena em 2024 tamb\u00e9m analisou a sustentabilidade do gr\u00e3o-de-bico em rela\u00e7\u00e3o ao stress da seca no contexto das altera\u00e7\u00f5es clim\u00e1ticas. Uma equipa de investiga\u00e7\u00e3o internacional cultivou as varia\u00e7\u00f5es naturais dos gen\u00f3tipos de gr\u00e3o-de-bico numa experi\u00eancia de campo numa regi\u00e3o da cidade de Viena e mostrou que as diferentes variedades e tipos selvagens t\u00eam mecanismos muito diferentes para lidar com per\u00edodos de seca. Esta diversidade gen\u00e9tica natural \u00e9 importante para garantir a sobreviv\u00eancia da planta e para que esta se possa adaptar \u00e0s altera\u00e7\u00f5es clim\u00e1ticas. No entanto, isso tamb\u00e9m requer uma transforma\u00e7\u00e3o na agricultura. At\u00e9 agora, tem-se verificado o contr\u00e1rio: o sistema alimentar global tornou-se cada vez mais estandardizado e a utiliza\u00e7\u00e3o da diversidade gen\u00e9tica das plantas continua a diminuir. Embora existam cerca de 7000 culturas comest\u00edveis em todo o mundo, apenas cerca de 150 esp\u00e9cies s\u00e3o de grande import\u00e2ncia para a nutri\u00e7\u00e3o e apenas nove esp\u00e9cies s\u00e3o ainda respons\u00e1veis por cerca de dois ter\u00e7os da produ\u00e7\u00e3o alimentar mundial.     <\/p>\n\n<p>Embora o gr\u00e3o-de-bico n\u00e3o seja atualmente uma das plantas em que se baseia principalmente a dieta global, leguminosas como o gr\u00e3o-de-bico, com o seu elevado teor de prote\u00ednas e resist\u00eancia \u00e0 seca, s\u00e3o um alimento do futuro.<\/p>\n\n<h2 class=\"wp-block-heading\">Fontes<\/h2>\n\n<p>Informationsdienst Wissenschaften: Gr\u00e3o-de-bico &#8211; alimento sustent\u00e1vel e amigo do clima do futuro. <a href=\"https:\/\/nachrichten.idw-online.de\/2024\/10\/16\/kichererbsen-nachhaltige-und-klimafitte-nahrungsmittel-der-zukunft\">Liga<\/a>. <br\/>Alimento do futuro: O gr\u00e3o-de-bico. <a href=\"https:\/\/www.zukunftsspeisen.com\/post\/die-kichererbse\">Liga<\/a>. <br\/><\/p>\n\n<p><\/p>\n","protected":false},"excerpt":{"rendered":"<p>Gr\u00e3o-de-bico, Cicer arietinum O gr\u00e3o-de-bico pertence \u00e0 fam\u00edlia das leguminosas e \u00e9 a semente do gr\u00e3o-de-bico. A planta \u00e9 conhecida h\u00e1 quase 10.000 anos e \u00e9 origin\u00e1ria do que \u00e9 atualmente a Turquia e, segundo algumas fontes, tamb\u00e9m da regi\u00e3o dos Himalaias. Embora o gr\u00e3o-de-bico seja redondo como uma ervilha e tenha aproximadamente o mesmo&#8230;<\/p>\n","protected":false},"featured_media":15995,"parent":0,"menu_order":341,"template":"","tags":[],"crops":[210],"class_list":["post-15993","crop","type-crop","status-publish","has-post-thumbnail","hentry","crops-leguminosas"],"yoast_head":"<!-- This site is optimized with the Yoast SEO plugin v27.4 - https:\/\/yoast.com\/product\/yoast-seo-wordpress\/ -->\n<title>Gr\u00e3o-de-bico - 2000m2<\/title>\n<meta name=\"description\" content=\"Gr\u00e3o-de-bico, Cicer arietinum \u00c1rea global: 14,3 milh\u00f5es de hectares\u00c1rea no Campo Global: 18 m\u00b2 (0,9%)Regi\u00e3o de origem: \u00c1sia Menor, possivelmente regi\u00e3o\" \/>\n<meta name=\"robots\" content=\"index, follow, max-snippet:-1, max-image-preview:large, max-video-preview:-1\" \/>\n<link rel=\"canonical\" href=\"https:\/\/www.2000m2.eu\/pt\/cultura\/grao-de-bico\/\" \/>\n<meta property=\"og:locale\" content=\"pt_PT\" \/>\n<meta property=\"og:type\" content=\"article\" \/>\n<meta property=\"og:title\" content=\"Gr\u00e3o-de-bico - 2000m2\" \/>\n<meta property=\"og:description\" content=\"Gr\u00e3o-de-bico, Cicer arietinum \u00c1rea global: 14,3 milh\u00f5es de hectares\u00c1rea no Campo Global: 18 m\u00b2 (0,9%)Regi\u00e3o de origem: \u00c1sia Menor, possivelmente regi\u00e3o\" \/>\n<meta property=\"og:url\" content=\"https:\/\/www.2000m2.eu\/pt\/cultura\/grao-de-bico\/\" \/>\n<meta property=\"og:site_name\" content=\"2000m2\" \/>\n<meta property=\"article:modified_time\" content=\"2025-09-15T09:50:20+00:00\" \/>\n<meta property=\"og:image\" content=\"https:\/\/www.2000m2.eu\/wp-content\/uploads\/Kichererbsen_300dpi-1.jpg\" \/>\n\t<meta property=\"og:image:width\" content=\"1920\" \/>\n\t<meta property=\"og:image:height\" content=\"1358\" \/>\n\t<meta property=\"og:image:type\" content=\"image\/jpeg\" \/>\n<meta name=\"twitter:card\" content=\"summary_large_image\" \/>\n<meta name=\"twitter:label1\" content=\"Tempo estimado de leitura\" \/>\n\t<meta name=\"twitter:data1\" content=\"7 minutos\" \/>\n<script type=\"application\/ld+json\" class=\"yoast-schema-graph\">{\"@context\":\"https:\\\/\\\/schema.org\",\"@graph\":[{\"@type\":\"WebPage\",\"@id\":\"https:\\\/\\\/www.2000m2.eu\\\/pt\\\/cultura\\\/grao-de-bico\\\/\",\"url\":\"https:\\\/\\\/www.2000m2.eu\\\/pt\\\/cultura\\\/grao-de-bico\\\/\",\"name\":\"Gr\u00e3o-de-bico - 2000m2\",\"isPartOf\":{\"@id\":\"https:\\\/\\\/www.2000m2.eu\\\/pt\\\/#website\"},\"primaryImageOfPage\":{\"@id\":\"https:\\\/\\\/www.2000m2.eu\\\/pt\\\/cultura\\\/grao-de-bico\\\/#primaryimage\"},\"image\":{\"@id\":\"https:\\\/\\\/www.2000m2.eu\\\/pt\\\/cultura\\\/grao-de-bico\\\/#primaryimage\"},\"thumbnailUrl\":\"https:\\\/\\\/www.2000m2.eu\\\/wp-content\\\/uploads\\\/Kichererbsen_300dpi-1.jpg\",\"datePublished\":\"2024-09-12T09:58:17+00:00\",\"dateModified\":\"2025-09-15T09:50:20+00:00\",\"description\":\"Gr\u00e3o-de-bico, Cicer arietinum \u00c1rea global: 14,3 milh\u00f5es de hectares\u00c1rea no Campo Global: 18 m\u00b2 (0,9%)Regi\u00e3o de origem: \u00c1sia Menor, possivelmente regi\u00e3o\",\"breadcrumb\":{\"@id\":\"https:\\\/\\\/www.2000m2.eu\\\/pt\\\/cultura\\\/grao-de-bico\\\/#breadcrumb\"},\"inLanguage\":\"pt-PT\",\"potentialAction\":[{\"@type\":\"ReadAction\",\"target\":[\"https:\\\/\\\/www.2000m2.eu\\\/pt\\\/cultura\\\/grao-de-bico\\\/\"]}]},{\"@type\":\"ImageObject\",\"inLanguage\":\"pt-PT\",\"@id\":\"https:\\\/\\\/www.2000m2.eu\\\/pt\\\/cultura\\\/grao-de-bico\\\/#primaryimage\",\"url\":\"https:\\\/\\\/www.2000m2.eu\\\/wp-content\\\/uploads\\\/Kichererbsen_300dpi-1.jpg\",\"contentUrl\":\"https:\\\/\\\/www.2000m2.eu\\\/wp-content\\\/uploads\\\/Kichererbsen_300dpi-1.jpg\",\"width\":1920,\"height\":1358},{\"@type\":\"BreadcrumbList\",\"@id\":\"https:\\\/\\\/www.2000m2.eu\\\/pt\\\/cultura\\\/grao-de-bico\\\/#breadcrumb\",\"itemListElement\":[{\"@type\":\"ListItem\",\"position\":1,\"name\":\"Home\",\"item\":\"https:\\\/\\\/www.2000m2.eu\\\/pt\\\/\"},{\"@type\":\"ListItem\",\"position\":2,\"name\":\"Gr\u00e3o-de-bico\"}]},{\"@type\":\"WebSite\",\"@id\":\"https:\\\/\\\/www.2000m2.eu\\\/pt\\\/#website\",\"url\":\"https:\\\/\\\/www.2000m2.eu\\\/pt\\\/\",\"name\":\"2000m2\",\"description\":\"\",\"publisher\":{\"@id\":\"https:\\\/\\\/www.2000m2.eu\\\/pt\\\/#organization\"},\"potentialAction\":[{\"@type\":\"SearchAction\",\"target\":{\"@type\":\"EntryPoint\",\"urlTemplate\":\"https:\\\/\\\/www.2000m2.eu\\\/pt\\\/?s={search_term_string}\"},\"query-input\":{\"@type\":\"PropertyValueSpecification\",\"valueRequired\":true,\"valueName\":\"search_term_string\"}}],\"inLanguage\":\"pt-PT\"},{\"@type\":\"Organization\",\"@id\":\"https:\\\/\\\/www.2000m2.eu\\\/pt\\\/#organization\",\"name\":\"2000m2\",\"url\":\"https:\\\/\\\/www.2000m2.eu\\\/pt\\\/\",\"logo\":{\"@type\":\"ImageObject\",\"inLanguage\":\"pt-PT\",\"@id\":\"https:\\\/\\\/www.2000m2.eu\\\/pt\\\/#\\\/schema\\\/logo\\\/image\\\/\",\"url\":\"https:\\\/\\\/www.2000m2.eu\\\/wp-content\\\/uploads\\\/logo.png\",\"contentUrl\":\"https:\\\/\\\/www.2000m2.eu\\\/wp-content\\\/uploads\\\/logo.png\",\"width\":445,\"height\":140,\"caption\":\"2000m2\"},\"image\":{\"@id\":\"https:\\\/\\\/www.2000m2.eu\\\/pt\\\/#\\\/schema\\\/logo\\\/image\\\/\"}}]}<\/script>\n<!-- \/ Yoast SEO plugin. -->","yoast_head_json":{"title":"Gr\u00e3o-de-bico - 2000m2","description":"Gr\u00e3o-de-bico, Cicer arietinum \u00c1rea global: 14,3 milh\u00f5es de hectares\u00c1rea no Campo Global: 18 m\u00b2 (0,9%)Regi\u00e3o de origem: \u00c1sia Menor, possivelmente regi\u00e3o","robots":{"index":"index","follow":"follow","max-snippet":"max-snippet:-1","max-image-preview":"max-image-preview:large","max-video-preview":"max-video-preview:-1"},"canonical":"https:\/\/www.2000m2.eu\/pt\/cultura\/grao-de-bico\/","og_locale":"pt_PT","og_type":"article","og_title":"Gr\u00e3o-de-bico - 2000m2","og_description":"Gr\u00e3o-de-bico, Cicer arietinum \u00c1rea global: 14,3 milh\u00f5es de hectares\u00c1rea no Campo Global: 18 m\u00b2 (0,9%)Regi\u00e3o de origem: \u00c1sia Menor, possivelmente regi\u00e3o","og_url":"https:\/\/www.2000m2.eu\/pt\/cultura\/grao-de-bico\/","og_site_name":"2000m2","article_modified_time":"2025-09-15T09:50:20+00:00","og_image":[{"width":1920,"height":1358,"url":"https:\/\/www.2000m2.eu\/wp-content\/uploads\/Kichererbsen_300dpi-1.jpg","type":"image\/jpeg"}],"twitter_card":"summary_large_image","twitter_misc":{"Tempo estimado de leitura":"7 minutos"},"schema":{"@context":"https:\/\/schema.org","@graph":[{"@type":"WebPage","@id":"https:\/\/www.2000m2.eu\/pt\/cultura\/grao-de-bico\/","url":"https:\/\/www.2000m2.eu\/pt\/cultura\/grao-de-bico\/","name":"Gr\u00e3o-de-bico - 2000m2","isPartOf":{"@id":"https:\/\/www.2000m2.eu\/pt\/#website"},"primaryImageOfPage":{"@id":"https:\/\/www.2000m2.eu\/pt\/cultura\/grao-de-bico\/#primaryimage"},"image":{"@id":"https:\/\/www.2000m2.eu\/pt\/cultura\/grao-de-bico\/#primaryimage"},"thumbnailUrl":"https:\/\/www.2000m2.eu\/wp-content\/uploads\/Kichererbsen_300dpi-1.jpg","datePublished":"2024-09-12T09:58:17+00:00","dateModified":"2025-09-15T09:50:20+00:00","description":"Gr\u00e3o-de-bico, Cicer arietinum \u00c1rea global: 14,3 milh\u00f5es de hectares\u00c1rea no Campo Global: 18 m\u00b2 (0,9%)Regi\u00e3o de origem: \u00c1sia Menor, possivelmente regi\u00e3o","breadcrumb":{"@id":"https:\/\/www.2000m2.eu\/pt\/cultura\/grao-de-bico\/#breadcrumb"},"inLanguage":"pt-PT","potentialAction":[{"@type":"ReadAction","target":["https:\/\/www.2000m2.eu\/pt\/cultura\/grao-de-bico\/"]}]},{"@type":"ImageObject","inLanguage":"pt-PT","@id":"https:\/\/www.2000m2.eu\/pt\/cultura\/grao-de-bico\/#primaryimage","url":"https:\/\/www.2000m2.eu\/wp-content\/uploads\/Kichererbsen_300dpi-1.jpg","contentUrl":"https:\/\/www.2000m2.eu\/wp-content\/uploads\/Kichererbsen_300dpi-1.jpg","width":1920,"height":1358},{"@type":"BreadcrumbList","@id":"https:\/\/www.2000m2.eu\/pt\/cultura\/grao-de-bico\/#breadcrumb","itemListElement":[{"@type":"ListItem","position":1,"name":"Home","item":"https:\/\/www.2000m2.eu\/pt\/"},{"@type":"ListItem","position":2,"name":"Gr\u00e3o-de-bico"}]},{"@type":"WebSite","@id":"https:\/\/www.2000m2.eu\/pt\/#website","url":"https:\/\/www.2000m2.eu\/pt\/","name":"2000m2","description":"","publisher":{"@id":"https:\/\/www.2000m2.eu\/pt\/#organization"},"potentialAction":[{"@type":"SearchAction","target":{"@type":"EntryPoint","urlTemplate":"https:\/\/www.2000m2.eu\/pt\/?s={search_term_string}"},"query-input":{"@type":"PropertyValueSpecification","valueRequired":true,"valueName":"search_term_string"}}],"inLanguage":"pt-PT"},{"@type":"Organization","@id":"https:\/\/www.2000m2.eu\/pt\/#organization","name":"2000m2","url":"https:\/\/www.2000m2.eu\/pt\/","logo":{"@type":"ImageObject","inLanguage":"pt-PT","@id":"https:\/\/www.2000m2.eu\/pt\/#\/schema\/logo\/image\/","url":"https:\/\/www.2000m2.eu\/wp-content\/uploads\/logo.png","contentUrl":"https:\/\/www.2000m2.eu\/wp-content\/uploads\/logo.png","width":445,"height":140,"caption":"2000m2"},"image":{"@id":"https:\/\/www.2000m2.eu\/pt\/#\/schema\/logo\/image\/"}}]}},"_links":{"self":[{"href":"https:\/\/www.2000m2.eu\/pt\/wp-json\/wp\/v2\/crop\/15993","targetHints":{"allow":["GET"]}}],"collection":[{"href":"https:\/\/www.2000m2.eu\/pt\/wp-json\/wp\/v2\/crop"}],"about":[{"href":"https:\/\/www.2000m2.eu\/pt\/wp-json\/wp\/v2\/types\/crop"}],"wp:featuredmedia":[{"embeddable":true,"href":"https:\/\/www.2000m2.eu\/pt\/wp-json\/wp\/v2\/media\/15995"}],"wp:attachment":[{"href":"https:\/\/www.2000m2.eu\/pt\/wp-json\/wp\/v2\/media?parent=15993"}],"wp:term":[{"taxonomy":"post_tag","embeddable":true,"href":"https:\/\/www.2000m2.eu\/pt\/wp-json\/wp\/v2\/tags?post=15993"},{"taxonomy":"crops","embeddable":true,"href":"https:\/\/www.2000m2.eu\/pt\/wp-json\/wp\/v2\/crops?post=15993"}],"curies":[{"name":"wp","href":"https:\/\/api.w.org\/{rel}","templated":true}]}}