{"id":16010,"date":"2024-09-12T09:49:51","date_gmt":"2024-09-12T09:49:51","guid":{"rendered":"https:\/\/www.2000m2.eu\/crop\/cevada\/"},"modified":"2025-10-29T10:06:06","modified_gmt":"2025-10-29T10:06:06","slug":"cevada","status":"publish","type":"crop","link":"https:\/\/www.2000m2.eu\/pt\/cultura\/cevada\/","title":{"rendered":"Cevada"},"content":{"rendered":"\n<h1 class=\"wp-block-heading\">Cevada, Hordeum vulgare<\/h1>\n\n<p><\/p>\n<style>.wp-block-kadence-column.kb-section-dir-horizontal > .kt-inside-inner-col > .kt-info-box370_89bf61-9c .kt-blocks-info-box-link-wrap{max-width:unset;}.kt-info-box370_89bf61-9c .kt-blocks-info-box-link-wrap{border-top-left-radius:15px;border-top-right-radius:15px;border-bottom-right-radius:15px;border-bottom-left-radius:15px;background:var(--accent);padding-top:var(--global-kb-spacing-xs, 1rem);padding-right:var(--global-kb-spacing-xs, 1rem);padding-bottom:var(--global-kb-spacing-xs, 1rem);padding-left:var(--global-kb-spacing-xs, 1rem);}.kt-info-box370_89bf61-9c.wp-block-kadence-infobox{max-width:100%;}.kt-info-box370_89bf61-9c .kadence-info-box-image-inner-intrisic-container{max-width:100px;}.kt-info-box370_89bf61-9c .kadence-info-box-image-inner-intrisic-container .kadence-info-box-image-intrisic{padding-bottom:100%;width:2339px;height:0px;max-width:100%;}.kt-info-box370_89bf61-9c .kadence-info-box-icon-container .kt-info-svg-icon, .kt-info-box370_89bf61-9c .kt-info-svg-icon-flip, .kt-info-box370_89bf61-9c .kt-blocks-info-box-number{font-size:25px;}.kt-info-box370_89bf61-9c .kt-blocks-info-box-media{color:var(--accent-3);background:var(--accent-4);border-color:#444444;border-radius:167px;overflow:hidden;border-top-width:0px;border-right-width:0px;border-bottom-width:0px;border-left-width:0px;padding-top:11px;padding-right:11px;padding-bottom:11px;padding-left:11px;margin-top:0px;margin-right:15px;margin-bottom:0px;margin-left:15px;}.kt-info-box370_89bf61-9c .kt-blocks-info-box-media .kadence-info-box-image-intrisic img{border-radius:167px;}.kt-info-box370_89bf61-9c .kt-infobox-textcontent .kt-blocks-info-box-text{color:#ffffff;}.kt-info-box370_89bf61-9c .kt-blocks-info-box-link-wrap:hover .kt-blocks-info-box-text{color:#ffffff;}.kt-info-box370_89bf61-9c .kt-blocks-info-box-learnmore{background:transparent;border-width:0px 0px 0px 0px;padding-top:4px;padding-right:8px;padding-bottom:4px;padding-left:8px;margin-top:10px;margin-right:0px;margin-bottom:10px;margin-left:0px;}@media all and (max-width: 767px){.kt-info-box370_89bf61-9c .kt-blocks-info-box-link-wrap{text-align:left;display:block;}.kt-info-box370_89bf61-9c .kt-blocks-info-box-link-wrap .kt-blocks-info-box-media{display:inline-block;max-width:100%;}}<\/style>\n<div class=\"wp-block-kadence-infobox kt-info-box370_89bf61-9c\"><span class=\"kt-blocks-info-box-link-wrap info-box-link kt-blocks-info-box-media-align-left kt-info-halign-left kb-info-box-vertical-media-align-top kb-info-mobile-halign-left\"><div class=\"kt-blocks-info-box-media-container\"><div class=\"kt-blocks-info-box-media kt-info-media-animate-none\"><div class=\"kadence-info-box-image-inner-intrisic-container\"><div class=\"kadence-info-box-image-intrisic kt-info-animate-none kb-info-box-image-ratio kb-info-box-image-ratio-square\"><div class=\"kadence-info-box-image-inner-intrisic\"><img decoding=\"async\" src=\"https:\/\/www.2000m2.eu\/wp-content\/uploads\/Gerste_AH-1.jpg\" alt=\"farbige Zeichnung von einer Gersten&#xE4;hre\" width=\"2339\" height=\"1654\" class=\"kt-info-box-image wp-image-771\" srcset=\"https:\/\/www.2000m2.eu\/wp-content\/uploads\/Gerste_AH-1.jpg 2339w, https:\/\/www.2000m2.eu\/wp-content\/uploads\/Gerste_AH-1-300x212.jpg 300w, https:\/\/www.2000m2.eu\/wp-content\/uploads\/Gerste_AH-1-768x543.jpg 768w, https:\/\/www.2000m2.eu\/wp-content\/uploads\/Gerste_AH-1-1024x724.jpg 1024w, https:\/\/www.2000m2.eu\/wp-content\/uploads\/Gerste_AH-1-1536x1086.jpg 1536w, https:\/\/www.2000m2.eu\/wp-content\/uploads\/Gerste_AH-1-2048x1448.jpg 2048w\" sizes=\"(max-width: 2339px) 100vw, 2339px\" \/><\/div><\/div><\/div><\/div><\/div><div class=\"kt-infobox-textcontent\"><p class=\"kt-blocks-info-box-text\"><strong>\u00c1rea global<\/strong>: 47,1 milh\u00f5es de hectares<br\/><strong>\u00c1rea das terras ar\u00e1veis do Campo Global<\/strong>: 60 m\u00b2 (3%)<br\/><strong>Regi\u00e3o de origem<\/strong>: Crescente F\u00e9rtil e Balc\u00e3s Orientais<br\/><strong>Principais \u00e1reas de cultivo<\/strong>: R\u00fassia, Austr\u00e1lia, Turquia<br\/><strong>Utiliza\u00e7\u00f5es \/ principais benef\u00edcios<\/strong>: Alimenta\u00e7\u00e3o animal, cerveja<\/p><\/div><\/span><\/div>\n\n<p>Os gr\u00e3os de cevada t\u00eam um peso relativamente constante para os produtos naturais. O gr\u00e3o de cevada constituiu a base de muitas unidades de peso, como o habba \u00e1rabe, o jou ou gou persa ou o gran romano. <\/p>\n\n<h2 class=\"wp-block-heading\">Com longos ramos contra o calor e a ca\u00e7a<\/h2>\n\n<p>A cevada <em>(Hordeum vulgare<\/em>) \u00e9 uma gram\u00ednea anual (Poaceae) e est\u00e1, portanto, relacionada com o trigo, o centeio, o milho e o arroz. As espigas em que os gr\u00e3os de cevada amadurecem desenvolvem-se em v\u00e1rios caules que atingem uma altura de 50 a 100 cm. Uma importante carater\u00edstica distintiva da cevada s\u00e3o as longas espigas. Estas protegem a cultura da ca\u00e7a e da seca.   <br\/><\/p>\n<style>.wp-block-kadence-advancedgallery.kb-gallery-wrap-id-370_29b46d-7a{overflow:hidden;}.kb-gallery-type-carousel.kb-gallery-id-370_29b46d-7a .kt-blocks-carousel .kt-blocks-carousel-init:not( .splide-initialized ){margin-left:-5px;margin-right:-5px;}.kb-gallery-type-carousel.kb-gallery-id-370_29b46d-7a .kt-blocks-carousel .kt-blocks-carousel-init:not( .splide-initialized ) .kb-slide-item{padding-left:5px;padding-right:5px;}.kb-gallery-id-370_29b46d-7a .kadence-blocks-gallery-item .kb-gal-image-radius, .kb-gallery-id-370_29b46d-7a .kb-slide-item .kb-gal-image-radius img{border-radius:0px 0px 0px 0px;;}.kb-gallery-caption-style-cover-hover.kb-gallery-id-370_29b46d-7a .kadence-blocks-gallery-item .kadence-blocks-gallery-item-inner .kadence-blocks-gallery-item__caption, .kb-gallery-caption-style-below.kb-gallery-id-370_29b46d-7a .kadence-blocks-gallery-item .kadence-blocks-gallery-item-inner .kadence-blocks-gallery-item__caption{background:rgba(0, 0, 0, 0.5);}.kb-gallery-wrap-id-370_29b46d-7a.wp-block-kadence-advancedgallery{overflow:visible;}.kb-gallery-wrap-id-370_29b46d-7a.wp-block-kadence-advancedgallery .kt-blocks-carousel{overflow:visible;}<\/style><div class=\"kb-gallery-wrap-id-370_29b46d-7a alignnone wp-block-kadence-advancedgallery\"><div class=\"kb-gallery-ul kb-gallery-non-static kb-gallery-type-carousel kb-gallery-id-370_29b46d-7a kb-gallery-caption-style-below kb-gallery-filter-none\" data-image-filter=\"none\" data-lightbox-caption=\"true\"><div class=\"kt-blocks-carousel kt-carousel-container-dotstyle-dark\"><div class=\"kt-blocks-carousel-init kb-gallery-carousel kt-carousel-arrowstyle-whiteondark kt-carousel-dotstyle-dark kb-slider-group-arrow kb-slider-arrow-position-center\" data-columns-xxl=\"3\" data-columns-xl=\"3\" data-columns-md=\"3\" data-columns-sm=\"2\" data-columns-xs=\"1\" data-columns-ss=\"1\" data-slider-anim-speed=\"400\" data-slider-scroll=\"1\" data-slider-arrows=\"true\" data-slider-dots=\"true\" data-slider-hover-pause=\"false\" data-slider-auto=\"\" data-slider-speed=\"7000\" data-slider-gap=\"10px\" data-slider-gap-tablet=\"10px\" data-slider-gap-mobile=\"10px\" data-show-pause-button=\"false\" aria-label=\"Photo Gallery Carousel\"><li class=\"kb-slide-item kb-gallery-carousel-item\"><div class=\"kadence-blocks-gallery-item\"><div class=\"kadence-blocks-gallery-item-inner\"><figure class=\"kb-gallery-figure kadence-blocks-gallery-item-has-caption\"><div class=\"kb-gal-image-radius\"><div class=\"kb-gallery-image-contain kadence-blocks-gallery-intrinsic kb-gallery-image-ratio-land32 kb-has-image-ratio-land32\" ><img decoding=\"async\" src=\"https:\/\/www.2000m2.eu\/wp-content\/uploads\/200.jpg\" width=\"1024\" height=\"768\" alt=\"H\u00e1 cevada num campo - plantas verdes com longos ramos e gr\u00e3os cheios.\" data-full-image=\"https:\/\/www.2000m2.eu\/wp-content\/uploads\/200.jpg\" data-light-image=\"https:\/\/www.2000m2.eu\/wp-content\/uploads\/200.jpg\" data-id=\"12223\" class=\"wp-image-12223 skip-lazy\"\/><\/div><\/div><figcaption class=\"kadence-blocks-gallery-item__caption\">Cevada, verde<\/figcaption><\/figure><\/div><\/div><\/li><li class=\"kb-slide-item kb-gallery-carousel-item\"><div class=\"kadence-blocks-gallery-item\"><div class=\"kadence-blocks-gallery-item-inner\"><figure class=\"kb-gallery-figure kadence-blocks-gallery-item-has-caption\"><div class=\"kb-gal-image-radius\"><div class=\"kb-gallery-image-contain kadence-blocks-gallery-intrinsic kb-gallery-image-ratio-land32 kb-has-image-ratio-land32\" ><img decoding=\"async\" src=\"https:\/\/www.2000m2.eu\/wp-content\/uploads\/199.jpg\" width=\"1024\" height=\"768\" alt=\"As grandes espigas de cevada est\u00e3o cobertas de gr\u00e3os de cevada e de longos colmos.\" data-full-image=\"https:\/\/www.2000m2.eu\/wp-content\/uploads\/199.jpg\" data-light-image=\"https:\/\/www.2000m2.eu\/wp-content\/uploads\/199.jpg\" data-id=\"12216\" class=\"wp-image-12216 skip-lazy\"\/><\/div><\/div><figcaption class=\"kadence-blocks-gallery-item__caption\">Cevada pronta para a colheita<\/figcaption><\/figure><\/div><\/div><\/li><li class=\"kb-slide-item kb-gallery-carousel-item\"><div class=\"kadence-blocks-gallery-item\"><div class=\"kadence-blocks-gallery-item-inner\"><figure class=\"kb-gallery-figure kadence-blocks-gallery-item-has-caption\"><div class=\"kb-gal-image-radius\"><div class=\"kb-gallery-image-contain kadence-blocks-gallery-intrinsic kb-gallery-image-ratio-land32 kb-has-image-ratio-land32\" ><img decoding=\"async\" src=\"https:\/\/www.2000m2.eu\/wp-content\/uploads\/198.jpg\" width=\"1024\" height=\"768\" alt=\"Os gr\u00e3os de cevada s\u00e3o alongados e castanhos.\" data-full-image=\"https:\/\/www.2000m2.eu\/wp-content\/uploads\/198.jpg\" data-light-image=\"https:\/\/www.2000m2.eu\/wp-content\/uploads\/198.jpg\" data-id=\"12209\" class=\"wp-image-12209 skip-lazy\"\/><\/div><\/div><figcaption class=\"kadence-blocks-gallery-item__caption\">Gr\u00e3os de cevada<\/figcaption><\/figure><\/div><\/div><\/li><\/div><\/div><\/div><\/div>\n<h2 class=\"wp-block-heading\">Importante para a sedentariza\u00e7\u00e3o do homem<\/h2>\n\n<p>A cevada \u00e9 uma das plantas cultivadas mais antigas que a humanidade conhece. Estudos efectuados no Delta do Nilo sugerem que a cevada j\u00e1 era cultivada h\u00e1 17.000 anos. Como gr\u00e3o armazen\u00e1vel, a cevada desempenhou um papel decisivo na dieta das primeiras civiliza\u00e7\u00f5es e contribuiu para a sedentariza\u00e7\u00e3o da humanidade. Foi utilizada como alimento para os seres humanos e como forragem para os animais at\u00e9 ser substitu\u00edda pelo trigo como a fonte de energia mais importante.  <\/p>\n\n<p>Atualmente, a cevada \u00e9 cultivada em todo o mundo, sendo os principais produtores a R\u00fassia, a Austr\u00e1lia e a Turquia. O cultivo tem lugar em diferentes zonas clim\u00e1ticas e a planta prospera tanto em regi\u00f5es temperadas como subtropicais. A cevada \u00e9 robusta e pode crescer em diferentes tipos de solo, mas necessita de \u00e1gua e luz solar suficientes para uma colheita \u00f3ptima. A cevada \u00e9 semeada na primavera (cevada de primavera) ou no outono do ano anterior (cevada de inverno).   <\/p>\n\n<h2 class=\"wp-block-heading\">Cerveja e carne<\/h2>\n\n<p>Uma vez que os ingredientes diferem ligeiramente devido ao cultivo, a cevada de primavera \u00e9 utilizada na alimenta\u00e7\u00e3o humana e na produ\u00e7\u00e3o de cerveja, enquanto a cevada de inverno \u00e9 sobretudo utilizada na alimenta\u00e7\u00e3o animal. Na alimenta\u00e7\u00e3o humana, a cevada \u00e9 utilizada sob a forma de cereais integrais, farinha ou como ingrediente em v\u00e1rios pratos, como sopas, saladas e p\u00e3o. Os pratos mais ou menos conhecidos incluem a sopa de cevada e o p\u00e3o de cevada. Os gr\u00e3os de cevada s\u00e3o maltados durante a produ\u00e7\u00e3o de cerveja. Para tal, \u00e9 necess\u00e1rio germin\u00e1-los para converter uma parte do amido em a\u00e7\u00facar e para produzir determinadas enzimas que desempenham um papel na decomposi\u00e7\u00e3o subsequente das prote\u00ednas e do amido. A cevada \u00e9 tamb\u00e9m utilizada na produ\u00e7\u00e3o de whisky e de outras bebidas alco\u00f3licas. Na cria\u00e7\u00e3o de animais, a cevada \u00e9 alimentada como uma boa fonte de energia.       <\/p>\n\n<p>Diz-se que a cevada tem benef\u00edcios especiais para a sa\u00fade intestinal. A cevada cont\u00e9m uma elevada propor\u00e7\u00e3o de beta-glucano, uma fibra que promove a motilidade intestinal, alimenta o nosso microbioma e pode tamb\u00e9m reduzir os n\u00edveis de colesterol. <\/p>\n\n<h2 class=\"wp-block-heading\">Fontes<\/h2>\n\n<p>Badr et al (2000): Sobre a origem e a hist\u00f3ria da domestica\u00e7\u00e3o da cevada<em>(Hordeum vulgare<\/em>). <a href=\"https:\/\/academic.oup.com\/mbe\/article\/17\/4\/499\/1127626\">Liga<\/a>. <br\/>Giraldo et al (2019): Tend\u00eancias mundiais de pesquisa sobre trigo e cevada: uma an\u00e1lise comparativa bibliom\u00e9trica. <a href=\"https:\/\/www.mdpi.com\/2073-4395\/9\/7\/352\">Link<\/a>. <br\/>Planetwissen: Cerveja. <a href=\"https:\/\/www.planet-wissen.de\/gesellschaft\/trinken\/bier\/index.html\">Liga<\/a>. <br\/>Centro de aconselhamento ao consumidor de Bremen: Cerveja &#8211; faz bem ao teu intestino. <a href=\"https:\/\/www.verbraucherzentrale-bremen.de\/pressemeldungen\/lebensmittel\/gesund-ernaehren\/gerste-gut-fuer-den-darm-77962\">Liga<\/a>.    <\/p>\n","protected":false},"excerpt":{"rendered":"<p>Cevada, Hordeum vulgare Os gr\u00e3os de cevada t\u00eam um peso relativamente constante para os produtos naturais. O gr\u00e3o de cevada constituiu a base de muitas unidades de peso, como o habba \u00e1rabe, o jou ou gou persa ou o gran romano. Com longos ramos contra o calor e a ca\u00e7a A cevada (Hordeum vulgare) \u00e9&#8230;<\/p>\n","protected":false},"featured_media":16012,"parent":0,"menu_order":286,"template":"","tags":[],"crops":[209],"class_list":["post-16010","crop","type-crop","status-publish","has-post-thumbnail","hentry","crops-cereais"],"yoast_head":"<!-- This site is optimized with the Yoast SEO plugin v27.4 - https:\/\/yoast.com\/product\/yoast-seo-wordpress\/ -->\n<title>Cevada - 2000m2<\/title>\n<meta name=\"description\" content=\"Cevada, Hordeum vulgare \u00c1rea global: 47,1 milh\u00f5es de hectares\u00c1rea das terras ar\u00e1veis do Campo Global: 60 m\u00b2 (3%)Regi\u00e3o de origem: Crescente F\u00e9rtil e\" \/>\n<meta name=\"robots\" content=\"index, follow, max-snippet:-1, max-image-preview:large, max-video-preview:-1\" \/>\n<link rel=\"canonical\" href=\"https:\/\/www.2000m2.eu\/pt\/cultura\/cevada\/\" \/>\n<meta property=\"og:locale\" content=\"pt_PT\" \/>\n<meta property=\"og:type\" content=\"article\" \/>\n<meta property=\"og:title\" content=\"Cevada - 2000m2\" \/>\n<meta property=\"og:description\" content=\"Cevada, Hordeum vulgare \u00c1rea global: 47,1 milh\u00f5es de hectares\u00c1rea das terras ar\u00e1veis do Campo Global: 60 m\u00b2 (3%)Regi\u00e3o de origem: Crescente F\u00e9rtil e\" \/>\n<meta property=\"og:url\" content=\"https:\/\/www.2000m2.eu\/pt\/cultura\/cevada\/\" \/>\n<meta property=\"og:site_name\" content=\"2000m2\" \/>\n<meta property=\"article:modified_time\" content=\"2025-10-29T10:06:06+00:00\" \/>\n<meta property=\"og:image\" content=\"https:\/\/www.2000m2.eu\/wp-content\/uploads\/Gerste_AH-1.jpg\" \/>\n\t<meta property=\"og:image:width\" content=\"2339\" \/>\n\t<meta property=\"og:image:height\" content=\"1654\" \/>\n\t<meta property=\"og:image:type\" content=\"image\/jpeg\" \/>\n<meta name=\"twitter:card\" content=\"summary_large_image\" \/>\n<meta name=\"twitter:label1\" content=\"Tempo estimado de leitura\" \/>\n\t<meta name=\"twitter:data1\" content=\"3 minutos\" \/>\n<script type=\"application\/ld+json\" class=\"yoast-schema-graph\">{\"@context\":\"https:\\\/\\\/schema.org\",\"@graph\":[{\"@type\":\"WebPage\",\"@id\":\"https:\\\/\\\/www.2000m2.eu\\\/pt\\\/cultura\\\/cevada\\\/\",\"url\":\"https:\\\/\\\/www.2000m2.eu\\\/pt\\\/cultura\\\/cevada\\\/\",\"name\":\"Cevada - 2000m2\",\"isPartOf\":{\"@id\":\"https:\\\/\\\/www.2000m2.eu\\\/pt\\\/#website\"},\"primaryImageOfPage\":{\"@id\":\"https:\\\/\\\/www.2000m2.eu\\\/pt\\\/cultura\\\/cevada\\\/#primaryimage\"},\"image\":{\"@id\":\"https:\\\/\\\/www.2000m2.eu\\\/pt\\\/cultura\\\/cevada\\\/#primaryimage\"},\"thumbnailUrl\":\"https:\\\/\\\/www.2000m2.eu\\\/wp-content\\\/uploads\\\/Gerste_AH-1.jpg\",\"datePublished\":\"2024-09-12T09:49:51+00:00\",\"dateModified\":\"2025-10-29T10:06:06+00:00\",\"description\":\"Cevada, Hordeum vulgare \u00c1rea global: 47,1 milh\u00f5es de hectares\u00c1rea das terras ar\u00e1veis do Campo Global: 60 m\u00b2 (3%)Regi\u00e3o de origem: Crescente F\u00e9rtil e\",\"breadcrumb\":{\"@id\":\"https:\\\/\\\/www.2000m2.eu\\\/pt\\\/cultura\\\/cevada\\\/#breadcrumb\"},\"inLanguage\":\"pt-PT\",\"potentialAction\":[{\"@type\":\"ReadAction\",\"target\":[\"https:\\\/\\\/www.2000m2.eu\\\/pt\\\/cultura\\\/cevada\\\/\"]}]},{\"@type\":\"ImageObject\",\"inLanguage\":\"pt-PT\",\"@id\":\"https:\\\/\\\/www.2000m2.eu\\\/pt\\\/cultura\\\/cevada\\\/#primaryimage\",\"url\":\"https:\\\/\\\/www.2000m2.eu\\\/wp-content\\\/uploads\\\/Gerste_AH-1.jpg\",\"contentUrl\":\"https:\\\/\\\/www.2000m2.eu\\\/wp-content\\\/uploads\\\/Gerste_AH-1.jpg\",\"width\":2339,\"height\":1654,\"caption\":\"farbige Zeichnung von einer Gersten\u00e4hre\"},{\"@type\":\"BreadcrumbList\",\"@id\":\"https:\\\/\\\/www.2000m2.eu\\\/pt\\\/cultura\\\/cevada\\\/#breadcrumb\",\"itemListElement\":[{\"@type\":\"ListItem\",\"position\":1,\"name\":\"Home\",\"item\":\"https:\\\/\\\/www.2000m2.eu\\\/pt\\\/\"},{\"@type\":\"ListItem\",\"position\":2,\"name\":\"Cevada\"}]},{\"@type\":\"WebSite\",\"@id\":\"https:\\\/\\\/www.2000m2.eu\\\/pt\\\/#website\",\"url\":\"https:\\\/\\\/www.2000m2.eu\\\/pt\\\/\",\"name\":\"2000m2\",\"description\":\"\",\"publisher\":{\"@id\":\"https:\\\/\\\/www.2000m2.eu\\\/pt\\\/#organization\"},\"potentialAction\":[{\"@type\":\"SearchAction\",\"target\":{\"@type\":\"EntryPoint\",\"urlTemplate\":\"https:\\\/\\\/www.2000m2.eu\\\/pt\\\/?s={search_term_string}\"},\"query-input\":{\"@type\":\"PropertyValueSpecification\",\"valueRequired\":true,\"valueName\":\"search_term_string\"}}],\"inLanguage\":\"pt-PT\"},{\"@type\":\"Organization\",\"@id\":\"https:\\\/\\\/www.2000m2.eu\\\/pt\\\/#organization\",\"name\":\"2000m2\",\"url\":\"https:\\\/\\\/www.2000m2.eu\\\/pt\\\/\",\"logo\":{\"@type\":\"ImageObject\",\"inLanguage\":\"pt-PT\",\"@id\":\"https:\\\/\\\/www.2000m2.eu\\\/pt\\\/#\\\/schema\\\/logo\\\/image\\\/\",\"url\":\"https:\\\/\\\/www.2000m2.eu\\\/wp-content\\\/uploads\\\/logo.png\",\"contentUrl\":\"https:\\\/\\\/www.2000m2.eu\\\/wp-content\\\/uploads\\\/logo.png\",\"width\":445,\"height\":140,\"caption\":\"2000m2\"},\"image\":{\"@id\":\"https:\\\/\\\/www.2000m2.eu\\\/pt\\\/#\\\/schema\\\/logo\\\/image\\\/\"}}]}<\/script>\n<!-- \/ Yoast SEO plugin. -->","yoast_head_json":{"title":"Cevada - 2000m2","description":"Cevada, Hordeum vulgare \u00c1rea global: 47,1 milh\u00f5es de hectares\u00c1rea das terras ar\u00e1veis do Campo Global: 60 m\u00b2 (3%)Regi\u00e3o de origem: Crescente F\u00e9rtil e","robots":{"index":"index","follow":"follow","max-snippet":"max-snippet:-1","max-image-preview":"max-image-preview:large","max-video-preview":"max-video-preview:-1"},"canonical":"https:\/\/www.2000m2.eu\/pt\/cultura\/cevada\/","og_locale":"pt_PT","og_type":"article","og_title":"Cevada - 2000m2","og_description":"Cevada, Hordeum vulgare \u00c1rea global: 47,1 milh\u00f5es de hectares\u00c1rea das terras ar\u00e1veis do Campo Global: 60 m\u00b2 (3%)Regi\u00e3o de origem: Crescente F\u00e9rtil e","og_url":"https:\/\/www.2000m2.eu\/pt\/cultura\/cevada\/","og_site_name":"2000m2","article_modified_time":"2025-10-29T10:06:06+00:00","og_image":[{"width":2339,"height":1654,"url":"https:\/\/www.2000m2.eu\/wp-content\/uploads\/Gerste_AH-1.jpg","type":"image\/jpeg"}],"twitter_card":"summary_large_image","twitter_misc":{"Tempo estimado de leitura":"3 minutos"},"schema":{"@context":"https:\/\/schema.org","@graph":[{"@type":"WebPage","@id":"https:\/\/www.2000m2.eu\/pt\/cultura\/cevada\/","url":"https:\/\/www.2000m2.eu\/pt\/cultura\/cevada\/","name":"Cevada - 2000m2","isPartOf":{"@id":"https:\/\/www.2000m2.eu\/pt\/#website"},"primaryImageOfPage":{"@id":"https:\/\/www.2000m2.eu\/pt\/cultura\/cevada\/#primaryimage"},"image":{"@id":"https:\/\/www.2000m2.eu\/pt\/cultura\/cevada\/#primaryimage"},"thumbnailUrl":"https:\/\/www.2000m2.eu\/wp-content\/uploads\/Gerste_AH-1.jpg","datePublished":"2024-09-12T09:49:51+00:00","dateModified":"2025-10-29T10:06:06+00:00","description":"Cevada, Hordeum vulgare \u00c1rea global: 47,1 milh\u00f5es de hectares\u00c1rea das terras ar\u00e1veis do Campo Global: 60 m\u00b2 (3%)Regi\u00e3o de origem: Crescente F\u00e9rtil e","breadcrumb":{"@id":"https:\/\/www.2000m2.eu\/pt\/cultura\/cevada\/#breadcrumb"},"inLanguage":"pt-PT","potentialAction":[{"@type":"ReadAction","target":["https:\/\/www.2000m2.eu\/pt\/cultura\/cevada\/"]}]},{"@type":"ImageObject","inLanguage":"pt-PT","@id":"https:\/\/www.2000m2.eu\/pt\/cultura\/cevada\/#primaryimage","url":"https:\/\/www.2000m2.eu\/wp-content\/uploads\/Gerste_AH-1.jpg","contentUrl":"https:\/\/www.2000m2.eu\/wp-content\/uploads\/Gerste_AH-1.jpg","width":2339,"height":1654,"caption":"farbige Zeichnung von einer Gersten\u00e4hre"},{"@type":"BreadcrumbList","@id":"https:\/\/www.2000m2.eu\/pt\/cultura\/cevada\/#breadcrumb","itemListElement":[{"@type":"ListItem","position":1,"name":"Home","item":"https:\/\/www.2000m2.eu\/pt\/"},{"@type":"ListItem","position":2,"name":"Cevada"}]},{"@type":"WebSite","@id":"https:\/\/www.2000m2.eu\/pt\/#website","url":"https:\/\/www.2000m2.eu\/pt\/","name":"2000m2","description":"","publisher":{"@id":"https:\/\/www.2000m2.eu\/pt\/#organization"},"potentialAction":[{"@type":"SearchAction","target":{"@type":"EntryPoint","urlTemplate":"https:\/\/www.2000m2.eu\/pt\/?s={search_term_string}"},"query-input":{"@type":"PropertyValueSpecification","valueRequired":true,"valueName":"search_term_string"}}],"inLanguage":"pt-PT"},{"@type":"Organization","@id":"https:\/\/www.2000m2.eu\/pt\/#organization","name":"2000m2","url":"https:\/\/www.2000m2.eu\/pt\/","logo":{"@type":"ImageObject","inLanguage":"pt-PT","@id":"https:\/\/www.2000m2.eu\/pt\/#\/schema\/logo\/image\/","url":"https:\/\/www.2000m2.eu\/wp-content\/uploads\/logo.png","contentUrl":"https:\/\/www.2000m2.eu\/wp-content\/uploads\/logo.png","width":445,"height":140,"caption":"2000m2"},"image":{"@id":"https:\/\/www.2000m2.eu\/pt\/#\/schema\/logo\/image\/"}}]}},"_links":{"self":[{"href":"https:\/\/www.2000m2.eu\/pt\/wp-json\/wp\/v2\/crop\/16010","targetHints":{"allow":["GET"]}}],"collection":[{"href":"https:\/\/www.2000m2.eu\/pt\/wp-json\/wp\/v2\/crop"}],"about":[{"href":"https:\/\/www.2000m2.eu\/pt\/wp-json\/wp\/v2\/types\/crop"}],"wp:featuredmedia":[{"embeddable":true,"href":"https:\/\/www.2000m2.eu\/pt\/wp-json\/wp\/v2\/media\/16012"}],"wp:attachment":[{"href":"https:\/\/www.2000m2.eu\/pt\/wp-json\/wp\/v2\/media?parent=16010"}],"wp:term":[{"taxonomy":"post_tag","embeddable":true,"href":"https:\/\/www.2000m2.eu\/pt\/wp-json\/wp\/v2\/tags?post=16010"},{"taxonomy":"crops","embeddable":true,"href":"https:\/\/www.2000m2.eu\/pt\/wp-json\/wp\/v2\/crops?post=16010"}],"curies":[{"name":"wp","href":"https:\/\/api.w.org\/{rel}","templated":true}]}}