{"id":16021,"date":"2024-09-11T14:54:00","date_gmt":"2024-09-11T14:54:00","guid":{"rendered":"https:\/\/www.2000m2.eu\/crop\/aveia\/"},"modified":"2025-09-15T09:50:24","modified_gmt":"2025-09-15T09:50:24","slug":"aveia","status":"publish","type":"crop","link":"https:\/\/www.2000m2.eu\/pt\/cultura\/aveia\/","title":{"rendered":"Aveia"},"content":{"rendered":"\n<h1 class=\"wp-block-heading\">Aveia, Avena sativa<\/h1>\n\n<p><\/p>\n<style>.wp-block-kadence-column.kb-section-dir-horizontal > .kt-inside-inner-col > .kt-info-box194_38645a-87 .kt-blocks-info-box-link-wrap{max-width:unset;}.kt-info-box194_38645a-87 .kt-blocks-info-box-link-wrap{border-top-left-radius:15px;border-top-right-radius:15px;border-bottom-right-radius:15px;border-bottom-left-radius:15px;background:var(--accent);padding-top:var(--global-kb-spacing-xs, 1rem);padding-right:var(--global-kb-spacing-xs, 1rem);padding-bottom:var(--global-kb-spacing-xs, 1rem);padding-left:var(--global-kb-spacing-xs, 1rem);}.kt-info-box194_38645a-87.wp-block-kadence-infobox{max-width:100%;}.kt-info-box194_38645a-87 .kadence-info-box-image-inner-intrisic-container{max-width:100px;}.kt-info-box194_38645a-87 .kadence-info-box-image-inner-intrisic-container .kadence-info-box-image-intrisic{padding-bottom:100%;width:2339px;height:0px;max-width:100%;}.kt-info-box194_38645a-87 .kadence-info-box-icon-container .kt-info-svg-icon, .kt-info-box194_38645a-87 .kt-info-svg-icon-flip, .kt-info-box194_38645a-87 .kt-blocks-info-box-number{font-size:25px;}.kt-info-box194_38645a-87 .kt-blocks-info-box-media{color:var(--accent-3);background:var(--accent-4);border-color:#444444;border-radius:167px;overflow:hidden;border-top-width:0px;border-right-width:0px;border-bottom-width:0px;border-left-width:0px;padding-top:11px;padding-right:11px;padding-bottom:11px;padding-left:11px;margin-top:0px;margin-right:15px;margin-bottom:0px;margin-left:15px;}.kt-info-box194_38645a-87 .kt-blocks-info-box-media .kadence-info-box-image-intrisic img{border-radius:167px;}.kt-info-box194_38645a-87 .kt-infobox-textcontent .kt-blocks-info-box-text{color:#ffffff;}.kt-info-box194_38645a-87 .kt-blocks-info-box-link-wrap:hover .kt-blocks-info-box-text{color:#ffffff;}.kt-info-box194_38645a-87 .kt-blocks-info-box-learnmore{background:transparent;border-width:0px 0px 0px 0px;padding-top:4px;padding-right:8px;padding-bottom:4px;padding-left:8px;margin-top:10px;margin-right:0px;margin-bottom:10px;margin-left:0px;}@media all and (max-width: 767px){.kt-info-box194_38645a-87 .kt-blocks-info-box-link-wrap{text-align:left;display:block;}.kt-info-box194_38645a-87 .kt-blocks-info-box-link-wrap .kt-blocks-info-box-media{display:inline-block;max-width:100%;}}<\/style>\n<div class=\"wp-block-kadence-infobox kt-info-box194_38645a-87\"><span class=\"kt-blocks-info-box-link-wrap info-box-link kt-blocks-info-box-media-align-left kt-info-halign-left kb-info-box-vertical-media-align-top kb-info-mobile-halign-left\"><div class=\"kt-blocks-info-box-media-container\"><div class=\"kt-blocks-info-box-media kt-info-media-animate-none\"><div class=\"kadence-info-box-image-inner-intrisic-container\"><div class=\"kadence-info-box-image-intrisic kt-info-animate-none kb-info-box-image-ratio kb-info-box-image-ratio-square\"><div class=\"kadence-info-box-image-inner-intrisic\"><img decoding=\"async\" src=\"https:\/\/www.2000m2.eu\/wp-content\/uploads\/Hafer_AH-1.jpg\" alt=\"farbige Zeichnung von einer Hafer&#xE4;hre\" width=\"2339\" height=\"1654\" class=\"kt-info-box-image wp-image-775\" srcset=\"https:\/\/www.2000m2.eu\/wp-content\/uploads\/Hafer_AH-1.jpg 2339w, https:\/\/www.2000m2.eu\/wp-content\/uploads\/Hafer_AH-1-300x212.jpg 300w, https:\/\/www.2000m2.eu\/wp-content\/uploads\/Hafer_AH-1-768x543.jpg 768w, https:\/\/www.2000m2.eu\/wp-content\/uploads\/Hafer_AH-1-1024x724.jpg 1024w, https:\/\/www.2000m2.eu\/wp-content\/uploads\/Hafer_AH-1-1536x1086.jpg 1536w, https:\/\/www.2000m2.eu\/wp-content\/uploads\/Hafer_AH-1-2048x1448.jpg 2048w\" sizes=\"(max-width: 2339px) 100vw, 2339px\" \/><\/div><\/div><\/div><\/div><\/div><div class=\"kt-infobox-textcontent\"><p class=\"kt-blocks-info-box-text\"><strong>\u00c1rea global<\/strong>: 9 milh\u00f5es de hectares<br\/><strong>\u00c1rea nas terras agr\u00edcolas do Campo Global<\/strong>: 11,4 m\u00b2 (0,6%)<br\/><strong>Regi\u00e3o de origem<\/strong>: \u00c1sia Ocidental e Europa Oriental<br\/><strong>Principais \u00e1reas de cultivo<\/strong>: R\u00fassia, Canad\u00e1, Europa<br\/><strong>Utiliza\u00e7\u00f5es \/ principais benef\u00edcios<\/strong>: Farinha, flocos de aveia, alimenta\u00e7\u00e3o animal<\/p><\/div><\/span><\/div>\n\n<p>As propriedades curativas da aveia foram reconhecidas desde cedo, por exemplo por Hildegard von Bingen, que recomendou a aveia como rem\u00e9dio no s\u00e9culo XII. Ela valorizava particularmente a aveia pela sua capacidade de &#8220;animar o esp\u00edrito&#8221;, limpar a mente e ajudar na fraqueza. <\/p>\n\n<h2 class=\"wp-block-heading\">Um gr\u00e3o pouco exigente<\/h2>\n\n<p>A aveia (Avena sativa) distingue-se claramente dos outros cereais pelas suas pan\u00edculas em vez de espigas. As pan\u00edculas t\u00eam a forma de um sino e inclinam-se para baixo \u00e0 medida que crescem. Por isso, \u00e9 f\u00e1cil identificar a aveia. Os gr\u00e3os s\u00e3o envolvidos por uma casca, que \u00e9 retirada ap\u00f3s a colheita.    <br\/><\/p>\n<style>.wp-block-kadence-advancedgallery.kb-gallery-wrap-id-194_b535a0-d5{overflow:hidden;}.kb-gallery-type-carousel.kb-gallery-id-194_b535a0-d5 .kt-blocks-carousel .kt-blocks-carousel-init:not( .splide-initialized ){margin-left:-5px;margin-right:-5px;}.kb-gallery-type-carousel.kb-gallery-id-194_b535a0-d5 .kt-blocks-carousel .kt-blocks-carousel-init:not( .splide-initialized ) .kb-slide-item{padding-left:5px;padding-right:5px;}.kb-gallery-id-194_b535a0-d5 .kadence-blocks-gallery-item .kb-gal-image-radius, .kb-gallery-id-194_b535a0-d5 .kb-slide-item .kb-gal-image-radius img{border-radius:0px 0px 0px 0px;;}.kb-gallery-caption-style-cover-hover.kb-gallery-id-194_b535a0-d5 .kadence-blocks-gallery-item .kadence-blocks-gallery-item-inner .kadence-blocks-gallery-item__caption, .kb-gallery-caption-style-below.kb-gallery-id-194_b535a0-d5 .kadence-blocks-gallery-item .kadence-blocks-gallery-item-inner .kadence-blocks-gallery-item__caption{background:rgba(0, 0, 0, 0.5);}.kb-gallery-wrap-id-194_b535a0-d5.wp-block-kadence-advancedgallery{overflow:visible;}.kb-gallery-wrap-id-194_b535a0-d5.wp-block-kadence-advancedgallery .kt-blocks-carousel{overflow:visible;}<\/style><div class=\"kb-gallery-wrap-id-194_b535a0-d5 alignnone wp-block-kadence-advancedgallery\"><div class=\"kb-gallery-ul kb-gallery-non-static kb-gallery-type-carousel kb-gallery-id-194_b535a0-d5 kb-gallery-caption-style-below kb-gallery-filter-none\" data-image-filter=\"none\" data-lightbox-caption=\"true\"><div class=\"kt-blocks-carousel kt-carousel-container-dotstyle-dark\"><div class=\"kt-blocks-carousel-init kb-gallery-carousel kt-carousel-arrowstyle-whiteondark kt-carousel-dotstyle-dark kb-slider-group-arrow kb-slider-arrow-position-center\" data-columns-xxl=\"3\" data-columns-xl=\"3\" data-columns-md=\"3\" data-columns-sm=\"2\" data-columns-xs=\"1\" data-columns-ss=\"1\" data-slider-anim-speed=\"400\" data-slider-scroll=\"1\" data-slider-arrows=\"true\" data-slider-dots=\"true\" data-slider-hover-pause=\"false\" data-slider-auto=\"\" data-slider-speed=\"7000\" data-slider-gap=\"10px\" data-slider-gap-tablet=\"10px\" data-slider-gap-mobile=\"10px\" data-show-pause-button=\"false\" aria-label=\"Photo Gallery Carousel\"><li class=\"kb-slide-item kb-gallery-carousel-item\"><div class=\"kadence-blocks-gallery-item\"><div class=\"kadence-blocks-gallery-item-inner\"><figure class=\"kb-gallery-figure kadence-blocks-gallery-item-has-caption\"><div class=\"kb-gal-image-radius\"><div class=\"kb-gallery-image-contain kadence-blocks-gallery-intrinsic kb-gallery-image-ratio-land32 kb-has-image-ratio-land32\" ><img decoding=\"async\" src=\"https:\/\/www.2000m2.eu\/wp-content\/uploads\/261.jpg\" width=\"1024\" height=\"768\" alt=\"Talos grandes de aveia verde, gr\u00e3os inteiros, mistura com outros cereais\" data-full-image=\"https:\/\/www.2000m2.eu\/wp-content\/uploads\/261.jpg\" data-light-image=\"https:\/\/www.2000m2.eu\/wp-content\/uploads\/261.jpg\" data-id=\"13766\" class=\"wp-image-13766 skip-lazy\"\/><\/div><\/div><figcaption class=\"kadence-blocks-gallery-item__caption\">Campo de aveia<\/figcaption><\/figure><\/div><\/div><\/li><li class=\"kb-slide-item kb-gallery-carousel-item\"><div class=\"kadence-blocks-gallery-item\"><div class=\"kadence-blocks-gallery-item-inner\"><figure class=\"kb-gallery-figure kadence-blocks-gallery-item-has-caption\"><div class=\"kb-gal-image-radius\"><div class=\"kb-gallery-image-contain kadence-blocks-gallery-intrinsic kb-gallery-image-ratio-land32 kb-has-image-ratio-land32\" ><img decoding=\"async\" src=\"https:\/\/www.2000m2.eu\/wp-content\/uploads\/262.jpg\" width=\"1024\" height=\"768\" alt=\"plantas de aveia castanhas, alguns gr\u00e3os cheios\" data-full-image=\"https:\/\/www.2000m2.eu\/wp-content\/uploads\/262.jpg\" data-light-image=\"https:\/\/www.2000m2.eu\/wp-content\/uploads\/262.jpg\" data-id=\"13773\" class=\"wp-image-13773 skip-lazy\"\/><\/div><\/div><figcaption class=\"kadence-blocks-gallery-item__caption\">Aveia pronta para a colheita<\/figcaption><\/figure><\/div><\/div><\/li><li class=\"kb-slide-item kb-gallery-carousel-item\"><div class=\"kadence-blocks-gallery-item\"><div class=\"kadence-blocks-gallery-item-inner\"><figure class=\"kb-gallery-figure kadence-blocks-gallery-item-has-caption\"><div class=\"kb-gal-image-radius\"><div class=\"kb-gallery-image-contain kadence-blocks-gallery-intrinsic kb-gallery-image-ratio-land32 kb-has-image-ratio-land32\" ><img decoding=\"async\" src=\"https:\/\/www.2000m2.eu\/wp-content\/uploads\/263.jpg\" width=\"1024\" height=\"768\" alt=\"Grande plano de uma orelha de aveia, orelha castanha\" data-full-image=\"https:\/\/www.2000m2.eu\/wp-content\/uploads\/263.jpg\" data-light-image=\"https:\/\/www.2000m2.eu\/wp-content\/uploads\/263.jpg\" data-id=\"13780\" class=\"wp-image-13780 skip-lazy\"\/><\/div><\/div><figcaption class=\"kadence-blocks-gallery-item__caption\">Orelha de aveia<\/figcaption><\/figure><\/div><\/div><\/li><li class=\"kb-slide-item kb-gallery-carousel-item\"><div class=\"kadence-blocks-gallery-item\"><div class=\"kadence-blocks-gallery-item-inner\"><figure class=\"kb-gallery-figure kadence-blocks-gallery-item-has-caption\"><div class=\"kb-gal-image-radius\"><div class=\"kb-gallery-image-contain kadence-blocks-gallery-intrinsic kb-gallery-image-ratio-land32 kb-has-image-ratio-land32\" ><img decoding=\"async\" src=\"https:\/\/www.2000m2.eu\/wp-content\/uploads\/265.jpg\" width=\"1024\" height=\"768\" alt=\"gr\u00e3os de aveia alongados com palha\" data-full-image=\"https:\/\/www.2000m2.eu\/wp-content\/uploads\/265.jpg\" data-light-image=\"https:\/\/www.2000m2.eu\/wp-content\/uploads\/265.jpg\" data-id=\"13794\" class=\"wp-image-13794 skip-lazy\"\/><\/div><\/div><figcaption class=\"kadence-blocks-gallery-item__caption\">Gr\u00e3os de aveia <\/figcaption><\/figure><\/div><\/div><\/li><li class=\"kb-slide-item kb-gallery-carousel-item\"><div class=\"kadence-blocks-gallery-item\"><div class=\"kadence-blocks-gallery-item-inner\"><figure class=\"kb-gallery-figure kadence-blocks-gallery-item-has-caption\"><div class=\"kb-gal-image-radius\"><div class=\"kb-gallery-image-contain kadence-blocks-gallery-intrinsic kb-gallery-image-ratio-land32 kb-has-image-ratio-land32\" ><img decoding=\"async\" src=\"https:\/\/www.2000m2.eu\/wp-content\/uploads\/264.jpg\" width=\"1024\" height=\"768\" alt=\"gr\u00e3os de aveia achatados, flocos de aveia\" data-full-image=\"https:\/\/www.2000m2.eu\/wp-content\/uploads\/264.jpg\" data-light-image=\"https:\/\/www.2000m2.eu\/wp-content\/uploads\/264.jpg\" data-id=\"13787\" class=\"wp-image-13787 skip-lazy\"\/><\/div><\/div><figcaption class=\"kadence-blocks-gallery-item__caption\">Flocos de aveia<\/figcaption><\/figure><\/div><\/div><\/li><\/div><\/div><\/div><\/div>\n<p>A aveia \u00e9 uma planta robusta e adapt\u00e1vel. Prefere climas temperados e exige pouco do solo. As principais zonas de cultivo s\u00e3o a Europa do Norte e Central, a R\u00fassia e a Am\u00e9rica do Norte. A aveia \u00e9 uma planta anual da fam\u00edlia das gram\u00edneas doces (Poaceae). Atinge uma altura de 0,6 a 1,5 metros. Os caules s\u00e3o erectos, ocos e t\u00eam n\u00f3s a intervalos regulares. As folhas s\u00e3o estreitas, lanceoladas e \u00e1speras. A germina\u00e7\u00e3o ocorre a temperaturas entre os 5 e os 10 graus Celsius, o que a torna ideal para o cultivo na primavera e no outono. Devido \u00e0 sua baixa exig\u00eancia em rela\u00e7\u00e3o ao solo, a aveia \u00e9 particularmente valiosa para o cultivo em regi\u00f5es menos f\u00e9rteis.        <\/p>\n\n<h2 class=\"wp-block-heading\">Da erva \u00e0 estrela<\/h2>\n\n<p>A aveia \u00e9 origin\u00e1ria da \u00c1sia Ocidental e da Europa Oriental, onde \u00e9 cultivada h\u00e1 cerca de 4000 anos. Inicialmente, era considerada uma erva daninha nos campos de trigo e cevada, antes de serem reconhecidos os seus benef\u00edcios. Devido \u00e0 sua adaptabilidade e ao seu elevado teor de nutrientes, o seu cultivo rapidamente se tornou popular. J\u00e1 era cultivada pelos celtas e pelas tribos germ\u00e2nicas, como o demonstram as escava\u00e7\u00f5es em estacas su\u00ed\u00e7as. A aveia foi um alimento de base na Europa Central e Oriental at\u00e9 \u00e0 introdu\u00e7\u00e3o da batata. Na Idade M\u00e9dia, a aveia tornou-se um alimento extremamente importante na Europa, especialmente nas regi\u00f5es mais frias, onde o trigo e a cevada n\u00e3o cresciam muito bem. Na Esc\u00f3cia e na Escandin\u00e1via, a aveia tem uma longa tradi\u00e7\u00e3o e ainda hoje \u00e9 um alimento b\u00e1sico. Atualmente, a R\u00fassia, o Canad\u00e1, a Austr\u00e1lia, o Brasil e v\u00e1rios pa\u00edses europeus s\u00e3o os principais produtores de aveia. No Brasil, a aveia teve um r\u00e1pido crescimento na \u00faltima d\u00e9cada. As pessoas aqui est\u00e3o a prestar cada vez mais aten\u00e7\u00e3o a uma alimenta\u00e7\u00e3o saud\u00e1vel e est\u00e3o a concentrar-se cada vez mais na aveia. Ao mesmo tempo, as propriedades positivas da aveia para o solo tornaram-se mais populares. Sendo uma planta de ra\u00edzes profundas, solta e areja o solo, contraria a eros\u00e3o e promove a regenera\u00e7\u00e3o e a prote\u00e7\u00e3o do solo. Al\u00e9m disso, a aveia suprime as ervas daninhas e as doen\u00e7as das plantas e requer comparativamente poucos fertilizantes e pesticidas, o que \u00e9 bom para o ambiente           <\/p>\n\n<p>A aveia desempenha um papel cada vez mais importante na alimenta\u00e7\u00e3o animal nas regi\u00f5es subtropicais, nomeadamente no Paquist\u00e3o e no norte da \u00cdndia. Aqui, a aveia \u00e9 cultivada como forragem verde e toda a planta \u00e9 dada ao gado. O facto de funcionar como uma cultura de inverno nos campos e de ter um efeito positivo na sa\u00fade do solo \u00e9 particularmente decisivo para o seu sucesso nestas regi\u00f5es. Por conseguinte, \u00e9 utilizada como cultura de inverno, especialmente em sistemas agr\u00edcolas de pequena escala que recorrem a uma lavoura m\u00ednima.   <\/p>\n\n<p>Como cereal para consumo humano, a aveia tem sofrido um r\u00e1pido decl\u00ednio desde meados do s\u00e9culo XX &#8211; especialmente na Europa, onde era anteriormente um importante alimento b\u00e1sico. Nos \u00faltimos anos, a popularidade dos produtos de aveia voltou a aumentar um pouco em alguns pa\u00edses como o Brasil ou a Alemanha, por exemplo, atrav\u00e9s da difus\u00e3o de produtos como o leite de aveia, mas isso n\u00e3o conseguiu travar a tend\u00eancia geral de decl\u00ednio do cultivo da aveia. <\/p>\n\n<h2 class=\"wp-block-heading\">Um rem\u00e9dio delicioso<\/h2>\n\n<p>A aveia \u00e9 vers\u00e1til e \u00e9 consumida principalmente como flocos de aveia, farinha de aveia e agora tamb\u00e9m como leite de aveia. \u00c9 rica em fibras, especialmente em beta-glucano, que tem demonstrado reduzir os n\u00edveis de colesterol. A aveia tamb\u00e9m cont\u00e9m vitaminas e minerais importantes, como o ferro, o magn\u00e9sio, o zinco e a vitamina B1. Do ponto de vista da sa\u00fade, a aveia tem uma s\u00e9rie de vantagens em rela\u00e7\u00e3o aos cereais mais comuns, como o trigo, o arroz e a cevada. Nos seres humanos, o consumo de aveia ajuda a digest\u00e3o, estabiliza os n\u00edveis de a\u00e7\u00facar no sangue e apoia o sistema imunit\u00e1rio. Os produtos de aveia s\u00e3o tamb\u00e9m muitas vezes uma boa alternativa para as pessoas com intoler\u00e2ncia ao gl\u00faten, uma vez que a aveia \u00e9 naturalmente isenta de gl\u00faten, desde que n\u00e3o esteja contaminada com gr\u00e3os que contenham gl\u00faten.     <\/p>\n\n<p>Al\u00e9m disso, como j\u00e1 foi descrito, a aveia desempenha um papel importante e crescente na alimenta\u00e7\u00e3o animal. \u00c9 utilizada como alimento para cavalos, bovinos e aves de capoeira e, tal como acontece com os seres humanos, contribui para a sa\u00fade e o desempenho dos animais. A aveia \u00e9 alimentada tanto em verde como em gr\u00e3o e feno. A aveia \u00e9 tamb\u00e9m utilizada na ind\u00fastria cosm\u00e9tica devido \u00e0s suas propriedades calmantes e hidratantes &#8211; especialmente em produtos de cuidados da pele. Em menor escala, a aveia \u00e9 tamb\u00e9m utilizada na produ\u00e7\u00e3o de agrocombust\u00edvel ou como feno para a produ\u00e7\u00e3o de cobertores e colch\u00f5es.    <\/p>\n\n<h2 class=\"wp-block-heading\">A aveia e os seus limites<\/h2>\n\n<p>Embora a cultura da aveia seja menos intensiva do que a de outros cereais, continua a colocar desafios consider\u00e1veis: as doen\u00e7as f\u00fangicas como a ferrugem da coroa da aveia (Puccinia coronata) s\u00e3o particularmente problem\u00e1ticas. Estas doen\u00e7as podem causar perdas significativas de rendimento, uma vez que prejudicam a fotoss\u00edntese das plantas e as enfraquecem. Estas doen\u00e7as exigem frequentemente a utiliza\u00e7\u00e3o de fungicidas, o que aumenta os custos de produ\u00e7\u00e3o e prejudica o ambiente.  <\/p>\n\n<p>A aveia desenvolve-se melhor em climas mais frescos e temperados. As condi\u00e7\u00f5es meteorol\u00f3gicas extremas intensificadas pelas altera\u00e7\u00f5es clim\u00e1ticas, como secas, inunda\u00e7\u00f5es ou flutua\u00e7\u00f5es imprevis\u00edveis de temperatura, podem ter um impacto significativo no cultivo. Estas condi\u00e7\u00f5es podem perturbar a germina\u00e7\u00e3o e o crescimento das plantas de aveia, resultando em rendimentos mais baixos. Embora a aveia seja menos exigente em termos de qualidade do solo, o cultivo cont\u00ednuo sem rota\u00e7\u00e3o de culturas pode levar \u00e0 eros\u00e3o do solo e a defici\u00eancias de nutrientes. A monocultura da aveia, tal como a de outros cereais, pode afetar a fertilidade do solo a longo prazo. Para manter a qualidade do solo, s\u00e3o necess\u00e1rias pr\u00e1ticas sustent\u00e1veis, como a rota\u00e7\u00e3o de culturas e a aduba\u00e7\u00e3o verde.     <\/p>\n\n<p>O com\u00e9rcio mundial de produtos de aveia est\u00e1 tamb\u00e9m sujeito a fortes flutua\u00e7\u00f5es de pre\u00e7os, que s\u00e3o influenciadas pelas condi\u00e7\u00f5es do mercado, pelo rendimento das culturas e por factores pol\u00edticos. Os pequenos agricultores s\u00e3o particularmente vulner\u00e1veis a essas flutua\u00e7\u00f5es, pois muitas vezes n\u00e3o disp\u00f5em de meios para reagir a elas. <\/p>\n\n<h2 class=\"wp-block-heading\">Exemplo pr\u00e1tico: Aveia hist\u00f3rica para uma agricultura sustent\u00e1vel<\/h2>\n\n<p>Um exemplo not\u00e1vel de projectos inovadores de cultivo de aveia \u00e9 o &#8220;Kornwerk&#8221; em Brandenburg. Swenja Rosenwinkel, Marlene Bruce e Miriam Boyer trabalham com agricultores da regi\u00e3o para produzir leite de aveia a partir de variedades hist\u00f3ricas de aveia. Os clientes pagam uma quantia fixa e, em troca, recebem leite de aveia em frascos retorn\u00e1veis. Este modelo apoia estruturas mais pequenas e empresas familiares, promove o cultivo de variedades antigas de cereais e refor\u00e7a o sistema alimentar regional.   <\/p>\n\n<p>O projeto &#8220;Kornwerk&#8221; mostra como a agricultura solid\u00e1ria pode funcionar. Liga os consumidores diretamente aos produtores e promove m\u00e9todos agr\u00edcolas sustent\u00e1veis. Ao utilizar variedades antigas de aveia, o projeto tamb\u00e9m contribui para a preserva\u00e7\u00e3o da diversidade gen\u00e9tica e oferece uma alternativa ecol\u00f3gica ao leite convencional. Iniciativas como esta s\u00e3o inovadoras para o futuro da agricultura e para a promo\u00e7\u00e3o de sistemas alimentares locais e sustent\u00e1veis.   <\/p>\n\n<h2 class=\"wp-block-heading\">Fontes<\/h2>\n\n<p>FAO: Aveia forrageira &#8211; uma panor\u00e2mica mundial. <a href=\"https:\/\/www.fao.org\/4\/y5765e\/y5765e00.htm#Contents\">Liga<\/a>. <br\/>Atlas Mundial Online de Haack: Ficha de informa\u00e7\u00e3o sobre a aveia. <a href=\"https:\/\/www2.klett.de\/sixcms\/list.php?page=infothek_artikel&amp;extra=Haack%20Weltatlas-Online&amp;artikel_id=89433&amp;inhalt=klett71prod_1.c.133609.de#:~:text=Zur%20Gattung%20Hafer%20(Avena)%20geh%C3%B6ren%20ungef%C3%A4hr%2035%20Arten.&amp;text=Die%20Pflanze%20ist%20einj%C3%A4hrig%20und,Regel%20nur%20zwei%20fruchtbar%20sind.\">Liga<\/a>. <br\/>Aveia. A aveia. <a href=\"https:\/\/www.hafer-die-alleskoerner.de\/hafer-fuer-alle\/unser-hafer\/haferanbau\">Liga<\/a>. <br\/>Transpar\u00eancia na engenharia gen\u00e9tica: aveia. <a href=\"https:\/\/www.transgen.de\/lexikon-nutzpflanzen\/1890.hafer.html\">Link<\/a>. <br\/>dica Berlim: Leite de aveia &#8220;Kornwerk&#8221;: agricultura solid\u00e1ria para a prateleira do leite. <a href=\"https:\/\/www.tip-berlin.de\/essen-trinken\/kornwerk-brandenburg-hafermilch\/\">Liga<\/a>.    <br\/><\/p>\n","protected":false},"excerpt":{"rendered":"<p>Aveia, Avena sativa As propriedades curativas da aveia foram reconhecidas desde cedo, por exemplo por Hildegard von Bingen, que recomendou a aveia como rem\u00e9dio no s\u00e9culo XII. Ela valorizava particularmente a aveia pela sua capacidade de &#8220;animar o esp\u00edrito&#8221;, limpar a mente e ajudar na fraqueza. Um gr\u00e3o pouco exigente A aveia (Avena sativa) distingue-se&#8230;<\/p>\n","protected":false},"featured_media":16022,"parent":0,"menu_order":294,"template":"","tags":[],"crops":[209],"class_list":["post-16021","crop","type-crop","status-publish","has-post-thumbnail","hentry","crops-cereais"],"yoast_head":"<!-- This site is optimized with the Yoast SEO plugin v27.4 - https:\/\/yoast.com\/product\/yoast-seo-wordpress\/ -->\n<title>Aveia - 2000m2<\/title>\n<meta name=\"description\" content=\"Aveia, Avena sativa \u00c1rea global: 9 milh\u00f5es de hectares\u00c1rea nas terras agr\u00edcolas do Campo Global: 11,4 m\u00b2 (0,6%)Regi\u00e3o de origem: \u00c1sia Ocidental e Europa\" \/>\n<meta name=\"robots\" content=\"index, follow, max-snippet:-1, max-image-preview:large, max-video-preview:-1\" \/>\n<link rel=\"canonical\" href=\"https:\/\/www.2000m2.eu\/pt\/cultura\/aveia\/\" \/>\n<meta property=\"og:locale\" content=\"pt_PT\" \/>\n<meta property=\"og:type\" content=\"article\" \/>\n<meta property=\"og:title\" content=\"Aveia - 2000m2\" \/>\n<meta property=\"og:description\" content=\"Aveia, Avena sativa \u00c1rea global: 9 milh\u00f5es de hectares\u00c1rea nas terras agr\u00edcolas do Campo Global: 11,4 m\u00b2 (0,6%)Regi\u00e3o de origem: \u00c1sia Ocidental e Europa\" \/>\n<meta property=\"og:url\" content=\"https:\/\/www.2000m2.eu\/pt\/cultura\/aveia\/\" \/>\n<meta property=\"og:site_name\" content=\"2000m2\" \/>\n<meta property=\"article:modified_time\" content=\"2025-09-15T09:50:24+00:00\" \/>\n<meta property=\"og:image\" content=\"https:\/\/www.2000m2.eu\/wp-content\/uploads\/Hafer_AH-1.jpg\" \/>\n\t<meta property=\"og:image:width\" content=\"2339\" \/>\n\t<meta property=\"og:image:height\" content=\"1654\" \/>\n\t<meta property=\"og:image:type\" content=\"image\/jpeg\" \/>\n<meta name=\"twitter:card\" content=\"summary_large_image\" \/>\n<meta name=\"twitter:label1\" content=\"Tempo estimado de leitura\" \/>\n\t<meta name=\"twitter:data1\" content=\"8 minutos\" \/>\n<script type=\"application\/ld+json\" class=\"yoast-schema-graph\">{\"@context\":\"https:\\\/\\\/schema.org\",\"@graph\":[{\"@type\":\"WebPage\",\"@id\":\"https:\\\/\\\/www.2000m2.eu\\\/pt\\\/cultura\\\/aveia\\\/\",\"url\":\"https:\\\/\\\/www.2000m2.eu\\\/pt\\\/cultura\\\/aveia\\\/\",\"name\":\"Aveia - 2000m2\",\"isPartOf\":{\"@id\":\"https:\\\/\\\/www.2000m2.eu\\\/pt\\\/#website\"},\"primaryImageOfPage\":{\"@id\":\"https:\\\/\\\/www.2000m2.eu\\\/pt\\\/cultura\\\/aveia\\\/#primaryimage\"},\"image\":{\"@id\":\"https:\\\/\\\/www.2000m2.eu\\\/pt\\\/cultura\\\/aveia\\\/#primaryimage\"},\"thumbnailUrl\":\"https:\\\/\\\/www.2000m2.eu\\\/wp-content\\\/uploads\\\/Hafer_AH-1.jpg\",\"datePublished\":\"2024-09-11T14:54:00+00:00\",\"dateModified\":\"2025-09-15T09:50:24+00:00\",\"description\":\"Aveia, Avena sativa \u00c1rea global: 9 milh\u00f5es de hectares\u00c1rea nas terras agr\u00edcolas do Campo Global: 11,4 m\u00b2 (0,6%)Regi\u00e3o de origem: \u00c1sia Ocidental e Europa\",\"breadcrumb\":{\"@id\":\"https:\\\/\\\/www.2000m2.eu\\\/pt\\\/cultura\\\/aveia\\\/#breadcrumb\"},\"inLanguage\":\"pt-PT\",\"potentialAction\":[{\"@type\":\"ReadAction\",\"target\":[\"https:\\\/\\\/www.2000m2.eu\\\/pt\\\/cultura\\\/aveia\\\/\"]}]},{\"@type\":\"ImageObject\",\"inLanguage\":\"pt-PT\",\"@id\":\"https:\\\/\\\/www.2000m2.eu\\\/pt\\\/cultura\\\/aveia\\\/#primaryimage\",\"url\":\"https:\\\/\\\/www.2000m2.eu\\\/wp-content\\\/uploads\\\/Hafer_AH-1.jpg\",\"contentUrl\":\"https:\\\/\\\/www.2000m2.eu\\\/wp-content\\\/uploads\\\/Hafer_AH-1.jpg\",\"width\":2339,\"height\":1654,\"caption\":\"farbige Zeichnung von einer Hafer\u00e4hre\"},{\"@type\":\"BreadcrumbList\",\"@id\":\"https:\\\/\\\/www.2000m2.eu\\\/pt\\\/cultura\\\/aveia\\\/#breadcrumb\",\"itemListElement\":[{\"@type\":\"ListItem\",\"position\":1,\"name\":\"Home\",\"item\":\"https:\\\/\\\/www.2000m2.eu\\\/pt\\\/\"},{\"@type\":\"ListItem\",\"position\":2,\"name\":\"Aveia\"}]},{\"@type\":\"WebSite\",\"@id\":\"https:\\\/\\\/www.2000m2.eu\\\/pt\\\/#website\",\"url\":\"https:\\\/\\\/www.2000m2.eu\\\/pt\\\/\",\"name\":\"2000m2\",\"description\":\"\",\"publisher\":{\"@id\":\"https:\\\/\\\/www.2000m2.eu\\\/pt\\\/#organization\"},\"potentialAction\":[{\"@type\":\"SearchAction\",\"target\":{\"@type\":\"EntryPoint\",\"urlTemplate\":\"https:\\\/\\\/www.2000m2.eu\\\/pt\\\/?s={search_term_string}\"},\"query-input\":{\"@type\":\"PropertyValueSpecification\",\"valueRequired\":true,\"valueName\":\"search_term_string\"}}],\"inLanguage\":\"pt-PT\"},{\"@type\":\"Organization\",\"@id\":\"https:\\\/\\\/www.2000m2.eu\\\/pt\\\/#organization\",\"name\":\"2000m2\",\"url\":\"https:\\\/\\\/www.2000m2.eu\\\/pt\\\/\",\"logo\":{\"@type\":\"ImageObject\",\"inLanguage\":\"pt-PT\",\"@id\":\"https:\\\/\\\/www.2000m2.eu\\\/pt\\\/#\\\/schema\\\/logo\\\/image\\\/\",\"url\":\"https:\\\/\\\/www.2000m2.eu\\\/wp-content\\\/uploads\\\/logo.png\",\"contentUrl\":\"https:\\\/\\\/www.2000m2.eu\\\/wp-content\\\/uploads\\\/logo.png\",\"width\":445,\"height\":140,\"caption\":\"2000m2\"},\"image\":{\"@id\":\"https:\\\/\\\/www.2000m2.eu\\\/pt\\\/#\\\/schema\\\/logo\\\/image\\\/\"}}]}<\/script>\n<!-- \/ Yoast SEO plugin. -->","yoast_head_json":{"title":"Aveia - 2000m2","description":"Aveia, Avena sativa \u00c1rea global: 9 milh\u00f5es de hectares\u00c1rea nas terras agr\u00edcolas do Campo Global: 11,4 m\u00b2 (0,6%)Regi\u00e3o de origem: \u00c1sia Ocidental e Europa","robots":{"index":"index","follow":"follow","max-snippet":"max-snippet:-1","max-image-preview":"max-image-preview:large","max-video-preview":"max-video-preview:-1"},"canonical":"https:\/\/www.2000m2.eu\/pt\/cultura\/aveia\/","og_locale":"pt_PT","og_type":"article","og_title":"Aveia - 2000m2","og_description":"Aveia, Avena sativa \u00c1rea global: 9 milh\u00f5es de hectares\u00c1rea nas terras agr\u00edcolas do Campo Global: 11,4 m\u00b2 (0,6%)Regi\u00e3o de origem: \u00c1sia Ocidental e Europa","og_url":"https:\/\/www.2000m2.eu\/pt\/cultura\/aveia\/","og_site_name":"2000m2","article_modified_time":"2025-09-15T09:50:24+00:00","og_image":[{"width":2339,"height":1654,"url":"https:\/\/www.2000m2.eu\/wp-content\/uploads\/Hafer_AH-1.jpg","type":"image\/jpeg"}],"twitter_card":"summary_large_image","twitter_misc":{"Tempo estimado de leitura":"8 minutos"},"schema":{"@context":"https:\/\/schema.org","@graph":[{"@type":"WebPage","@id":"https:\/\/www.2000m2.eu\/pt\/cultura\/aveia\/","url":"https:\/\/www.2000m2.eu\/pt\/cultura\/aveia\/","name":"Aveia - 2000m2","isPartOf":{"@id":"https:\/\/www.2000m2.eu\/pt\/#website"},"primaryImageOfPage":{"@id":"https:\/\/www.2000m2.eu\/pt\/cultura\/aveia\/#primaryimage"},"image":{"@id":"https:\/\/www.2000m2.eu\/pt\/cultura\/aveia\/#primaryimage"},"thumbnailUrl":"https:\/\/www.2000m2.eu\/wp-content\/uploads\/Hafer_AH-1.jpg","datePublished":"2024-09-11T14:54:00+00:00","dateModified":"2025-09-15T09:50:24+00:00","description":"Aveia, Avena sativa \u00c1rea global: 9 milh\u00f5es de hectares\u00c1rea nas terras agr\u00edcolas do Campo Global: 11,4 m\u00b2 (0,6%)Regi\u00e3o de origem: \u00c1sia Ocidental e Europa","breadcrumb":{"@id":"https:\/\/www.2000m2.eu\/pt\/cultura\/aveia\/#breadcrumb"},"inLanguage":"pt-PT","potentialAction":[{"@type":"ReadAction","target":["https:\/\/www.2000m2.eu\/pt\/cultura\/aveia\/"]}]},{"@type":"ImageObject","inLanguage":"pt-PT","@id":"https:\/\/www.2000m2.eu\/pt\/cultura\/aveia\/#primaryimage","url":"https:\/\/www.2000m2.eu\/wp-content\/uploads\/Hafer_AH-1.jpg","contentUrl":"https:\/\/www.2000m2.eu\/wp-content\/uploads\/Hafer_AH-1.jpg","width":2339,"height":1654,"caption":"farbige Zeichnung von einer Hafer\u00e4hre"},{"@type":"BreadcrumbList","@id":"https:\/\/www.2000m2.eu\/pt\/cultura\/aveia\/#breadcrumb","itemListElement":[{"@type":"ListItem","position":1,"name":"Home","item":"https:\/\/www.2000m2.eu\/pt\/"},{"@type":"ListItem","position":2,"name":"Aveia"}]},{"@type":"WebSite","@id":"https:\/\/www.2000m2.eu\/pt\/#website","url":"https:\/\/www.2000m2.eu\/pt\/","name":"2000m2","description":"","publisher":{"@id":"https:\/\/www.2000m2.eu\/pt\/#organization"},"potentialAction":[{"@type":"SearchAction","target":{"@type":"EntryPoint","urlTemplate":"https:\/\/www.2000m2.eu\/pt\/?s={search_term_string}"},"query-input":{"@type":"PropertyValueSpecification","valueRequired":true,"valueName":"search_term_string"}}],"inLanguage":"pt-PT"},{"@type":"Organization","@id":"https:\/\/www.2000m2.eu\/pt\/#organization","name":"2000m2","url":"https:\/\/www.2000m2.eu\/pt\/","logo":{"@type":"ImageObject","inLanguage":"pt-PT","@id":"https:\/\/www.2000m2.eu\/pt\/#\/schema\/logo\/image\/","url":"https:\/\/www.2000m2.eu\/wp-content\/uploads\/logo.png","contentUrl":"https:\/\/www.2000m2.eu\/wp-content\/uploads\/logo.png","width":445,"height":140,"caption":"2000m2"},"image":{"@id":"https:\/\/www.2000m2.eu\/pt\/#\/schema\/logo\/image\/"}}]}},"_links":{"self":[{"href":"https:\/\/www.2000m2.eu\/pt\/wp-json\/wp\/v2\/crop\/16021","targetHints":{"allow":["GET"]}}],"collection":[{"href":"https:\/\/www.2000m2.eu\/pt\/wp-json\/wp\/v2\/crop"}],"about":[{"href":"https:\/\/www.2000m2.eu\/pt\/wp-json\/wp\/v2\/types\/crop"}],"wp:featuredmedia":[{"embeddable":true,"href":"https:\/\/www.2000m2.eu\/pt\/wp-json\/wp\/v2\/media\/16022"}],"wp:attachment":[{"href":"https:\/\/www.2000m2.eu\/pt\/wp-json\/wp\/v2\/media?parent=16021"}],"wp:term":[{"taxonomy":"post_tag","embeddable":true,"href":"https:\/\/www.2000m2.eu\/pt\/wp-json\/wp\/v2\/tags?post=16021"},{"taxonomy":"crops","embeddable":true,"href":"https:\/\/www.2000m2.eu\/pt\/wp-json\/wp\/v2\/crops?post=16021"}],"curies":[{"name":"wp","href":"https:\/\/api.w.org\/{rel}","templated":true}]}}