{"id":16023,"date":"2024-09-11T08:56:13","date_gmt":"2024-09-11T08:56:13","guid":{"rendered":"https:\/\/www.2000m2.eu\/crop\/trigo\/"},"modified":"2025-10-29T10:04:36","modified_gmt":"2025-10-29T10:04:36","slug":"trigo","status":"publish","type":"crop","link":"https:\/\/www.2000m2.eu\/pt\/cultura\/trigo\/","title":{"rendered":"Trigo"},"content":{"rendered":"\n<h2 class=\"wp-block-heading\">Trigo, Triticum<\/h2>\n\n<p><\/p>\n<style>.wp-block-kadence-column.kb-section-dir-horizontal > .kt-inside-inner-col > .kt-info-box138_1365ff-bd .kt-blocks-info-box-link-wrap{max-width:unset;}.kt-info-box138_1365ff-bd .kt-blocks-info-box-link-wrap{border-top-left-radius:15px;border-top-right-radius:15px;border-bottom-right-radius:15px;border-bottom-left-radius:15px;background:var(--accent);padding-top:var(--global-kb-spacing-xs, 1rem);padding-right:var(--global-kb-spacing-xs, 1rem);padding-bottom:var(--global-kb-spacing-xs, 1rem);padding-left:var(--global-kb-spacing-xs, 1rem);}.kt-info-box138_1365ff-bd.wp-block-kadence-infobox{max-width:100%;}.kt-info-box138_1365ff-bd .kadence-info-box-image-inner-intrisic-container{max-width:100px;}.kt-info-box138_1365ff-bd .kadence-info-box-image-inner-intrisic-container .kadence-info-box-image-intrisic{padding-bottom:100%;width:2339px;height:0px;max-width:100%;}.kt-info-box138_1365ff-bd .kadence-info-box-icon-container .kt-info-svg-icon, .kt-info-box138_1365ff-bd .kt-info-svg-icon-flip, .kt-info-box138_1365ff-bd .kt-blocks-info-box-number{font-size:25px;}.kt-info-box138_1365ff-bd .kt-blocks-info-box-media{color:var(--accent-3);background:var(--accent-4);border-color:#444444;border-radius:167px;overflow:hidden;border-top-width:0px;border-right-width:0px;border-bottom-width:0px;border-left-width:0px;padding-top:11px;padding-right:11px;padding-bottom:11px;padding-left:11px;margin-top:0px;margin-right:15px;margin-bottom:0px;margin-left:15px;}.kt-info-box138_1365ff-bd .kt-blocks-info-box-media .kadence-info-box-image-intrisic img{border-radius:167px;}.kt-info-box138_1365ff-bd .kt-infobox-textcontent .kt-blocks-info-box-text{color:#ffffff;}.kt-info-box138_1365ff-bd .kt-blocks-info-box-link-wrap:hover .kt-blocks-info-box-text{color:#ffffff;}.kt-info-box138_1365ff-bd .kt-blocks-info-box-learnmore{background:transparent;border-width:0px 0px 0px 0px;padding-top:4px;padding-right:8px;padding-bottom:4px;padding-left:8px;margin-top:10px;margin-right:0px;margin-bottom:10px;margin-left:0px;}@media all and (max-width: 767px){.kt-info-box138_1365ff-bd .kt-blocks-info-box-link-wrap{text-align:left;display:block;}.kt-info-box138_1365ff-bd .kt-blocks-info-box-link-wrap .kt-blocks-info-box-media{display:inline-block;max-width:100%;}}<\/style>\n<div class=\"wp-block-kadence-infobox kt-info-box138_1365ff-bd\"><span class=\"kt-blocks-info-box-link-wrap info-box-link kt-blocks-info-box-media-align-left kt-info-halign-left kb-info-box-vertical-media-align-top kb-info-mobile-halign-left\"><div class=\"kt-blocks-info-box-media-container\"><div class=\"kt-blocks-info-box-media kt-info-media-animate-none\"><div class=\"kadence-info-box-image-inner-intrisic-container\"><div class=\"kadence-info-box-image-intrisic kt-info-animate-none kb-info-box-image-ratio kb-info-box-image-ratio-square\"><div class=\"kadence-info-box-image-inner-intrisic\"><img decoding=\"async\" src=\"https:\/\/www.2000m2.eu\/wp-content\/uploads\/Weizen_weich_AH-1.jpg\" alt=\"\" width=\"2339\" height=\"1654\" class=\"kt-info-box-image wp-image-831\" srcset=\"https:\/\/www.2000m2.eu\/wp-content\/uploads\/Weizen_weich_AH-1.jpg 2339w, https:\/\/www.2000m2.eu\/wp-content\/uploads\/Weizen_weich_AH-1-300x212.jpg 300w, https:\/\/www.2000m2.eu\/wp-content\/uploads\/Weizen_weich_AH-1-768x543.jpg 768w, https:\/\/www.2000m2.eu\/wp-content\/uploads\/Weizen_weich_AH-1-1024x724.jpg 1024w, https:\/\/www.2000m2.eu\/wp-content\/uploads\/Weizen_weich_AH-1-1536x1086.jpg 1536w, https:\/\/www.2000m2.eu\/wp-content\/uploads\/Weizen_weich_AH-1-2048x1448.jpg 2048w\" sizes=\"(max-width: 2339px) 100vw, 2339px\" \/><\/div><\/div><\/div><\/div><\/div><div class=\"kt-infobox-textcontent\"><p class=\"kt-blocks-info-box-text\"><strong>Superf\u00edcie<\/strong><strong>global<\/strong>: 209 milh\u00f5es de hectares<br\/><strong>Superf\u00edcie no Campo Global<\/strong>: 264 m\u00b2 (13,2%)<br\/><strong>Regi\u00e3o de origem<\/strong>: M\u00e9dio Oriente (Egito, S\u00edria, Iraque)<br\/><strong>Principais \u00e1reas de cultivo<\/strong>: \u00cdndia, R\u00fassia, UE, China<br\/><strong>Utiliza\u00e7\u00e3o \/ principal utiliza\u00e7\u00e3o<\/strong>: Alimentos (farinha para p\u00e3o, massas), alimenta\u00e7\u00e3o animal<\/p><\/div><\/span><\/div>\n\n<p>O trigo \u00e9 a cultura com a maior \u00e1rea de Weltacker no mundo e, como um dos alimentos b\u00e1sicos mais importantes, cobre cerca de 20% das necessidades cal\u00f3ricas do mundo. No entanto, um quinto da colheita mundial \u00e9 dado como alimento aos animais. O trigo tamb\u00e9m se tornou conhecido na bolsa de valores como objeto de especula\u00e7\u00e3o e \u00e9 uma das culturas arvenses mais transaccionadas no mundo.  <\/p>\n\n<h2 class=\"wp-block-heading\">O trigo campe\u00e3o do mundo: Como \u00e9 que ele cresce? <\/h2>\n\n<p>Existem muitos tipos diferentes de trigo (por exemplo, trigo mole, trigo duro, espelta, einkorn e muitos outros) e milhares de variedades que foram criadas atrav\u00e9s do cruzamento de diferentes tipos de cereais e gram\u00edneas selvagens. Tal como o cruzamento original do trigo entre a espelta e uma gram\u00ednea selvagem, todas elas pertencem \u00e0 fam\u00edlia das gram\u00edneas doces <em>(Poaceae<\/em>). O trigo \u00e9 uma gram\u00ednea anual com espigas, geralmente sem &#8220;cerdas&#8221; (awns). A cultura erecta \u00e9 coberta por duas filas de gr\u00e3os que se alternam \u00e0 esquerda e \u00e0 direita do caule. Trata-se de uma planta de enraizamento intensivo, cujas ra\u00edzes atingem at\u00e9 um metro de profundidade no solo.    <\/p>\n\n<p>O trigo \u00e9 exigente e prefere uma relativa secura e calor, bem como solos pesados, ricos em nutrientes, de argila ou terra preta com uma elevada capacidade de \u00e1gua. O trigo de inverno \u00e9 mais produtivo do que o trigo de primavera, mas atinge rapidamente os seus limites biol\u00f3gicos nos climas mais setentrionais e continentais devido \u00e0 sua limitada resist\u00eancia \u00e0s geadas.  <\/p>\n<style>.wp-block-kadence-advancedgallery.kb-gallery-wrap-id-138_23fea4-f3{overflow:hidden;}.kb-gallery-type-carousel.kb-gallery-id-138_23fea4-f3 .kt-blocks-carousel .kt-blocks-carousel-init:not( .splide-initialized ){margin-left:-5px;margin-right:-5px;}.kb-gallery-type-carousel.kb-gallery-id-138_23fea4-f3 .kt-blocks-carousel .kt-blocks-carousel-init:not( .splide-initialized ) .kb-slide-item{padding-left:5px;padding-right:5px;}.kb-gallery-id-138_23fea4-f3 .kadence-blocks-gallery-item .kb-gal-image-radius, .kb-gallery-id-138_23fea4-f3 .kb-slide-item .kb-gal-image-radius img{border-radius:0px 0px 0px 0px;;}.kb-gallery-caption-style-cover-hover.kb-gallery-id-138_23fea4-f3 .kadence-blocks-gallery-item .kadence-blocks-gallery-item-inner .kadence-blocks-gallery-item__caption, .kb-gallery-caption-style-below.kb-gallery-id-138_23fea4-f3 .kadence-blocks-gallery-item .kadence-blocks-gallery-item-inner .kadence-blocks-gallery-item__caption{background:rgba(0, 0, 0, 0.5);}.kb-gallery-wrap-id-138_23fea4-f3.wp-block-kadence-advancedgallery{overflow:visible;}.kb-gallery-wrap-id-138_23fea4-f3.wp-block-kadence-advancedgallery .kt-blocks-carousel{overflow:visible;}<\/style><div class=\"kb-gallery-wrap-id-138_23fea4-f3 alignnone wp-block-kadence-advancedgallery\"><div class=\"kb-gallery-ul kb-gallery-non-static kb-gallery-type-carousel kb-gallery-id-138_23fea4-f3 kb-gallery-caption-style-below kb-gallery-filter-none\" data-image-filter=\"none\" data-lightbox-caption=\"true\"><div class=\"kt-blocks-carousel kt-carousel-container-dotstyle-dark\"><div class=\"kt-blocks-carousel-init kb-gallery-carousel kt-carousel-arrowstyle-whiteondark kt-carousel-dotstyle-dark kb-slider-group-arrow kb-slider-arrow-position-center\" data-columns-xxl=\"3\" data-columns-xl=\"3\" data-columns-md=\"3\" data-columns-sm=\"2\" data-columns-xs=\"1\" data-columns-ss=\"1\" data-slider-anim-speed=\"400\" data-slider-scroll=\"1\" data-slider-arrows=\"true\" data-slider-dots=\"true\" data-slider-hover-pause=\"false\" data-slider-auto=\"\" data-slider-speed=\"7000\" data-slider-gap=\"10px\" data-slider-gap-tablet=\"10px\" data-slider-gap-mobile=\"10px\" data-show-pause-button=\"false\" aria-label=\"Photo Gallery Carousel\"><li class=\"kb-slide-item kb-gallery-carousel-item\"><div class=\"kadence-blocks-gallery-item\"><div class=\"kadence-blocks-gallery-item-inner\"><figure class=\"kb-gallery-figure kadence-blocks-gallery-item-has-caption\"><div class=\"kb-gal-image-radius\"><div class=\"kb-gallery-image-contain kadence-blocks-gallery-intrinsic kb-gallery-image-ratio-land32 kb-has-image-ratio-land32\" ><img decoding=\"async\" src=\"https:\/\/www.2000m2.eu\/wp-content\/uploads\/58.jpg\" width=\"1024\" height=\"768\" alt=\"Fotografa um grande campo de trigo com trigo verde em filas.\" data-full-image=\"https:\/\/www.2000m2.eu\/wp-content\/uploads\/58.jpg\" data-light-image=\"https:\/\/www.2000m2.eu\/wp-content\/uploads\/58.jpg\" data-id=\"10608\" class=\"wp-image-10608 skip-lazy\"\/><\/div><\/div><figcaption class=\"kadence-blocks-gallery-item__caption\">Campo de trigo<\/figcaption><\/figure><\/div><\/div><\/li><li class=\"kb-slide-item kb-gallery-carousel-item\"><div class=\"kadence-blocks-gallery-item\"><div class=\"kadence-blocks-gallery-item-inner\"><figure class=\"kb-gallery-figure kadence-blocks-gallery-item-has-caption\"><div class=\"kb-gal-image-radius\"><div class=\"kb-gallery-image-contain kadence-blocks-gallery-intrinsic kb-gallery-image-ratio-land32 kb-has-image-ratio-land32\" ><img decoding=\"async\" src=\"https:\/\/www.2000m2.eu\/wp-content\/uploads\/55-1.jpg\" width=\"1024\" height=\"768\" alt=\"Fotografa uma espiga de trigo ainda verde: gr\u00e3os grandes, espigas compridas e uma folha verde alongada.\" data-full-image=\"https:\/\/www.2000m2.eu\/wp-content\/uploads\/55-1.jpg\" data-light-image=\"https:\/\/www.2000m2.eu\/wp-content\/uploads\/55-1.jpg\" data-id=\"10596\" class=\"wp-image-10596 skip-lazy\"\/><\/div><\/div><figcaption class=\"kadence-blocks-gallery-item__caption\">Espiga de trigo<\/figcaption><\/figure><\/div><\/div><\/li><li class=\"kb-slide-item kb-gallery-carousel-item\"><div class=\"kadence-blocks-gallery-item\"><div class=\"kadence-blocks-gallery-item-inner\"><figure class=\"kb-gallery-figure kadence-blocks-gallery-item-has-caption\"><div class=\"kb-gal-image-radius\"><div class=\"kb-gallery-image-contain kadence-blocks-gallery-intrinsic kb-gallery-image-ratio-land32 kb-has-image-ratio-land32\" ><img decoding=\"async\" src=\"https:\/\/www.2000m2.eu\/wp-content\/uploads\/60.jpg\" width=\"1024\" height=\"768\" alt=\"Espiga de trigo castanha com espigas compridas.\" data-full-image=\"https:\/\/www.2000m2.eu\/wp-content\/uploads\/60.jpg\" data-light-image=\"https:\/\/www.2000m2.eu\/wp-content\/uploads\/60.jpg\" data-id=\"10616\" class=\"wp-image-10616 skip-lazy\"\/><\/div><\/div><figcaption class=\"kadence-blocks-gallery-item__caption\">Espiga de trigo<\/figcaption><\/figure><\/div><\/div><\/li><li class=\"kb-slide-item kb-gallery-carousel-item\"><div class=\"kadence-blocks-gallery-item\"><div class=\"kadence-blocks-gallery-item-inner\"><figure class=\"kb-gallery-figure kadence-blocks-gallery-item-has-caption\"><div class=\"kb-gal-image-radius\"><div class=\"kb-gallery-image-contain kadence-blocks-gallery-intrinsic kb-gallery-image-ratio-land32 kb-has-image-ratio-land32\" ><img decoding=\"async\" src=\"https:\/\/www.2000m2.eu\/wp-content\/uploads\/56.jpg\" width=\"1024\" height=\"768\" alt=\"V\u00ea v\u00e1rias espigas de trigo castanhas com gr\u00e3os grandes e espigas compridas.\" data-full-image=\"https:\/\/www.2000m2.eu\/wp-content\/uploads\/56.jpg\" data-light-image=\"https:\/\/www.2000m2.eu\/wp-content\/uploads\/56.jpg\" data-id=\"10600\" class=\"wp-image-10600 skip-lazy\"\/><\/div><\/div><figcaption class=\"kadence-blocks-gallery-item__caption\">Plantas de trigo<\/figcaption><\/figure><\/div><\/div><\/li><li class=\"kb-slide-item kb-gallery-carousel-item\"><div class=\"kadence-blocks-gallery-item\"><div class=\"kadence-blocks-gallery-item-inner\"><figure class=\"kb-gallery-figure kadence-blocks-gallery-item-has-caption\"><div class=\"kb-gal-image-radius\"><div class=\"kb-gallery-image-contain kadence-blocks-gallery-intrinsic kb-gallery-image-ratio-land32 kb-has-image-ratio-land32\" ><img decoding=\"async\" src=\"https:\/\/www.2000m2.eu\/wp-content\/uploads\/59-1.jpg\" width=\"1024\" height=\"768\" alt=\"Muitos gr\u00e3os de trigo s\u00e3o fotografados - gr\u00e3os castanhos com uma fenda no centro.\" data-full-image=\"https:\/\/www.2000m2.eu\/wp-content\/uploads\/59-1.jpg\" data-light-image=\"https:\/\/www.2000m2.eu\/wp-content\/uploads\/59-1.jpg\" data-id=\"10612\" class=\"wp-image-10612 skip-lazy\"\/><\/div><\/div><figcaption class=\"kadence-blocks-gallery-item__caption\">Gr\u00e3os de trigo<\/figcaption><\/figure><\/div><\/div><\/li><li class=\"kb-slide-item kb-gallery-carousel-item\"><div class=\"kadence-blocks-gallery-item\"><div class=\"kadence-blocks-gallery-item-inner\"><figure class=\"kb-gallery-figure kadence-blocks-gallery-item-has-caption\"><div class=\"kb-gal-image-radius\"><div class=\"kb-gallery-image-contain kadence-blocks-gallery-intrinsic kb-gallery-image-ratio-land32 kb-has-image-ratio-land32\" ><img decoding=\"async\" src=\"https:\/\/www.2000m2.eu\/wp-content\/uploads\/54.jpg\" width=\"1024\" height=\"768\" alt=\"Muitos gr\u00e3os de trigo s\u00e3o fotografados - gr\u00e3os castanhos com uma fenda no centro.\" data-full-image=\"https:\/\/www.2000m2.eu\/wp-content\/uploads\/54.jpg\" data-light-image=\"https:\/\/www.2000m2.eu\/wp-content\/uploads\/54.jpg\" data-id=\"10592\" class=\"wp-image-10592 skip-lazy\"\/><\/div><\/div><figcaption class=\"kadence-blocks-gallery-item__caption\">Trigo<\/figcaption><\/figure><\/div><\/div><\/li><\/div><\/div><\/div><\/div>\n<p>O trigo mole (Triticum Aestivum), que normalmente cresce mais do que o trigo duro (Triticum Durum, a segunda variedade mais comum), \u00e9 cultivado a 90%. Ao contr\u00e1rio dos seus antecessores einkorn e emmer, o gr\u00e3o de trigo pode ser facilmente separado das cascas e, por conseguinte, processado mais rapidamente. <\/p>\n\n<p>O gr\u00e3o de trigo \u00e9 composto por 70% de amido, 10-14% de prote\u00ednas &#8211; incluindo a prote\u00edna do gl\u00faten, que pode provocar intoler\u00e2ncias mais ou menos pronunciadas em algumas pessoas &#8211; e 12% de \u00e1gua. Os minerais, as vitaminas B, a vitamina E e as fibras est\u00e3o moderadamente contidos na casca exterior do gr\u00e3o. <\/p>\n\n<h2 class=\"wp-block-heading\">Do Crescente F\u00e9rtil para o mundo inteiro<\/h2>\n\n<p>O nosso trigo moderno \u00e9 cultivado desde o per\u00edodo Neol\u00edtico e \u00e9 origin\u00e1rio do chamado Crescente F\u00e9rtil e da Mesopot\u00e2mia (que inclui os actuais Israel, Jord\u00e2nia, sul da Turquia, Curdist\u00e3o, L\u00edbano, S\u00edria, Chipre, Iraque e Ir\u00e3o ocidental). O trigo espalhou-se por todo o mundo, ganhando import\u00e2ncia como alimento b\u00e1sico: chegou \u00e0 Europa h\u00e1 cerca de 9500 a 7000 anos, viajando ao longo da Rota da Seda para a \u00cdndia h\u00e1 8500 anos e para a China h\u00e1 4500 anos. Mais tarde (h\u00e1 mais de 2000 anos) chegou tamb\u00e9m ao Norte de \u00c1frica e com a ocupa\u00e7\u00e3o colonial da Am\u00e9rica do Sul e do Norte a partir do s\u00e9culo XVI. Devido \u00e0 sua facilidade de transporte, os cereais, a farinha e o p\u00e3o eram ideais como provis\u00f5es de viagem. Desde os tempos mais remotos que o trigo tem sido objeto de com\u00e9rcio, meio de pagamento e parte do pagamento de tributos.    <\/p>\n\n<p>Com a intensifica\u00e7\u00e3o do cultivo desde a Idade M\u00e9dia at\u00e9 aos tempos modernos, os celeiros do mundo surgiram na Europa, \u00cdndia, China, R\u00fassia, Ucr\u00e2nia, EUA e Argentina &#8211; em parte como parte da coloniza\u00e7\u00e3o. Se, at\u00e9 aos tempos modernos, o trigo era consumido principalmente pela popula\u00e7\u00e3o abastada, devido \u00e0s pequenas quantidades cultivadas e aos elevados custos de transporte, esta situa\u00e7\u00e3o alterou-se com a expans\u00e3o das redes ferrovi\u00e1rias e a industrializa\u00e7\u00e3o dos moinhos de cereais a partir do final do s\u00e9culo XVIII. Esta situa\u00e7\u00e3o levou a uma expans\u00e3o significativa do cultivo, com o aumento dos volumes de produ\u00e7\u00e3o a ser gerido pela utiliza\u00e7\u00e3o de m\u00e1quinas de colheita.  <\/p>\n\n<p>A colheita global de trigo em 2022 foi superior a 800 milh\u00f5es de toneladas, o que faz do trigo a segunda maior colheita depois do milho. Os maiores pa\u00edses produtores s\u00e3o os Estados da UE, a China, a \u00cdndia, onde se consome a maior parte do trigo a n\u00edvel mundial, bem como a R\u00fassia e os EUA. Para al\u00e9m da China, estes pa\u00edses est\u00e3o tamb\u00e9m entre os maiores exportadores de trigo, juntamente com a Austr\u00e1lia e o Canad\u00e1. O Egito, a Indon\u00e9sia, a Arg\u00e9lia, o Brasil e o Bangladesh s\u00e3o importadores de trigo particularmente importantes. Devido \u00e0s condi\u00e7\u00f5es climat\u00e9ricas, o trigo quase n\u00e3o \u00e9 cultivado na regi\u00e3o.    <\/p>\n\n<h2 class=\"wp-block-heading\">P\u00e3o, massa, bolos: todos de trigo!<\/h2>\n\n<p>Como g\u00e9nero aliment\u00edcio, \u00e9 sobretudo o trigo mole que \u00e9 cultivado para produzir a farinha, utilizada para fazer o p\u00e3o branco e muitos tipos de bolos. \u00c9 tamb\u00e9m gra\u00e7as ao seu elevado valor nutritivo &#8211; 100 gramas fornecem 339 quilocalorias &#8211; que o trigo se tornou t\u00e3o difundido. Na \u00c1sia e em muitas regi\u00f5es de \u00c1frica, s\u00e3o particularmente populares os p\u00e3es achatados cozidos numa frigideira, ao lume ou em fornos; na Europa e na Am\u00e9rica do Norte, \u00e9 particularmente popular uma grande variedade de formas de p\u00e3o, desde baguetes e torradas a p\u00e3ezinhos, que tamb\u00e9m est\u00e3o dispon\u00edveis como p\u00e3ezinhos cozidos a vapor na China.  <\/p>\n\n<p>Quer seja p\u00e3o, bolo ou massa &#8211; todas as massas s\u00e3o compostas principalmente por farinha e \u00e1gua. Depois h\u00e1 sal, a\u00e7\u00facar e \u00f3leo ou manteiga, possivelmente tamb\u00e9m levedura para o p\u00e3o, ou ovo para massas e bolos. O tipo de farinha tem uma grande influ\u00eancia no produto final, uma vez que determina quais os componentes do gr\u00e3o que s\u00e3o mo\u00eddos. Se as cascas (farelo) dos produtos integrais tamb\u00e9m forem mo\u00eddas, a farinha ser\u00e1 tanto mais fina, de cor mais clara e rica em gl\u00faten quanto mais componentes do gr\u00e3o forem removidos. Por conseguinte, a farinha fina do tipo 405, a farinha para pizza ainda mais fina do tipo 00 ou a farinha branca refinada indiana Maida t\u00eam propriedades de panifica\u00e7\u00e3o diferentes das de uma farinha integral do tipo 1600.    <\/p>\n\n<p><\/p>\n<style>.wp-block-kadence-advancedgallery.kb-gallery-wrap-id-138_f540c0-18{overflow:hidden;}.kb-gallery-type-carousel.kb-gallery-id-138_f540c0-18 .kt-blocks-carousel .kt-blocks-carousel-init:not( .splide-initialized ){margin-left:-5px;margin-right:-5px;}.kb-gallery-type-carousel.kb-gallery-id-138_f540c0-18 .kt-blocks-carousel .kt-blocks-carousel-init:not( .splide-initialized ) .kb-slide-item{padding-left:5px;padding-right:5px;}.kb-gallery-id-138_f540c0-18 .kadence-blocks-gallery-item .kb-gal-image-radius, .kb-gallery-id-138_f540c0-18 .kb-slide-item .kb-gal-image-radius img{border-radius:0px 0px 0px 0px;;}.kb-gallery-caption-style-cover-hover.kb-gallery-id-138_f540c0-18 .kadence-blocks-gallery-item .kadence-blocks-gallery-item-inner .kadence-blocks-gallery-item__caption, .kb-gallery-caption-style-below.kb-gallery-id-138_f540c0-18 .kadence-blocks-gallery-item .kadence-blocks-gallery-item-inner .kadence-blocks-gallery-item__caption{background:rgba(0, 0, 0, 0.5);}.kb-gallery-wrap-id-138_f540c0-18.wp-block-kadence-advancedgallery{overflow:visible;}.kb-gallery-wrap-id-138_f540c0-18.wp-block-kadence-advancedgallery .kt-blocks-carousel{overflow:visible;}<\/style><div class=\"kb-gallery-wrap-id-138_f540c0-18 alignnone wp-block-kadence-advancedgallery\"><div class=\"kb-gallery-ul kb-gallery-non-static kb-gallery-type-carousel kb-gallery-id-138_f540c0-18 kb-gallery-caption-style-below kb-gallery-filter-none\" data-image-filter=\"none\" data-lightbox-caption=\"true\"><div class=\"kt-blocks-carousel kt-carousel-container-dotstyle-dark\"><div class=\"kt-blocks-carousel-init kb-gallery-carousel kt-carousel-arrowstyle-whiteondark kt-carousel-dotstyle-dark kb-slider-group-arrow kb-slider-arrow-position-center\" data-columns-xxl=\"3\" data-columns-xl=\"3\" data-columns-md=\"3\" data-columns-sm=\"2\" data-columns-xs=\"1\" data-columns-ss=\"1\" data-slider-anim-speed=\"400\" data-slider-scroll=\"1\" data-slider-arrows=\"true\" data-slider-dots=\"true\" data-slider-hover-pause=\"false\" data-slider-auto=\"\" data-slider-speed=\"7000\" data-slider-gap=\"10px\" data-slider-gap-tablet=\"10px\" data-slider-gap-mobile=\"10px\" data-show-pause-button=\"false\" aria-label=\"Photo Gallery Carousel\"><li class=\"kb-slide-item kb-gallery-carousel-item\"><div class=\"kadence-blocks-gallery-item\"><div class=\"kadence-blocks-gallery-item-inner\"><figure class=\"kb-gallery-figure kadence-blocks-gallery-item-has-caption\"><div class=\"kb-gal-image-radius\"><div class=\"kb-gallery-image-contain kadence-blocks-gallery-intrinsic kb-gallery-image-ratio-land32 kb-has-image-ratio-land32\" ><img decoding=\"async\" src=\"https:\/\/www.2000m2.eu\/wp-content\/uploads\/61-1.jpg\" width=\"1024\" height=\"768\" alt=\"Coloca uma fatia de p\u00e3o de trigo sobre um pano branco.\" data-full-image=\"https:\/\/www.2000m2.eu\/wp-content\/uploads\/61-1.jpg\" data-light-image=\"https:\/\/www.2000m2.eu\/wp-content\/uploads\/61-1.jpg\" data-id=\"10633\" class=\"wp-image-10633 skip-lazy\"\/><\/div><\/div><figcaption class=\"kadence-blocks-gallery-item__caption\">P\u00e3o de trigo<\/figcaption><\/figure><\/div><\/div><\/li><li class=\"kb-slide-item kb-gallery-carousel-item\"><div class=\"kadence-blocks-gallery-item\"><div class=\"kadence-blocks-gallery-item-inner\"><figure class=\"kb-gallery-figure kadence-blocks-gallery-item-has-caption\"><div class=\"kb-gal-image-radius\"><div class=\"kb-gallery-image-contain kadence-blocks-gallery-intrinsic kb-gallery-image-ratio-land32 kb-has-image-ratio-land32\" ><img decoding=\"async\" src=\"https:\/\/www.2000m2.eu\/wp-content\/uploads\/63-1.jpg\" width=\"1024\" height=\"768\" alt=\"Cinco p\u00e3es achatados est\u00e3o sobre uma t\u00e1bua.\" data-full-image=\"https:\/\/www.2000m2.eu\/wp-content\/uploads\/63-1.jpg\" data-light-image=\"https:\/\/www.2000m2.eu\/wp-content\/uploads\/63-1.jpg\" data-id=\"10641\" class=\"wp-image-10641 skip-lazy\"\/><\/div><\/div><figcaption class=\"kadence-blocks-gallery-item__caption\">P\u00e3o de forma<\/figcaption><\/figure><\/div><\/div><\/li><li class=\"kb-slide-item kb-gallery-carousel-item\"><div class=\"kadence-blocks-gallery-item\"><div class=\"kadence-blocks-gallery-item-inner\"><figure class=\"kb-gallery-figure kadence-blocks-gallery-item-has-caption\"><div class=\"kb-gal-image-radius\"><div class=\"kb-gallery-image-contain kadence-blocks-gallery-intrinsic kb-gallery-image-ratio-land32 kb-has-image-ratio-land32\" ><img decoding=\"async\" src=\"https:\/\/www.2000m2.eu\/wp-content\/uploads\/65.jpg\" width=\"1024\" height=\"768\" alt=\"O esparguete, o fusilli e o penne s\u00e3o colocados uns em cima dos outros.\" data-full-image=\"https:\/\/www.2000m2.eu\/wp-content\/uploads\/65.jpg\" data-light-image=\"https:\/\/www.2000m2.eu\/wp-content\/uploads\/65.jpg\" data-id=\"10649\" class=\"wp-image-10649 skip-lazy\"\/><\/div><\/div><figcaption class=\"kadence-blocks-gallery-item__caption\">Varia\u00e7\u00f5es de massa<\/figcaption><\/figure><\/div><\/div><\/li><li class=\"kb-slide-item kb-gallery-carousel-item\"><div class=\"kadence-blocks-gallery-item\"><div class=\"kadence-blocks-gallery-item-inner\"><figure class=\"kb-gallery-figure kadence-blocks-gallery-item-has-caption\"><div class=\"kb-gal-image-radius\"><div class=\"kb-gallery-image-contain kadence-blocks-gallery-intrinsic kb-gallery-image-ratio-land32 kb-has-image-ratio-land32\" ><img decoding=\"async\" src=\"https:\/\/www.2000m2.eu\/wp-content\/uploads\/67.jpg\" width=\"1024\" height=\"768\" alt=\"Num forno tandoori, o roti \u00e9 cozido na parede interior do forno, em lume aberto.\" data-full-image=\"https:\/\/www.2000m2.eu\/wp-content\/uploads\/67.jpg\" data-light-image=\"https:\/\/www.2000m2.eu\/wp-content\/uploads\/67.jpg\" data-id=\"10629\" class=\"wp-image-10629 skip-lazy\"\/><\/div><\/div><figcaption class=\"kadence-blocks-gallery-item__caption\">Tandoori Roti<\/figcaption><\/figure><\/div><\/div><\/li><li class=\"kb-slide-item kb-gallery-carousel-item\"><div class=\"kadence-blocks-gallery-item\"><div class=\"kadence-blocks-gallery-item-inner\"><figure class=\"kb-gallery-figure kadence-blocks-gallery-item-has-caption\"><div class=\"kb-gal-image-radius\"><div class=\"kb-gallery-image-contain kadence-blocks-gallery-intrinsic kb-gallery-image-ratio-land32 kb-has-image-ratio-land32\" ><img decoding=\"async\" src=\"https:\/\/www.2000m2.eu\/wp-content\/uploads\/66.jpg\" width=\"1024\" height=\"768\" alt=\"Podes ver alguns croissants na fotografia.\" data-full-image=\"https:\/\/www.2000m2.eu\/wp-content\/uploads\/66.jpg\" data-light-image=\"https:\/\/www.2000m2.eu\/wp-content\/uploads\/66.jpg\" data-id=\"10625\" class=\"wp-image-10625 skip-lazy\"\/><\/div><\/div><figcaption class=\"kadence-blocks-gallery-item__caption\">Croissants<\/figcaption><\/figure><\/div><\/div><\/li><li class=\"kb-slide-item kb-gallery-carousel-item\"><div class=\"kadence-blocks-gallery-item\"><div class=\"kadence-blocks-gallery-item-inner\"><figure class=\"kb-gallery-figure kadence-blocks-gallery-item-has-caption\"><div class=\"kb-gal-image-radius\"><div class=\"kb-gallery-image-contain kadence-blocks-gallery-intrinsic kb-gallery-image-ratio-land32 kb-has-image-ratio-land32\" ><img decoding=\"async\" src=\"https:\/\/www.2000m2.eu\/wp-content\/uploads\/62.jpg\" width=\"1024\" height=\"768\" alt=\"Tr\u00eas pequenos p\u00e3es repousam sobre um pano.\" data-full-image=\"https:\/\/www.2000m2.eu\/wp-content\/uploads\/62.jpg\" data-light-image=\"https:\/\/www.2000m2.eu\/wp-content\/uploads\/62.jpg\" data-id=\"10637\" class=\"wp-image-10637 skip-lazy\"\/><\/div><\/div><figcaption class=\"kadence-blocks-gallery-item__caption\">P\u00e3es<\/figcaption><\/figure><\/div><\/div><\/li><\/div><\/div><\/div><\/div>\n<p>Para al\u00e9m do bulgur e do cuscuz, o trigo duro \u00e9 utilizado principalmente para produzir massas. Em 2021, esta produ\u00e7\u00e3o atingiu 16,9 milh\u00f5es de toneladas em todo o mundo e, com mais de 500 variedades, nenhum outro pa\u00eds produziu tantos tipos de massa como a It\u00e1lia. <\/p>\n\n<p>O trigo \u00e9 tamb\u00e9m utilizado na produ\u00e7\u00e3o de cerveja, u\u00edsque e \u00f3leo alimentar.<\/p>\n\n<p>O trigo provoca intoler\u00e2ncias em algumas pessoas &#8211; por exemplo, alergia ao trigo ou doen\u00e7a cel\u00edaca. Podes encontrar uma vis\u00e3o geral completa das intoler\u00e2ncias ao trigo no <a href=\"https:\/\/www.zentrum-der-gesundheit.de\/ernaehrung\/lebensmittel\/getreide-uebersicht\/weizen#weizenunvertrglichkeiten_im_berblick\">Centre for Health<\/a>, por exemplo. <\/p>\n\n<p><\/p>\n<style>.wp-block-kadence-column.kb-section-dir-horizontal > .kt-inside-inner-col > .kt-info-box138_d5bd00-ce .kt-blocks-info-box-link-wrap{max-width:unset;}.kt-info-box138_d5bd00-ce .kt-blocks-info-box-link-wrap{border-top-left-radius:15px;border-top-right-radius:15px;border-bottom-right-radius:15px;border-bottom-left-radius:15px;background:var(--accent-4);padding-top:var(--global-kb-spacing-xs, 1rem);padding-right:var(--global-kb-spacing-xs, 1rem);padding-bottom:var(--global-kb-spacing-xs, 1rem);padding-left:var(--global-kb-spacing-xs, 1rem);}.kt-info-box138_d5bd00-ce .kadence-info-box-icon-container .kt-info-svg-icon, .kt-info-box138_d5bd00-ce .kt-info-svg-icon-flip, .kt-info-box138_d5bd00-ce .kt-blocks-info-box-number{font-size:50px;}.kt-info-box138_d5bd00-ce .kt-blocks-info-box-media{border-top-width:0px;border-right-width:0px;border-bottom-width:0px;border-left-width:0px;padding-top:10px;padding-right:10px;padding-bottom:10px;padding-left:10px;margin-top:0px;margin-right:15px;margin-bottom:0px;margin-left:15px;}.kt-info-box138_d5bd00-ce .kt-infobox-textcontent .kt-blocks-info-box-text{color:var(--contrast);}.kt-info-box138_d5bd00-ce .kt-blocks-info-box-learnmore{background:transparent;border-width:0px 0px 0px 0px;padding-top:4px;padding-right:8px;padding-bottom:4px;padding-left:8px;margin-top:10px;margin-right:0px;margin-bottom:10px;margin-left:0px;}@media all and (max-width: 767px){.kt-info-box138_d5bd00-ce .kt-blocks-info-box-link-wrap{display:block;}.kt-info-box138_d5bd00-ce .kt-blocks-info-box-link-wrap .kt-blocks-info-box-media{display:inline-block;max-width:100%;}}<\/style>\n<div class=\"wp-block-kadence-infobox kt-info-box138_d5bd00-ce\"><span class=\"kt-blocks-info-box-link-wrap info-box-link kt-blocks-info-box-media-align-left kt-info-halign-left kb-info-box-vertical-media-align-top\"><div class=\"kt-blocks-info-box-media-container\"><div class=\"kt-blocks-info-box-media kt-info-media-animate-none\"><div class=\"kadence-info-box-icon-container kt-info-icon-animate-none\"><div class=\"kadence-info-box-icon-inner-container\"><span class=\"kb-svg-icon-wrap kb-svg-icon-fas_info-circle kt-info-svg-icon\"><svg viewBox=\"0 0 512 512\"  fill=\"currentColor\" xmlns=\"http:\/\/www.w3.org\/2000\/svg\"  aria-hidden=\"true\"><path d=\"M256 8C119.043 8 8 119.083 8 256c0 136.997 111.043 248 248 248s248-111.003 248-248C504 119.083 392.957 8 256 8zm0 110c23.196 0 42 18.804 42 42s-18.804 42-42 42-42-18.804-42-42 18.804-42 42-42zm56 254c0 6.627-5.373 12-12 12h-88c-6.627 0-12-5.373-12-12v-24c0-6.627 5.373-12 12-12h12v-64h-12c-6.627 0-12-5.373-12-12v-24c0-6.627 5.373-12 12-12h64c6.627 0 12 5.373 12 12v100h12c6.627 0 12 5.373 12 12v24z\"\/><\/svg><\/span><\/div><\/div><\/div><\/div><div class=\"kt-infobox-textcontent\"><h2 class=\"kt-blocks-info-box-title\">Sabias que? <\/h2><p class=\"kt-blocks-info-box-text\">No romance &#8220;As Vinhas da Ira&#8221;, de John Steinbeck, e no filme hom\u00f3nimo de John Ford, o trigo \u00e9 o principal protagonista, tendo como pano de fundo uma cat\u00e1strofe natural que ainda hoje perdura na mem\u00f3ria colectiva dos americanos.<br\/>Nos EUA, o slogan &#8220;O trigo vencer\u00e1 a guerra&#8221; e o aumento constante dos pre\u00e7os do trigo &#8211; sobretudo desde a Primeira Guerra Mundial &#8211; transformaram as Grandes Plan\u00edcies (Midwest) numa vasta regi\u00e3o cereal\u00edfera. Um rep\u00f3rter cunhou o termo &#8220;Dust Bowl&#8221; quando uma forte tempestade de poeira varreu o Kansas, o Colorado, o Oklahoma, o Texas e o Novo M\u00e9xico em abril de 1935, transformando uma \u00e1rea com quase o dobro da dimens\u00e3o da Rep\u00fablica Federal da Alemanha num deserto desolado. Por um lado, este grave desastre ambiental foi a consequ\u00eancia de uma seca que j\u00e1 tinha come\u00e7ado na d\u00e9cada de 1930. Por outro lado, resultou do tratamento impiedoso e orientado para o lucro dado \u00e0 terra pelos agricultores. Em 1888, apenas 3% do trigo era cultivado no centro das Grandes Plan\u00edcies; em 1930, representava mais de 90% da colheita. O facto de as enormes ceifeiras-debulhadoras destru\u00edrem ou corroerem rapidamente a fina camada superficial do solo das pradarias s\u00f3 incomodava alguns propriet\u00e1rios, quase um quinto dos quais tinha a sua resid\u00eancia principal nas cidades, como especuladores, na d\u00e9cada de 1930. Centenas de milhares de pessoas perderam os seus meios de subsist\u00eancia em consequ\u00eancia da cat\u00e1strofe do Dust Bowl.      <\/p><\/div><\/span><\/div>\n\n<h2 class=\"wp-block-heading\">Trigo no mercado &#8211; um objeto de especula\u00e7\u00e3o<\/h2>\n\n<p>O trigo ocupa mais de 13% das terras ar\u00e1veis do mundo e est\u00e1 no centro das aten\u00e7\u00f5es da pol\u00edtica, do com\u00e9rcio e da ind\u00fastria agr\u00edcola devido ao seu papel como um dos principais g\u00e9neros aliment\u00edcios do mundo.<\/p>\n\n<p>O trigo \u00e9 transaccionado na bolsa e \u00e9, por conseguinte, objeto de especula\u00e7\u00e3o, com apostas sobre as flutua\u00e7\u00f5es dos volumes de colheita devido ao clima ou \u00e0 guerra. Esta situa\u00e7\u00e3o \u00e9 agravada pela depend\u00eancia de um pequeno n\u00famero de grandes empresas agr\u00edcolas. Os pa\u00edses dependentes das importa\u00e7\u00f5es, em particular, sentem o impacto direto da flutua\u00e7\u00e3o dos pre\u00e7os do mercado mundial nos pre\u00e7os do p\u00e3o e, consequentemente, na situa\u00e7\u00e3o alimentar geral. Por exemplo, o ataque da R\u00fassia \u00e0 Ucr\u00e2nia em 2022 fez com que os pre\u00e7os dos cereais, j\u00e1 elevados, aumentassem ainda mais, apesar de n\u00e3o haver escassez de um grama de trigo na altura. N\u00e3o houve escassez no in\u00edcio da guerra, mas houve quem a esperasse e quisesse ganhar muito dinheiro com ela. Desde ent\u00e3o, o pre\u00e7o tem flutuado muito.     <\/p>\n\n<p>Independentemente disso, os volumes das colheitas devem continuar a aumentar e, assim, a industrializa\u00e7\u00e3o da agricultura maioritariamente convencional est\u00e1 a ser impulsionada. O trigo \u00e9 sens\u00edvel, pelo que se utilizam venenos para combater pragas, fungos e ervas daninhas &#8211; e necessita de muito azoto, raz\u00e3o pela qual se utilizam muitos fertilizantes artificiais (supostamente baratos). Isto tem consequ\u00eancias negativas, como a lixivia\u00e7\u00e3o e o envenenamento do solo por fertilizantes e pesticidas, a suscetibilidade a pragas devido \u00e0 monocultura e \u00e0 utiliza\u00e7\u00e3o de pesticidas, a perda de biodiversidade, o aumento das emiss\u00f5es de CO2 e muito mais. A camada superficial do solo est\u00e1 a ser cada vez mais reduzida atrav\u00e9s de uma utiliza\u00e7\u00e3o intensiva e unilateral, com maquinaria pesada a compactar o que resta. Isto, por sua vez, reduz a capacidade do solo de absorver \u00e1gua em caso de chuvas (fortes). Uma resposta \u00e0s altera\u00e7\u00f5es ambientais e \u00e0s pragas \u00e9 procurada nas ra\u00e7as geneticamente modificadas &#8211; mas estas s\u00f3 &#8220;funcionam&#8221; num sistema agr\u00edcola industrializado e acarretam riscos extensos e pouco estudados para a biodiversidade, a sa\u00fade dos solos e os agricultores. Por exemplo, a ind\u00fastria de sementes est\u00e1 a desenvolver um tipo h\u00edbrido de trigo resistente a pesticidas como o glifosato, o que torna os agricultores dependentes desse produto &#8211; um c\u00edrculo vicioso.      <\/p>\n\n<h2 class=\"wp-block-heading\">Fontes <\/h2>\n\n<p>Sodi!: <a href=\"https:\/\/historyoffood.sodi.de\/weizen\/\">Hist\u00f3ria da Alimenta\u00e7\u00e3o: Trigo<\/a><br\/>Centro de Sa\u00fade: <a href=\"https:\/\/www.zentrum-der-gesundheit.de\/ernaehrung\/lebensmittel\/getreide-uebersicht\/weizen\">Trigo &#8211; Os tipos e a toler\u00e2ncia<\/a><br\/><\/p>\n","protected":false},"excerpt":{"rendered":"<p>Trigo, Triticum O trigo \u00e9 a cultura com a maior \u00e1rea de Weltacker no mundo e, como um dos alimentos b\u00e1sicos mais importantes, cobre cerca de 20% das necessidades cal\u00f3ricas do mundo. No entanto, um quinto da colheita mundial \u00e9 dado como alimento aos animais. O trigo tamb\u00e9m se tornou conhecido na bolsa de valores&#8230;<\/p>\n","protected":false},"featured_media":16024,"parent":0,"menu_order":256,"template":"","tags":[],"crops":[209],"class_list":["post-16023","crop","type-crop","status-publish","has-post-thumbnail","hentry","crops-cereais"],"yoast_head":"<!-- This site is optimized with the Yoast SEO plugin v27.4 - https:\/\/yoast.com\/product\/yoast-seo-wordpress\/ -->\n<title>Trigo - 2000m2<\/title>\n<meta name=\"description\" content=\"Trigo, Triticum Superf\u00edcieglobal: 209 milh\u00f5es de hectaresSuperf\u00edcie no Campo Global: 264 m\u00b2 (13,2%)Regi\u00e3o de origem: M\u00e9dio Oriente (Egito, S\u00edria,\" \/>\n<meta name=\"robots\" content=\"index, follow, max-snippet:-1, max-image-preview:large, max-video-preview:-1\" \/>\n<link rel=\"canonical\" href=\"https:\/\/www.2000m2.eu\/pt\/cultura\/trigo\/\" \/>\n<meta property=\"og:locale\" content=\"pt_PT\" \/>\n<meta property=\"og:type\" content=\"article\" \/>\n<meta property=\"og:title\" content=\"Trigo - 2000m2\" \/>\n<meta property=\"og:description\" content=\"Trigo, Triticum Superf\u00edcieglobal: 209 milh\u00f5es de hectaresSuperf\u00edcie no Campo Global: 264 m\u00b2 (13,2%)Regi\u00e3o de origem: M\u00e9dio Oriente (Egito, S\u00edria,\" \/>\n<meta property=\"og:url\" content=\"https:\/\/www.2000m2.eu\/pt\/cultura\/trigo\/\" \/>\n<meta property=\"og:site_name\" content=\"2000m2\" \/>\n<meta property=\"article:modified_time\" content=\"2025-10-29T10:04:36+00:00\" \/>\n<meta property=\"og:image\" content=\"https:\/\/www.2000m2.eu\/wp-content\/uploads\/Weizen_weich_AH-1.jpg\" \/>\n\t<meta property=\"og:image:width\" content=\"2339\" \/>\n\t<meta property=\"og:image:height\" content=\"1654\" \/>\n\t<meta property=\"og:image:type\" content=\"image\/jpeg\" \/>\n<meta name=\"twitter:card\" content=\"summary_large_image\" \/>\n<meta name=\"twitter:label1\" content=\"Tempo estimado de leitura\" \/>\n\t<meta name=\"twitter:data1\" content=\"8 minutos\" \/>\n<script type=\"application\/ld+json\" class=\"yoast-schema-graph\">{\"@context\":\"https:\\\/\\\/schema.org\",\"@graph\":[{\"@type\":\"WebPage\",\"@id\":\"https:\\\/\\\/www.2000m2.eu\\\/pt\\\/cultura\\\/trigo\\\/\",\"url\":\"https:\\\/\\\/www.2000m2.eu\\\/pt\\\/cultura\\\/trigo\\\/\",\"name\":\"Trigo - 2000m2\",\"isPartOf\":{\"@id\":\"https:\\\/\\\/www.2000m2.eu\\\/pt\\\/#website\"},\"primaryImageOfPage\":{\"@id\":\"https:\\\/\\\/www.2000m2.eu\\\/pt\\\/cultura\\\/trigo\\\/#primaryimage\"},\"image\":{\"@id\":\"https:\\\/\\\/www.2000m2.eu\\\/pt\\\/cultura\\\/trigo\\\/#primaryimage\"},\"thumbnailUrl\":\"https:\\\/\\\/www.2000m2.eu\\\/wp-content\\\/uploads\\\/Weizen_weich_AH-1.jpg\",\"datePublished\":\"2024-09-11T08:56:13+00:00\",\"dateModified\":\"2025-10-29T10:04:36+00:00\",\"description\":\"Trigo, Triticum Superf\u00edcieglobal: 209 milh\u00f5es de hectaresSuperf\u00edcie no Campo Global: 264 m\u00b2 (13,2%)Regi\u00e3o de origem: M\u00e9dio Oriente (Egito, S\u00edria,\",\"breadcrumb\":{\"@id\":\"https:\\\/\\\/www.2000m2.eu\\\/pt\\\/cultura\\\/trigo\\\/#breadcrumb\"},\"inLanguage\":\"pt-PT\",\"potentialAction\":[{\"@type\":\"ReadAction\",\"target\":[\"https:\\\/\\\/www.2000m2.eu\\\/pt\\\/cultura\\\/trigo\\\/\"]}]},{\"@type\":\"ImageObject\",\"inLanguage\":\"pt-PT\",\"@id\":\"https:\\\/\\\/www.2000m2.eu\\\/pt\\\/cultura\\\/trigo\\\/#primaryimage\",\"url\":\"https:\\\/\\\/www.2000m2.eu\\\/wp-content\\\/uploads\\\/Weizen_weich_AH-1.jpg\",\"contentUrl\":\"https:\\\/\\\/www.2000m2.eu\\\/wp-content\\\/uploads\\\/Weizen_weich_AH-1.jpg\",\"width\":2339,\"height\":1654},{\"@type\":\"BreadcrumbList\",\"@id\":\"https:\\\/\\\/www.2000m2.eu\\\/pt\\\/cultura\\\/trigo\\\/#breadcrumb\",\"itemListElement\":[{\"@type\":\"ListItem\",\"position\":1,\"name\":\"Home\",\"item\":\"https:\\\/\\\/www.2000m2.eu\\\/pt\\\/\"},{\"@type\":\"ListItem\",\"position\":2,\"name\":\"Trigo\"}]},{\"@type\":\"WebSite\",\"@id\":\"https:\\\/\\\/www.2000m2.eu\\\/pt\\\/#website\",\"url\":\"https:\\\/\\\/www.2000m2.eu\\\/pt\\\/\",\"name\":\"2000m2\",\"description\":\"\",\"publisher\":{\"@id\":\"https:\\\/\\\/www.2000m2.eu\\\/pt\\\/#organization\"},\"potentialAction\":[{\"@type\":\"SearchAction\",\"target\":{\"@type\":\"EntryPoint\",\"urlTemplate\":\"https:\\\/\\\/www.2000m2.eu\\\/pt\\\/?s={search_term_string}\"},\"query-input\":{\"@type\":\"PropertyValueSpecification\",\"valueRequired\":true,\"valueName\":\"search_term_string\"}}],\"inLanguage\":\"pt-PT\"},{\"@type\":\"Organization\",\"@id\":\"https:\\\/\\\/www.2000m2.eu\\\/pt\\\/#organization\",\"name\":\"2000m2\",\"url\":\"https:\\\/\\\/www.2000m2.eu\\\/pt\\\/\",\"logo\":{\"@type\":\"ImageObject\",\"inLanguage\":\"pt-PT\",\"@id\":\"https:\\\/\\\/www.2000m2.eu\\\/pt\\\/#\\\/schema\\\/logo\\\/image\\\/\",\"url\":\"https:\\\/\\\/www.2000m2.eu\\\/wp-content\\\/uploads\\\/logo.png\",\"contentUrl\":\"https:\\\/\\\/www.2000m2.eu\\\/wp-content\\\/uploads\\\/logo.png\",\"width\":445,\"height\":140,\"caption\":\"2000m2\"},\"image\":{\"@id\":\"https:\\\/\\\/www.2000m2.eu\\\/pt\\\/#\\\/schema\\\/logo\\\/image\\\/\"}}]}<\/script>\n<!-- \/ Yoast SEO plugin. -->","yoast_head_json":{"title":"Trigo - 2000m2","description":"Trigo, Triticum Superf\u00edcieglobal: 209 milh\u00f5es de hectaresSuperf\u00edcie no Campo Global: 264 m\u00b2 (13,2%)Regi\u00e3o de origem: M\u00e9dio Oriente (Egito, S\u00edria,","robots":{"index":"index","follow":"follow","max-snippet":"max-snippet:-1","max-image-preview":"max-image-preview:large","max-video-preview":"max-video-preview:-1"},"canonical":"https:\/\/www.2000m2.eu\/pt\/cultura\/trigo\/","og_locale":"pt_PT","og_type":"article","og_title":"Trigo - 2000m2","og_description":"Trigo, Triticum Superf\u00edcieglobal: 209 milh\u00f5es de hectaresSuperf\u00edcie no Campo Global: 264 m\u00b2 (13,2%)Regi\u00e3o de origem: M\u00e9dio Oriente (Egito, S\u00edria,","og_url":"https:\/\/www.2000m2.eu\/pt\/cultura\/trigo\/","og_site_name":"2000m2","article_modified_time":"2025-10-29T10:04:36+00:00","og_image":[{"width":2339,"height":1654,"url":"https:\/\/www.2000m2.eu\/wp-content\/uploads\/Weizen_weich_AH-1.jpg","type":"image\/jpeg"}],"twitter_card":"summary_large_image","twitter_misc":{"Tempo estimado de leitura":"8 minutos"},"schema":{"@context":"https:\/\/schema.org","@graph":[{"@type":"WebPage","@id":"https:\/\/www.2000m2.eu\/pt\/cultura\/trigo\/","url":"https:\/\/www.2000m2.eu\/pt\/cultura\/trigo\/","name":"Trigo - 2000m2","isPartOf":{"@id":"https:\/\/www.2000m2.eu\/pt\/#website"},"primaryImageOfPage":{"@id":"https:\/\/www.2000m2.eu\/pt\/cultura\/trigo\/#primaryimage"},"image":{"@id":"https:\/\/www.2000m2.eu\/pt\/cultura\/trigo\/#primaryimage"},"thumbnailUrl":"https:\/\/www.2000m2.eu\/wp-content\/uploads\/Weizen_weich_AH-1.jpg","datePublished":"2024-09-11T08:56:13+00:00","dateModified":"2025-10-29T10:04:36+00:00","description":"Trigo, Triticum Superf\u00edcieglobal: 209 milh\u00f5es de hectaresSuperf\u00edcie no Campo Global: 264 m\u00b2 (13,2%)Regi\u00e3o de origem: M\u00e9dio Oriente (Egito, S\u00edria,","breadcrumb":{"@id":"https:\/\/www.2000m2.eu\/pt\/cultura\/trigo\/#breadcrumb"},"inLanguage":"pt-PT","potentialAction":[{"@type":"ReadAction","target":["https:\/\/www.2000m2.eu\/pt\/cultura\/trigo\/"]}]},{"@type":"ImageObject","inLanguage":"pt-PT","@id":"https:\/\/www.2000m2.eu\/pt\/cultura\/trigo\/#primaryimage","url":"https:\/\/www.2000m2.eu\/wp-content\/uploads\/Weizen_weich_AH-1.jpg","contentUrl":"https:\/\/www.2000m2.eu\/wp-content\/uploads\/Weizen_weich_AH-1.jpg","width":2339,"height":1654},{"@type":"BreadcrumbList","@id":"https:\/\/www.2000m2.eu\/pt\/cultura\/trigo\/#breadcrumb","itemListElement":[{"@type":"ListItem","position":1,"name":"Home","item":"https:\/\/www.2000m2.eu\/pt\/"},{"@type":"ListItem","position":2,"name":"Trigo"}]},{"@type":"WebSite","@id":"https:\/\/www.2000m2.eu\/pt\/#website","url":"https:\/\/www.2000m2.eu\/pt\/","name":"2000m2","description":"","publisher":{"@id":"https:\/\/www.2000m2.eu\/pt\/#organization"},"potentialAction":[{"@type":"SearchAction","target":{"@type":"EntryPoint","urlTemplate":"https:\/\/www.2000m2.eu\/pt\/?s={search_term_string}"},"query-input":{"@type":"PropertyValueSpecification","valueRequired":true,"valueName":"search_term_string"}}],"inLanguage":"pt-PT"},{"@type":"Organization","@id":"https:\/\/www.2000m2.eu\/pt\/#organization","name":"2000m2","url":"https:\/\/www.2000m2.eu\/pt\/","logo":{"@type":"ImageObject","inLanguage":"pt-PT","@id":"https:\/\/www.2000m2.eu\/pt\/#\/schema\/logo\/image\/","url":"https:\/\/www.2000m2.eu\/wp-content\/uploads\/logo.png","contentUrl":"https:\/\/www.2000m2.eu\/wp-content\/uploads\/logo.png","width":445,"height":140,"caption":"2000m2"},"image":{"@id":"https:\/\/www.2000m2.eu\/pt\/#\/schema\/logo\/image\/"}}]}},"_links":{"self":[{"href":"https:\/\/www.2000m2.eu\/pt\/wp-json\/wp\/v2\/crop\/16023","targetHints":{"allow":["GET"]}}],"collection":[{"href":"https:\/\/www.2000m2.eu\/pt\/wp-json\/wp\/v2\/crop"}],"about":[{"href":"https:\/\/www.2000m2.eu\/pt\/wp-json\/wp\/v2\/types\/crop"}],"wp:featuredmedia":[{"embeddable":true,"href":"https:\/\/www.2000m2.eu\/pt\/wp-json\/wp\/v2\/media\/16024"}],"wp:attachment":[{"href":"https:\/\/www.2000m2.eu\/pt\/wp-json\/wp\/v2\/media?parent=16023"}],"wp:term":[{"taxonomy":"post_tag","embeddable":true,"href":"https:\/\/www.2000m2.eu\/pt\/wp-json\/wp\/v2\/tags?post=16023"},{"taxonomy":"crops","embeddable":true,"href":"https:\/\/www.2000m2.eu\/pt\/wp-json\/wp\/v2\/crops?post=16023"}],"curies":[{"name":"wp","href":"https:\/\/api.w.org\/{rel}","templated":true}]}}