{"id":13573,"date":"2024-07-24T11:13:42","date_gmt":"2024-07-24T11:13:42","guid":{"rendered":"https:\/\/www.2000m2.eu\/pagina-inicial\/"},"modified":"2026-01-19T14:05:42","modified_gmt":"2026-01-19T14:05:42","slug":"pagina-inicial","status":"publish","type":"page","link":"https:\/\/www.2000m2.eu\/pt\/","title":{"rendered":"P\u00e1gina inicial"},"content":{"rendered":"<div class=\"n2_clear\"><ss3-force-full-width data-overflow-x=\"body\" data-horizontal-selector=\"body\"><div class=\"n2-section-smartslider fitvidsignore  n2_clear\" data-ssid=\"15\" tabindex=\"0\" role=\"region\" aria-label=\"Slider\"><div id=\"n2-ss-15-align\" class=\"n2-ss-align\"><div class=\"n2-padding\"><div id=\"n2-ss-15\" data-creator=\"Smart Slider 3\" data-responsive=\"fullwidth\" class=\"n2-ss-slider n2-ow n2-has-hover n2notransition  \">\n\n\n\n\n\n\n\n\n\n<div class=\"n2-ss-slider-wrapper-inside\">\n        <div class=\"n2-ss-slider-1 n2_ss__touch_element n2-ow\">\n            <div class=\"n2-ss-slider-2 n2-ow\">\n                                                <div class=\"n2-ss-slider-3 n2-ow\">\n\n                    <div class=\"n2-ss-slide-backgrounds n2-ow-all\"><div class=\"n2-ss-slide-background\" data-public-id=\"1\" data-mode=\"fill\"><div class=\"n2-ss-slide-background-image\" data-blur=\"0\" data-opacity=\"100\" data-x=\"50\" data-y=\"50\" data-alt=\"\" data-title=\"\"><picture class=\"skip-lazy\" data-skip-lazy=\"1\"><img decoding=\"async\" src=\"\/\/www.2000m2.eu\/wp-content\/uploads\/slider\/cache\/44e4cceaa6eb348357fff1bd246ba161\/Slider1_Volker-Gehrmann-1.jpg\" alt=\"\" title=\"\" loading=\"lazy\" class=\"skip-lazy\" data-skip-lazy=\"1\"><\/picture><\/div><div data-color=\"RGBA(255,255,255,0)\" style=\"background-color: RGBA(255,255,255,0);\" class=\"n2-ss-slide-background-color\"><\/div><\/div><div class=\"n2-ss-slide-background\" data-public-id=\"2\" data-mode=\"fill\" aria-hidden=\"true\"><div class=\"n2-ss-slide-background-image\" data-blur=\"0\" data-opacity=\"100\" data-x=\"50\" data-y=\"50\" data-alt=\"\" data-title=\"\"><picture class=\"skip-lazy\" data-skip-lazy=\"1\"><img decoding=\"async\" src=\"\/\/www.2000m2.eu\/wp-content\/uploads\/slider\/cache\/3de0f46d7e1d32a1dda838fe26836407\/180616_Ackereroffnung_Volker-Gehrmann-15.jpg\" alt=\"\" title=\"\" loading=\"lazy\" class=\"skip-lazy\" data-skip-lazy=\"1\"><\/picture><\/div><div data-color=\"RGBA(255,255,255,0)\" style=\"background-color: RGBA(255,255,255,0);\" class=\"n2-ss-slide-background-color\"><\/div><\/div><div class=\"n2-ss-slide-background\" data-public-id=\"3\" data-mode=\"fill\" aria-hidden=\"true\"><div class=\"n2-ss-slide-background-image\" data-blur=\"0\" data-opacity=\"100\" data-x=\"50\" data-y=\"50\" data-alt=\"\" data-title=\"\"><picture class=\"skip-lazy\" data-skip-lazy=\"1\"><img decoding=\"async\" src=\"\/\/www.2000m2.eu\/wp-content\/uploads\/slider\/cache\/a61301735dba04ab26301323e80c8131\/180616_Ackereroffnung_Volker-Gehrmann-72.jpg\" alt=\"\" title=\"\" loading=\"lazy\" class=\"skip-lazy\" data-skip-lazy=\"1\"><\/picture><\/div><div data-color=\"RGBA(255,255,255,0)\" style=\"background-color: RGBA(255,255,255,0);\" class=\"n2-ss-slide-background-color\"><\/div><\/div><\/div>                    <div class=\"n2-ss-slider-4 n2-ow\">\n                        <svg xmlns=\"http:\/\/www.w3.org\/2000\/svg\" viewBox=\"0 0 1200 600\" data-related-device=\"desktopPortrait\" class=\"n2-ow n2-ss-preserve-size n2-ss-preserve-size--slider n2-ss-slide-limiter\"><\/svg><div data-first=\"1\" data-slide-duration=\"0\" data-id=\"52\" data-slide-public-id=\"1\" data-title=\"El mundo en un campo\" data-haslink=\"1\" data-href=\"https:\/\/www.2000m2.eu\/de\/ueber-uns\/idee\/\" tabindex=\"0\" role=\"button\" data-n2click=\"url\" data-force-pointer=\"\" class=\"n2-ss-slide n2-ow  n2-ss-slide-52\"><div role=\"note\" class=\"n2-ss-slide--focus\">El mundo en un campo<\/div><div class=\"n2-ss-layers-container n2-ss-slide-limiter n2-ow\"><div class=\"n2-ss-layer n2-ow n-uc-MG3Q5F0bQClG\" data-sstype=\"slide\" data-pm=\"default\"><div class=\"n2-ss-layer n2-ow n-uc-tDNo2VFsBsja\" data-pm=\"default\" data-sstype=\"content\" data-hasbackground=\"0\"><div class=\"n2-ss-section-main-content n2-ss-layer-with-background n2-ss-layer-content n2-ow n-uc-tDNo2VFsBsja-inner\"><div class=\"n2-ss-layer n2-ow n2-ss-layer--block n2-ss-has-self-align n-uc-XE8d5tstZj1d\" data-pm=\"normal\" data-sstype=\"row\"><div class=\"n2-ss-layer-row n2-ss-layer-with-background n-uc-XE8d5tstZj1d-inner\"><div class=\"n2-ss-layer-row-inner \"><div class=\"n2-ss-layer n2-ow n-uc-fBjks0wtG2yQ\" data-pm=\"default\" data-sstype=\"col\"><div class=\"n2-ss-layer-col n2-ss-layer-with-background n2-ss-layer-content n-uc-fBjks0wtG2yQ-inner\"><div class=\"n2-ss-layer n2-ow n-uc-qBc2FguRAR8X\" data-pm=\"normal\" data-sstype=\"layer\"><div id=\"n2-ss-15item1\" class=\"n2-font-0d11ea3d37fa55d1d17a2418a1423962-hover   n2-ss-item-content n2-ss-text n2-ow\" style=\"display:block;\">O mundo num campo!<\/div><\/div><div class=\"n2-ss-layer n2-ow n-uc-L84jnUvlfikD\" data-pm=\"normal\" data-sstype=\"layer\"><div class=\"n2-ss-item-content n2-ss-text n2-ow-all\"><div class=\"\"><p class=\"n2-font-d4e9c0370d21dafef57610e0670a5f3f-paragraph   \">Os Campo Global mostram como \u00e9 a agricultura mundial em 2000 m\u00b2. Esses espa\u00e7os educativos oferecem v\u00e1rias experi\u00eancias sensoriais que ajudam a entender de forma pr\u00e1tica o sistema agr\u00edcola e alimentar global.<\/p>\n<\/div><\/div><\/div><div class=\"n2-ss-layer n2-ow n-uc-gwXNCgshevf9 n2-ss-layer--auto\" data-pm=\"normal\" data-sstype=\"layer\"><div class=\"n2-ss-button-container n2-ss-item-content n2-ow n2-font-ae225788281a07d1f4b174b1ebf814fd-link  n2-ss-nowrap n2-ss-button-container--non-full-width\"><a class=\"n2-style-38cba19a05659ba8508f41bd0ca0bf88-heading  n2-ow \" href=\"https:\/\/www.2000m2.eu\/pt\/sobre-nos\/ideia-do-campo-global\/\"><div><div>Saiba mais<\/div><\/div><\/a><\/div><\/div><\/div><\/div><\/div><\/div><\/div><\/div><\/div><\/div><\/div><\/div><div data-slide-duration=\"0\" data-id=\"53\" data-slide-public-id=\"2\" aria-hidden=\"true\" data-title=\"Educaci\u00f3n alrededor del mundo!\" class=\"n2-ss-slide n2-ow  n2-ss-slide-53\"><div role=\"note\" class=\"n2-ss-slide--focus\" tabindex=\"-1\">Educaci\u00f3n alrededor del mundo!<\/div><div class=\"n2-ss-layers-container n2-ss-slide-limiter n2-ow\"><div class=\"n2-ss-layer n2-ow n-uc-PMpLffesSuFs\" data-sstype=\"slide\" data-pm=\"default\"><div class=\"n2-ss-layer n2-ow n-uc-QsBbLB82tbub\" data-pm=\"default\" data-sstype=\"content\" data-hasbackground=\"0\"><div class=\"n2-ss-section-main-content n2-ss-layer-with-background n2-ss-layer-content n2-ow n-uc-QsBbLB82tbub-inner\"><div class=\"n2-ss-layer n2-ow n2-ss-layer--block n2-ss-has-self-align n-uc-f5KcIhlE7BPY\" data-pm=\"normal\" data-sstype=\"row\"><div class=\"n2-ss-layer-row n2-ss-layer-with-background n-uc-f5KcIhlE7BPY-inner\"><div class=\"n2-ss-layer-row-inner \"><div class=\"n2-ss-layer n2-ow n-uc-VuWzh6iUpTl7\" data-pm=\"default\" data-sstype=\"col\"><div class=\"n2-ss-layer-col n2-ss-layer-with-background n2-ss-layer-content n-uc-VuWzh6iUpTl7-inner\"><div class=\"n2-ss-layer n2-ow n-uc-O0GCSl0IVQz7\" data-pm=\"normal\" data-sstype=\"layer\"><div id=\"n2-ss-15item4\" class=\"n2-font-0d11ea3d37fa55d1d17a2418a1423962-hover   n2-ss-item-content n2-ss-text n2-ow\" style=\"display:block;\">Educa\u00e7\u00e3o ao redor do mundo!<\/div><\/div><div class=\"n2-ss-layer n2-ow n-uc-oGMcc4YuW9kh\" data-pm=\"normal\" data-sstype=\"layer\"><div class=\"n2-ss-item-content n2-ss-text n2-ow-all\"><div class=\"\"><p class=\"n2-font-d4e9c0370d21dafef57610e0670a5f3f-paragraph   \">Quase trinta Campo Global em dez pa\u00edses fazem um trabalho educativo para uma agricultura sustent\u00e1vel e com futuro.<\/p>\n<\/div><\/div><\/div><div class=\"n2-ss-layer n2-ow n-uc-m9fmWYUfMWK8 n2-ss-layer--auto\" data-pm=\"normal\" data-sstype=\"layer\"><div class=\"n2-ss-button-container n2-ss-item-content n2-ow n2-font-ae225788281a07d1f4b174b1ebf814fd-link  n2-ss-nowrap n2-ss-button-container--non-full-width\"><a class=\"n2-style-4609c6e68132694d9c9bdaeb1996acbf-heading  n2-ow \" href=\"https:\/\/www.2000m2.eu\/pt\/campos\/\"><div><div>Descubra os Campos Globais<\/div><\/div><\/a><\/div><\/div><\/div><\/div><\/div><\/div><\/div><\/div><\/div><\/div><\/div><\/div><div data-slide-duration=\"0\" data-id=\"54\" data-slide-public-id=\"3\" aria-hidden=\"true\" data-title=\"Estamos aqu\u00ed para apoyarles!\" class=\"n2-ss-slide n2-ow  n2-ss-slide-54\"><div role=\"note\" class=\"n2-ss-slide--focus\" tabindex=\"-1\">Estamos aqu\u00ed para apoyarles!<\/div><div class=\"n2-ss-layers-container n2-ss-slide-limiter n2-ow\"><div class=\"n2-ss-layer n2-ow n-uc-mphvaZGQ7RCK\" data-sstype=\"slide\" data-pm=\"default\"><div class=\"n2-ss-layer n2-ow n-uc-B54rkgA99LKQ\" data-pm=\"default\" data-sstype=\"content\" data-hasbackground=\"0\"><div class=\"n2-ss-section-main-content n2-ss-layer-with-background n2-ss-layer-content n2-ow n-uc-B54rkgA99LKQ-inner\"><div class=\"n2-ss-layer n2-ow n2-ss-layer--block n2-ss-has-self-align n-uc-NYW9dcr31kEA\" data-pm=\"normal\" data-sstype=\"row\"><div class=\"n2-ss-layer-row n2-ss-layer-with-background n-uc-NYW9dcr31kEA-inner\"><div class=\"n2-ss-layer-row-inner \"><div class=\"n2-ss-layer n2-ow n-uc-cwbFZ1NS9Yar\" data-pm=\"default\" data-sstype=\"col\"><div class=\"n2-ss-layer-col n2-ss-layer-with-background n2-ss-layer-content n-uc-cwbFZ1NS9Yar-inner\"><div class=\"n2-ss-layer n2-ow n-uc-1hCtRIaxEANO\" data-pm=\"normal\" data-sstype=\"layer\"><div id=\"n2-ss-15item7\" class=\"n2-font-0d11ea3d37fa55d1d17a2418a1423962-hover   n2-ss-item-content n2-ss-text n2-ow\" style=\"display:block;\">Estamos aqui para te apoiar!<\/div><\/div><div class=\"n2-ss-layer n2-ow n-uc-Le9JIe97LisE\" data-pm=\"normal\" data-sstype=\"layer\"><div class=\"n2-ss-item-content n2-ss-text n2-ow-all\"><div class=\"\"><p class=\"n2-font-d4e9c0370d21dafef57610e0670a5f3f-paragraph   \">Querem criar o vosso pr\u00f3prio Campo Global\u00ae ou cultivar um buffet de parcelas?<br \/>\nPrecisam da nossa ajuda para o trabalho educativo do vosso Campo Global?<br \/>\nComo coordenadores do movimento global Campos Globais, teremos todo o prazer em vos apoiar.<\/p>\n<\/div><\/div><\/div><div class=\"n2-ss-layer n2-ow n-uc-XXwuwqhEW9Wo n2-ss-layer--auto\" data-pm=\"normal\" data-sstype=\"layer\"><div class=\"n2-ss-button-container n2-ss-item-content n2-ow n2-font-ae225788281a07d1f4b174b1ebf814fd-link  n2-ss-nowrap n2-ss-button-container--non-full-width\"><a class=\"n2-style-4609c6e68132694d9c9bdaeb1996acbf-heading  n2-ow \" href=\"https:\/\/www.2000m2.eu\/pt\/nossas-ofertas\/\"><div><div>Descubra as nossas ofertas<\/div><\/div><\/a><\/div><\/div><\/div><\/div><\/div><\/div><\/div><\/div><\/div><\/div><\/div><\/div>                    <\/div>\n\n                                    <\/div>\n            <\/div>\n        <\/div>\n        <div class=\"n2-ss-slider-controls n2-ss-slider-controls-absolute-left-center\"><div style=\"--widget-offset:15px;\" class=\"n2-ss-widget n2-style-7f975f5018b5a269a6a83a16e0d7a197-heading nextend-arrow n2-ow-all nextend-arrow-previous  nextend-arrow-animated-fade\" data-hide-mobileportrait=\"1\" id=\"n2-ss-15-arrow-previous\" role=\"button\" aria-label=\"previous arrow\" tabindex=\"0\"><img decoding=\"async\" width=\"32\" height=\"32\" class=\"n2-arrow-normal-img skip-lazy\" data-skip-lazy=\"1\" src=\"data:image\/svg+xml;base64,PHN2ZyB3aWR0aD0iMzIiIGhlaWdodD0iMzIiIHZpZXdCb3g9IjAgMCAzMiAzMiIgeG1sbnM9Imh0dHA6Ly93d3cudzMub3JnLzIwMDAvc3ZnIj4KICAgIDxwYXRoIGQ9Ik0xMS40MzMgMTUuOTkyTDIyLjY5IDUuNzEyYy4zOTMtLjM5LjM5My0xLjAzIDAtMS40Mi0uMzkzLS4zOS0xLjAzLS4zOS0xLjQyMyAwbC0xMS45OCAxMC45NGMtLjIxLjIxLS4zLjQ5LS4yODUuNzYtLjAxNS4yOC4wNzUuNTYuMjg0Ljc3bDExLjk4IDEwLjk0Yy4zOTMuMzkgMS4wMy4zOSAxLjQyNCAwIC4zOTMtLjQuMzkzLTEuMDMgMC0xLjQybC0xMS4yNTctMTAuMjkiCiAgICAgICAgICBmaWxsPSIjQjFDMTYxIiBvcGFjaXR5PSIxIiBmaWxsLXJ1bGU9ImV2ZW5vZGQiLz4KPC9zdmc+\" alt=\"previous arrow\"><img decoding=\"async\" width=\"32\" height=\"32\" class=\"n2-arrow-hover-img skip-lazy\" data-skip-lazy=\"1\" src=\"data:image\/svg+xml;base64,PHN2ZyB3aWR0aD0iMzIiIGhlaWdodD0iMzIiIHZpZXdCb3g9IjAgMCAzMiAzMiIgeG1sbnM9Imh0dHA6Ly93d3cudzMub3JnLzIwMDAvc3ZnIj4KICAgIDxwYXRoIGQ9Ik0xMS40MzMgMTUuOTkyTDIyLjY5IDUuNzEyYy4zOTMtLjM5LjM5My0xLjAzIDAtMS40Mi0uMzkzLS4zOS0xLjAzLS4zOS0xLjQyMyAwbC0xMS45OCAxMC45NGMtLjIxLjIxLS4zLjQ5LS4yODUuNzYtLjAxNS4yOC4wNzUuNTYuMjg0Ljc3bDExLjk4IDEwLjk0Yy4zOTMuMzkgMS4wMy4zOSAxLjQyNCAwIC4zOTMtLjQuMzkzLTEuMDMgMC0xLjQybC0xMS4yNTctMTAuMjkiCiAgICAgICAgICBmaWxsPSIjZmZmZmZmIiBvcGFjaXR5PSIxIiBmaWxsLXJ1bGU9ImV2ZW5vZGQiLz4KPC9zdmc+\" alt=\"previous arrow\"><\/div><\/div><div class=\"n2-ss-slider-controls n2-ss-slider-controls-absolute-right-center\"><div style=\"--widget-offset:15px;\" class=\"n2-ss-widget n2-style-7f975f5018b5a269a6a83a16e0d7a197-heading nextend-arrow n2-ow-all nextend-arrow-next  nextend-arrow-animated-fade\" data-hide-mobileportrait=\"1\" id=\"n2-ss-15-arrow-next\" role=\"button\" aria-label=\"next arrow\" tabindex=\"0\"><img decoding=\"async\" width=\"32\" height=\"32\" class=\"n2-arrow-normal-img skip-lazy\" data-skip-lazy=\"1\" src=\"data:image\/svg+xml;base64,PHN2ZyB3aWR0aD0iMzIiIGhlaWdodD0iMzIiIHZpZXdCb3g9IjAgMCAzMiAzMiIgeG1sbnM9Imh0dHA6Ly93d3cudzMub3JnLzIwMDAvc3ZnIj4KICAgIDxwYXRoIGQ9Ik0xMC43MjIgNC4yOTNjLS4zOTQtLjM5LTEuMDMyLS4zOS0xLjQyNyAwLS4zOTMuMzktLjM5MyAxLjAzIDAgMS40MmwxMS4yODMgMTAuMjgtMTEuMjgzIDEwLjI5Yy0uMzkzLjM5LS4zOTMgMS4wMiAwIDEuNDIuMzk1LjM5IDEuMDMzLjM5IDEuNDI3IDBsMTIuMDA3LTEwLjk0Yy4yMS0uMjEuMy0uNDkuMjg0LS43Ny4wMTQtLjI3LS4wNzYtLjU1LS4yODYtLjc2TDEwLjcyIDQuMjkzeiIKICAgICAgICAgIGZpbGw9IiNCMUMxNjEiIG9wYWNpdHk9IjEiIGZpbGwtcnVsZT0iZXZlbm9kZCIvPgo8L3N2Zz4=\" alt=\"next arrow\"><img decoding=\"async\" width=\"32\" height=\"32\" class=\"n2-arrow-hover-img skip-lazy\" data-skip-lazy=\"1\" src=\"data:image\/svg+xml;base64,PHN2ZyB3aWR0aD0iMzIiIGhlaWdodD0iMzIiIHZpZXdCb3g9IjAgMCAzMiAzMiIgeG1sbnM9Imh0dHA6Ly93d3cudzMub3JnLzIwMDAvc3ZnIj4KICAgIDxwYXRoIGQ9Ik0xMC43MjIgNC4yOTNjLS4zOTQtLjM5LTEuMDMyLS4zOS0xLjQyNyAwLS4zOTMuMzktLjM5MyAxLjAzIDAgMS40MmwxMS4yODMgMTAuMjgtMTEuMjgzIDEwLjI5Yy0uMzkzLjM5LS4zOTMgMS4wMiAwIDEuNDIuMzk1LjM5IDEuMDMzLjM5IDEuNDI3IDBsMTIuMDA3LTEwLjk0Yy4yMS0uMjEuMy0uNDkuMjg0LS43Ny4wMTQtLjI3LS4wNzYtLjU1LS4yODYtLjc2TDEwLjcyIDQuMjkzeiIKICAgICAgICAgIGZpbGw9IiNmZmZmZmYiIG9wYWNpdHk9IjEiIGZpbGwtcnVsZT0iZXZlbm9kZCIvPgo8L3N2Zz4=\" alt=\"next arrow\"><\/div><\/div><div class=\"n2-ss-slider-controls n2-ss-slider-controls-absolute-center-bottom\"><div style=\"--widget-offset:10px;\" class=\"n2-ss-widget n2-ss-control-bullet n2-ow-all n2-ss-control-bullet-horizontal\"><div class=\"n2-style-52a3032cdf5e0a73159365f609201a73-simple  nextend-bullet-bar n2-bar-justify-content-center\" role=\"group\" aria-label=\"Choose slide to display.\"><div class=\"n2-bullet n2-style-656c1efe3d20d2f268e4b65e672c8276-dot \" style=\"visibility:hidden;\"><\/div><\/div><\/div><\/div><\/div><\/div><ss3-loader><\/ss3-loader><\/div><\/div><div class=\"n2_clear\"><\/div><\/div><\/ss3-force-full-width><\/div>\n\n\n<h2 class=\"wp-block-heading\">Se dividirmos a \u00e1rea agr\u00edcola do mundo pelo n\u00famero de pessoas, teremos 2.000 m\u00b2 por pessoa. \u00c9 nesse espa\u00e7o que precisa crescer tudo o que consumimos. <\/h2>\n\n\n\n<p>Os espa\u00e7os educativos do Campo Global\u00ae tornam a complexa agricultura mundial compreens\u00edvel para todos. Em 2.000 m\u00b2, s\u00e3o reveladas a crian\u00e7as, jovens e adultos as possibilidades e os desafios da produ\u00e7\u00e3o agr\u00edcola e da alimenta\u00e7\u00e3o saud\u00e1vel. Junto com voc\u00eas, queremos assim abrir caminho para um futuro saud\u00e1vel e sustent\u00e1vel.  <\/p>\n\n\n\n<div style=\"height:40px\" aria-hidden=\"true\" class=\"wp-block-spacer\"><\/div>\n\n\n\n<h2 class=\"wp-block-heading is-style-divider\">Novidades do Movimento Campo Global<\/h2>\n\n\n\n<div class=\"wp-block-query is-layout-flow wp-block-query-is-layout-flow\"><ul class=\"columns-2 wp-block-post-template is-layout-grid wp-container-core-post-template-is-layout-f12a65ed wp-block-post-template-is-layout-grid\"><li class=\"wp-block-post post-13566 post type-post status-publish format-standard has-post-thumbnail hentry category-novita tag-agricultura-natural tag-biodiversidade tag-microbioma\">\n\n<div class=\"wp-block-group has-border-color has-base-3-background-color has-background\" style=\"border-color:var(--accent);border-width:1px;border-radius:30px;min-height:100%;margin-top:var(--wp--preset--spacing--50);padding-top:30px;padding-right:30px;padding-bottom:30px;padding-left:30px\"><div class=\"wp-block-group__inner-container is-layout-flow wp-block-group-is-layout-flow\"><figure style=\"aspect-ratio:4\/3;\" class=\"wp-block-post-featured-image\"><a href=\"https:\/\/www.2000m2.eu\/pt\/novita\/delegacao-do-campo-global-na-india\/\" target=\"_self\"  ><img decoding=\"async\" width=\"1920\" height=\"1280\" src=\"https:\/\/www.2000m2.eu\/wp-content\/uploads\/DSC06799-min.jpg\" class=\"attachment-post-thumbnail size-post-thumbnail wp-post-image\" alt=\"Visita a delega\u00e7\u00e3o do Weltacker na \u00cdndia\" style=\"width:100%;height:100%;object-fit:cover;\" srcset=\"https:\/\/www.2000m2.eu\/wp-content\/uploads\/DSC06799-min.jpg 1920w, https:\/\/www.2000m2.eu\/wp-content\/uploads\/DSC06799-min-300x200.jpg 300w, https:\/\/www.2000m2.eu\/wp-content\/uploads\/DSC06799-min-1024x683.jpg 1024w, https:\/\/www.2000m2.eu\/wp-content\/uploads\/DSC06799-min-768x512.jpg 768w, https:\/\/www.2000m2.eu\/wp-content\/uploads\/DSC06799-min-1536x1024.jpg 1536w, https:\/\/www.2000m2.eu\/wp-content\/uploads\/DSC06799-min-450x300.jpg 450w\" sizes=\"(max-width: 1920px) 100vw, 1920px\" \/><\/a><\/figure>\n\n<h3 class=\"has-link-color wp-elements-eb9d2dbec0d3cf649db48c0e7a435e66 wp-block-post-title has-text-color has-contrast-color\">Visita a delega\u00e7\u00e3o do Weltacker na \u00cdndia<\/h3>\n\n<div class=\"wp-block-post-excerpt\"><p class=\"wp-block-post-excerpt__excerpt\">Em fevereiro, uma pequena delega\u00e7\u00e3o do Weltacker visitou o movimento Andhra Pradesh Community Managed Natural Farming (APCNF) no sudoeste do estado indiano com o mesmo nome. Depois de uma visita em 2017 e de uma apresenta\u00e7\u00e3o na confer\u00eancia da Zukunftsstiftung Landwirtschaft &#8220;The Colour of Research&#8221; em 2024, este foi o terceiro encontro de Benny Haerlin&hellip;<\/p><p class=\"wp-block-post-excerpt__more-text\"><a class=\"wp-block-post-excerpt__more-link\" href=\"https:\/\/www.2000m2.eu\/pt\/novita\/delegacao-do-campo-global-na-india\/\">L\u00ea mais<\/a><\/p><\/div><\/div><\/div>\n\n<\/li><li class=\"wp-block-post post-13548 post type-post status-publish format-standard has-post-thumbnail hentry category-novita\">\n\n<div class=\"wp-block-group has-border-color has-base-3-background-color has-background\" style=\"border-color:var(--accent);border-width:1px;border-radius:30px;min-height:100%;margin-top:var(--wp--preset--spacing--50);padding-top:30px;padding-right:30px;padding-bottom:30px;padding-left:30px\"><div class=\"wp-block-group__inner-container is-layout-flow wp-block-group-is-layout-flow\"><figure style=\"aspect-ratio:4\/3;\" class=\"wp-block-post-featured-image\"><a href=\"https:\/\/www.2000m2.eu\/pt\/novita\/conferencia-mundial-de-agricultores-2025\/\" target=\"_self\"  ><img decoding=\"async\" width=\"1920\" height=\"1281\" src=\"https:\/\/www.2000m2.eu\/wp-content\/uploads\/globalfield_NuglarGaerten_DominiqueOser-min.jpg\" class=\"attachment-post-thumbnail size-post-thumbnail wp-post-image\" alt=\"Confer\u00eancia do Campo Global 2025\" style=\"width:100%;height:100%;object-fit:cover;\" srcset=\"https:\/\/www.2000m2.eu\/wp-content\/uploads\/globalfield_NuglarGaerten_DominiqueOser-min.jpg 1920w, https:\/\/www.2000m2.eu\/wp-content\/uploads\/globalfield_NuglarGaerten_DominiqueOser-min-300x200.jpg 300w, https:\/\/www.2000m2.eu\/wp-content\/uploads\/globalfield_NuglarGaerten_DominiqueOser-min-768x512.jpg 768w, https:\/\/www.2000m2.eu\/wp-content\/uploads\/globalfield_NuglarGaerten_DominiqueOser-min-1024x683.jpg 1024w, https:\/\/www.2000m2.eu\/wp-content\/uploads\/globalfield_NuglarGaerten_DominiqueOser-min-1536x1025.jpg 1536w, https:\/\/www.2000m2.eu\/wp-content\/uploads\/globalfield_NuglarGaerten_DominiqueOser-min-450x300.jpg 450w\" sizes=\"(max-width: 1920px) 100vw, 1920px\" \/><\/a><\/figure>\n\n<h3 class=\"has-link-color wp-elements-eb9d2dbec0d3cf649db48c0e7a435e66 wp-block-post-title has-text-color has-contrast-color\">Confer\u00eancia do Campo Global 2025<\/h3>\n\n<div class=\"wp-block-post-excerpt\"><p class=\"wp-block-post-excerpt__excerpt\">Pela quarta vez, no primeiro fim de semana de mar\u00e7o, iniciativas do Campo Global de toda a Europa e de outras regi\u00f5es se reuniram para continuar desenvolvendo o trabalho educativo do nosso movimento e planejar passos conjuntos para o futuro. Mas, este ano, houve uma novidade significativa. &#8230;<\/p><p class=\"wp-block-post-excerpt__more-text\"><a class=\"wp-block-post-excerpt__more-link\" href=\"https:\/\/www.2000m2.eu\/pt\/novita\/conferencia-mundial-de-agricultores-2025\/\">L\u00ea mais<\/a><\/p><\/div><\/div><\/div>\n\n<\/li><\/ul><\/div>\n\n\n<style>.wp-block-kadence-advancedbtn.kt-btns13573_6248d8-bd, .site .entry-content .wp-block-kadence-advancedbtn.kt-btns13573_6248d8-bd, .wp-block-kadence-advancedbtn.kb-btns13573_6248d8-bd, .site .entry-content .wp-block-kadence-advancedbtn.kb-btns13573_6248d8-bd{margin-top:var(--global-kb-spacing-lg, 3rem);margin-bottom:var(--global-kb-spacing-xxl, 5rem);}.wp-block-kadence-advancedbtn.kb-btns13573_6248d8-bd{gap:var(--global-kb-gap-xs, 0.5rem );justify-content:center;align-items:center;}.kt-btns13573_6248d8-bd .kt-button{font-weight:normal;font-style:normal;}.kt-btns13573_6248d8-bd .kt-btn-wrap-0{margin-right:5px;}.wp-block-kadence-advancedbtn.kt-btns13573_6248d8-bd .kt-btn-wrap-0 .kt-button{color:#555555;border-color:#555555;}.wp-block-kadence-advancedbtn.kt-btns13573_6248d8-bd .kt-btn-wrap-0 .kt-button:hover, .wp-block-kadence-advancedbtn.kt-btns13573_6248d8-bd .kt-btn-wrap-0 .kt-button:focus{color:#ffffff;border-color:#444444;}.wp-block-kadence-advancedbtn.kt-btns13573_6248d8-bd .kt-btn-wrap-0 .kt-button::before{display:none;}.wp-block-kadence-advancedbtn.kt-btns13573_6248d8-bd .kt-btn-wrap-0 .kt-button:hover, .wp-block-kadence-advancedbtn.kt-btns13573_6248d8-bd .kt-btn-wrap-0 .kt-button:focus{background:#444444;}<\/style>\n<div class=\"wp-block-kadence-advancedbtn kb-buttons-wrap kb-btns13573_6248d8-bd\"><style>ul.menu .wp-block-kadence-advancedbtn .kb-btn13573_1f9c33-82.kb-button{width:initial;}.wp-block-kadence-advancedbtn .kb-btn13573_1f9c33-82.kb-button{background:var(--accent);}.wp-block-kadence-advancedbtn .kb-btn13573_1f9c33-82.kb-button:hover, .wp-block-kadence-advancedbtn .kb-btn13573_1f9c33-82.kb-button:focus{background:var(--accent-1);}<\/style><a class=\"kb-button kt-button button kb-btn13573_1f9c33-82 kt-btn-size-standard kt-btn-width-type-auto kb-btn-global-fill  kt-btn-has-text-true kt-btn-has-svg-false  wp-block-kadence-singlebtn\" href=\"https:\/\/www.2000m2.eu\/pt\/sem-categoria\/\"><span class=\"kt-btn-inner-text\">L\u00ea mais artigos<\/span><\/a><\/div>\n\n\n\n<div class=\"wp-block-group alignfull front-news has-accent-background-color has-background\" style=\"margin-top:var(--wp--preset--spacing--70);margin-bottom:var(--wp--preset--spacing--70)\"><div class=\"wp-block-group__inner-container is-layout-constrained wp-block-group-is-layout-constrained\">\n<div class=\"wp-block-query is-layout-flow wp-block-query-is-layout-flow\"><ul class=\"columns-2 wp-block-post-template is-layout-grid wp-container-core-post-template-is-layout-02493678 wp-block-post-template-is-layout-grid\"><li class=\"wp-block-post post-13566 post type-post status-publish format-standard has-post-thumbnail hentry category-novita tag-agricultura-natural tag-biodiversidade tag-microbioma\">\n\n<div class=\"wp-block-group has-base-3-background-color has-background\" style=\"padding-top:30px;padding-right:30px;padding-bottom:30px;padding-left:30px\"><div class=\"wp-block-group__inner-container is-layout-flow wp-block-group-is-layout-flow\"><figure style=\"aspect-ratio:4\/3;\" class=\"wp-block-post-featured-image\"><a href=\"https:\/\/www.2000m2.eu\/pt\/novita\/delegacao-do-campo-global-na-india\/\" target=\"_self\"  ><img decoding=\"async\" width=\"1920\" height=\"1280\" src=\"https:\/\/www.2000m2.eu\/wp-content\/uploads\/DSC06799-min.jpg\" class=\"attachment-post-thumbnail size-post-thumbnail wp-post-image\" alt=\"Visita a delega\u00e7\u00e3o do Weltacker na \u00cdndia\" style=\"width:100%;height:100%;object-fit:cover;\" srcset=\"https:\/\/www.2000m2.eu\/wp-content\/uploads\/DSC06799-min.jpg 1920w, https:\/\/www.2000m2.eu\/wp-content\/uploads\/DSC06799-min-300x200.jpg 300w, https:\/\/www.2000m2.eu\/wp-content\/uploads\/DSC06799-min-1024x683.jpg 1024w, https:\/\/www.2000m2.eu\/wp-content\/uploads\/DSC06799-min-768x512.jpg 768w, https:\/\/www.2000m2.eu\/wp-content\/uploads\/DSC06799-min-1536x1024.jpg 1536w, https:\/\/www.2000m2.eu\/wp-content\/uploads\/DSC06799-min-450x300.jpg 450w\" sizes=\"(max-width: 1920px) 100vw, 1920px\" \/><\/a><\/figure>\n\n<h3 class=\"has-link-color wp-elements-eb9d2dbec0d3cf649db48c0e7a435e66 wp-block-post-title has-text-color has-contrast-color\">Visita a delega\u00e7\u00e3o do Weltacker na \u00cdndia<\/h3>\n\n<div class=\"wp-block-post-excerpt\"><p class=\"wp-block-post-excerpt__excerpt\">Em fevereiro, uma pequena delega\u00e7\u00e3o do Weltacker visitou o movimento Andhra Pradesh Community Managed Natural Farming (APCNF) no sudoeste do estado indiano com o mesmo nome. Depois de uma visita em 2017 e de uma apresenta\u00e7\u00e3o na confer\u00eancia da Zukunftsstiftung Landwirtschaft &#8220;The Colour of Research&#8221; em 2024, este foi o terceiro encontro de Benny Haerlin&hellip;<\/p><p class=\"wp-block-post-excerpt__more-text\"><a class=\"wp-block-post-excerpt__more-link\" href=\"https:\/\/www.2000m2.eu\/pt\/novita\/delegacao-do-campo-global-na-india\/\">L\u00ea mais<\/a><\/p><\/div><\/div><\/div>\n\n<\/li><li class=\"wp-block-post post-13548 post type-post status-publish format-standard has-post-thumbnail hentry category-novita\">\n\n<div class=\"wp-block-group has-base-3-background-color has-background\" style=\"padding-top:30px;padding-right:30px;padding-bottom:30px;padding-left:30px\"><div class=\"wp-block-group__inner-container is-layout-flow wp-block-group-is-layout-flow\"><figure style=\"aspect-ratio:4\/3;\" class=\"wp-block-post-featured-image\"><a href=\"https:\/\/www.2000m2.eu\/pt\/novita\/conferencia-mundial-de-agricultores-2025\/\" target=\"_self\"  ><img decoding=\"async\" width=\"1920\" height=\"1281\" src=\"https:\/\/www.2000m2.eu\/wp-content\/uploads\/globalfield_NuglarGaerten_DominiqueOser-min.jpg\" class=\"attachment-post-thumbnail size-post-thumbnail wp-post-image\" alt=\"Confer\u00eancia do Campo Global 2025\" style=\"width:100%;height:100%;object-fit:cover;\" srcset=\"https:\/\/www.2000m2.eu\/wp-content\/uploads\/globalfield_NuglarGaerten_DominiqueOser-min.jpg 1920w, https:\/\/www.2000m2.eu\/wp-content\/uploads\/globalfield_NuglarGaerten_DominiqueOser-min-300x200.jpg 300w, https:\/\/www.2000m2.eu\/wp-content\/uploads\/globalfield_NuglarGaerten_DominiqueOser-min-768x512.jpg 768w, https:\/\/www.2000m2.eu\/wp-content\/uploads\/globalfield_NuglarGaerten_DominiqueOser-min-1024x683.jpg 1024w, https:\/\/www.2000m2.eu\/wp-content\/uploads\/globalfield_NuglarGaerten_DominiqueOser-min-1536x1025.jpg 1536w, https:\/\/www.2000m2.eu\/wp-content\/uploads\/globalfield_NuglarGaerten_DominiqueOser-min-450x300.jpg 450w\" sizes=\"(max-width: 1920px) 100vw, 1920px\" \/><\/a><\/figure>\n\n<h3 class=\"has-link-color wp-elements-eb9d2dbec0d3cf649db48c0e7a435e66 wp-block-post-title has-text-color has-contrast-color\">Confer\u00eancia do Campo Global 2025<\/h3>\n\n<div class=\"wp-block-post-excerpt\"><p class=\"wp-block-post-excerpt__excerpt\">Pela quarta vez, no primeiro fim de semana de mar\u00e7o, iniciativas do Campo Global de toda a Europa e de outras regi\u00f5es se reuniram para continuar desenvolvendo o trabalho educativo do nosso movimento e planejar passos conjuntos para o futuro. Mas, este ano, houve uma novidade significativa. &#8230;<\/p><p class=\"wp-block-post-excerpt__more-text\"><a class=\"wp-block-post-excerpt__more-link\" href=\"https:\/\/www.2000m2.eu\/pt\/novita\/conferencia-mundial-de-agricultores-2025\/\">L\u00ea mais<\/a><\/p><\/div><\/div><\/div>\n\n<\/li><\/ul><\/div>\n<\/div><\/div>\n\n\n\n<h2 class=\"wp-block-heading is-style-divider\">A Rede do Campo Global <\/h2>\n\n\n<div class=\"map_wrapper\" id=\"map_wrapper_26831\">\n<div class=\"map_box\" style=\"max-width:2200px\"><div class=\"igm_content_above\"><div id=\"default_26831\"><\/div><\/div>\n<div class=\"map_aspect_ratio\" style=\"padding-top:54%\" data-padding-top=\"54%\" data-padding-top-mobile=\"90%\">\n<div class=\"map_container\">\n<div class=\"map_render map_loading\" id=\"map_26831\"><\/div>\n<\/div>\n<\/div>\n<\/div>\n<\/div>\n\n\n<style>.wp-block-kadence-spacer.kt-block-spacer-13573_6731a5-71 .kt-block-spacer{height:60px;}.wp-block-kadence-spacer.kt-block-spacer-13573_6731a5-71 .kt-divider{border-top-width:1px;height:1px;border-top-color:#eee;width:80%;border-top-style:solid;}<\/style>\n<div class=\"wp-block-kadence-spacer aligncenter kt-block-spacer-13573_6731a5-71\"><div class=\"kt-block-spacer kt-block-spacer-halign-center\"><\/div><\/div>\n\n\n\n<p><\/p>\n\n\n\n<h2 class=\"wp-block-heading is-style-divider\">A hist\u00f3ria dos 2000 m\u00b2<\/h2>\n\n\n<style>.wp-block-kadence-spacer.kt-block-spacer-13573_cf3df2-9b .kt-block-spacer{height:40px;}.wp-block-kadence-spacer.kt-block-spacer-13573_cf3df2-9b .kt-divider{border-top-width:1px;height:1px;border-top-color:#eee;width:80%;border-top-style:solid;}<\/style>\n<div class=\"wp-block-kadence-spacer aligncenter kt-block-spacer-13573_cf3df2-9b\"><div class=\"kt-block-spacer kt-block-spacer-halign-center\"><\/div><\/div>\n\n\n    <link rel=\"stylesheet\" href=\"https:\/\/cdn.jsdelivr.net\/npm\/swiper@11\/swiper-bundle.min.css\" \/>\n    <script src=\"https:\/\/cdn.jsdelivr.net\/npm\/swiper@11\/swiper-bundle.min.js\"><\/script>\n    <style>\n    .swiper-container {\n        position: relative;\n        z-index: 0;\n    }\n    .swiper {\n        padding-bottom: 40px;\n    }\n    .swiper-slide a {\n        text-decoration: none;\n        color: var(--contrast-2);\n    }\n    .swiper-split {\n        display: grid;\n        grid-template-columns: repeat(2, minmax(0, 1fr));\n        align-items: center;\n        background: #fff;\n    }\n    .swiper-split div:first-of-type {\n        height: 100%;\n        display: flex;\n        flex-direction: column;\n        justify-content: center;\n        background: url('https:\/\/www.2000m2.eu\/wp-content\/themes\/2000m2\/images\/topic-slider-background.jpg');\n        background-size: cover;\n    }\n    .swiper-split div div {\n        padding: 50px 70px 50px 50px;\n    }\n    #themen-slider h3 {\n        font-size: 50px;\n    }\n    #themen-slider p {\n        font-size: 24px;\n    }\n    .swiper-button-next, .swiper-button-prev {\n        color: #B1C161;\n    }\n    .swiper-pagination-bullet {\n        opacity: .05;\n    }\n    .swiper-pagination-bullet-active {\n        background: #B1C161;\n        opacity: 1;\n    }\n    .swiper-split {\n        display: grid;\n        grid-template-columns: repeat(2, minmax(0, 1fr));\n        align-items: center;\n        background: #fff;\n    }\n    @media (max-width:768px) {\n        .swiper-split {\n            grid-template-columns: repeat(1, minmax(0, 1fr));\n        }\n        .swiper-split div div {\n            padding: 30px 30px 20px;\n            }\n        #themen-slider h3 {\n            font-size: 35px;\n            margin-bottom: 10px;\n        }\n        #themen-slider p {\n            font-size: 18px;\n        }\n    }\n    <\/style>\n    <div id=\"themen-slider\" class=\"swiper-container\">\n        <div class=\"swiper\">\n            <div class=\"swiper-wrapper\">\n            <div class=\"swiper-slide\"><a href=\"https:\/\/www.2000m2.eu\/pt\/topic\/o-campo-global\/\"><div class=\"swiper-split\"><img decoding=\"async\" width=\"1024\" height=\"1024\" src=\"https:\/\/www.2000m2.eu\/wp-content\/uploads\/Portugiesisch_grafiken_Website2-1024x1024.jpg\" class=\"attachment-large size-large wp-post-image\" alt=\"Apresenta os seguintes r\u00e1cios de superf\u00edcie: trigo 13%, milho 12%, arroz 10%, outros cereais 9%, oleaginosas 11%, soja 8%, forragens verdes 7%, algod\u00e3o 2%, frutos de casca rija 1%, frutos 4%, leguminosas 6%, fibras 0,2%, produtos hort\u00edcolas 4% e culturas arvenses 4%.\" srcset=\"https:\/\/www.2000m2.eu\/wp-content\/uploads\/Portugiesisch_grafiken_Website2-1024x1024.jpg 1024w, https:\/\/www.2000m2.eu\/wp-content\/uploads\/Portugiesisch_grafiken_Website2-300x300.jpg 300w, https:\/\/www.2000m2.eu\/wp-content\/uploads\/Portugiesisch_grafiken_Website2-768x768.jpg 768w, https:\/\/www.2000m2.eu\/wp-content\/uploads\/Portugiesisch_grafiken_Website2-1536x1536.jpg 1536w, https:\/\/www.2000m2.eu\/wp-content\/uploads\/Portugiesisch_grafiken_Website2-2048x2048.jpg 2048w\" sizes=\"(max-width: 1024px) 100vw, 1024px\" \/><div><div><h3>O Campo Global<\/h3><p>Se os meus 2000 metros quadrados reflectissem a terra ar\u00e1vel do mundo, o que cresceria nela? <\/div><\/div><\/div><div class=\"swiper-lazy-preloader\"><\/div><\/a><\/div><div class=\"swiper-slide\"><a href=\"https:\/\/www.2000m2.eu\/pt\/topic\/proporcoes\/\"><div class=\"swiper-split\"><img decoding=\"async\" width=\"900\" height=\"900\" src=\"https:\/\/www.2000m2.eu\/wp-content\/uploads\/01_2000m2_Parkplatz_RGB.jpg\" class=\"attachment-large size-large wp-post-image\" alt=\"\" srcset=\"https:\/\/www.2000m2.eu\/wp-content\/uploads\/01_2000m2_Parkplatz_RGB.jpg 900w, https:\/\/www.2000m2.eu\/wp-content\/uploads\/01_2000m2_Parkplatz_RGB-300x300.jpg 300w, https:\/\/www.2000m2.eu\/wp-content\/uploads\/01_2000m2_Parkplatz_RGB-768x768.jpg 768w\" sizes=\"(max-width: 900px) 100vw, 900px\" \/><div><div><h3>Propor\u00e7\u00f5es<\/h3><p>Que tamanho t\u00eam 2000 metros quadrados?  <\/div><\/div><\/div><div class=\"swiper-lazy-preloader\"><\/div><\/a><\/div><div class=\"swiper-slide\"><a href=\"https:\/\/www.2000m2.eu\/pt\/topic\/biodiversidade\/\"><div class=\"swiper-split\"><img decoding=\"async\" width=\"900\" height=\"900\" src=\"https:\/\/www.2000m2.eu\/wp-content\/uploads\/2KQM_Was_krabbelt_Fin.jpg\" class=\"attachment-large size-large wp-post-image\" alt=\"Mehrere Lupen sind auf den Weltacker gerichtet und offenbaren die Biodiversit\u00e4t - von M\u00e4usen und Igeln \u00fcber Schmetterlinge und V\u00f6gel bis zu Insekten.\" srcset=\"https:\/\/www.2000m2.eu\/wp-content\/uploads\/2KQM_Was_krabbelt_Fin.jpg 900w, https:\/\/www.2000m2.eu\/wp-content\/uploads\/2KQM_Was_krabbelt_Fin-300x300.jpg 300w, https:\/\/www.2000m2.eu\/wp-content\/uploads\/2KQM_Was_krabbelt_Fin-768x768.jpg 768w\" sizes=\"(max-width: 900px) 100vw, 900px\" \/><div><div><h3>Diversidade em 2000 m\u00b2<\/h3><p>Quem e o que mais vive e prospera nos meus 2000 metros quadrados?<\/div><\/div><\/div><div class=\"swiper-lazy-preloader\"><\/div><\/a><\/div><div class=\"swiper-slide\"><a href=\"https:\/\/www.2000m2.eu\/pt\/topic\/perdas-e-desperdicios\/\"><div class=\"swiper-split\"><img decoding=\"async\" width=\"900\" height=\"900\" src=\"https:\/\/www.2000m2.eu\/wp-content\/uploads\/Kein-Titel-900-x-900-px.jpg\" class=\"attachment-large size-large wp-post-image\" alt=\"Illustration: Ein Fahrzeug walzt durch den Weltacker und zerst\u00f6rt einen gro\u00dfen Teil der Pflanzen.\" srcset=\"https:\/\/www.2000m2.eu\/wp-content\/uploads\/Kein-Titel-900-x-900-px.jpg 900w, https:\/\/www.2000m2.eu\/wp-content\/uploads\/Kein-Titel-900-x-900-px-300x300.jpg 300w, https:\/\/www.2000m2.eu\/wp-content\/uploads\/Kein-Titel-900-x-900-px-768x768.jpg 768w\" sizes=\"(max-width: 900px) 100vw, 900px\" \/><div><div><h3>Perdas e desperd\u00edcios<\/h3><p>Quanto do meu terreno vai para o caixote do lixo?  <\/div><\/div><\/div><div class=\"swiper-lazy-preloader\"><\/div><\/a><\/div><div class=\"swiper-slide\"><a href=\"https:\/\/www.2000m2.eu\/pt\/topic\/alimentos-para-animais\/\"><div class=\"swiper-split\"><img decoding=\"async\" width=\"1024\" height=\"1024\" src=\"https:\/\/www.2000m2.eu\/wp-content\/uploads\/Portugiesisch_grafiken_Website3-1024x1024.jpg\" class=\"attachment-large size-large wp-post-image\" alt=\"Desenha um Campo Global completamente vazio. Ao lado est\u00e3o dois porcos em pequenas jaulas, rodeados de comprimidos e seringas.\" srcset=\"https:\/\/www.2000m2.eu\/wp-content\/uploads\/Portugiesisch_grafiken_Website3-1024x1024.jpg 1024w, https:\/\/www.2000m2.eu\/wp-content\/uploads\/Portugiesisch_grafiken_Website3-300x300.jpg 300w, https:\/\/www.2000m2.eu\/wp-content\/uploads\/Portugiesisch_grafiken_Website3-768x768.jpg 768w, https:\/\/www.2000m2.eu\/wp-content\/uploads\/Portugiesisch_grafiken_Website3-1536x1536.jpg 1536w, https:\/\/www.2000m2.eu\/wp-content\/uploads\/Portugiesisch_grafiken_Website3-2048x2048.jpg 2048w\" sizes=\"(max-width: 1024px) 100vw, 1024px\" \/><div><div><h3>Alimentos para animais provenientes do campo<\/h3><p>Quantos porcos podem ser alimentados em 2000 m\u00b2? <\/div><\/div><\/div><div class=\"swiper-lazy-preloader\"><\/div><\/a><\/div><div class=\"swiper-slide\"><a href=\"https:\/\/www.2000m2.eu\/pt\/topic\/exemplos-de-cultivo\/\"><div class=\"swiper-split\"><img decoding=\"async\" width=\"1024\" height=\"1024\" src=\"https:\/\/www.2000m2.eu\/wp-content\/uploads\/Portugiesisch_grafiken_Website7-1024x1024.jpg\" class=\"attachment-large size-large wp-post-image\" alt=\"Apresenta os diferentes rendimentos que podem ser colhidos em 2000 m\u00b2. Por exemplo, 2500 kg de feij\u00e3o verde em Fran\u00e7a, 8500 kg de batatas na Alemanha, 2200 kg de abacates em Chipre ou 8500 kg de cenouras na Finl\u00e2ndia.\" srcset=\"https:\/\/www.2000m2.eu\/wp-content\/uploads\/Portugiesisch_grafiken_Website7-1024x1024.jpg 1024w, https:\/\/www.2000m2.eu\/wp-content\/uploads\/Portugiesisch_grafiken_Website7-300x300.jpg 300w, https:\/\/www.2000m2.eu\/wp-content\/uploads\/Portugiesisch_grafiken_Website7-768x768.jpg 768w, https:\/\/www.2000m2.eu\/wp-content\/uploads\/Portugiesisch_grafiken_Website7-1536x1536.jpg 1536w, https:\/\/www.2000m2.eu\/wp-content\/uploads\/Portugiesisch_grafiken_Website7-2048x2048.jpg 2048w\" sizes=\"(max-width: 1024px) 100vw, 1024px\" \/><div><div><h3>Exemplos de cultivo<\/h3><p>O que \u00e9 que se pode cultivar nos meus 2000 metros quadrados?<\/div><\/div><\/div><div class=\"swiper-lazy-preloader\"><\/div><\/a><\/div><div class=\"swiper-slide\"><a href=\"https:\/\/www.2000m2.eu\/pt\/topic\/inventario-da-cozinha\/\"><div class=\"swiper-split\"><img decoding=\"async\" width=\"1024\" height=\"1024\" src=\"https:\/\/www.2000m2.eu\/wp-content\/uploads\/Portugiesisch_grafiken_Website4-1024x1024.jpg\" class=\"attachment-large size-large wp-post-image\" alt=\"Uma cozinha est\u00e1 cheia de comida: v\u00e1rias garrafas, caixas de fruta e legumes, sacos de batatas, carne, salsichas e refei\u00e7\u00f5es prontas, como pizzas ou hamb\u00fargueres.\" srcset=\"https:\/\/www.2000m2.eu\/wp-content\/uploads\/Portugiesisch_grafiken_Website4-1024x1024.jpg 1024w, https:\/\/www.2000m2.eu\/wp-content\/uploads\/Portugiesisch_grafiken_Website4-300x300.jpg 300w, https:\/\/www.2000m2.eu\/wp-content\/uploads\/Portugiesisch_grafiken_Website4-768x768.jpg 768w, https:\/\/www.2000m2.eu\/wp-content\/uploads\/Portugiesisch_grafiken_Website4-1536x1536.jpg 1536w, https:\/\/www.2000m2.eu\/wp-content\/uploads\/Portugiesisch_grafiken_Website4-2048x2048.jpg 2048w\" sizes=\"(max-width: 1024px) 100vw, 1024px\" \/><div><div><h3>As nossas necessidades<\/h3><p>O que \u00e9 que eu realmente consumo ano ap\u00f3s ano?<\/div><\/div><\/div><div class=\"swiper-lazy-preloader\"><\/div><\/a><\/div><div class=\"swiper-slide\"><a href=\"https:\/\/www.2000m2.eu\/pt\/topic\/queima-de-campos\/\"><div class=\"swiper-split\"><img decoding=\"async\" width=\"1024\" height=\"1024\" src=\"https:\/\/www.2000m2.eu\/wp-content\/uploads\/Portugiesisch_grafiken_Website5-1024x1024.jpg\" class=\"attachment-large size-large wp-post-image\" alt=\"Representa uma autoestrada. Um carro est\u00e1 estacionado junto \u00e0 autoestrada e est\u00e1 a abastecer um campo.\" srcset=\"https:\/\/www.2000m2.eu\/wp-content\/uploads\/Portugiesisch_grafiken_Website5-1024x1024.jpg 1024w, https:\/\/www.2000m2.eu\/wp-content\/uploads\/Portugiesisch_grafiken_Website5-300x300.jpg 300w, https:\/\/www.2000m2.eu\/wp-content\/uploads\/Portugiesisch_grafiken_Website5-768x768.jpg 768w, https:\/\/www.2000m2.eu\/wp-content\/uploads\/Portugiesisch_grafiken_Website5-1536x1536.jpg 1536w, https:\/\/www.2000m2.eu\/wp-content\/uploads\/Portugiesisch_grafiken_Website5-2048x2048.jpg 2048w\" sizes=\"(max-width: 1024px) 100vw, 1024px\" \/><div><div><h3>Queima de campos<\/h3><p>Que dist\u00e2ncia posso percorrer com os meus 2000 m\u00b2?<\/div><\/div><\/div><div class=\"swiper-lazy-preloader\"><\/div><\/a><\/div><div class=\"swiper-slide\"><a href=\"https:\/\/www.2000m2.eu\/pt\/topic\/quimica-no-terreno\/\"><div class=\"swiper-split\"><img decoding=\"async\" width=\"1024\" height=\"1024\" src=\"https:\/\/www.2000m2.eu\/wp-content\/uploads\/Portugiesisch_grafiken_Website10-1024x1024.jpg\" class=\"attachment-large size-large wp-post-image\" alt=\"S\u00e3o mostradas duas vers\u00f5es diferentes do campo: uma com fertilizantes e pesticidas e monoculturas e outra sem fertilizantes qu\u00edmicos e diversidade de culturas. Nesta \u00faltima, a biodiversidade \u00e9 significativamente maior e os animais est\u00e3o a dar-se bem.\" srcset=\"https:\/\/www.2000m2.eu\/wp-content\/uploads\/Portugiesisch_grafiken_Website10-1024x1024.jpg 1024w, https:\/\/www.2000m2.eu\/wp-content\/uploads\/Portugiesisch_grafiken_Website10-300x300.jpg 300w, https:\/\/www.2000m2.eu\/wp-content\/uploads\/Portugiesisch_grafiken_Website10-768x768.jpg 768w, https:\/\/www.2000m2.eu\/wp-content\/uploads\/Portugiesisch_grafiken_Website10-1536x1536.jpg 1536w, https:\/\/www.2000m2.eu\/wp-content\/uploads\/Portugiesisch_grafiken_Website10-2048x2048.jpg 2048w\" sizes=\"(max-width: 1024px) 100vw, 1024px\" \/><div><div><h3>Qu\u00edmica no terreno<\/h3><p>Ser\u00e1 que os fertilizantes artificiais e os pesticidas nos v\u00e3o salvar da fome?<\/div><\/div><\/div><div class=\"swiper-lazy-preloader\"><\/div><\/a><\/div><div class=\"swiper-slide\"><a href=\"https:\/\/www.2000m2.eu\/pt\/topic\/saudavel-e-sustentavel\/\"><div class=\"swiper-split\"><img decoding=\"async\" width=\"900\" height=\"900\" src=\"https:\/\/www.2000m2.eu\/wp-content\/uploads\/2000m2_PlanetaryHealthDiet_Rahmenlos_RGB.jpg\" class=\"attachment-large size-large wp-post-image\" alt=\"\" srcset=\"https:\/\/www.2000m2.eu\/wp-content\/uploads\/2000m2_PlanetaryHealthDiet_Rahmenlos_RGB.jpg 900w, https:\/\/www.2000m2.eu\/wp-content\/uploads\/2000m2_PlanetaryHealthDiet_Rahmenlos_RGB-300x300.jpg 300w, https:\/\/www.2000m2.eu\/wp-content\/uploads\/2000m2_PlanetaryHealthDiet_Rahmenlos_RGB-768x768.jpg 768w\" sizes=\"(max-width: 900px) 100vw, 900px\" \/><div><div><h3>Saud\u00e1vel e sustent\u00e1vel<\/h3><p>Como poderia ser a minha dieta do futuro?<\/div><\/div><\/div><div class=\"swiper-lazy-preloader\"><\/div><\/a><\/div><div class=\"swiper-slide\"><a href=\"https:\/\/www.2000m2.eu\/pt\/topic\/apreensao-de-terras\/\"><div class=\"swiper-split\"><img decoding=\"async\" width=\"1024\" height=\"1024\" src=\"https:\/\/www.2000m2.eu\/wp-content\/uploads\/Portugiesisch_grafiken_Website6-1024x1024.jpg\" class=\"attachment-large size-large wp-post-image\" alt=\"O diagrama mostra 2000 metros quadrados de culturas cultivadas na Europa e mais 1000 metros quadrados de importa\u00e7\u00f5es europeias.\" srcset=\"https:\/\/www.2000m2.eu\/wp-content\/uploads\/Portugiesisch_grafiken_Website6-1024x1024.jpg 1024w, https:\/\/www.2000m2.eu\/wp-content\/uploads\/Portugiesisch_grafiken_Website6-300x300.jpg 300w, https:\/\/www.2000m2.eu\/wp-content\/uploads\/Portugiesisch_grafiken_Website6-768x768.jpg 768w, https:\/\/www.2000m2.eu\/wp-content\/uploads\/Portugiesisch_grafiken_Website6-1536x1536.jpg 1536w, https:\/\/www.2000m2.eu\/wp-content\/uploads\/Portugiesisch_grafiken_Website6-2048x2048.jpg 2048w\" sizes=\"(max-width: 1024px) 100vw, 1024px\" \/><div><div><h3>Apreens\u00e3o de terras<\/h3><p>Porque \u00e9 que a UE rica n\u00e3o se consegue alimentar a si pr\u00f3pria?<\/div><\/div><\/div><div class=\"swiper-lazy-preloader\"><\/div><\/a><\/div><div class=\"swiper-slide\"><a href=\"https:\/\/www.2000m2.eu\/pt\/topic\/dominio-do-genero\/\"><div class=\"swiper-split\"><img decoding=\"async\" width=\"1024\" height=\"1024\" src=\"https:\/\/www.2000m2.eu\/wp-content\/uploads\/Portugiesisch_grafiken_Website-1024x1024.jpg\" class=\"attachment-large size-large wp-post-image\" alt=\"Apresenta a reparti\u00e7\u00e3o das terras ar\u00e1veis por g\u00e9nero. \u00c9 evidente que as mulheres possuem muito pouca terra, mas cultivam muito mais. Uma agricultora est\u00e1 no campo e faz a pergunta: &quot;Quem alimenta o mundo?&quot;\" srcset=\"https:\/\/www.2000m2.eu\/wp-content\/uploads\/Portugiesisch_grafiken_Website-1024x1024.jpg 1024w, https:\/\/www.2000m2.eu\/wp-content\/uploads\/Portugiesisch_grafiken_Website-300x300.jpg 300w, https:\/\/www.2000m2.eu\/wp-content\/uploads\/Portugiesisch_grafiken_Website-768x768.jpg 768w, https:\/\/www.2000m2.eu\/wp-content\/uploads\/Portugiesisch_grafiken_Website-1536x1536.jpg 1536w, https:\/\/www.2000m2.eu\/wp-content\/uploads\/Portugiesisch_grafiken_Website-2048x2048.jpg 2048w\" sizes=\"(max-width: 1024px) 100vw, 1024px\" \/><div><div><h3>Dom\u00ednio do g\u00e9nero<\/h3><p>Como \u00e9 que as mulheres e os homens se alimentam e se desenrascam?<\/div><\/div><\/div><div class=\"swiper-lazy-preloader\"><\/div><\/a><\/div><div class=\"swiper-slide\"><a href=\"https:\/\/www.2000m2.eu\/pt\/topic\/microbioma\/\"><div class=\"swiper-split\"><img decoding=\"async\" width=\"1024\" height=\"1024\" src=\"https:\/\/www.2000m2.eu\/wp-content\/uploads\/Portugiesisch_grafiken_Website8-1024x1024.jpg\" class=\"attachment-large size-large wp-post-image\" alt=\"A ilustra\u00e7\u00e3o mostra que os microrganismos est\u00e3o em todo o lado. No solo, nas ra\u00edzes, no est\u00f4mago de uma vaca, no ar e tamb\u00e9m no est\u00f4mago dos seres humanos. E em toda a parte, na pele e na superf\u00edcie.\" srcset=\"https:\/\/www.2000m2.eu\/wp-content\/uploads\/Portugiesisch_grafiken_Website8-1024x1024.jpg 1024w, https:\/\/www.2000m2.eu\/wp-content\/uploads\/Portugiesisch_grafiken_Website8-300x300.jpg 300w, https:\/\/www.2000m2.eu\/wp-content\/uploads\/Portugiesisch_grafiken_Website8-768x768.jpg 768w, https:\/\/www.2000m2.eu\/wp-content\/uploads\/Portugiesisch_grafiken_Website8-1536x1536.jpg 1536w, https:\/\/www.2000m2.eu\/wp-content\/uploads\/Portugiesisch_grafiken_Website8-2048x2048.jpg 2048w\" sizes=\"(max-width: 1024px) 100vw, 1024px\" \/><div><div><h3>O microbioma<\/h3><p>Qual \u00e9 a diversidade da minha \u00e1rea e da minha?<\/div><\/div><\/div><div class=\"swiper-lazy-preloader\"><\/div><\/a><\/div><div class=\"swiper-slide\"><a href=\"https:\/\/www.2000m2.eu\/pt\/topic\/agua\/\"><div class=\"swiper-split\"><img decoding=\"async\" width=\"1024\" height=\"1024\" src=\"https:\/\/www.2000m2.eu\/wp-content\/uploads\/Portugiesisch_grafiken_Website9-1024x1024.jpg\" class=\"attachment-large size-large wp-post-image\" alt=\"Mostra o ciclo da \u00e1gua. Desde a evapora\u00e7\u00e3o e o despertar, \u00e0 precipita\u00e7\u00e3o, \u00e0 infiltra\u00e7\u00e3o e ao refluxo das \u00e1guas subterr\u00e2neas.\" srcset=\"https:\/\/www.2000m2.eu\/wp-content\/uploads\/Portugiesisch_grafiken_Website9-1024x1024.jpg 1024w, https:\/\/www.2000m2.eu\/wp-content\/uploads\/Portugiesisch_grafiken_Website9-300x300.jpg 300w, https:\/\/www.2000m2.eu\/wp-content\/uploads\/Portugiesisch_grafiken_Website9-768x768.jpg 768w, https:\/\/www.2000m2.eu\/wp-content\/uploads\/Portugiesisch_grafiken_Website9-1536x1536.jpg 1536w, https:\/\/www.2000m2.eu\/wp-content\/uploads\/Portugiesisch_grafiken_Website9-2048x2048.jpg 2048w\" sizes=\"(max-width: 1024px) 100vw, 1024px\" \/><div><div><h3>O nosso elixir da vida<\/h3><p>Est\u00e1s a ficar sem \u00e1gua?<\/div><\/div><\/div><div class=\"swiper-lazy-preloader\"><\/div><\/a><\/div>            <\/div>\n            <div class=\"swiper-pagination\"><\/div>\n            <div class=\"swiper-button-prev\"><\/div>\n            <div class=\"swiper-button-next\"><\/div>\n        <\/div>\n    <\/div>\n    <script>\n    var swiper = new Swiper(\".swiper\", {\n        autoHeight: true,\n        autoplay: {\n            delay: 5000,\n            pauseOnMouseEnter: true,\n        },\n        loop: true,\n        navigation: {\n            nextEl: \".swiper-button-next\",\n            prevEl: \".swiper-button-prev\",\n        },\n        pagination: {\n            el: '.swiper-pagination',\n            type: 'bullets',\n        },\n        paginationClickable: true,\n    });\n    <\/script>\n\n","protected":false},"excerpt":{"rendered":"<p>Se dividirmos a \u00e1rea agr\u00edcola do mundo pelo n\u00famero de pessoas, teremos 2.000 m\u00b2 por pessoa. \u00c9 nesse espa\u00e7o que precisa crescer tudo o que consumimos. Os espa\u00e7os educativos do Campo Global\u00ae tornam a complexa agricultura mundial compreens\u00edvel para todos. Em 2.000 m\u00b2, s\u00e3o reveladas a crian\u00e7as, jovens e adultos as possibilidades e os desafios&#8230;<\/p>\n","protected":false},"author":1,"featured_media":0,"parent":0,"menu_order":4,"comment_status":"closed","ping_status":"closed","template":"","meta":{"footnotes":""},"class_list":["post-13573","page","type-page","status-publish","hentry"],"yoast_head":"<!-- This site is optimized with the Yoast SEO plugin v27.4 - https:\/\/yoast.com\/product\/yoast-seo-wordpress\/ -->\n<title>P\u00e1gina inicial - 2000m2<\/title>\n<meta name=\"robots\" content=\"index, follow, max-snippet:-1, max-image-preview:large, max-video-preview:-1\" \/>\n<link rel=\"canonical\" href=\"https:\/\/www.2000m2.eu\/pt\/\" \/>\n<meta property=\"og:locale\" content=\"pt_PT\" \/>\n<meta property=\"og:type\" content=\"article\" \/>\n<meta property=\"og:title\" content=\"P\u00e1gina inicial - 2000m2\" \/>\n<meta property=\"og:description\" content=\"Se dividirmos a \u00e1rea agr\u00edcola do mundo pelo n\u00famero de pessoas, teremos 2.000 m\u00b2 por pessoa. \u00c9 nesse espa\u00e7o que precisa crescer tudo o que consumimos. Os espa\u00e7os educativos do Campo Global\u00ae tornam a complexa agricultura mundial compreens\u00edvel para todos. Em 2.000 m\u00b2, s\u00e3o reveladas a crian\u00e7as, jovens e adultos as possibilidades e os desafios...\" \/>\n<meta property=\"og:url\" content=\"https:\/\/www.2000m2.eu\/pt\/\" \/>\n<meta property=\"og:site_name\" content=\"2000m2\" \/>\n<meta property=\"article:modified_time\" content=\"2026-01-19T14:05:42+00:00\" \/>\n<meta name=\"twitter:card\" content=\"summary_large_image\" \/>\n<meta name=\"twitter:label1\" content=\"Tempo estimado de leitura\" \/>\n\t<meta name=\"twitter:data1\" content=\"1 minuto\" \/>\n<script type=\"application\/ld+json\" class=\"yoast-schema-graph\">{\"@context\":\"https:\\\/\\\/schema.org\",\"@graph\":[{\"@type\":\"WebPage\",\"@id\":\"https:\\\/\\\/www.2000m2.eu\\\/pt\\\/\",\"url\":\"https:\\\/\\\/www.2000m2.eu\\\/pt\\\/\",\"name\":\"P\u00e1gina inicial - 2000m2\",\"isPartOf\":{\"@id\":\"https:\\\/\\\/www.2000m2.eu\\\/pt\\\/#website\"},\"datePublished\":\"2024-07-24T11:13:42+00:00\",\"dateModified\":\"2026-01-19T14:05:42+00:00\",\"breadcrumb\":{\"@id\":\"https:\\\/\\\/www.2000m2.eu\\\/pt\\\/#breadcrumb\"},\"inLanguage\":\"pt-PT\",\"potentialAction\":[{\"@type\":\"ReadAction\",\"target\":[\"https:\\\/\\\/www.2000m2.eu\\\/pt\\\/\"]}]},{\"@type\":\"BreadcrumbList\",\"@id\":\"https:\\\/\\\/www.2000m2.eu\\\/pt\\\/#breadcrumb\",\"itemListElement\":[{\"@type\":\"ListItem\",\"position\":1,\"name\":\"Home\",\"item\":\"https:\\\/\\\/www.2000m2.eu\\\/pt\\\/\"},{\"@type\":\"ListItem\",\"position\":2,\"name\":\"P\u00e1gina inicial\"}]},{\"@type\":\"WebSite\",\"@id\":\"https:\\\/\\\/www.2000m2.eu\\\/pt\\\/#website\",\"url\":\"https:\\\/\\\/www.2000m2.eu\\\/pt\\\/\",\"name\":\"2000m2\",\"description\":\"\",\"publisher\":{\"@id\":\"https:\\\/\\\/www.2000m2.eu\\\/pt\\\/#organization\"},\"potentialAction\":[{\"@type\":\"SearchAction\",\"target\":{\"@type\":\"EntryPoint\",\"urlTemplate\":\"https:\\\/\\\/www.2000m2.eu\\\/pt\\\/?s={search_term_string}\"},\"query-input\":{\"@type\":\"PropertyValueSpecification\",\"valueRequired\":true,\"valueName\":\"search_term_string\"}}],\"inLanguage\":\"pt-PT\"},{\"@type\":\"Organization\",\"@id\":\"https:\\\/\\\/www.2000m2.eu\\\/pt\\\/#organization\",\"name\":\"2000m2\",\"url\":\"https:\\\/\\\/www.2000m2.eu\\\/pt\\\/\",\"logo\":{\"@type\":\"ImageObject\",\"inLanguage\":\"pt-PT\",\"@id\":\"https:\\\/\\\/www.2000m2.eu\\\/pt\\\/#\\\/schema\\\/logo\\\/image\\\/\",\"url\":\"https:\\\/\\\/www.2000m2.eu\\\/wp-content\\\/uploads\\\/logo.png\",\"contentUrl\":\"https:\\\/\\\/www.2000m2.eu\\\/wp-content\\\/uploads\\\/logo.png\",\"width\":445,\"height\":140,\"caption\":\"2000m2\"},\"image\":{\"@id\":\"https:\\\/\\\/www.2000m2.eu\\\/pt\\\/#\\\/schema\\\/logo\\\/image\\\/\"}}]}<\/script>\n<!-- \/ Yoast SEO plugin. -->","yoast_head_json":{"title":"P\u00e1gina inicial - 2000m2","robots":{"index":"index","follow":"follow","max-snippet":"max-snippet:-1","max-image-preview":"max-image-preview:large","max-video-preview":"max-video-preview:-1"},"canonical":"https:\/\/www.2000m2.eu\/pt\/","og_locale":"pt_PT","og_type":"article","og_title":"P\u00e1gina inicial - 2000m2","og_description":"Se dividirmos a \u00e1rea agr\u00edcola do mundo pelo n\u00famero de pessoas, teremos 2.000 m\u00b2 por pessoa. \u00c9 nesse espa\u00e7o que precisa crescer tudo o que consumimos. Os espa\u00e7os educativos do Campo Global\u00ae tornam a complexa agricultura mundial compreens\u00edvel para todos. Em 2.000 m\u00b2, s\u00e3o reveladas a crian\u00e7as, jovens e adultos as possibilidades e os desafios...","og_url":"https:\/\/www.2000m2.eu\/pt\/","og_site_name":"2000m2","article_modified_time":"2026-01-19T14:05:42+00:00","twitter_card":"summary_large_image","twitter_misc":{"Tempo estimado de leitura":"1 minuto"},"schema":{"@context":"https:\/\/schema.org","@graph":[{"@type":"WebPage","@id":"https:\/\/www.2000m2.eu\/pt\/","url":"https:\/\/www.2000m2.eu\/pt\/","name":"P\u00e1gina inicial - 2000m2","isPartOf":{"@id":"https:\/\/www.2000m2.eu\/pt\/#website"},"datePublished":"2024-07-24T11:13:42+00:00","dateModified":"2026-01-19T14:05:42+00:00","breadcrumb":{"@id":"https:\/\/www.2000m2.eu\/pt\/#breadcrumb"},"inLanguage":"pt-PT","potentialAction":[{"@type":"ReadAction","target":["https:\/\/www.2000m2.eu\/pt\/"]}]},{"@type":"BreadcrumbList","@id":"https:\/\/www.2000m2.eu\/pt\/#breadcrumb","itemListElement":[{"@type":"ListItem","position":1,"name":"Home","item":"https:\/\/www.2000m2.eu\/pt\/"},{"@type":"ListItem","position":2,"name":"P\u00e1gina inicial"}]},{"@type":"WebSite","@id":"https:\/\/www.2000m2.eu\/pt\/#website","url":"https:\/\/www.2000m2.eu\/pt\/","name":"2000m2","description":"","publisher":{"@id":"https:\/\/www.2000m2.eu\/pt\/#organization"},"potentialAction":[{"@type":"SearchAction","target":{"@type":"EntryPoint","urlTemplate":"https:\/\/www.2000m2.eu\/pt\/?s={search_term_string}"},"query-input":{"@type":"PropertyValueSpecification","valueRequired":true,"valueName":"search_term_string"}}],"inLanguage":"pt-PT"},{"@type":"Organization","@id":"https:\/\/www.2000m2.eu\/pt\/#organization","name":"2000m2","url":"https:\/\/www.2000m2.eu\/pt\/","logo":{"@type":"ImageObject","inLanguage":"pt-PT","@id":"https:\/\/www.2000m2.eu\/pt\/#\/schema\/logo\/image\/","url":"https:\/\/www.2000m2.eu\/wp-content\/uploads\/logo.png","contentUrl":"https:\/\/www.2000m2.eu\/wp-content\/uploads\/logo.png","width":445,"height":140,"caption":"2000m2"},"image":{"@id":"https:\/\/www.2000m2.eu\/pt\/#\/schema\/logo\/image\/"}}]}},"_links":{"self":[{"href":"https:\/\/www.2000m2.eu\/pt\/wp-json\/wp\/v2\/pages\/13573","targetHints":{"allow":["GET"]}}],"collection":[{"href":"https:\/\/www.2000m2.eu\/pt\/wp-json\/wp\/v2\/pages"}],"about":[{"href":"https:\/\/www.2000m2.eu\/pt\/wp-json\/wp\/v2\/types\/page"}],"author":[{"embeddable":true,"href":"https:\/\/www.2000m2.eu\/pt\/wp-json\/wp\/v2\/users\/1"}],"replies":[{"embeddable":true,"href":"https:\/\/www.2000m2.eu\/pt\/wp-json\/wp\/v2\/comments?post=13573"}],"version-history":[{"count":5,"href":"https:\/\/www.2000m2.eu\/pt\/wp-json\/wp\/v2\/pages\/13573\/revisions"}],"predecessor-version":[{"id":26832,"href":"https:\/\/www.2000m2.eu\/pt\/wp-json\/wp\/v2\/pages\/13573\/revisions\/26832"}],"wp:attachment":[{"href":"https:\/\/www.2000m2.eu\/pt\/wp-json\/wp\/v2\/media?parent=13573"}],"curies":[{"name":"wp","href":"https:\/\/api.w.org\/{rel}","templated":true}]}}