{"id":13643,"date":"2024-09-10T07:48:45","date_gmt":"2024-09-10T07:48:45","guid":{"rendered":"https:\/\/www.2000m2.eu\/sobre-nos\/coordenacao-internacional\/"},"modified":"2025-08-11T10:59:44","modified_gmt":"2025-08-11T10:59:44","slug":"coordenacao-internacional","status":"publish","type":"page","link":"https:\/\/www.2000m2.eu\/pt\/sobre-nos\/coordenacao-internacional\/","title":{"rendered":"Coordena\u00e7\u00e3o internacional"},"content":{"rendered":"\n<h1 class=\"wp-block-heading\">Coordena\u00e7\u00e3o do Movimento Campo Global<\/h1>\n\n<p>O primeiro Campo Global foi criado em 2013 pela organiza\u00e7\u00e3o <a href=\"https:\/\/www.saveourseeds.org\/\">Save Our Seeds<\/a>, do escrit\u00f3rio berlinense da Funda\u00e7\u00e3o para a Agricultura do Futuro (Zukunftsstiftung Landwirtschaft) na GLS Treuhand e.V. Nosso objetivo \u00e9 tornar compreens\u00edveis para todos as mensagens essenciais do <a href=\"https:\/\/www.weltagrarbericht.de\/\">Relat\u00f3rio Mundial sobre Agricultura<\/a> e lev\u00e1-las ao mundo. Para isso, o Campo Global traduz as inter-rela\u00e7\u00f5es da agricultura global para uma escala humana, tang\u00edvel e sensorialmente vivenci\u00e1vel.  <\/p>\n\n<p>Ap\u00f3s dez anos de trabalho educativo bem-sucedido, o Campo Global de Berlim tornou-se, em 2024, uma associa\u00e7\u00e3o independente, desvinculando-se da Funda\u00e7\u00e3o para a Agricultura do Futuro. Desde ent\u00e3o, passamos a coordenar exclusivamente o movimento internacional do Campo Global, que cresceu ao longo dos anos <\/p>\n\n<p>Nossos objetivos s\u00e3o fomentar o interc\u00e2mbio entre os projetos locais do Campo Global, levar nossas mensagens ao mundo, organizar de forma central o trabalho b\u00e1sico para todos os Campos Globais, lan\u00e7ar novos impulsos educativos e apoiar novas iniciativas na cria\u00e7\u00e3o de seus pr\u00f3prios Campos Globais. Para isso, nossa pequena equipe em Berlim se dedica com empenho. <\/p>\n\n<p><\/p>\n\n<h2 class=\"wp-block-heading has-text-align-center\">Nossa equipe<\/h2>\n\n<div class=\"wp-block-columns is-layout-flex wp-container-core-columns-is-layout-28f84493 wp-block-columns-is-layout-flex\">\n<div class=\"wp-block-column is-layout-flow wp-block-column-is-layout-flow\"><div class=\"wp-block-image is-style-rounded\">\n<figure class=\"aligncenter size-large is-resized\"><img decoding=\"async\" width=\"1024\" height=\"682\" src=\"https:\/\/www.2000m2.eu\/wp-content\/uploads\/Jasper-Jordan_Volker-Gehrmann-1-1024x682.jpg\" alt=\"Foto de Jasper jordan\" class=\"wp-image-3671\" style=\"object-fit:cover;width:204px;height:204px\" srcset=\"https:\/\/www.2000m2.eu\/wp-content\/uploads\/Jasper-Jordan_Volker-Gehrmann-1-1024x682.jpg 1024w, https:\/\/www.2000m2.eu\/wp-content\/uploads\/Jasper-Jordan_Volker-Gehrmann-1-300x200.jpg 300w, https:\/\/www.2000m2.eu\/wp-content\/uploads\/Jasper-Jordan_Volker-Gehrmann-1-768x512.jpg 768w, https:\/\/www.2000m2.eu\/wp-content\/uploads\/Jasper-Jordan_Volker-Gehrmann-1-450x300.jpg 450w, https:\/\/www.2000m2.eu\/wp-content\/uploads\/Jasper-Jordan_Volker-Gehrmann-1.jpg 1280w\" sizes=\"(max-width: 1024px) 100vw, 1024px\" \/><\/figure>\n<\/div>\n\n\n<p class=\"has-text-align-center\">Jasper Jordan<br\/>Coordenador e Gestor de Projectos<br\/><a href=\"mailto:jordan@2000m2.eu\">E-mail<\/a><br\/><\/p>\n<\/div>\n\n\n\n<div class=\"wp-block-column is-layout-flow wp-block-column-is-layout-flow\"><div class=\"wp-block-image is-style-rounded\">\n<figure class=\"aligncenter size-full is-resized\"><img decoding=\"async\" width=\"1232\" height=\"1514\" src=\"https:\/\/www.2000m2.eu\/wp-content\/uploads\/Benny_Weltacker_Juli24_Axel_svehla-min.jpg\" alt=\"Fotografia de Benedikt Haerlin\" class=\"wp-image-2809\" style=\"object-fit:cover;width:204px;height:204px\" srcset=\"https:\/\/www.2000m2.eu\/wp-content\/uploads\/Benny_Weltacker_Juli24_Axel_svehla-min.jpg 1232w, https:\/\/www.2000m2.eu\/wp-content\/uploads\/Benny_Weltacker_Juli24_Axel_svehla-min-244x300.jpg 244w, https:\/\/www.2000m2.eu\/wp-content\/uploads\/Benny_Weltacker_Juli24_Axel_svehla-min-833x1024.jpg 833w, https:\/\/www.2000m2.eu\/wp-content\/uploads\/Benny_Weltacker_Juli24_Axel_svehla-min-768x944.jpg 768w\" sizes=\"(max-width: 1232px) 100vw, 1232px\" \/><\/figure>\n<\/div>\n\n\n<p class=\"has-text-align-center\">Benedikt Haerlin<br\/>Diretor do escrit\u00f3rio e fundador do Campo Global<br\/><a href=\"mailto:haerlin@zs-l.de\">E-mail<\/a><\/p>\n<\/div>\n<\/div>\n\n<p><\/p>\n","protected":false},"excerpt":{"rendered":"<p>Coordena\u00e7\u00e3o do Movimento Campo Global O primeiro Campo Global foi criado em 2013 pela organiza\u00e7\u00e3o Save Our Seeds, do escrit\u00f3rio berlinense da Funda\u00e7\u00e3o para a Agricultura do Futuro (Zukunftsstiftung Landwirtschaft) na GLS Treuhand e.V. Nosso objetivo \u00e9 tornar compreens\u00edveis para todos as mensagens essenciais do Relat\u00f3rio Mundial sobre Agricultura e lev\u00e1-las ao mundo. Para isso,&#8230;<\/p>\n","protected":false},"author":1,"featured_media":0,"parent":13617,"menu_order":10,"comment_status":"closed","ping_status":"closed","template":"","meta":{"footnotes":""},"class_list":["post-13643","page","type-page","status-publish"],"yoast_head":"<!-- This site is optimized with the Yoast SEO plugin v27.4 - https:\/\/yoast.com\/product\/yoast-seo-wordpress\/ -->\n<title>Coordena\u00e7\u00e3o internacional - 2000m2<\/title>\n<meta name=\"robots\" content=\"index, follow, max-snippet:-1, max-image-preview:large, max-video-preview:-1\" \/>\n<link rel=\"canonical\" href=\"https:\/\/www.2000m2.eu\/pt\/sobre-nos\/coordenacao-internacional\/\" \/>\n<meta property=\"og:locale\" content=\"pt_PT\" \/>\n<meta property=\"og:type\" content=\"article\" \/>\n<meta property=\"og:title\" content=\"Coordena\u00e7\u00e3o internacional - 2000m2\" \/>\n<meta property=\"og:description\" content=\"Coordena\u00e7\u00e3o do Movimento Campo Global O primeiro Campo Global foi criado em 2013 pela organiza\u00e7\u00e3o Save Our Seeds, do escrit\u00f3rio berlinense da Funda\u00e7\u00e3o para a Agricultura do Futuro (Zukunftsstiftung Landwirtschaft) na GLS Treuhand e.V. Nosso objetivo \u00e9 tornar compreens\u00edveis para todos as mensagens essenciais do Relat\u00f3rio Mundial sobre Agricultura e lev\u00e1-las ao mundo. Para isso,...\" \/>\n<meta property=\"og:url\" content=\"https:\/\/www.2000m2.eu\/pt\/sobre-nos\/coordenacao-internacional\/\" \/>\n<meta property=\"og:site_name\" content=\"2000m2\" \/>\n<meta property=\"article:modified_time\" content=\"2025-08-11T10:59:44+00:00\" \/>\n<meta property=\"og:image\" content=\"https:\/\/www.2000m2.eu\/wp-content\/uploads\/Featured_Images_Koordination.jpg\" \/>\n\t<meta property=\"og:image:width\" content=\"1800\" \/>\n\t<meta property=\"og:image:height\" content=\"180\" \/>\n\t<meta property=\"og:image:type\" content=\"image\/jpeg\" \/>\n<meta name=\"twitter:card\" content=\"summary_large_image\" \/>\n<meta name=\"twitter:label1\" content=\"Tempo estimado de leitura\" \/>\n\t<meta name=\"twitter:data1\" content=\"1 minuto\" \/>\n<script type=\"application\/ld+json\" class=\"yoast-schema-graph\">{\"@context\":\"https:\\\/\\\/schema.org\",\"@graph\":[{\"@type\":\"WebPage\",\"@id\":\"https:\\\/\\\/www.2000m2.eu\\\/pt\\\/sobre-nos\\\/coordenacao-internacional\\\/\",\"url\":\"https:\\\/\\\/www.2000m2.eu\\\/pt\\\/sobre-nos\\\/coordenacao-internacional\\\/\",\"name\":\"Coordena\u00e7\u00e3o internacional - 2000m2\",\"isPartOf\":{\"@id\":\"https:\\\/\\\/www.2000m2.eu\\\/pt\\\/#website\"},\"primaryImageOfPage\":{\"@id\":\"https:\\\/\\\/www.2000m2.eu\\\/pt\\\/sobre-nos\\\/coordenacao-internacional\\\/#primaryimage\"},\"image\":{\"@id\":\"https:\\\/\\\/www.2000m2.eu\\\/pt\\\/sobre-nos\\\/coordenacao-internacional\\\/#primaryimage\"},\"thumbnailUrl\":\"https:\\\/\\\/www.2000m2.eu\\\/wp-content\\\/uploads\\\/Jasper-Jordan_Volker-Gehrmann-1-1024x682.jpg\",\"datePublished\":\"2024-09-10T07:48:45+00:00\",\"dateModified\":\"2025-08-11T10:59:44+00:00\",\"breadcrumb\":{\"@id\":\"https:\\\/\\\/www.2000m2.eu\\\/pt\\\/sobre-nos\\\/coordenacao-internacional\\\/#breadcrumb\"},\"inLanguage\":\"pt-PT\",\"potentialAction\":[{\"@type\":\"ReadAction\",\"target\":[\"https:\\\/\\\/www.2000m2.eu\\\/pt\\\/sobre-nos\\\/coordenacao-internacional\\\/\"]}]},{\"@type\":\"ImageObject\",\"inLanguage\":\"pt-PT\",\"@id\":\"https:\\\/\\\/www.2000m2.eu\\\/pt\\\/sobre-nos\\\/coordenacao-internacional\\\/#primaryimage\",\"url\":\"https:\\\/\\\/www.2000m2.eu\\\/wp-content\\\/uploads\\\/Jasper-Jordan_Volker-Gehrmann-1-1024x682.jpg\",\"contentUrl\":\"https:\\\/\\\/www.2000m2.eu\\\/wp-content\\\/uploads\\\/Jasper-Jordan_Volker-Gehrmann-1-1024x682.jpg\"},{\"@type\":\"BreadcrumbList\",\"@id\":\"https:\\\/\\\/www.2000m2.eu\\\/pt\\\/sobre-nos\\\/coordenacao-internacional\\\/#breadcrumb\",\"itemListElement\":[{\"@type\":\"ListItem\",\"position\":1,\"name\":\"Home\",\"item\":\"https:\\\/\\\/www.2000m2.eu\\\/pt\\\/\"},{\"@type\":\"ListItem\",\"position\":2,\"name\":\"Sobre n\u00f3s\",\"item\":\"https:\\\/\\\/www.2000m2.eu\\\/pt\\\/pt-pt\\\/sobre-nos\\\/\"},{\"@type\":\"ListItem\",\"position\":3,\"name\":\"Coordena\u00e7\u00e3o internacional\"}]},{\"@type\":\"WebSite\",\"@id\":\"https:\\\/\\\/www.2000m2.eu\\\/pt\\\/#website\",\"url\":\"https:\\\/\\\/www.2000m2.eu\\\/pt\\\/\",\"name\":\"2000m2\",\"description\":\"\",\"publisher\":{\"@id\":\"https:\\\/\\\/www.2000m2.eu\\\/pt\\\/#organization\"},\"potentialAction\":[{\"@type\":\"SearchAction\",\"target\":{\"@type\":\"EntryPoint\",\"urlTemplate\":\"https:\\\/\\\/www.2000m2.eu\\\/pt\\\/?s={search_term_string}\"},\"query-input\":{\"@type\":\"PropertyValueSpecification\",\"valueRequired\":true,\"valueName\":\"search_term_string\"}}],\"inLanguage\":\"pt-PT\"},{\"@type\":\"Organization\",\"@id\":\"https:\\\/\\\/www.2000m2.eu\\\/pt\\\/#organization\",\"name\":\"2000m2\",\"url\":\"https:\\\/\\\/www.2000m2.eu\\\/pt\\\/\",\"logo\":{\"@type\":\"ImageObject\",\"inLanguage\":\"pt-PT\",\"@id\":\"https:\\\/\\\/www.2000m2.eu\\\/pt\\\/#\\\/schema\\\/logo\\\/image\\\/\",\"url\":\"https:\\\/\\\/www.2000m2.eu\\\/wp-content\\\/uploads\\\/logo.png\",\"contentUrl\":\"https:\\\/\\\/www.2000m2.eu\\\/wp-content\\\/uploads\\\/logo.png\",\"width\":445,\"height\":140,\"caption\":\"2000m2\"},\"image\":{\"@id\":\"https:\\\/\\\/www.2000m2.eu\\\/pt\\\/#\\\/schema\\\/logo\\\/image\\\/\"}}]}<\/script>\n<!-- \/ Yoast SEO plugin. -->","yoast_head_json":{"title":"Coordena\u00e7\u00e3o internacional - 2000m2","robots":{"index":"index","follow":"follow","max-snippet":"max-snippet:-1","max-image-preview":"max-image-preview:large","max-video-preview":"max-video-preview:-1"},"canonical":"https:\/\/www.2000m2.eu\/pt\/sobre-nos\/coordenacao-internacional\/","og_locale":"pt_PT","og_type":"article","og_title":"Coordena\u00e7\u00e3o internacional - 2000m2","og_description":"Coordena\u00e7\u00e3o do Movimento Campo Global O primeiro Campo Global foi criado em 2013 pela organiza\u00e7\u00e3o Save Our Seeds, do escrit\u00f3rio berlinense da Funda\u00e7\u00e3o para a Agricultura do Futuro (Zukunftsstiftung Landwirtschaft) na GLS Treuhand e.V. Nosso objetivo \u00e9 tornar compreens\u00edveis para todos as mensagens essenciais do Relat\u00f3rio Mundial sobre Agricultura e lev\u00e1-las ao mundo. Para isso,...","og_url":"https:\/\/www.2000m2.eu\/pt\/sobre-nos\/coordenacao-internacional\/","og_site_name":"2000m2","article_modified_time":"2025-08-11T10:59:44+00:00","og_image":[{"width":1800,"height":180,"url":"https:\/\/www.2000m2.eu\/wp-content\/uploads\/Featured_Images_Koordination.jpg","type":"image\/jpeg"}],"twitter_card":"summary_large_image","twitter_misc":{"Tempo estimado de leitura":"1 minuto"},"schema":{"@context":"https:\/\/schema.org","@graph":[{"@type":"WebPage","@id":"https:\/\/www.2000m2.eu\/pt\/sobre-nos\/coordenacao-internacional\/","url":"https:\/\/www.2000m2.eu\/pt\/sobre-nos\/coordenacao-internacional\/","name":"Coordena\u00e7\u00e3o internacional - 2000m2","isPartOf":{"@id":"https:\/\/www.2000m2.eu\/pt\/#website"},"primaryImageOfPage":{"@id":"https:\/\/www.2000m2.eu\/pt\/sobre-nos\/coordenacao-internacional\/#primaryimage"},"image":{"@id":"https:\/\/www.2000m2.eu\/pt\/sobre-nos\/coordenacao-internacional\/#primaryimage"},"thumbnailUrl":"https:\/\/www.2000m2.eu\/wp-content\/uploads\/Jasper-Jordan_Volker-Gehrmann-1-1024x682.jpg","datePublished":"2024-09-10T07:48:45+00:00","dateModified":"2025-08-11T10:59:44+00:00","breadcrumb":{"@id":"https:\/\/www.2000m2.eu\/pt\/sobre-nos\/coordenacao-internacional\/#breadcrumb"},"inLanguage":"pt-PT","potentialAction":[{"@type":"ReadAction","target":["https:\/\/www.2000m2.eu\/pt\/sobre-nos\/coordenacao-internacional\/"]}]},{"@type":"ImageObject","inLanguage":"pt-PT","@id":"https:\/\/www.2000m2.eu\/pt\/sobre-nos\/coordenacao-internacional\/#primaryimage","url":"https:\/\/www.2000m2.eu\/wp-content\/uploads\/Jasper-Jordan_Volker-Gehrmann-1-1024x682.jpg","contentUrl":"https:\/\/www.2000m2.eu\/wp-content\/uploads\/Jasper-Jordan_Volker-Gehrmann-1-1024x682.jpg"},{"@type":"BreadcrumbList","@id":"https:\/\/www.2000m2.eu\/pt\/sobre-nos\/coordenacao-internacional\/#breadcrumb","itemListElement":[{"@type":"ListItem","position":1,"name":"Home","item":"https:\/\/www.2000m2.eu\/pt\/"},{"@type":"ListItem","position":2,"name":"Sobre n\u00f3s","item":"https:\/\/www.2000m2.eu\/pt\/pt-pt\/sobre-nos\/"},{"@type":"ListItem","position":3,"name":"Coordena\u00e7\u00e3o internacional"}]},{"@type":"WebSite","@id":"https:\/\/www.2000m2.eu\/pt\/#website","url":"https:\/\/www.2000m2.eu\/pt\/","name":"2000m2","description":"","publisher":{"@id":"https:\/\/www.2000m2.eu\/pt\/#organization"},"potentialAction":[{"@type":"SearchAction","target":{"@type":"EntryPoint","urlTemplate":"https:\/\/www.2000m2.eu\/pt\/?s={search_term_string}"},"query-input":{"@type":"PropertyValueSpecification","valueRequired":true,"valueName":"search_term_string"}}],"inLanguage":"pt-PT"},{"@type":"Organization","@id":"https:\/\/www.2000m2.eu\/pt\/#organization","name":"2000m2","url":"https:\/\/www.2000m2.eu\/pt\/","logo":{"@type":"ImageObject","inLanguage":"pt-PT","@id":"https:\/\/www.2000m2.eu\/pt\/#\/schema\/logo\/image\/","url":"https:\/\/www.2000m2.eu\/wp-content\/uploads\/logo.png","contentUrl":"https:\/\/www.2000m2.eu\/wp-content\/uploads\/logo.png","width":445,"height":140,"caption":"2000m2"},"image":{"@id":"https:\/\/www.2000m2.eu\/pt\/#\/schema\/logo\/image\/"}}]}},"_links":{"self":[{"href":"https:\/\/www.2000m2.eu\/pt\/wp-json\/wp\/v2\/pages\/13643","targetHints":{"allow":["GET"]}}],"collection":[{"href":"https:\/\/www.2000m2.eu\/pt\/wp-json\/wp\/v2\/pages"}],"about":[{"href":"https:\/\/www.2000m2.eu\/pt\/wp-json\/wp\/v2\/types\/page"}],"author":[{"embeddable":true,"href":"https:\/\/www.2000m2.eu\/pt\/wp-json\/wp\/v2\/users\/1"}],"replies":[{"embeddable":true,"href":"https:\/\/www.2000m2.eu\/pt\/wp-json\/wp\/v2\/comments?post=13643"}],"version-history":[{"count":1,"href":"https:\/\/www.2000m2.eu\/pt\/wp-json\/wp\/v2\/pages\/13643\/revisions"}],"predecessor-version":[{"id":13648,"href":"https:\/\/www.2000m2.eu\/pt\/wp-json\/wp\/v2\/pages\/13643\/revisions\/13648"}],"up":[{"embeddable":true,"href":"https:\/\/www.2000m2.eu\/pt\/wp-json\/wp\/v2\/pages\/13617"}],"wp:attachment":[{"href":"https:\/\/www.2000m2.eu\/pt\/wp-json\/wp\/v2\/media?parent=13643"}],"curies":[{"name":"wp","href":"https:\/\/api.w.org\/{rel}","templated":true}]}}