{"id":15172,"date":"2024-07-24T11:13:42","date_gmt":"2024-07-24T11:13:42","guid":{"rendered":"https:\/\/www.2000m2.eu\/protecao-de-dados\/"},"modified":"2025-09-04T16:48:48","modified_gmt":"2025-09-04T16:48:48","slug":"protecao-de-dados","status":"publish","type":"page","link":"https:\/\/www.2000m2.eu\/pt\/protecao-de-dados\/","title":{"rendered":"Prote\u00e7\u00e3o de dados"},"content":{"rendered":"\n<h1 class=\"wp-block-heading\">Pol\u00edtica de privacidade<\/h1>\n\n<p>A presente pol\u00edtica de privacidade esclarece a natureza, o \u00e2mbito e a finalidade do tratamento de dados pessoais (doravante designados por &#8220;dados&#8221;) no \u00e2mbito da nossa oferta online e dos s\u00edtios Web, fun\u00e7\u00f5es e conte\u00fados associados, bem como de presen\u00e7as online externas, como o nosso perfil nas redes sociais (doravante designados coletivamente por &#8220;oferta online&#8221;). No que diz respeito aos termos utilizados, tais como &#8220;processamento&#8221; ou &#8220;controlador&#8221;, remetemos para as defini\u00e7\u00f5es do Art. 4 do Regulamento Geral de Prote\u00e7\u00e3o de Dados (RGPD). <\/p>\n\n<p><strong>Pessoa respons\u00e1vel<\/strong><\/p>\n\n<p>Zukunftsstiftung Landwirtschaft<br\/>Gabinete de Berlim<br\/>Benedikt Haerlin<br\/>Telefone: 030 \/ 24047146<br\/>Fax: 030 \/ 27590312<br\/><a href=\"mailto:berlin@zs-l.de\">berlin@zs-l.de<\/a><\/p>\n\n<p>O respons\u00e1vel externo pela prote\u00e7\u00e3o de dados da nossa empresa \u00e9:<br\/>Stefan Str\u00fcwe<br\/>Advogado (advogado interno)<br\/>CURACON GmbH<br\/>Am Mittelhafen 14<br\/>48155 M\u00fcnster<br\/>Tel.: 0251 \/ 92208 &#8211; 209<br\/>Email: <a href=\"mailto:stefan.struewe@curacon.de\">stefan.struewe@curacon.de<\/a><\/p>\n\n<p><strong>Acede aos dados\/ficheiros de registo do servidor<\/strong><\/p>\n\n<p>N\u00f3s, ou o nosso fornecedor de alojamento, recolhemos dados com base nos nossos interesses leg\u00edtimos, na ace\u00e7\u00e3o do art. 6, n.\u00ba 1, al\u00ednea f) do RGPD. GDPR, recolhemos dados sobre cada acesso ao servidor no qual este servi\u00e7o est\u00e1 localizado (os chamados ficheiros de registo do servidor). Os dados de acesso incluem o nome do site acedido, o ficheiro, a data e a hora de acesso, a quantidade de dados transferidos, a notifica\u00e7\u00e3o de acesso bem sucedido, o tipo e a vers\u00e3o do browser, o sistema operativo do utilizador, o URL de refer\u00eancia (a p\u00e1gina visitada anteriormente), o endere\u00e7o IP e o fornecedor requerente.   <\/p>\n\n<p>As informa\u00e7\u00f5es dos ficheiros de registo s\u00e3o armazenadas por raz\u00f5es de seguran\u00e7a (por exemplo, para investigar utiliza\u00e7\u00f5es indevidas ou fraudes) durante um per\u00edodo m\u00e1ximo de 7 dias, sendo depois eliminadas. Os dados cujo armazenamento posterior \u00e9 necess\u00e1rio para fins de prova s\u00e3o exclu\u00eddos da elimina\u00e7\u00e3o at\u00e9 que o respetivo incidente tenha sido definitivamente esclarecido. <\/p>\n\n<p><strong>Contacta-nos<\/strong><\/p>\n\n<p>Ao entrar em contacto connosco (por exemplo, atrav\u00e9s de um formul\u00e1rio de contacto, e-mail, telefone ou atrav\u00e9s das redes sociais), os dados do utilizador s\u00e3o processados para processar o pedido de contacto e o seu tratamento, de acordo com o Art. 6, n.\u00ba 1, al\u00ednea b) do RGPD. Os dados do utilizador podem ser armazenados num sistema de gest\u00e3o da rela\u00e7\u00e3o com o cliente (&#8220;sistema CRM&#8221;) ou numa organiza\u00e7\u00e3o de pedidos de informa\u00e7\u00e3o compar\u00e1vel.    <\/p>\n\n<p>Apagamos os pedidos de informa\u00e7\u00e3o se j\u00e1 n\u00e3o forem necess\u00e1rios. De dois em dois anos, revemos a necessidade; al\u00e9m disso, aplicam-se as obriga\u00e7\u00f5es legais de arquivo. <\/p>\n\n<p><strong>Cookies<\/strong><\/p>\n\n<p>Utilizamos cookies no nosso s\u00edtio Web. Trata-se de pequenos ficheiros que o teu browser cria automaticamente e que s\u00e3o armazenados no teu dispositivo final (computador port\u00e1til, tablet, smartphone, etc.) quando visitas o nosso s\u00edtio Web. Os cookies n\u00e3o causam qualquer dano ao teu dispositivo final e n\u00e3o cont\u00eam v\u00edrus, cavalos de Troia ou outro malware.  <\/p>\n\n<p>As informa\u00e7\u00f5es s\u00e3o armazenadas no cookie que resulta, em cada caso, em liga\u00e7\u00e3o com o dispositivo final espec\u00edfico utilizado. No entanto, isto n\u00e3o significa que tenhamos conhecimento direto da tua identidade. <\/p>\n\n<p>Por um lado, a utiliza\u00e7\u00e3o de cookies serve para tornar a utiliza\u00e7\u00e3o do nosso s\u00edtio Web mais agrad\u00e1vel para ti. Por exemplo, utilizamos os chamados cookies de sess\u00e3o para reconhecer que j\u00e1 visitaste p\u00e1ginas individuais do nosso s\u00edtio Web. Estes s\u00e3o automaticamente apagados depois de sa\u00edres do nosso site. Quando inicias sess\u00e3o na tua conta de utilizador, \u00e9 tamb\u00e9m definido um cookie que permite o acesso aos dados da tua conta de utilizador e aos teus direitos de utilizador. N\u00e3o \u00e9 poss\u00edvel iniciar sess\u00e3o sem este cookie.    <\/p>\n\n<p>Os dados processados por cookies s\u00e3o necess\u00e1rios para os fins mencionados para proteger os nossos interesses leg\u00edtimos e os de terceiros, de acordo com o Art. 6, par\u00e1grafo 1, frase 1 lit. f do RGPD.  <\/p>\n\n<p>A maioria dos browsers aceita cookies automaticamente. No entanto, podes configurar o teu browser para que n\u00e3o sejam armazenados cookies no teu computador ou para que apare\u00e7a sempre uma mensagem antes de ser criado um novo cookie. No entanto, a desativa\u00e7\u00e3o total dos cookies pode significar que n\u00e3o podes utilizar todas as fun\u00e7\u00f5es do nosso s\u00edtio Web.  <\/p>\n\n<p><strong>Ferramenta de an\u00e1lise Matomo<\/strong><\/p>\n\n<p>Este s\u00edtio Web utiliza <a href=\"https:\/\/matomo.org\/\" target=\"_blank\" rel=\"noreferrer noopener\">o Matomo<\/a>, um software de c\u00f3digo aberto para a an\u00e1lise estat\u00edstica do acesso dos utilizadores. Para o efeito, s\u00e3o utilizados cookies. A informa\u00e7\u00e3o gerada pelo cookie sobre a utiliza\u00e7\u00e3o do s\u00edtio Web \u00e9 transmitida ao nosso servidor Web e resumida em perfis de utilizador pseud\u00f3nimos. A informa\u00e7\u00e3o \u00e9 utilizada para analisar a utiliza\u00e7\u00e3o do s\u00edtio Web e para permitir uma conce\u00e7\u00e3o do nosso s\u00edtio Web baseada nas necessidades. As informa\u00e7\u00f5es n\u00e3o s\u00e3o transmitidas a terceiros.    <\/p>\n\n<p>O endere\u00e7o IP n\u00e3o \u00e9, em caso algum, associado a outros dados relativos ao utilizador. Os endere\u00e7os IP s\u00e3o anonimizados para que n\u00e3o possam ser atribu\u00eddos (m\u00e1scara de IP). O armazenamento dos dados de utiliza\u00e7\u00e3o anonimizados \u00e9 efectuado com base no art. 6, n.\u00ba 1, al\u00ednea f) do RGPD.    <\/p>\n\n<p>Neste caso, considera-se que o operador do s\u00edtio Web tem um interesse leg\u00edtimo na an\u00e1lise an\u00f3nima do comportamento dos utilizadores, a fim de otimizar o seu s\u00edtio Web.<\/p>\n\n<p>Se n\u00e3o concordares com o armazenamento e a utiliza\u00e7\u00e3o dos teus dados, podes desativar o armazenamento e a utiliza\u00e7\u00e3o aqui. Neste caso, ser\u00e1 armazenado no teu browser um cookie de desativa\u00e7\u00e3o que impede que os teus dados de utiliza\u00e7\u00e3o sejam rastreados e armazenados. Se apagares os teus cookies, este cookie de exclus\u00e3o tamb\u00e9m ser\u00e1 apagado. O opt-out tem de ser reativado quando voltares a visitar o nosso site.   <\/p>\n\n<span data-href=\"#moove_gdpr_cookie_modal\" class=\"change-settings-button\">Defini\u00e7\u00f5es de cookies<\/span>\n\n<p><strong>Integra\u00e7\u00e3o de servi\u00e7os e conte\u00fados de terceiros<\/strong><\/p>\n\n<p>Com base nos nossos interesses leg\u00edtimos (ou seja, interesse na an\u00e1lise, otimiza\u00e7\u00e3o e explora\u00e7\u00e3o econ\u00f3mica da nossa oferta online, na ace\u00e7\u00e3o do art. 6, n.\u00ba 1, al\u00ednea f) do RGPD), utilizamos conte\u00fados ou ofertas de servi\u00e7os de terceiros na nossa oferta online. Se, no \u00e2mbito da nossa oferta online, utilizarmos conte\u00fados ou ofertas de servi\u00e7os de fornecedores terceiros para integrar os seus conte\u00fados e servi\u00e7os, tais como v\u00eddeos ou fontes (doravante designados uniformemente por &#8220;conte\u00fados&#8221;), n\u00e3o podemos deixar de ter em conta o interesse da nossa oferta online.)<\/p>\n\n<p>Isto pressup\u00f5e sempre que os terceiros fornecedores destes conte\u00fados reconhecem o endere\u00e7o IP do utilizador, uma vez que n\u00e3o poderiam enviar os conte\u00fados para o seu browser sem o endere\u00e7o IP. O endere\u00e7o IP \u00e9, por isso, necess\u00e1rio para a apresenta\u00e7\u00e3o destes conte\u00fados. Esfor\u00e7amo-nos por utilizar apenas conte\u00fados cujos respectivos fornecedores apenas utilizem o endere\u00e7o IP para fornecer os conte\u00fados. Os fornecedores terceiros tamb\u00e9m podem utilizar os chamados pixel tags (gr\u00e1ficos invis\u00edveis, tamb\u00e9m conhecidos como &#8220;web beacons&#8221;) para fins estat\u00edsticos ou de marketing. Os pixel tags podem ser utilizados para analisar informa\u00e7\u00f5es como o tr\u00e1fego de visitantes nas p\u00e1ginas deste s\u00edtio Web. As informa\u00e7\u00f5es pseud\u00f3nimas tamb\u00e9m podem ser armazenadas em cookies no dispositivo do utilizador e podem conter, entre outras coisas, informa\u00e7\u00f5es t\u00e9cnicas sobre o browser e o sistema operativo, websites de refer\u00eancia, tempo de visita e outras informa\u00e7\u00f5es sobre a utiliza\u00e7\u00e3o da nossa oferta online, bem como estar ligadas a essas informa\u00e7\u00f5es provenientes de outras fontes.     <\/p>\n\n<p><strong>Youtube<\/strong><\/p>\n\n<p>Integramos os v\u00eddeos da plataforma &#8220;YouTube&#8221; do fornecedor Google LLC, 1600 Amphitheatre Parkway, Mountain View, CA 94043, EUA. Pol\u00edtica de privacidade: <a href=\"https:\/\/www.google.com\/policies\/privacy\/\" target=\"_blank\" rel=\"noreferrer noopener\">https:\/\/www.google.com\/policies\/privacy\/,<\/a> Opt-Out: <a href=\"https:\/\/adssettings.google.com\/authenticated\" target=\"_blank\" rel=\"noreferrer noopener\">https:\/\/adssettings.google.com\/authenticated.<\/a> <\/p>\n\n<p><strong>Vimeo<\/strong><\/p>\n\n<p>Os v\u00eddeos da plataforma Vimeo est\u00e3o integrados em algumas subp\u00e1ginas do nosso s\u00edtio Web. O fornecedor \u00e9 a Vimeo.com, Inc, 555 West 18th Street, Nova Iorque, Nova Iorque 10011, EUA. Quando acedes a estas p\u00e1ginas, o Vimeo pode recolher dados pessoais (por exemplo, o teu endere\u00e7o IP) e definir cookies. Para mais informa\u00e7\u00f5es, consulta a pol\u00edtica de privacidade do Vimeo em <a>https:\/\/vimeo.com\/privacy.<\/a><\/p>\n\n<p><strong>Direitos dos titulares dos dados<\/strong><\/p>\n\n<p>Como visitante do s\u00edtio Web, tens os seguintes direitos ao abrigo do RGPD:<\/p>\n\n<ul class=\"wp-block-list\">\n<li>de acordo com o Art. 15 do RGPD, para solicitar informa\u00e7\u00f5es sobre os teus dados pessoais processados por n\u00f3s. Em particular, podes solicitar informa\u00e7\u00f5es sobre as finalidades do processamento, a categoria dos dados pessoais, as categorias de destinat\u00e1rios a quem os teus dados foram ou ser\u00e3o divulgados, o per\u00edodo de armazenamento previsto, a exist\u00eancia de um direito de retifica\u00e7\u00e3o, apagamento, restri\u00e7\u00e3o do processamento ou obje\u00e7\u00e3o, a exist\u00eancia de um direito de recurso, a origem dos teus dados se n\u00e3o tiverem sido recolhidos por n\u00f3s, bem como a exist\u00eancia de decis\u00f5es automatizadas, incluindo a defini\u00e7\u00e3o de perfis e, se aplic\u00e1vel, informa\u00e7\u00f5es significativas sobre os seus detalhes; <\/li>\n\n\n\n<li>de acordo com o Art. 16 do RGPD, para solicitar imediatamente a corre\u00e7\u00e3o de dados pessoais incorrectos ou incompletos armazenados por n\u00f3s;<\/li>\n\n\n\n<li>exigir o apagamento dos teus dados pessoais armazenados por n\u00f3s, de acordo com o art. 17\u00ba do RGPD, a menos que o tratamento seja necess\u00e1rio para o exerc\u00edcio do direito \u00e0 liberdade de express\u00e3o e de informa\u00e7\u00e3o, para o cumprimento de uma obriga\u00e7\u00e3o legal, por raz\u00f5es de interesse p\u00fablico ou para a instaura\u00e7\u00e3o, o exerc\u00edcio ou a defesa de ac\u00e7\u00f5es judiciais;<\/li>\n\n\n\n<li>nos termos do art. 18.\u00ba do RGPD, exigir a limita\u00e7\u00e3o do tratamento dos teus dados pessoais se a exatid\u00e3o dos dados for contestada por ti, se o tratamento for ilegal, mas te recusares a apag\u00e1-los e se j\u00e1 n\u00e3o precisarmos dos dados, mas precisares deles para a afirma\u00e7\u00e3o, o exerc\u00edcio ou a defesa de direitos legais ou se tiveres apresentado uma obje\u00e7\u00e3o ao tratamento nos termos do art. 21;<\/li>\n\n\n\n<li>nos termos do artigo 20.\u00ba do RGPD, receber os teus dados pessoais que nos forneceste num formato estruturado, de uso corrente e de leitura autom\u00e1tica, ou solicitar que sejam transmitidos a outro respons\u00e1vel pelo tratamento;<\/li>\n\n\n\n<li>de acordo com o Art. 7, par\u00e1grafo 3 do RGPD, revogar o teu consentimento que nos foi dado em qualquer altura. A consequ\u00eancia disto \u00e9 que n\u00e3o poderemos continuar o processamento de dados que se baseou neste consentimento no futuro e  <\/li>\n\n\n\n<li>apresentar uma queixa a uma autoridade de controlo, de acordo com o artigo 77\u00ba do RGPD. Regra geral, podes contactar a autoridade de controlo do teu local de resid\u00eancia habitual ou do teu local de trabalho. <\/li>\n<\/ul>\n\n<p><strong>Direito de obje\u00e7\u00e3o<\/strong><\/p>\n\n<p>Se os teus dados pessoais forem processados com base em interesses leg\u00edtimos, de acordo com o Art. 6, par\u00e1grafo 1, frase 1, al\u00ednea f) do RGPD, tens o direito de te opor ao processamento dos teus dados pessoais, de acordo com o Art. 21 do RGPD, desde que existam raz\u00f5es para tal decorrentes da tua situa\u00e7\u00e3o particular ou que a obje\u00e7\u00e3o seja dirigida contra a publicidade direta. Neste \u00faltimo caso, tens um direito geral de oposi\u00e7\u00e3o, que ser\u00e1 implementado por n\u00f3s sem especificar uma situa\u00e7\u00e3o particular.   <\/p>\n\n<p>Se pretenderes exercer o teu direito de anula\u00e7\u00e3o ou de oposi\u00e7\u00e3o, basta enviares uma mensagem de correio eletr\u00f3nico para <a href=\"mailto:berlin@zs-l.de\">berlin@zs-l.de. <\/a> <\/p>\n\n<p><strong>Seguran\u00e7a dos dados<\/strong><\/p>\n\n<p>O fornecedor utiliza o m\u00e9todo generalizado SSL (Secure Socket Layer) em conjunto com o n\u00edvel mais elevado de encripta\u00e7\u00e3o suportado pelo teu browser. Regra geral, trata-se de uma encripta\u00e7\u00e3o de 256 bits. Se o teu browser n\u00e3o suportar a encripta\u00e7\u00e3o de 256 bits, utilizamos a tecnologia de 128 bits v3. Podes reconhecer se uma p\u00e1gina individual do nosso s\u00edtio Web \u00e9 transmitida de forma encriptada atrav\u00e9s do s\u00edmbolo do cadeado na barra de endere\u00e7os do teu browser.   <\/p>\n","protected":false},"excerpt":{"rendered":"<p>Pol\u00edtica de privacidade A presente pol\u00edtica de privacidade esclarece a natureza, o \u00e2mbito e a finalidade do tratamento de dados pessoais (doravante designados por &#8220;dados&#8221;) no \u00e2mbito da nossa oferta online e dos s\u00edtios Web, fun\u00e7\u00f5es e conte\u00fados associados, bem como de presen\u00e7as online externas, como o nosso perfil nas redes sociais (doravante designados coletivamente&#8230;<\/p>\n","protected":false},"author":1,"featured_media":0,"parent":0,"menu_order":46,"comment_status":"closed","ping_status":"closed","template":"","meta":{"footnotes":""},"class_list":["post-15172","page","type-page","status-publish"],"yoast_head":"<!-- This site is optimized with the Yoast SEO plugin v27.4 - https:\/\/yoast.com\/product\/yoast-seo-wordpress\/ -->\n<title>Prote\u00e7\u00e3o de dados - 2000m2<\/title>\n<meta name=\"robots\" content=\"index, follow, max-snippet:-1, max-image-preview:large, max-video-preview:-1\" \/>\n<link rel=\"canonical\" href=\"https:\/\/www.2000m2.eu\/pt\/protecao-de-dados\/\" \/>\n<meta property=\"og:locale\" content=\"pt_PT\" \/>\n<meta property=\"og:type\" content=\"article\" \/>\n<meta property=\"og:title\" content=\"Prote\u00e7\u00e3o de dados - 2000m2\" \/>\n<meta property=\"og:description\" content=\"Pol\u00edtica de privacidade A presente pol\u00edtica de privacidade esclarece a natureza, o \u00e2mbito e a finalidade do tratamento de dados pessoais (doravante designados por &#8220;dados&#8221;) no \u00e2mbito da nossa oferta online e dos s\u00edtios Web, fun\u00e7\u00f5es e conte\u00fados associados, bem como de presen\u00e7as online externas, como o nosso perfil nas redes sociais (doravante designados coletivamente...\" \/>\n<meta property=\"og:url\" content=\"https:\/\/www.2000m2.eu\/pt\/protecao-de-dados\/\" \/>\n<meta property=\"og:site_name\" content=\"2000m2\" \/>\n<meta property=\"article:modified_time\" content=\"2025-09-04T16:48:48+00:00\" \/>\n<meta name=\"twitter:card\" content=\"summary_large_image\" \/>\n<meta name=\"twitter:label1\" content=\"Tempo estimado de leitura\" \/>\n\t<meta name=\"twitter:data1\" content=\"10 minutos\" \/>\n<script type=\"application\/ld+json\" class=\"yoast-schema-graph\">{\"@context\":\"https:\\\/\\\/schema.org\",\"@graph\":[{\"@type\":\"WebPage\",\"@id\":\"https:\\\/\\\/www.2000m2.eu\\\/pt\\\/protecao-de-dados\\\/\",\"url\":\"https:\\\/\\\/www.2000m2.eu\\\/pt\\\/protecao-de-dados\\\/\",\"name\":\"Prote\u00e7\u00e3o de dados - 2000m2\",\"isPartOf\":{\"@id\":\"https:\\\/\\\/www.2000m2.eu\\\/pt\\\/#website\"},\"datePublished\":\"2024-07-24T11:13:42+00:00\",\"dateModified\":\"2025-09-04T16:48:48+00:00\",\"breadcrumb\":{\"@id\":\"https:\\\/\\\/www.2000m2.eu\\\/pt\\\/protecao-de-dados\\\/#breadcrumb\"},\"inLanguage\":\"pt-PT\",\"potentialAction\":[{\"@type\":\"ReadAction\",\"target\":[\"https:\\\/\\\/www.2000m2.eu\\\/pt\\\/protecao-de-dados\\\/\"]}]},{\"@type\":\"BreadcrumbList\",\"@id\":\"https:\\\/\\\/www.2000m2.eu\\\/pt\\\/protecao-de-dados\\\/#breadcrumb\",\"itemListElement\":[{\"@type\":\"ListItem\",\"position\":1,\"name\":\"Home\",\"item\":\"https:\\\/\\\/www.2000m2.eu\\\/pt\\\/\"},{\"@type\":\"ListItem\",\"position\":2,\"name\":\"Prote\u00e7\u00e3o de dados\"}]},{\"@type\":\"WebSite\",\"@id\":\"https:\\\/\\\/www.2000m2.eu\\\/pt\\\/#website\",\"url\":\"https:\\\/\\\/www.2000m2.eu\\\/pt\\\/\",\"name\":\"2000m2\",\"description\":\"\",\"publisher\":{\"@id\":\"https:\\\/\\\/www.2000m2.eu\\\/pt\\\/#organization\"},\"potentialAction\":[{\"@type\":\"SearchAction\",\"target\":{\"@type\":\"EntryPoint\",\"urlTemplate\":\"https:\\\/\\\/www.2000m2.eu\\\/pt\\\/?s={search_term_string}\"},\"query-input\":{\"@type\":\"PropertyValueSpecification\",\"valueRequired\":true,\"valueName\":\"search_term_string\"}}],\"inLanguage\":\"pt-PT\"},{\"@type\":\"Organization\",\"@id\":\"https:\\\/\\\/www.2000m2.eu\\\/pt\\\/#organization\",\"name\":\"2000m2\",\"url\":\"https:\\\/\\\/www.2000m2.eu\\\/pt\\\/\",\"logo\":{\"@type\":\"ImageObject\",\"inLanguage\":\"pt-PT\",\"@id\":\"https:\\\/\\\/www.2000m2.eu\\\/pt\\\/#\\\/schema\\\/logo\\\/image\\\/\",\"url\":\"https:\\\/\\\/www.2000m2.eu\\\/wp-content\\\/uploads\\\/logo.png\",\"contentUrl\":\"https:\\\/\\\/www.2000m2.eu\\\/wp-content\\\/uploads\\\/logo.png\",\"width\":445,\"height\":140,\"caption\":\"2000m2\"},\"image\":{\"@id\":\"https:\\\/\\\/www.2000m2.eu\\\/pt\\\/#\\\/schema\\\/logo\\\/image\\\/\"}}]}<\/script>\n<!-- \/ Yoast SEO plugin. -->","yoast_head_json":{"title":"Prote\u00e7\u00e3o de dados - 2000m2","robots":{"index":"index","follow":"follow","max-snippet":"max-snippet:-1","max-image-preview":"max-image-preview:large","max-video-preview":"max-video-preview:-1"},"canonical":"https:\/\/www.2000m2.eu\/pt\/protecao-de-dados\/","og_locale":"pt_PT","og_type":"article","og_title":"Prote\u00e7\u00e3o de dados - 2000m2","og_description":"Pol\u00edtica de privacidade A presente pol\u00edtica de privacidade esclarece a natureza, o \u00e2mbito e a finalidade do tratamento de dados pessoais (doravante designados por &#8220;dados&#8221;) no \u00e2mbito da nossa oferta online e dos s\u00edtios Web, fun\u00e7\u00f5es e conte\u00fados associados, bem como de presen\u00e7as online externas, como o nosso perfil nas redes sociais (doravante designados coletivamente...","og_url":"https:\/\/www.2000m2.eu\/pt\/protecao-de-dados\/","og_site_name":"2000m2","article_modified_time":"2025-09-04T16:48:48+00:00","twitter_card":"summary_large_image","twitter_misc":{"Tempo estimado de leitura":"10 minutos"},"schema":{"@context":"https:\/\/schema.org","@graph":[{"@type":"WebPage","@id":"https:\/\/www.2000m2.eu\/pt\/protecao-de-dados\/","url":"https:\/\/www.2000m2.eu\/pt\/protecao-de-dados\/","name":"Prote\u00e7\u00e3o de dados - 2000m2","isPartOf":{"@id":"https:\/\/www.2000m2.eu\/pt\/#website"},"datePublished":"2024-07-24T11:13:42+00:00","dateModified":"2025-09-04T16:48:48+00:00","breadcrumb":{"@id":"https:\/\/www.2000m2.eu\/pt\/protecao-de-dados\/#breadcrumb"},"inLanguage":"pt-PT","potentialAction":[{"@type":"ReadAction","target":["https:\/\/www.2000m2.eu\/pt\/protecao-de-dados\/"]}]},{"@type":"BreadcrumbList","@id":"https:\/\/www.2000m2.eu\/pt\/protecao-de-dados\/#breadcrumb","itemListElement":[{"@type":"ListItem","position":1,"name":"Home","item":"https:\/\/www.2000m2.eu\/pt\/"},{"@type":"ListItem","position":2,"name":"Prote\u00e7\u00e3o de dados"}]},{"@type":"WebSite","@id":"https:\/\/www.2000m2.eu\/pt\/#website","url":"https:\/\/www.2000m2.eu\/pt\/","name":"2000m2","description":"","publisher":{"@id":"https:\/\/www.2000m2.eu\/pt\/#organization"},"potentialAction":[{"@type":"SearchAction","target":{"@type":"EntryPoint","urlTemplate":"https:\/\/www.2000m2.eu\/pt\/?s={search_term_string}"},"query-input":{"@type":"PropertyValueSpecification","valueRequired":true,"valueName":"search_term_string"}}],"inLanguage":"pt-PT"},{"@type":"Organization","@id":"https:\/\/www.2000m2.eu\/pt\/#organization","name":"2000m2","url":"https:\/\/www.2000m2.eu\/pt\/","logo":{"@type":"ImageObject","inLanguage":"pt-PT","@id":"https:\/\/www.2000m2.eu\/pt\/#\/schema\/logo\/image\/","url":"https:\/\/www.2000m2.eu\/wp-content\/uploads\/logo.png","contentUrl":"https:\/\/www.2000m2.eu\/wp-content\/uploads\/logo.png","width":445,"height":140,"caption":"2000m2"},"image":{"@id":"https:\/\/www.2000m2.eu\/pt\/#\/schema\/logo\/image\/"}}]}},"_links":{"self":[{"href":"https:\/\/www.2000m2.eu\/pt\/wp-json\/wp\/v2\/pages\/15172","targetHints":{"allow":["GET"]}}],"collection":[{"href":"https:\/\/www.2000m2.eu\/pt\/wp-json\/wp\/v2\/pages"}],"about":[{"href":"https:\/\/www.2000m2.eu\/pt\/wp-json\/wp\/v2\/types\/page"}],"author":[{"embeddable":true,"href":"https:\/\/www.2000m2.eu\/pt\/wp-json\/wp\/v2\/users\/1"}],"replies":[{"embeddable":true,"href":"https:\/\/www.2000m2.eu\/pt\/wp-json\/wp\/v2\/comments?post=15172"}],"version-history":[{"count":1,"href":"https:\/\/www.2000m2.eu\/pt\/wp-json\/wp\/v2\/pages\/15172\/revisions"}],"predecessor-version":[{"id":15173,"href":"https:\/\/www.2000m2.eu\/pt\/wp-json\/wp\/v2\/pages\/15172\/revisions\/15173"}],"wp:attachment":[{"href":"https:\/\/www.2000m2.eu\/pt\/wp-json\/wp\/v2\/media?parent=15172"}],"curies":[{"name":"wp","href":"https:\/\/api.w.org\/{rel}","templated":true}]}}