{"id":16031,"date":"2024-09-17T08:32:51","date_gmt":"2024-09-17T08:32:51","guid":{"rendered":"https:\/\/www.2000m2.eu\/topic\/agua\/"},"modified":"2025-10-29T23:59:48","modified_gmt":"2025-10-29T23:59:48","slug":"agua","status":"publish","type":"topic","link":"https:\/\/www.2000m2.eu\/pt\/topic\/agua\/","title":{"rendered":"\u00c1gua"},"content":{"rendered":"\n<h1 class=\"wp-block-heading\">Elixir da vida<\/h1>\n\n\n\n<div class=\"wp-block-columns is-layout-flex wp-container-core-columns-is-layout-28f84493 wp-block-columns-is-layout-flex\">\n<div class=\"wp-block-column is-layout-flow wp-block-column-is-layout-flow\">\n<figure class=\"wp-block-image size-full\"><img decoding=\"async\" width=\"2480\" height=\"2480\" src=\"https:\/\/www.2000m2.eu\/wp-content\/uploads\/Portugiesisch_grafiken_Website9.jpg\" alt=\"Mostra o ciclo da \u00e1gua. Desde a evapora\u00e7\u00e3o e o despertar, \u00e0 precipita\u00e7\u00e3o, \u00e0 infiltra\u00e7\u00e3o e ao refluxo das \u00e1guas subterr\u00e2neas.   \" class=\"wp-image-17618\" srcset=\"https:\/\/www.2000m2.eu\/wp-content\/uploads\/Portugiesisch_grafiken_Website9.jpg 2480w, https:\/\/www.2000m2.eu\/wp-content\/uploads\/Portugiesisch_grafiken_Website9-300x300.jpg 300w, https:\/\/www.2000m2.eu\/wp-content\/uploads\/Portugiesisch_grafiken_Website9-1024x1024.jpg 1024w, https:\/\/www.2000m2.eu\/wp-content\/uploads\/Portugiesisch_grafiken_Website9-768x768.jpg 768w, https:\/\/www.2000m2.eu\/wp-content\/uploads\/Portugiesisch_grafiken_Website9-1536x1536.jpg 1536w, https:\/\/www.2000m2.eu\/wp-content\/uploads\/Portugiesisch_grafiken_Website9-2048x2048.jpg 2048w\" sizes=\"(max-width: 2480px) 100vw, 2480px\" \/><\/figure>\n<\/div>\n\n\n\n<div class=\"wp-block-column is-layout-flow wp-block-column-is-layout-flow\">\n<h3 class=\"wp-block-heading\">Est\u00e1s a ficar sem \u00e1gua?<\/h3>\n\n\n\n<p>A \u00e1gua do nosso planeta azul est\u00e1 num ciclo natural constante, nos oceanos, nas nuvens, no gelo, nas massas de \u00e1gua, nas \u00e1rvores e em todos os outros organismos, no solo e no ar: n\u00e3o perdemos uma gota! No entanto, temos de adaptar a sua utiliza\u00e7\u00e3o \u00e0s respectivas condi\u00e7\u00f5es regionais e locais e \u00e0s suas altera\u00e7\u00f5es, de modo a utilizar e armazenar as quantidades de \u00e1gua dispon\u00edveis de forma eficaz, cuidadosa e justa e a disponibiliz\u00e1-la ao maior n\u00famero poss\u00edvel de organismos nos ciclos locais. A extra\u00e7\u00e3o de \u00e1guas subterr\u00e2neas e superficiais aumentou rapidamente nas \u00faltimas d\u00e9cadas. A agricultura \u00e9 respons\u00e1vel por 70% da utiliza\u00e7\u00e3o de \u00e1gua doce. Em muitas regi\u00f5es, importantes reservat\u00f3rios de \u00e1gua subterr\u00e2nea est\u00e3o a esgotar-se e os lagos e rios est\u00e3o a secar.    <\/p>\n\n\n\n<p>A utiliza\u00e7\u00e3o de fertilizantes, pesticidas, produtos qu\u00edmicos e medicamentos, bem como de \u00e1guas residuais n\u00e3o tratadas provenientes da ind\u00fastria e dos agregados familiares, est\u00e1 a tornar cada vez mais inutiliz\u00e1veis ou mesmo t\u00f3xicas as \u00e1guas superficiais e subterr\u00e2neas. Mais de um quarto da popula\u00e7\u00e3o mundial n\u00e3o tem acesso seguro a \u00e1gua pot\u00e1vel! <\/p>\n\n\n\n<p>Para contrariar estes problemas, a utiliza\u00e7\u00e3o da \u00e1gua deve ser adaptada aos ciclos naturais e a \u00e1gua deve ser utilizada de forma eficaz, cuidadosa, justa e em quantidades correspondentes \u00e0 disponibilidade local. A alavanca mais importante para uma utiliza\u00e7\u00e3o sustent\u00e1vel \u00e9 a utiliza\u00e7\u00e3o e o armazenamento mais eficaz da \u00e1gua da chuva. <\/p>\n<\/div>\n<\/div>\n","protected":false},"excerpt":{"rendered":"<p>Elixir da vida Est\u00e1s a ficar sem \u00e1gua? A \u00e1gua do nosso planeta azul est\u00e1 num ciclo natural constante, nos oceanos, nas nuvens, no gelo, nas massas de \u00e1gua, nas \u00e1rvores e em todos os outros organismos, no solo e no ar: n\u00e3o perdemos uma gota! No entanto, temos de adaptar a sua utiliza\u00e7\u00e3o \u00e0s&#8230;<\/p>\n","protected":false},"featured_media":17618,"parent":0,"menu_order":90,"template":"","tags":[],"class_list":["post-16031","topic","type-topic","status-publish","has-post-thumbnail","hentry"],"yoast_head":"<!-- This site is optimized with the Yoast SEO plugin v27.4 - https:\/\/yoast.com\/product\/yoast-seo-wordpress\/ -->\n<title>\u00c1gua - 2000m2<\/title>\n<meta name=\"description\" content=\"Elixir da vida Est\u00e1s a ficar sem \u00e1gua? A \u00e1gua do nosso planeta azul est\u00e1 num ciclo natural constante, nos oceanos, nas nuvens, no gelo, nas massas de\" \/>\n<meta name=\"robots\" content=\"index, follow, max-snippet:-1, max-image-preview:large, max-video-preview:-1\" \/>\n<link rel=\"canonical\" href=\"https:\/\/www.2000m2.eu\/pt\/topic\/agua\/\" \/>\n<meta property=\"og:locale\" content=\"pt_PT\" \/>\n<meta property=\"og:type\" content=\"article\" \/>\n<meta property=\"og:title\" content=\"\u00c1gua - 2000m2\" \/>\n<meta property=\"og:description\" content=\"Elixir da vida Est\u00e1s a ficar sem \u00e1gua? A \u00e1gua do nosso planeta azul est\u00e1 num ciclo natural constante, nos oceanos, nas nuvens, no gelo, nas massas de\" \/>\n<meta property=\"og:url\" content=\"https:\/\/www.2000m2.eu\/pt\/topic\/agua\/\" \/>\n<meta property=\"og:site_name\" content=\"2000m2\" \/>\n<meta property=\"article:modified_time\" content=\"2025-10-29T23:59:48+00:00\" \/>\n<meta property=\"og:image\" content=\"https:\/\/www.2000m2.eu\/wp-content\/uploads\/Portugiesisch_grafiken_Website9.jpg\" \/>\n\t<meta property=\"og:image:width\" content=\"2480\" \/>\n\t<meta property=\"og:image:height\" content=\"2480\" \/>\n\t<meta property=\"og:image:type\" content=\"image\/jpeg\" \/>\n<meta name=\"twitter:card\" content=\"summary_large_image\" \/>\n<meta name=\"twitter:label1\" content=\"Tempo estimado de leitura\" \/>\n\t<meta name=\"twitter:data1\" content=\"2 minutos\" \/>\n<script type=\"application\/ld+json\" class=\"yoast-schema-graph\">{\"@context\":\"https:\\\/\\\/schema.org\",\"@graph\":[{\"@type\":\"WebPage\",\"@id\":\"https:\\\/\\\/www.2000m2.eu\\\/pt\\\/topic\\\/agua\\\/\",\"url\":\"https:\\\/\\\/www.2000m2.eu\\\/pt\\\/topic\\\/agua\\\/\",\"name\":\"\u00c1gua - 2000m2\",\"isPartOf\":{\"@id\":\"https:\\\/\\\/www.2000m2.eu\\\/pt\\\/#website\"},\"primaryImageOfPage\":{\"@id\":\"https:\\\/\\\/www.2000m2.eu\\\/pt\\\/topic\\\/agua\\\/#primaryimage\"},\"image\":{\"@id\":\"https:\\\/\\\/www.2000m2.eu\\\/pt\\\/topic\\\/agua\\\/#primaryimage\"},\"thumbnailUrl\":\"https:\\\/\\\/www.2000m2.eu\\\/wp-content\\\/uploads\\\/Portugiesisch_grafiken_Website9.jpg\",\"datePublished\":\"2024-09-17T08:32:51+00:00\",\"dateModified\":\"2025-10-29T23:59:48+00:00\",\"description\":\"Elixir da vida Est\u00e1s a ficar sem \u00e1gua? A \u00e1gua do nosso planeta azul est\u00e1 num ciclo natural constante, nos oceanos, nas nuvens, no gelo, nas massas de\",\"breadcrumb\":{\"@id\":\"https:\\\/\\\/www.2000m2.eu\\\/pt\\\/topic\\\/agua\\\/#breadcrumb\"},\"inLanguage\":\"pt-PT\",\"potentialAction\":[{\"@type\":\"ReadAction\",\"target\":[\"https:\\\/\\\/www.2000m2.eu\\\/pt\\\/topic\\\/agua\\\/\"]}]},{\"@type\":\"ImageObject\",\"inLanguage\":\"pt-PT\",\"@id\":\"https:\\\/\\\/www.2000m2.eu\\\/pt\\\/topic\\\/agua\\\/#primaryimage\",\"url\":\"https:\\\/\\\/www.2000m2.eu\\\/wp-content\\\/uploads\\\/Portugiesisch_grafiken_Website9.jpg\",\"contentUrl\":\"https:\\\/\\\/www.2000m2.eu\\\/wp-content\\\/uploads\\\/Portugiesisch_grafiken_Website9.jpg\",\"width\":2480,\"height\":2480,\"caption\":\"Mostra o ciclo da \u00e1gua. Desde a evapora\u00e7\u00e3o e o despertar, \u00e0 precipita\u00e7\u00e3o, \u00e0 infiltra\u00e7\u00e3o e ao refluxo das \u00e1guas subterr\u00e2neas.\"},{\"@type\":\"BreadcrumbList\",\"@id\":\"https:\\\/\\\/www.2000m2.eu\\\/pt\\\/topic\\\/agua\\\/#breadcrumb\",\"itemListElement\":[{\"@type\":\"ListItem\",\"position\":1,\"name\":\"Home\",\"item\":\"https:\\\/\\\/www.2000m2.eu\\\/pt\\\/\"},{\"@type\":\"ListItem\",\"position\":2,\"name\":\"Topics\",\"item\":\"https:\\\/\\\/www.2000m2.eu\\\/pt\\\/topic\\\/\"},{\"@type\":\"ListItem\",\"position\":3,\"name\":\"\u00c1gua\"}]},{\"@type\":\"WebSite\",\"@id\":\"https:\\\/\\\/www.2000m2.eu\\\/pt\\\/#website\",\"url\":\"https:\\\/\\\/www.2000m2.eu\\\/pt\\\/\",\"name\":\"2000m2\",\"description\":\"\",\"publisher\":{\"@id\":\"https:\\\/\\\/www.2000m2.eu\\\/pt\\\/#organization\"},\"potentialAction\":[{\"@type\":\"SearchAction\",\"target\":{\"@type\":\"EntryPoint\",\"urlTemplate\":\"https:\\\/\\\/www.2000m2.eu\\\/pt\\\/?s={search_term_string}\"},\"query-input\":{\"@type\":\"PropertyValueSpecification\",\"valueRequired\":true,\"valueName\":\"search_term_string\"}}],\"inLanguage\":\"pt-PT\"},{\"@type\":\"Organization\",\"@id\":\"https:\\\/\\\/www.2000m2.eu\\\/pt\\\/#organization\",\"name\":\"2000m2\",\"url\":\"https:\\\/\\\/www.2000m2.eu\\\/pt\\\/\",\"logo\":{\"@type\":\"ImageObject\",\"inLanguage\":\"pt-PT\",\"@id\":\"https:\\\/\\\/www.2000m2.eu\\\/pt\\\/#\\\/schema\\\/logo\\\/image\\\/\",\"url\":\"https:\\\/\\\/www.2000m2.eu\\\/wp-content\\\/uploads\\\/logo.png\",\"contentUrl\":\"https:\\\/\\\/www.2000m2.eu\\\/wp-content\\\/uploads\\\/logo.png\",\"width\":445,\"height\":140,\"caption\":\"2000m2\"},\"image\":{\"@id\":\"https:\\\/\\\/www.2000m2.eu\\\/pt\\\/#\\\/schema\\\/logo\\\/image\\\/\"}}]}<\/script>\n<!-- \/ Yoast SEO plugin. -->","yoast_head_json":{"title":"\u00c1gua - 2000m2","description":"Elixir da vida Est\u00e1s a ficar sem \u00e1gua? A \u00e1gua do nosso planeta azul est\u00e1 num ciclo natural constante, nos oceanos, nas nuvens, no gelo, nas massas de","robots":{"index":"index","follow":"follow","max-snippet":"max-snippet:-1","max-image-preview":"max-image-preview:large","max-video-preview":"max-video-preview:-1"},"canonical":"https:\/\/www.2000m2.eu\/pt\/topic\/agua\/","og_locale":"pt_PT","og_type":"article","og_title":"\u00c1gua - 2000m2","og_description":"Elixir da vida Est\u00e1s a ficar sem \u00e1gua? A \u00e1gua do nosso planeta azul est\u00e1 num ciclo natural constante, nos oceanos, nas nuvens, no gelo, nas massas de","og_url":"https:\/\/www.2000m2.eu\/pt\/topic\/agua\/","og_site_name":"2000m2","article_modified_time":"2025-10-29T23:59:48+00:00","og_image":[{"width":2480,"height":2480,"url":"https:\/\/www.2000m2.eu\/wp-content\/uploads\/Portugiesisch_grafiken_Website9.jpg","type":"image\/jpeg"}],"twitter_card":"summary_large_image","twitter_misc":{"Tempo estimado de leitura":"2 minutos"},"schema":{"@context":"https:\/\/schema.org","@graph":[{"@type":"WebPage","@id":"https:\/\/www.2000m2.eu\/pt\/topic\/agua\/","url":"https:\/\/www.2000m2.eu\/pt\/topic\/agua\/","name":"\u00c1gua - 2000m2","isPartOf":{"@id":"https:\/\/www.2000m2.eu\/pt\/#website"},"primaryImageOfPage":{"@id":"https:\/\/www.2000m2.eu\/pt\/topic\/agua\/#primaryimage"},"image":{"@id":"https:\/\/www.2000m2.eu\/pt\/topic\/agua\/#primaryimage"},"thumbnailUrl":"https:\/\/www.2000m2.eu\/wp-content\/uploads\/Portugiesisch_grafiken_Website9.jpg","datePublished":"2024-09-17T08:32:51+00:00","dateModified":"2025-10-29T23:59:48+00:00","description":"Elixir da vida Est\u00e1s a ficar sem \u00e1gua? A \u00e1gua do nosso planeta azul est\u00e1 num ciclo natural constante, nos oceanos, nas nuvens, no gelo, nas massas de","breadcrumb":{"@id":"https:\/\/www.2000m2.eu\/pt\/topic\/agua\/#breadcrumb"},"inLanguage":"pt-PT","potentialAction":[{"@type":"ReadAction","target":["https:\/\/www.2000m2.eu\/pt\/topic\/agua\/"]}]},{"@type":"ImageObject","inLanguage":"pt-PT","@id":"https:\/\/www.2000m2.eu\/pt\/topic\/agua\/#primaryimage","url":"https:\/\/www.2000m2.eu\/wp-content\/uploads\/Portugiesisch_grafiken_Website9.jpg","contentUrl":"https:\/\/www.2000m2.eu\/wp-content\/uploads\/Portugiesisch_grafiken_Website9.jpg","width":2480,"height":2480,"caption":"Mostra o ciclo da \u00e1gua. Desde a evapora\u00e7\u00e3o e o despertar, \u00e0 precipita\u00e7\u00e3o, \u00e0 infiltra\u00e7\u00e3o e ao refluxo das \u00e1guas subterr\u00e2neas."},{"@type":"BreadcrumbList","@id":"https:\/\/www.2000m2.eu\/pt\/topic\/agua\/#breadcrumb","itemListElement":[{"@type":"ListItem","position":1,"name":"Home","item":"https:\/\/www.2000m2.eu\/pt\/"},{"@type":"ListItem","position":2,"name":"Topics","item":"https:\/\/www.2000m2.eu\/pt\/topic\/"},{"@type":"ListItem","position":3,"name":"\u00c1gua"}]},{"@type":"WebSite","@id":"https:\/\/www.2000m2.eu\/pt\/#website","url":"https:\/\/www.2000m2.eu\/pt\/","name":"2000m2","description":"","publisher":{"@id":"https:\/\/www.2000m2.eu\/pt\/#organization"},"potentialAction":[{"@type":"SearchAction","target":{"@type":"EntryPoint","urlTemplate":"https:\/\/www.2000m2.eu\/pt\/?s={search_term_string}"},"query-input":{"@type":"PropertyValueSpecification","valueRequired":true,"valueName":"search_term_string"}}],"inLanguage":"pt-PT"},{"@type":"Organization","@id":"https:\/\/www.2000m2.eu\/pt\/#organization","name":"2000m2","url":"https:\/\/www.2000m2.eu\/pt\/","logo":{"@type":"ImageObject","inLanguage":"pt-PT","@id":"https:\/\/www.2000m2.eu\/pt\/#\/schema\/logo\/image\/","url":"https:\/\/www.2000m2.eu\/wp-content\/uploads\/logo.png","contentUrl":"https:\/\/www.2000m2.eu\/wp-content\/uploads\/logo.png","width":445,"height":140,"caption":"2000m2"},"image":{"@id":"https:\/\/www.2000m2.eu\/pt\/#\/schema\/logo\/image\/"}}]}},"_links":{"self":[{"href":"https:\/\/www.2000m2.eu\/pt\/wp-json\/wp\/v2\/topic\/16031","targetHints":{"allow":["GET"]}}],"collection":[{"href":"https:\/\/www.2000m2.eu\/pt\/wp-json\/wp\/v2\/topic"}],"about":[{"href":"https:\/\/www.2000m2.eu\/pt\/wp-json\/wp\/v2\/types\/topic"}],"wp:featuredmedia":[{"embeddable":true,"href":"https:\/\/www.2000m2.eu\/pt\/wp-json\/wp\/v2\/media\/17618"}],"wp:attachment":[{"href":"https:\/\/www.2000m2.eu\/pt\/wp-json\/wp\/v2\/media?parent=16031"}],"wp:term":[{"taxonomy":"post_tag","embeddable":true,"href":"https:\/\/www.2000m2.eu\/pt\/wp-json\/wp\/v2\/tags?post=16031"}],"curies":[{"name":"wp","href":"https:\/\/api.w.org\/{rel}","templated":true}]}}