{"id":16042,"date":"2024-09-17T08:27:05","date_gmt":"2024-09-17T08:27:05","guid":{"rendered":"https:\/\/www.2000m2.eu\/topic\/o-clima-global\/"},"modified":"2025-10-30T00:12:51","modified_gmt":"2025-10-30T00:12:51","slug":"o-clima-global","status":"publish","type":"topic","link":"https:\/\/www.2000m2.eu\/pt\/topic\/o-clima-global\/","title":{"rendered":"O clima global"},"content":{"rendered":"\n<h1 class=\"wp-block-heading\">O clima global<\/h1>\n\n\n\n<h3 class=\"wp-block-heading\">O que \u00e9 que a nossa alimenta\u00e7\u00e3o tem a ver com as altera\u00e7\u00f5es clim\u00e1ticas?<\/h3>\n\n\n\n<figure class=\"wp-block-image size-large\"><img decoding=\"async\" width=\"1024\" height=\"512\" src=\"https:\/\/www.2000m2.eu\/wp-content\/uploads\/BROCHURE_2024_Portugiesisch11-1024x512.jpg\" alt=\"Apresenta os factores clim\u00e1ticos mundiais. Descreve o efeito de estufa natural, v\u00e1rios oligoelementos e todas as poss\u00edveis influ\u00eancias humanas no clima.   \" class=\"wp-image-17636\" srcset=\"https:\/\/www.2000m2.eu\/wp-content\/uploads\/BROCHURE_2024_Portugiesisch11-1024x512.jpg 1024w, https:\/\/www.2000m2.eu\/wp-content\/uploads\/BROCHURE_2024_Portugiesisch11-300x150.jpg 300w, https:\/\/www.2000m2.eu\/wp-content\/uploads\/BROCHURE_2024_Portugiesisch11-768x384.jpg 768w, https:\/\/www.2000m2.eu\/wp-content\/uploads\/BROCHURE_2024_Portugiesisch11-1536x768.jpg 1536w, https:\/\/www.2000m2.eu\/wp-content\/uploads\/BROCHURE_2024_Portugiesisch11.jpg 1920w\" sizes=\"(max-width: 1024px) 100vw, 1024px\" \/><\/figure>\n\n\n\n<p>A atmosfera, ou seja, o envelope gasoso que envolve a Terra, torna poss\u00edvel a vida no nosso planeta. A sua composi\u00e7\u00e3o \u00e9 tamb\u00e9m significativamente influenciada por esta vida. Ao longo das v\u00e1rias eras geol\u00f3gicas, a sua composi\u00e7\u00e3o mudou drasticamente. O vapor de \u00e1gua e, sobretudo, os gases vestigiais di\u00f3xido de carbono, metano e \u00f3xido nitroso presentes na atmosfera ret\u00eam uma parte da energia que irradia para a Terra,<br>de modo a absorver mais calor do que aquele que emite. Este efeito de estufa natural \u00e9 o que torna poss\u00edvel a nossa vida atual. Em vez de +15 graus Celsius, a temperatura m\u00e9dia global seria de -18 graus Celsius sem este efeito.     <\/p>\n\n\n\n<p>Se n\u00f3s, humanos, libertarmos mais gases com efeito de estufa, especialmente<sub>CO2<\/sub>, para a atmosfera do que os processos naturais, aumentamos a temperatura da Terra. Mas como \u00e9 que n\u00f3s, humanos, fazemos isto? Para compreenderes isto, vamos olhar mais de perto para o carbono contido em todos os organismos vivos. Combina-se com o oxig\u00e9nio para formar<sub>CO2<\/sub> na atmosfera. Durante a fotoss\u00edntese, as plantas inalam<sub>CO2<\/sub> com a ajuda da energia solar e transformam-no, juntamente com a \u00e1gua, em a\u00e7\u00facar, a partir do qual formam folhas, caules, ra\u00edzes e outras mat\u00e9rias org\u00e2nicas. Voltam a expirar o oxig\u00e9nio. Todos os animais, fungos, microorganismos e seres humanos s\u00e3o alimentados pela fotoss\u00edntese das plantas.      <\/p>\n\n\n\n<p>Assim, as plantas retiram carbono da atmosfera. Uma parte regressa ao ciclo quando os microrganismos transformam as partes das plantas em<sub>CO2<\/sub> ou quando a madeira arde. Outra parte \u00e9 armazenada permanentemente no solo e no fundo do mar.  <\/p>\n\n\n\n<p>Durante milhares de anos, o ciclo do carbono manteve-se relativamente est\u00e1vel at\u00e9 h\u00e1 cerca de 200 anos, altura em que os seres humanos come\u00e7aram a extrair e a queimar quantidades cada vez maiores de carbono f\u00f3ssil, ou seja, carbono armazenado na terra, como o petr\u00f3leo, o carv\u00e3o e o g\u00e1s natural. Ao mesmo tempo, estamos a reduzir o armazenamento de carbono nas \u00e1rvores e no solo, convertendo florestas, p\u00e2ntanos e prados em terras agr\u00edcolas, povoa\u00e7\u00f5es e desertos. <\/p>\n\n\n\n<p>Quase 40% de todos os gases com efeito de estufa adicionais emitidos pelos seres humanos s\u00e3o causados direta ou indiretamente pela nossa produ\u00e7\u00e3o alimentar e agr\u00edcola &#8211; desde a desfloresta\u00e7\u00e3o, produtos qu\u00edmicos e mec\u00e2nicos durante o cultivo, secagem, transporte, arrefecimento, aquecimento e embalagem at\u00e9 \u00e0 destrui\u00e7\u00e3o e elimina\u00e7\u00e3o dos alimentos. Os gases metano (g\u00e1s de fermenta\u00e7\u00e3o dos ruminantes e dos arrozais h\u00famidos) e \u00f3xido nitroso (proveniente dos fertilizantes), que t\u00eam um grande impacto no clima, desempenham um papel especial na agricultura. S\u00f3 conseguiremos atingir o objetivo da Conven\u00e7\u00e3o sobre o Clima de limitar o aquecimento global a 1,5 graus Celsius se reduzirmos estas emiss\u00f5es adicionais em quase 90 por cento at\u00e9 2050. Um enorme desafio.   <\/p>\n\n\n\n<p>Diferentes alimentos provocam diferentes quantidades de emiss\u00f5es, desde o campo at\u00e9 ao prato e ao caixote do lixo. A carne e os produtos l\u00e1cteos t\u00eam uma elevada pegada de gases com efeito de estufa se uma caloria de produto animal contiver muitas vezes mais calorias vegetais e se o metano for libertado no processo. A carne e o leite de vacas que pastam em pastagens locais s\u00e3o melhores para o nosso clima do que os de animais alimentados com soja do Brasil. Um morango que voa para o outro lado do mundo \u00e9 significativamente mais prejudicial para o clima do que um morango local &#8211; a menos que venha de uma estufa aquecida com petr\u00f3leo. A energia utilizada para congelar e aquecer durante o processamento tamb\u00e9m desempenha um papel importante.    <\/p>\n\n\n\n<figure class=\"wp-block-embed is-type-video is-provider-youtube wp-block-embed-youtube wp-embed-aspect-16-9 wp-has-aspect-ratio\"><div class=\"wp-block-embed__wrapper\">\n <div class=\"brlbs-cmpnt-container brlbs-cmpnt-content-blocker brlbs-cmpnt-with-individual-styles\" data-borlabs-cookie-content-blocker-id=\"default\" data-borlabs-cookie-content=\"PGlmcmFtZSB0aXRsZT0iRXNzZW4gdW5kIEFja2VybiBpbiBkZXIgS2xpbWFrcmlzZSIgd2lkdGg9IjEyMDAiIGhlaWdodD0iNjc1IiBzcmM9Imh0dHBzOi8vd3d3LnlvdXR1YmUuY29tL2VtYmVkL0tIU2JXeFhfbDY0P2ZlYXR1cmU9b2VtYmVkIiBmcmFtZWJvcmRlcj0iMCIgYWxsb3c9ImFjY2VsZXJvbWV0ZXI7IGF1dG9wbGF5OyBjbGlwYm9hcmQtd3JpdGU7IGVuY3J5cHRlZC1tZWRpYTsgZ3lyb3Njb3BlOyBwaWN0dXJlLWluLXBpY3R1cmU7IHdlYi1zaGFyZSIgcmVmZXJyZXJwb2xpY3k9InN0cmljdC1vcmlnaW4td2hlbi1jcm9zcy1vcmlnaW4iIGFsbG93ZnVsbHNjcmVlbj48L2lmcmFtZT4=\"><div class=\"brlbs-cmpnt-cb-preset-a\"> <p class=\"brlbs-cmpnt-cb-description\">You are currently viewing a placeholder content from <strong>Default<\/strong>. To access the actual content, click the button below. Please note that doing so will share data with third-party providers.<\/p> <div class=\"brlbs-cmpnt-cb-buttons\"> <a class=\"brlbs-cmpnt-cb-btn\" href=\"#\" data-borlabs-cookie-unblock role=\"button\">Unblock content<\/a> <a class=\"brlbs-cmpnt-cb-btn\" href=\"#\" data-borlabs-cookie-accept-service role=\"button\" style=\"display: none\">Accept required service and unblock content<\/a> <\/div> <a class=\"brlbs-cmpnt-cb-provider-toggle\" href=\"#\" data-borlabs-cookie-show-provider-information role=\"button\">More Information<\/a> <\/div><\/div>\n<\/div><figcaption class=\"wp-element-caption\">&#8220;Alimenta\u00e7\u00e3o e agricultura na crise clim\u00e1tica&#8221; &#8211; um filme do Weltacker de Berlim<\/figcaption><\/figure>\n\n\n\n<p><\/p>\n","protected":false},"excerpt":{"rendered":"<p>O clima global O que \u00e9 que a nossa alimenta\u00e7\u00e3o tem a ver com as altera\u00e7\u00f5es clim\u00e1ticas? A atmosfera, ou seja, o envelope gasoso que envolve a Terra, torna poss\u00edvel a vida no nosso planeta. A sua composi\u00e7\u00e3o \u00e9 tamb\u00e9m significativamente influenciada por esta vida. Ao longo das v\u00e1rias eras geol\u00f3gicas, a sua composi\u00e7\u00e3o mudou&#8230;<\/p>\n","protected":false},"featured_media":17636,"parent":0,"menu_order":57,"template":"","tags":[],"class_list":["post-16042","topic","type-topic","status-publish","has-post-thumbnail","hentry"],"yoast_head":"<!-- This site is optimized with the Yoast SEO plugin v27.4 - https:\/\/yoast.com\/product\/yoast-seo-wordpress\/ -->\n<title>O clima global - 2000m2<\/title>\n<meta name=\"description\" content=\"O clima global O que \u00e9 que a nossa alimenta\u00e7\u00e3o tem a ver com as altera\u00e7\u00f5es clim\u00e1ticas? A atmosfera, ou seja, o envelope gasoso que envolve a Terra, torna\" \/>\n<meta name=\"robots\" content=\"index, follow, max-snippet:-1, max-image-preview:large, max-video-preview:-1\" \/>\n<link rel=\"canonical\" href=\"https:\/\/www.2000m2.eu\/pt\/topic\/o-clima-global\/\" \/>\n<meta property=\"og:locale\" content=\"pt_PT\" \/>\n<meta property=\"og:type\" content=\"article\" \/>\n<meta property=\"og:title\" content=\"O clima global - 2000m2\" \/>\n<meta property=\"og:description\" content=\"O clima global O que \u00e9 que a nossa alimenta\u00e7\u00e3o tem a ver com as altera\u00e7\u00f5es clim\u00e1ticas? A atmosfera, ou seja, o envelope gasoso que envolve a Terra, torna\" \/>\n<meta property=\"og:url\" content=\"https:\/\/www.2000m2.eu\/pt\/topic\/o-clima-global\/\" \/>\n<meta property=\"og:site_name\" content=\"2000m2\" \/>\n<meta property=\"article:modified_time\" content=\"2025-10-30T00:12:51+00:00\" \/>\n<meta property=\"og:image\" content=\"https:\/\/www.2000m2.eu\/wp-content\/uploads\/BROCHURE_2024_Portugiesisch11.jpg\" \/>\n\t<meta property=\"og:image:width\" content=\"1920\" \/>\n\t<meta property=\"og:image:height\" content=\"960\" \/>\n\t<meta property=\"og:image:type\" content=\"image\/jpeg\" \/>\n<meta name=\"twitter:card\" content=\"summary_large_image\" \/>\n<meta name=\"twitter:label1\" content=\"Tempo estimado de leitura\" \/>\n\t<meta name=\"twitter:data1\" content=\"4 minutos\" \/>\n<script type=\"application\/ld+json\" class=\"yoast-schema-graph\">{\"@context\":\"https:\\\/\\\/schema.org\",\"@graph\":[{\"@type\":\"WebPage\",\"@id\":\"https:\\\/\\\/www.2000m2.eu\\\/pt\\\/topic\\\/o-clima-global\\\/\",\"url\":\"https:\\\/\\\/www.2000m2.eu\\\/pt\\\/topic\\\/o-clima-global\\\/\",\"name\":\"O clima global - 2000m2\",\"isPartOf\":{\"@id\":\"https:\\\/\\\/www.2000m2.eu\\\/pt\\\/#website\"},\"primaryImageOfPage\":{\"@id\":\"https:\\\/\\\/www.2000m2.eu\\\/pt\\\/topic\\\/o-clima-global\\\/#primaryimage\"},\"image\":{\"@id\":\"https:\\\/\\\/www.2000m2.eu\\\/pt\\\/topic\\\/o-clima-global\\\/#primaryimage\"},\"thumbnailUrl\":\"https:\\\/\\\/www.2000m2.eu\\\/wp-content\\\/uploads\\\/BROCHURE_2024_Portugiesisch11.jpg\",\"datePublished\":\"2024-09-17T08:27:05+00:00\",\"dateModified\":\"2025-10-30T00:12:51+00:00\",\"description\":\"O clima global O que \u00e9 que a nossa alimenta\u00e7\u00e3o tem a ver com as altera\u00e7\u00f5es clim\u00e1ticas? A atmosfera, ou seja, o envelope gasoso que envolve a Terra, torna\",\"breadcrumb\":{\"@id\":\"https:\\\/\\\/www.2000m2.eu\\\/pt\\\/topic\\\/o-clima-global\\\/#breadcrumb\"},\"inLanguage\":\"pt-PT\",\"potentialAction\":[{\"@type\":\"ReadAction\",\"target\":[\"https:\\\/\\\/www.2000m2.eu\\\/pt\\\/topic\\\/o-clima-global\\\/\"]}]},{\"@type\":\"ImageObject\",\"inLanguage\":\"pt-PT\",\"@id\":\"https:\\\/\\\/www.2000m2.eu\\\/pt\\\/topic\\\/o-clima-global\\\/#primaryimage\",\"url\":\"https:\\\/\\\/www.2000m2.eu\\\/wp-content\\\/uploads\\\/BROCHURE_2024_Portugiesisch11.jpg\",\"contentUrl\":\"https:\\\/\\\/www.2000m2.eu\\\/wp-content\\\/uploads\\\/BROCHURE_2024_Portugiesisch11.jpg\",\"width\":1920,\"height\":960,\"caption\":\"Apresenta os factores clim\u00e1ticos mundiais. Descreve o efeito de estufa natural, v\u00e1rios oligoelementos e todas as poss\u00edveis influ\u00eancias humanas no clima.\"},{\"@type\":\"BreadcrumbList\",\"@id\":\"https:\\\/\\\/www.2000m2.eu\\\/pt\\\/topic\\\/o-clima-global\\\/#breadcrumb\",\"itemListElement\":[{\"@type\":\"ListItem\",\"position\":1,\"name\":\"Home\",\"item\":\"https:\\\/\\\/www.2000m2.eu\\\/pt\\\/\"},{\"@type\":\"ListItem\",\"position\":2,\"name\":\"Topics\",\"item\":\"https:\\\/\\\/www.2000m2.eu\\\/pt\\\/topic\\\/\"},{\"@type\":\"ListItem\",\"position\":3,\"name\":\"O clima global\"}]},{\"@type\":\"WebSite\",\"@id\":\"https:\\\/\\\/www.2000m2.eu\\\/pt\\\/#website\",\"url\":\"https:\\\/\\\/www.2000m2.eu\\\/pt\\\/\",\"name\":\"2000m2\",\"description\":\"\",\"publisher\":{\"@id\":\"https:\\\/\\\/www.2000m2.eu\\\/pt\\\/#organization\"},\"potentialAction\":[{\"@type\":\"SearchAction\",\"target\":{\"@type\":\"EntryPoint\",\"urlTemplate\":\"https:\\\/\\\/www.2000m2.eu\\\/pt\\\/?s={search_term_string}\"},\"query-input\":{\"@type\":\"PropertyValueSpecification\",\"valueRequired\":true,\"valueName\":\"search_term_string\"}}],\"inLanguage\":\"pt-PT\"},{\"@type\":\"Organization\",\"@id\":\"https:\\\/\\\/www.2000m2.eu\\\/pt\\\/#organization\",\"name\":\"2000m2\",\"url\":\"https:\\\/\\\/www.2000m2.eu\\\/pt\\\/\",\"logo\":{\"@type\":\"ImageObject\",\"inLanguage\":\"pt-PT\",\"@id\":\"https:\\\/\\\/www.2000m2.eu\\\/pt\\\/#\\\/schema\\\/logo\\\/image\\\/\",\"url\":\"https:\\\/\\\/www.2000m2.eu\\\/wp-content\\\/uploads\\\/logo.png\",\"contentUrl\":\"https:\\\/\\\/www.2000m2.eu\\\/wp-content\\\/uploads\\\/logo.png\",\"width\":445,\"height\":140,\"caption\":\"2000m2\"},\"image\":{\"@id\":\"https:\\\/\\\/www.2000m2.eu\\\/pt\\\/#\\\/schema\\\/logo\\\/image\\\/\"}}]}<\/script>\n<!-- \/ Yoast SEO plugin. -->","yoast_head_json":{"title":"O clima global - 2000m2","description":"O clima global O que \u00e9 que a nossa alimenta\u00e7\u00e3o tem a ver com as altera\u00e7\u00f5es clim\u00e1ticas? A atmosfera, ou seja, o envelope gasoso que envolve a Terra, torna","robots":{"index":"index","follow":"follow","max-snippet":"max-snippet:-1","max-image-preview":"max-image-preview:large","max-video-preview":"max-video-preview:-1"},"canonical":"https:\/\/www.2000m2.eu\/pt\/topic\/o-clima-global\/","og_locale":"pt_PT","og_type":"article","og_title":"O clima global - 2000m2","og_description":"O clima global O que \u00e9 que a nossa alimenta\u00e7\u00e3o tem a ver com as altera\u00e7\u00f5es clim\u00e1ticas? A atmosfera, ou seja, o envelope gasoso que envolve a Terra, torna","og_url":"https:\/\/www.2000m2.eu\/pt\/topic\/o-clima-global\/","og_site_name":"2000m2","article_modified_time":"2025-10-30T00:12:51+00:00","og_image":[{"width":1920,"height":960,"url":"https:\/\/www.2000m2.eu\/wp-content\/uploads\/BROCHURE_2024_Portugiesisch11.jpg","type":"image\/jpeg"}],"twitter_card":"summary_large_image","twitter_misc":{"Tempo estimado de leitura":"4 minutos"},"schema":{"@context":"https:\/\/schema.org","@graph":[{"@type":"WebPage","@id":"https:\/\/www.2000m2.eu\/pt\/topic\/o-clima-global\/","url":"https:\/\/www.2000m2.eu\/pt\/topic\/o-clima-global\/","name":"O clima global - 2000m2","isPartOf":{"@id":"https:\/\/www.2000m2.eu\/pt\/#website"},"primaryImageOfPage":{"@id":"https:\/\/www.2000m2.eu\/pt\/topic\/o-clima-global\/#primaryimage"},"image":{"@id":"https:\/\/www.2000m2.eu\/pt\/topic\/o-clima-global\/#primaryimage"},"thumbnailUrl":"https:\/\/www.2000m2.eu\/wp-content\/uploads\/BROCHURE_2024_Portugiesisch11.jpg","datePublished":"2024-09-17T08:27:05+00:00","dateModified":"2025-10-30T00:12:51+00:00","description":"O clima global O que \u00e9 que a nossa alimenta\u00e7\u00e3o tem a ver com as altera\u00e7\u00f5es clim\u00e1ticas? A atmosfera, ou seja, o envelope gasoso que envolve a Terra, torna","breadcrumb":{"@id":"https:\/\/www.2000m2.eu\/pt\/topic\/o-clima-global\/#breadcrumb"},"inLanguage":"pt-PT","potentialAction":[{"@type":"ReadAction","target":["https:\/\/www.2000m2.eu\/pt\/topic\/o-clima-global\/"]}]},{"@type":"ImageObject","inLanguage":"pt-PT","@id":"https:\/\/www.2000m2.eu\/pt\/topic\/o-clima-global\/#primaryimage","url":"https:\/\/www.2000m2.eu\/wp-content\/uploads\/BROCHURE_2024_Portugiesisch11.jpg","contentUrl":"https:\/\/www.2000m2.eu\/wp-content\/uploads\/BROCHURE_2024_Portugiesisch11.jpg","width":1920,"height":960,"caption":"Apresenta os factores clim\u00e1ticos mundiais. Descreve o efeito de estufa natural, v\u00e1rios oligoelementos e todas as poss\u00edveis influ\u00eancias humanas no clima."},{"@type":"BreadcrumbList","@id":"https:\/\/www.2000m2.eu\/pt\/topic\/o-clima-global\/#breadcrumb","itemListElement":[{"@type":"ListItem","position":1,"name":"Home","item":"https:\/\/www.2000m2.eu\/pt\/"},{"@type":"ListItem","position":2,"name":"Topics","item":"https:\/\/www.2000m2.eu\/pt\/topic\/"},{"@type":"ListItem","position":3,"name":"O clima global"}]},{"@type":"WebSite","@id":"https:\/\/www.2000m2.eu\/pt\/#website","url":"https:\/\/www.2000m2.eu\/pt\/","name":"2000m2","description":"","publisher":{"@id":"https:\/\/www.2000m2.eu\/pt\/#organization"},"potentialAction":[{"@type":"SearchAction","target":{"@type":"EntryPoint","urlTemplate":"https:\/\/www.2000m2.eu\/pt\/?s={search_term_string}"},"query-input":{"@type":"PropertyValueSpecification","valueRequired":true,"valueName":"search_term_string"}}],"inLanguage":"pt-PT"},{"@type":"Organization","@id":"https:\/\/www.2000m2.eu\/pt\/#organization","name":"2000m2","url":"https:\/\/www.2000m2.eu\/pt\/","logo":{"@type":"ImageObject","inLanguage":"pt-PT","@id":"https:\/\/www.2000m2.eu\/pt\/#\/schema\/logo\/image\/","url":"https:\/\/www.2000m2.eu\/wp-content\/uploads\/logo.png","contentUrl":"https:\/\/www.2000m2.eu\/wp-content\/uploads\/logo.png","width":445,"height":140,"caption":"2000m2"},"image":{"@id":"https:\/\/www.2000m2.eu\/pt\/#\/schema\/logo\/image\/"}}]}},"_links":{"self":[{"href":"https:\/\/www.2000m2.eu\/pt\/wp-json\/wp\/v2\/topic\/16042","targetHints":{"allow":["GET"]}}],"collection":[{"href":"https:\/\/www.2000m2.eu\/pt\/wp-json\/wp\/v2\/topic"}],"about":[{"href":"https:\/\/www.2000m2.eu\/pt\/wp-json\/wp\/v2\/types\/topic"}],"wp:featuredmedia":[{"embeddable":true,"href":"https:\/\/www.2000m2.eu\/pt\/wp-json\/wp\/v2\/media\/17636"}],"wp:attachment":[{"href":"https:\/\/www.2000m2.eu\/pt\/wp-json\/wp\/v2\/media?parent=16042"}],"wp:term":[{"taxonomy":"post_tag","embeddable":true,"href":"https:\/\/www.2000m2.eu\/pt\/wp-json\/wp\/v2\/tags?post=16042"}],"curies":[{"name":"wp","href":"https:\/\/api.w.org\/{rel}","templated":true}]}}